{"id":960,"date":"2024-04-30T23:34:48","date_gmt":"2024-04-30T22:34:48","guid":{"rendered":"https:\/\/cabezadelbueydeportes.com\/?page_id=960"},"modified":"2024-05-01T17:58:30","modified_gmt":"2024-05-01T16:58:30","slug":"goleadores","status":"publish","type":"page","link":"https:\/\/cabezadelbueydeportes.com\/index.php\/liga-futbol-7-2024\/goleadores\/","title":{"rendered":"Goleadores"},"content":{"rendered":"\n<figure class=\"wp-block-image size-large\"><img loading=\"lazy\" decoding=\"async\" width=\"1024\" height=\"138\" src=\"http:\/\/cabezadelbueydeportes.com\/wp-content\/uploads\/2024\/05\/banner-masmovil-48-E-2390-1024x138.jpg\" alt=\"\" class=\"wp-image-981\" srcset=\"https:\/\/cabezadelbueydeportes.com\/wp-content\/uploads\/2024\/05\/banner-masmovil-48-E-2390-1024x138.jpg 1024w, https:\/\/cabezadelbueydeportes.com\/wp-content\/uploads\/2024\/05\/banner-masmovil-48-E-2390-300x40.jpg 300w, https:\/\/cabezadelbueydeportes.com\/wp-content\/uploads\/2024\/05\/banner-masmovil-48-E-2390-768x104.jpg 768w, https:\/\/cabezadelbueydeportes.com\/wp-content\/uploads\/2024\/05\/banner-masmovil-48-E-2390-128x17.jpg 128w, https:\/\/cabezadelbueydeportes.com\/wp-content\/uploads\/2024\/05\/banner-masmovil-48-E-2390-32x4.jpg 32w, https:\/\/cabezadelbueydeportes.com\/wp-content\/uploads\/2024\/05\/banner-masmovil-48-E-2390.jpg 1075w\" sizes=\"(max-width: 1024px) 100vw, 1024px\" \/><\/figure>\n\n\n<div class=\"sportspress\"><h4 class=\"sp-table-caption\">Goleadores F7 24<\/h4><div class=\"sp-template sp-template-player-list\"><div class=\"sp-table-wrapper\"><table class=\"sp-player-list sp-data-table sp-sortable-table sp-scrollable-table\" data-sp-rows=\"12\"><thead><tr><th class=\"data-name\">Jugador<\/th><th class=\"data-team\">Club<\/th><th class=\"data-goals\">Goles<\/th><\/tr><\/thead><tbody><tr class=\"odd\"><td class=\"data-name has-photo\" data-label=\"Jugador\"><a href=\"https:\/\/cabezadelbueydeportes.com\/index.php\/player\/raul-balsera\/\"><span class=\"player-flag\"><img decoding=\"async\" src=\"https:\/\/cabezadelbueydeportes.com\/wp-content\/plugins\/sportspress\/assets\/images\/flags\/esp.png\" alt=\"esp\"><\/span>Ra\u00fal Balsera<\/a><\/td><td class=\"data-team\" data-label=\"Club\">ABS Inform\u00e1tica<\/td><td class=\"data-goals\" data-label=\"Goles\">13<\/td><\/tr><tr class=\"even\"><td class=\"data-name has-photo\" data-label=\"Jugador\"><a href=\"https:\/\/cabezadelbueydeportes.com\/index.php\/player\/alvaro-sosa\/\"><span class=\"player-flag\"><img decoding=\"async\" src=\"https:\/\/cabezadelbueydeportes.com\/wp-content\/plugins\/sportspress\/assets\/images\/flags\/esp.png\" alt=\"esp\"><\/span>\u00c1lvaro Mart\u00edn Bravo \u00abSosa\u00bb<\/a><\/td><td class=\"data-team\" data-label=\"Club\">C. Nando<\/td><td class=\"data-goals\" data-label=\"Goles\">10<\/td><\/tr><tr class=\"odd\"><td class=\"data-name has-photo\" data-label=\"Jugador\"><a href=\"https:\/\/cabezadelbueydeportes.com\/index.php\/player\/bryan-david\/\"><span class=\"player-flag\"><img decoding=\"async\" src=\"https:\/\/cabezadelbueydeportes.com\/wp-content\/plugins\/sportspress\/assets\/images\/flags\/col.png\" alt=\"col\"><\/span>Bryan David<\/a><\/td><td class=\"data-team\" data-label=\"Club\">ABS Inform\u00e1tica<\/td><td class=\"data-goals\" data-label=\"Goles\">8<\/td><\/tr><tr class=\"even\"><td class=\"data-name has-photo\" data-label=\"Jugador\"><a href=\"https:\/\/cabezadelbueydeportes.com\/index.php\/player\/carlos\/\"><span class=\"player-flag\"><img decoding=\"async\" src=\"https:\/\/cabezadelbueydeportes.com\/wp-content\/plugins\/sportspress\/assets\/images\/flags\/esp.png\" alt=\"esp\"><\/span>Carlos Calder\u00f3n Castro<\/a><\/td><td class=\"data-team\" data-label=\"Club\">Caputbovense<\/td><td class=\"data-goals\" data-label=\"Goles\">5<\/td><\/tr><tr class=\"odd\"><td class=\"data-name has-photo\" data-label=\"Jugador\"><a href=\"https:\/\/cabezadelbueydeportes.com\/index.php\/player\/jacinto-torres\/\"><span class=\"player-flag\"><img decoding=\"async\" src=\"https:\/\/cabezadelbueydeportes.com\/wp-content\/plugins\/sportspress\/assets\/images\/flags\/esp.png\" alt=\"esp\"><\/span>Jacinto Torres Calvo de Mora<\/a><\/td><td class=\"data-team\" data-label=\"Club\">Rinc\u00f3n de Pipe<\/td><td class=\"data-goals\" data-label=\"Goles\">4<\/td><\/tr><tr class=\"even\"><td class=\"data-name has-photo\" data-label=\"Jugador\"><a href=\"https:\/\/cabezadelbueydeportes.com\/index.php\/player\/angelo-castillo\/\"><span class=\"player-flag\"><img decoding=\"async\" src=\"https:\/\/cabezadelbueydeportes.com\/wp-content\/plugins\/sportspress\/assets\/images\/flags\/esp.png\" alt=\"esp\"><\/span>Angelo Castillo<\/a><\/td><td class=\"data-team\" data-label=\"Club\">Manchester Pity<\/td><td class=\"data-goals\" data-label=\"Goles\">4<\/td><\/tr><tr class=\"odd\"><td class=\"data-name has-photo\" data-label=\"Jugador\"><a href=\"https:\/\/cabezadelbueydeportes.com\/index.php\/player\/luis-manuel-sereno-cascos\/\"><span class=\"player-flag\"><img decoding=\"async\" src=\"https:\/\/cabezadelbueydeportes.com\/wp-content\/plugins\/sportspress\/assets\/images\/flags\/esp.png\" alt=\"esp\"><\/span>Luis Manuel Sereno Cascos<\/a><\/td><td class=\"data-team\" data-label=\"Club\">Cabeza<\/td><td class=\"data-goals\" data-label=\"Goles\">4<\/td><\/tr><tr class=\"even\"><td class=\"data-name has-photo\" data-label=\"Jugador\"><a href=\"https:\/\/cabezadelbueydeportes.com\/index.php\/player\/santiago-gamboa\/\"><span class=\"player-flag\"><img decoding=\"async\" src=\"https:\/\/cabezadelbueydeportes.com\/wp-content\/plugins\/sportspress\/assets\/images\/flags\/col.png\" alt=\"col\"><\/span>Santiago Gamboa<\/a><\/td><td class=\"data-team\" data-label=\"Club\">C. Nando<\/td><td class=\"data-goals\" data-label=\"Goles\">4<\/td><\/tr><tr class=\"odd\"><td class=\"data-name has-photo\" data-label=\"Jugador\"><a href=\"https:\/\/cabezadelbueydeportes.com\/index.php\/player\/david-calvo-nando\/\"><span class=\"player-flag\"><img decoding=\"async\" src=\"https:\/\/cabezadelbueydeportes.com\/wp-content\/plugins\/sportspress\/assets\/images\/flags\/esp.png\" alt=\"esp\"><\/span>David Calvo Mart\u00edn-Doimeadi\u00f3s \u00abNando\u00bb<\/a><\/td><td class=\"data-team\" data-label=\"Club\">C. Nando<\/td><td class=\"data-goals\" data-label=\"Goles\">4<\/td><\/tr><tr class=\"even\"><td class=\"data-name has-photo\" data-label=\"Jugador\"><a href=\"https:\/\/cabezadelbueydeportes.com\/index.php\/player\/adrian-kiki\/\"><span class=\"player-flag\"><img decoding=\"async\" src=\"https:\/\/cabezadelbueydeportes.com\/wp-content\/plugins\/sportspress\/assets\/images\/flags\/esp.png\" alt=\"esp\"><\/span>Adri\u00e1n \u00abKiki\u00bb<\/a><\/td><td class=\"data-team\" data-label=\"Club\">ABS Inform\u00e1tica<\/td><td class=\"data-goals\" data-label=\"Goles\">4<\/td><\/tr><tr class=\"odd\"><td class=\"data-name has-photo\" data-label=\"Jugador\"><a href=\"https:\/\/cabezadelbueydeportes.com\/index.php\/player\/andres-f-gamboa\/\"><span class=\"player-flag\"><img decoding=\"async\" src=\"https:\/\/cabezadelbueydeportes.com\/wp-content\/plugins\/sportspress\/assets\/images\/flags\/col.png\" alt=\"col\"><\/span>Andres F. Gamboa<\/a><\/td><td class=\"data-team\" data-label=\"Club\">C. Nando<\/td><td class=\"data-goals\" data-label=\"Goles\">3<\/td><\/tr><tr class=\"even\"><td class=\"data-name has-photo\" data-label=\"Jugador\"><a href=\"https:\/\/cabezadelbueydeportes.com\/index.php\/player\/daniel-zamorano\/\"><span class=\"player-flag\"><img decoding=\"async\" src=\"https:\/\/cabezadelbueydeportes.com\/wp-content\/plugins\/sportspress\/assets\/images\/flags\/esp.png\" alt=\"esp\"><\/span>Daniel Zamorano<\/a><\/td><td class=\"data-team\" data-label=\"Club\">Pruden<\/td><td class=\"data-goals\" data-label=\"Goles\">3<\/td><\/tr><tr class=\"odd\"><td class=\"data-name has-photo\" data-label=\"Jugador\"><a href=\"https:\/\/cabezadelbueydeportes.com\/index.php\/player\/lucas-gacria\/\"><span class=\"player-flag\"><img decoding=\"async\" src=\"https:\/\/cabezadelbueydeportes.com\/wp-content\/plugins\/sportspress\/assets\/images\/flags\/esp.png\" alt=\"esp\"><\/span>Lucas Garc\u00eda<\/a><\/td><td class=\"data-team\" data-label=\"Club\">Cadetes<\/td><td class=\"data-goals\" data-label=\"Goles\">3<\/td><\/tr><tr class=\"even\"><td class=\"data-name has-photo\" data-label=\"Jugador\"><a href=\"https:\/\/cabezadelbueydeportes.com\/index.php\/player\/aaron-marquez\/\"><span class=\"player-flag\"><img decoding=\"async\" src=\"https:\/\/cabezadelbueydeportes.com\/wp-content\/plugins\/sportspress\/assets\/images\/flags\/esp.png\" alt=\"esp\"><\/span>Aar\u00f3n M\u00e1rquez<\/a><\/td><td class=\"data-team\" data-label=\"Club\">Cadetes<\/td><td class=\"data-goals\" data-label=\"Goles\">3<\/td><\/tr><tr class=\"odd\"><td class=\"data-name has-photo\" data-label=\"Jugador\"><a href=\"https:\/\/cabezadelbueydeportes.com\/index.php\/player\/marcos-lopez\/\"><span class=\"player-flag\"><img decoding=\"async\" src=\"https:\/\/cabezadelbueydeportes.com\/wp-content\/plugins\/sportspress\/assets\/images\/flags\/esp.png\" alt=\"esp\"><\/span>Marcos L\u00f3pez<\/a><\/td><td class=\"data-team\" data-label=\"Club\">Pruden<\/td><td class=\"data-goals\" data-label=\"Goles\">3<\/td><\/tr><tr class=\"even\"><td class=\"data-name has-photo\" data-label=\"Jugador\"><a href=\"https:\/\/cabezadelbueydeportes.com\/index.php\/player\/carlos-emery\/\"><span class=\"player-flag\"><img decoding=\"async\" src=\"https:\/\/cabezadelbueydeportes.com\/wp-content\/plugins\/sportspress\/assets\/images\/flags\/uru.png\" alt=\"uru\"><\/span>Carlos Emery<\/a><\/td><td class=\"data-team\" data-label=\"Club\">C. Nando<\/td><td class=\"data-goals\" data-label=\"Goles\">3<\/td><\/tr><tr class=\"odd\"><td class=\"data-name has-photo\" data-label=\"Jugador\"><a href=\"https:\/\/cabezadelbueydeportes.com\/index.php\/player\/sergio-bravo-de-medina\/\"><span class=\"player-flag\"><img decoding=\"async\" src=\"https:\/\/cabezadelbueydeportes.com\/wp-content\/plugins\/sportspress\/assets\/images\/flags\/esp.png\" alt=\"esp\"><\/span>Sergio Bravo de Medina Matarredona<\/a><\/td><td class=\"data-team\" data-label=\"Club\">ABS Inform\u00e1tica<\/td><td class=\"data-goals\" data-label=\"Goles\">3<\/td><\/tr><tr class=\"even\"><td class=\"data-name has-photo\" data-label=\"Jugador\"><a href=\"https:\/\/cabezadelbueydeportes.com\/index.php\/player\/jorge-celestino\/\"><span class=\"player-flag\"><img decoding=\"async\" src=\"https:\/\/cabezadelbueydeportes.com\/wp-content\/plugins\/sportspress\/assets\/images\/flags\/esp.png\" alt=\"esp\"><\/span>Jorge Celestino<\/a><\/td><td class=\"data-team\" data-label=\"Club\">Pruden<\/td><td class=\"data-goals\" data-label=\"Goles\">2<\/td><\/tr><tr class=\"odd\"><td class=\"data-name has-photo\" data-label=\"Jugador\"><a href=\"https:\/\/cabezadelbueydeportes.com\/index.php\/player\/louis-gerard\/\"><span class=\"player-flag\"><img decoding=\"async\" src=\"https:\/\/cabezadelbueydeportes.com\/wp-content\/plugins\/sportspress\/assets\/images\/flags\/fra.png\" alt=\"fra\"><\/span>Louis G\u00e9rard<\/a><\/td><td class=\"data-team\" data-label=\"Club\">Pruden<\/td><td class=\"data-goals\" data-label=\"Goles\">2<\/td><\/tr><tr class=\"even\"><td class=\"data-name has-photo\" data-label=\"Jugador\"><a href=\"https:\/\/cabezadelbueydeportes.com\/index.php\/player\/jose-luis-munoz\/\"><span class=\"player-flag\"><img decoding=\"async\" src=\"https:\/\/cabezadelbueydeportes.com\/wp-content\/plugins\/sportspress\/assets\/images\/flags\/esp.png\" alt=\"esp\"><\/span>Jos\u00e9 Luis Mu\u00f1oz<\/a><\/td><td class=\"data-team\" data-label=\"Club\">Pruden<\/td><td class=\"data-goals\" data-label=\"Goles\">2<\/td><\/tr><tr class=\"odd\"><td class=\"data-name has-photo\" data-label=\"Jugador\"><a href=\"https:\/\/cabezadelbueydeportes.com\/index.php\/player\/jose-manuel-xoxe\/\"><span class=\"player-flag\"><img decoding=\"async\" src=\"https:\/\/cabezadelbueydeportes.com\/wp-content\/plugins\/sportspress\/assets\/images\/flags\/esp.png\" alt=\"esp\"><\/span>Jose Manuel Calvo-Fernandez Calvo de Mora \u00abXoxe\u00bb<\/a><\/td><td class=\"data-team\" data-label=\"Club\">ABS Inform\u00e1tica<\/td><td class=\"data-goals\" data-label=\"Goles\">2<\/td><\/tr><tr class=\"even\"><td class=\"data-name has-photo\" data-label=\"Jugador\"><a href=\"https:\/\/cabezadelbueydeportes.com\/index.php\/player\/pablo-gallego\/\"><span class=\"player-flag\"><img decoding=\"async\" src=\"https:\/\/cabezadelbueydeportes.com\/wp-content\/plugins\/sportspress\/assets\/images\/flags\/esp.png\" alt=\"esp\"><\/span>Pablo Gallego<\/a><\/td><td class=\"data-team\" data-label=\"Club\">Cabeza<\/td><td class=\"data-goals\" data-label=\"Goles\">2<\/td><\/tr><tr class=\"odd\"><td class=\"data-name has-photo\" data-label=\"Jugador\"><a href=\"https:\/\/cabezadelbueydeportes.com\/index.php\/player\/johan-cadavid\/\"><span class=\"player-flag\"><img decoding=\"async\" src=\"https:\/\/cabezadelbueydeportes.com\/wp-content\/plugins\/sportspress\/assets\/images\/flags\/col.png\" alt=\"col\"><\/span>Johan Cadavid<\/a><\/td><td class=\"data-team\" data-label=\"Club\">ABS Inform\u00e1tica<\/td><td class=\"data-goals\" data-label=\"Goles\">2<\/td><\/tr><tr class=\"even\"><td class=\"data-name has-photo\" data-label=\"Jugador\"><a href=\"https:\/\/cabezadelbueydeportes.com\/index.php\/player\/fernando-fernandez\/\"><span class=\"player-flag\"><img decoding=\"async\" src=\"https:\/\/cabezadelbueydeportes.com\/wp-content\/plugins\/sportspress\/assets\/images\/flags\/esp.png\" alt=\"esp\"><\/span>Fernando Fern\u00e1ndez<\/a><\/td><td class=\"data-team\" data-label=\"Club\">San Roque<\/td><td class=\"data-goals\" data-label=\"Goles\">2<\/td><\/tr><tr class=\"odd\"><td class=\"data-name has-photo\" data-label=\"Jugador\"><a href=\"https:\/\/cabezadelbueydeportes.com\/index.php\/player\/jordi-ruiz\/\"><span class=\"player-flag\"><img decoding=\"async\" src=\"https:\/\/cabezadelbueydeportes.com\/wp-content\/plugins\/sportspress\/assets\/images\/flags\/esp.png\" alt=\"esp\"><\/span>Jordi Ru\u00edz<\/a><\/td><td class=\"data-team\" data-label=\"Club\">Cabeza<\/td><td class=\"data-goals\" data-label=\"Goles\">2<\/td><\/tr><tr class=\"even\"><td class=\"data-name has-photo\" data-label=\"Jugador\"><a href=\"https:\/\/cabezadelbueydeportes.com\/index.php\/player\/german-donoso\/\"><span class=\"player-flag\"><img decoding=\"async\" src=\"https:\/\/cabezadelbueydeportes.com\/wp-content\/plugins\/sportspress\/assets\/images\/flags\/esp.png\" alt=\"esp\"><\/span>Germ\u00e1n Gonz\u00e1lez Silva<\/a><\/td><td class=\"data-team\" data-label=\"Club\">Cabeza<\/td><td class=\"data-goals\" data-label=\"Goles\">2<\/td><\/tr><tr class=\"odd\"><td class=\"data-name has-photo\" data-label=\"Jugador\"><a href=\"https:\/\/cabezadelbueydeportes.com\/index.php\/player\/alberto-capilla\/\"><span class=\"player-flag\"><img decoding=\"async\" src=\"https:\/\/cabezadelbueydeportes.com\/wp-content\/plugins\/sportspress\/assets\/images\/flags\/esp.png\" alt=\"esp\"><\/span>Alberto Corral Garc\u00eda<\/a><\/td><td class=\"data-team\" data-label=\"Club\">Cabeza<\/td><td class=\"data-goals\" data-label=\"Goles\">2<\/td><\/tr><tr class=\"even\"><td class=\"data-name has-photo\" data-label=\"Jugador\"><a href=\"https:\/\/cabezadelbueydeportes.com\/index.php\/player\/jose-adrian-diaz-carballo\/\"><span class=\"player-flag\"><img decoding=\"async\" src=\"https:\/\/cabezadelbueydeportes.com\/wp-content\/plugins\/sportspress\/assets\/images\/flags\/esp.png\" alt=\"esp\"><\/span>Jos\u00e9 Adri\u00e1n D\u00edaz Carballo \u00abPulguita\u00bb<\/a><\/td><td class=\"data-team\" data-label=\"Club\">Caputbovense<\/td><td class=\"data-goals\" data-label=\"Goles\">2<\/td><\/tr><tr class=\"odd\"><td class=\"data-name has-photo\" data-label=\"Jugador\"><a href=\"https:\/\/cabezadelbueydeportes.com\/index.php\/player\/emilio-garcia-sosa\/\"><span class=\"player-flag\"><img decoding=\"async\" src=\"https:\/\/cabezadelbueydeportes.com\/wp-content\/plugins\/sportspress\/assets\/images\/flags\/esp.png\" alt=\"esp\"><\/span>Emilio Jos\u00e9 Garc\u00eda Sosa<\/a><\/td><td class=\"data-team\" data-label=\"Club\">\u00c1ngela Gallego<\/td><td class=\"data-goals\" data-label=\"Goles\">2<\/td><\/tr><tr class=\"even\"><td class=\"data-name has-photo\" data-label=\"Jugador\"><a href=\"https:\/\/cabezadelbueydeportes.com\/index.php\/player\/jose-carlos-chavea\/\"><span class=\"player-flag\"><img decoding=\"async\" src=\"https:\/\/cabezadelbueydeportes.com\/wp-content\/plugins\/sportspress\/assets\/images\/flags\/esp.png\" alt=\"esp\"><\/span>Jos\u00e9 Carlos Tejero Ponce \u00abChavea\u00bb<\/a><\/td><td class=\"data-team\" data-label=\"Club\">\u00c1ngela Gallego<\/td><td class=\"data-goals\" data-label=\"Goles\">1<\/td><\/tr><tr class=\"odd\"><td class=\"data-name has-photo\" data-label=\"Jugador\"><a href=\"https:\/\/cabezadelbueydeportes.com\/index.php\/player\/jose-manuel-capilla-luque\/\"><span class=\"player-flag\"><img decoding=\"async\" src=\"https:\/\/cabezadelbueydeportes.com\/wp-content\/plugins\/sportspress\/assets\/images\/flags\/esp.png\" alt=\"esp\"><\/span>Jos\u00e9 Manuel Capilla Luque<\/a><\/td><td class=\"data-team\" data-label=\"Club\">San Roque<\/td><td class=\"data-goals\" data-label=\"Goles\">1<\/td><\/tr><tr class=\"even\"><td class=\"data-name has-photo\" data-label=\"Jugador\"><a href=\"https:\/\/cabezadelbueydeportes.com\/index.php\/player\/lazo\/\"><span class=\"player-flag\"><img decoding=\"async\" src=\"https:\/\/cabezadelbueydeportes.com\/wp-content\/plugins\/sportspress\/assets\/images\/flags\/col.png\" alt=\"col\"><\/span>Lazo<\/a><\/td><td class=\"data-team\" data-label=\"Club\">C. Nando<\/td><td class=\"data-goals\" data-label=\"Goles\">1<\/td><\/tr><tr class=\"odd\"><td class=\"data-name has-photo\" data-label=\"Jugador\"><a href=\"https:\/\/cabezadelbueydeportes.com\/index.php\/player\/tomas-celestino\/\"><span class=\"player-flag\"><img decoding=\"async\" src=\"https:\/\/cabezadelbueydeportes.com\/wp-content\/plugins\/sportspress\/assets\/images\/flags\/esp.png\" alt=\"esp\"><\/span>Tom\u00e1s Celestino<\/a><\/td><td class=\"data-team\" data-label=\"Club\">Pruden<\/td><td class=\"data-goals\" data-label=\"Goles\">1<\/td><\/tr><tr class=\"even\"><td class=\"data-name has-photo\" data-label=\"Jugador\"><a href=\"https:\/\/cabezadelbueydeportes.com\/index.php\/player\/fabian-sanchez-arevalo\/\"><span class=\"player-flag\"><img decoding=\"async\" src=\"https:\/\/cabezadelbueydeportes.com\/wp-content\/plugins\/sportspress\/assets\/images\/flags\/esp.png\" alt=\"esp\"><\/span>Fabi\u00e1n S\u00e1nchez-Ar\u00e9valo<\/a><\/td><td class=\"data-team\" data-label=\"Club\">San Roque<\/td><td class=\"data-goals\" data-label=\"Goles\">1<\/td><\/tr><tr class=\"odd\"><td class=\"data-name has-photo\" data-label=\"Jugador\"><a href=\"https:\/\/cabezadelbueydeportes.com\/index.php\/player\/javier-del-pozo\/\"><span class=\"player-flag\"><img decoding=\"async\" src=\"https:\/\/cabezadelbueydeportes.com\/wp-content\/plugins\/sportspress\/assets\/images\/flags\/esp.png\" alt=\"esp\"><\/span>Javier del Pozo<\/a><\/td><td class=\"data-team\" data-label=\"Club\">Manchester Pity<\/td><td class=\"data-goals\" data-label=\"Goles\">1<\/td><\/tr><tr class=\"even\"><td class=\"data-name has-photo\" data-label=\"Jugador\"><a href=\"https:\/\/cabezadelbueydeportes.com\/index.php\/player\/cristian\/\"><span class=\"player-flag\"><img decoding=\"async\" src=\"https:\/\/cabezadelbueydeportes.com\/wp-content\/plugins\/sportspress\/assets\/images\/flags\/esp.png\" alt=\"esp\"><\/span>Cristian Haba<\/a><\/td><td class=\"data-team\" data-label=\"Club\">Manchester Pity<\/td><td class=\"data-goals\" data-label=\"Goles\">1<\/td><\/tr><tr class=\"odd\"><td class=\"data-name has-photo\" data-label=\"Jugador\"><a href=\"https:\/\/cabezadelbueydeportes.com\/index.php\/player\/javier-montesinos\/\"><span class=\"player-flag\"><img decoding=\"async\" src=\"https:\/\/cabezadelbueydeportes.com\/wp-content\/plugins\/sportspress\/assets\/images\/flags\/esp.png\" alt=\"esp\"><\/span>Javier Montesinos G\u00f3mez \u00abTerre\u00bb<\/a><\/td><td class=\"data-team\" data-label=\"Club\">Cabeza<\/td><td class=\"data-goals\" data-label=\"Goles\">1<\/td><\/tr><tr class=\"even\"><td class=\"data-name has-photo\" data-label=\"Jugador\"><a href=\"https:\/\/cabezadelbueydeportes.com\/index.php\/player\/adrian-garcia-risco-luli\/\"><span class=\"player-flag\"><img decoding=\"async\" src=\"https:\/\/cabezadelbueydeportes.com\/wp-content\/plugins\/sportspress\/assets\/images\/flags\/esp.png\" alt=\"esp\"><\/span>Adri\u00e1n Garc\u00eda-Risco Rivera \u00abLuli\u00bb<\/a><\/td><td class=\"data-team\" data-label=\"Club\">C. Nando<\/td><td class=\"data-goals\" data-label=\"Goles\">1<\/td><\/tr><tr class=\"odd\"><td class=\"data-name has-photo\" data-label=\"Jugador\"><a href=\"https:\/\/cabezadelbueydeportes.com\/index.php\/player\/cesar-mora\/\"><span class=\"player-flag\"><img decoding=\"async\" src=\"https:\/\/cabezadelbueydeportes.com\/wp-content\/plugins\/sportspress\/assets\/images\/flags\/esp.png\" alt=\"esp\"><\/span>C\u00e9sar Mora<\/a><\/td><td class=\"data-team\" data-label=\"Club\">Cabeza<\/td><td class=\"data-goals\" data-label=\"Goles\">1<\/td><\/tr><tr class=\"even\"><td class=\"data-name has-photo\" data-label=\"Jugador\"><a href=\"https:\/\/cabezadelbueydeportes.com\/index.php\/player\/sergio-prada\/\"><span class=\"player-flag\"><img decoding=\"async\" src=\"https:\/\/cabezadelbueydeportes.com\/wp-content\/plugins\/sportspress\/assets\/images\/flags\/esp.png\" alt=\"esp\"><\/span>Sergio Prada<\/a><\/td><td class=\"data-team\" data-label=\"Club\">C. Nando<\/td><td class=\"data-goals\" data-label=\"Goles\">1<\/td><\/tr><tr class=\"odd\"><td class=\"data-name has-photo\" data-label=\"Jugador\"><a href=\"https:\/\/cabezadelbueydeportes.com\/index.php\/player\/jose-vicente-tejero-mansilla\/\"><span class=\"player-flag\"><img decoding=\"async\" src=\"https:\/\/cabezadelbueydeportes.com\/wp-content\/plugins\/sportspress\/assets\/images\/flags\/esp.png\" alt=\"esp\"><\/span>Jos\u00e9 Vicente Tejero Mansilla<\/a><\/td><td class=\"data-team\" data-label=\"Club\">Caputbovense<\/td><td class=\"data-goals\" data-label=\"Goles\">1<\/td><\/tr><tr class=\"even\"><td class=\"data-name has-photo\" data-label=\"Jugador\"><a href=\"https:\/\/cabezadelbueydeportes.com\/index.php\/player\/salvin-jair-garcia\/\"><span class=\"player-flag\"><img decoding=\"async\" src=\"https:\/\/cabezadelbueydeportes.com\/wp-content\/plugins\/sportspress\/assets\/images\/flags\/esp.png\" alt=\"esp\"><\/span>Salvin Jair Garc\u00eda<\/a><\/td><td class=\"data-team\" data-label=\"Club\">Caputbovense<\/td><td class=\"data-goals\" data-label=\"Goles\">1<\/td><\/tr><tr class=\"odd\"><td class=\"data-name has-photo\" data-label=\"Jugador\"><a href=\"https:\/\/cabezadelbueydeportes.com\/index.php\/player\/alejandro-sanchez-arevalo-trufa\/\"><span class=\"player-flag\"><img decoding=\"async\" src=\"https:\/\/cabezadelbueydeportes.com\/wp-content\/plugins\/sportspress\/assets\/images\/flags\/esp.png\" alt=\"esp\"><\/span>Alejandro S\u00e1nchez-Ar\u00e9valo \u00abTrufa\u00bb<\/a><\/td><td class=\"data-team\" data-label=\"Club\">Caputbovense<\/td><td class=\"data-goals\" data-label=\"Goles\">1<\/td><\/tr><tr class=\"even\"><td class=\"data-name has-photo\" data-label=\"Jugador\"><a href=\"https:\/\/cabezadelbueydeportes.com\/index.php\/player\/david-lujan\/\"><span class=\"player-flag\"><img decoding=\"async\" src=\"https:\/\/cabezadelbueydeportes.com\/wp-content\/plugins\/sportspress\/assets\/images\/flags\/esp.png\" alt=\"esp\"><\/span>David Luj\u00e1n<\/a><\/td><td class=\"data-team\" data-label=\"Club\">Rinc\u00f3n de Pipe<\/td><td class=\"data-goals\" data-label=\"Goles\">1<\/td><\/tr><tr class=\"odd\"><td class=\"data-name has-photo\" data-label=\"Jugador\"><a href=\"https:\/\/cabezadelbueydeportes.com\/index.php\/player\/luis-simancas\/\"><span class=\"player-flag\"><img decoding=\"async\" src=\"https:\/\/cabezadelbueydeportes.com\/wp-content\/plugins\/sportspress\/assets\/images\/flags\/esp.png\" alt=\"esp\"><\/span>Luis Simancas S\u00e1nchez-Ar\u00e9valo<\/a><\/td><td class=\"data-team\" data-label=\"Club\">Caputbovense<\/td><td class=\"data-goals\" data-label=\"Goles\">1<\/td><\/tr><tr class=\"even\"><td class=\"data-name has-photo\" data-label=\"Jugador\"><a href=\"https:\/\/cabezadelbueydeportes.com\/index.php\/player\/adrian-osorio\/\"><span class=\"player-flag\"><img decoding=\"async\" src=\"https:\/\/cabezadelbueydeportes.com\/wp-content\/plugins\/sportspress\/assets\/images\/flags\/mda.png\" alt=\"mda\"><\/span><span class=\"player-flag\"><img decoding=\"async\" src=\"https:\/\/cabezadelbueydeportes.com\/wp-content\/plugins\/sportspress\/assets\/images\/flags\/esp.png\" alt=\"esp\"><\/span>Adri\u00e1n Osorio Ceb\u00e1n<\/a><\/td><td class=\"data-team\" data-label=\"Club\">C. Nando<\/td><td class=\"data-goals\" data-label=\"Goles\">1<\/td><\/tr><tr class=\"odd\"><td class=\"data-name has-photo\" data-label=\"Jugador\"><a href=\"https:\/\/cabezadelbueydeportes.com\/index.php\/player\/dani-morano\/\"><span class=\"player-flag\"><img decoding=\"async\" src=\"https:\/\/cabezadelbueydeportes.com\/wp-content\/plugins\/sportspress\/assets\/images\/flags\/esp.png\" alt=\"esp\"><\/span>Dani Mora\u00f1o<\/a><\/td><td class=\"data-team\" data-label=\"Club\">ABS Inform\u00e1tica<\/td><td class=\"data-goals\" data-label=\"Goles\">1<\/td><\/tr><tr class=\"even\"><td class=\"data-name has-photo\" data-label=\"Jugador\"><a href=\"https:\/\/cabezadelbueydeportes.com\/index.php\/player\/david-trivino\/\"><span class=\"player-flag\"><img decoding=\"async\" src=\"https:\/\/cabezadelbueydeportes.com\/wp-content\/plugins\/sportspress\/assets\/images\/flags\/esp.png\" alt=\"esp\"><\/span>David Trivi\u00f1o<\/a><\/td><td class=\"data-team\" data-label=\"Club\">Caputbovense<\/td><td class=\"data-goals\" data-label=\"Goles\">1<\/td><\/tr><tr class=\"odd\"><td class=\"data-name has-photo\" data-label=\"Jugador\"><a href=\"https:\/\/cabezadelbueydeportes.com\/index.php\/player\/luis-alberto-sereno\/\"><span class=\"player-flag\"><img decoding=\"async\" src=\"https:\/\/cabezadelbueydeportes.com\/wp-content\/plugins\/sportspress\/assets\/images\/flags\/esp.png\" alt=\"esp\"><\/span>Luis Alberto Sereno<\/a><\/td><td class=\"data-team\" data-label=\"Club\">Caputbovense<\/td><td class=\"data-goals\" data-label=\"Goles\">1<\/td><\/tr><tr class=\"even\"><td class=\"data-name has-photo\" data-label=\"Jugador\"><a href=\"https:\/\/cabezadelbueydeportes.com\/index.php\/player\/eloy-fernandez\/\"><span class=\"player-flag\"><img decoding=\"async\" src=\"https:\/\/cabezadelbueydeportes.com\/wp-content\/plugins\/sportspress\/assets\/images\/flags\/esp.png\" alt=\"esp\"><\/span>Eloy Fern\u00e1ndez<\/a><\/td><td class=\"data-team\" data-label=\"Club\">Caputbovense<\/td><td class=\"data-goals\" data-label=\"Goles\">1<\/td><\/tr><\/tbody><\/table><\/div><\/div><\/div>\n","protected":false},"excerpt":{"rendered":"","protected":false},"author":1,"featured_media":0,"parent":937,"menu_order":4,"comment_status":"closed","ping_status":"closed","template":"","meta":{"footnotes":""},"_links":{"self":[{"href":"https:\/\/cabezadelbueydeportes.com\/index.php\/wp-json\/wp\/v2\/pages\/960"}],"collection":[{"href":"https:\/\/cabezadelbueydeportes.com\/index.php\/wp-json\/wp\/v2\/pages"}],"about":[{"href":"https:\/\/cabezadelbueydeportes.com\/index.php\/wp-json\/wp\/v2\/types\/page"}],"author":[{"embeddable":true,"href":"https:\/\/cabezadelbueydeportes.com\/index.php\/wp-json\/wp\/v2\/users\/1"}],"replies":[{"embeddable":true,"href":"https:\/\/cabezadelbueydeportes.com\/index.php\/wp-json\/wp\/v2\/comments?post=960"}],"version-history":[{"count":2,"href":"https:\/\/cabezadelbueydeportes.com\/index.php\/wp-json\/wp\/v2\/pages\/960\/revisions"}],"predecessor-version":[{"id":988,"href":"https:\/\/cabezadelbueydeportes.com\/index.php\/wp-json\/wp\/v2\/pages\/960\/revisions\/988"}],"up":[{"embeddable":true,"href":"https:\/\/cabezadelbueydeportes.com\/index.php\/wp-json\/wp\/v2\/pages\/937"}],"wp:attachment":[{"href":"https:\/\/cabezadelbueydeportes.com\/index.php\/wp-json\/wp\/v2\/media?parent=960"}],"curies":[{"name":"wp","href":"https:\/\/api.w.org\/{rel}","templated":true}]}}