{"id":552,"date":"2023-07-15T12:36:51","date_gmt":"2023-07-15T11:36:51","guid":{"rendered":"https:\/\/cabezadelbueydeportes.com\/?page_id=552"},"modified":"2023-07-15T12:36:51","modified_gmt":"2023-07-15T11:36:51","slug":"calzados-nando-fs","status":"publish","type":"page","link":"https:\/\/cabezadelbueydeportes.com\/index.php\/torneo-futbol-sala-2023\/equipos\/calzados-nando-fs\/","title":{"rendered":"Calzados Nando FS"},"content":{"rendered":"<div class=\"sportspress\"><h4 class=\"sp-table-caption\">Calzados Nando FS<\/h4><div class=\"sp-template sp-template-player-list\"><div class=\"sp-table-wrapper\"><table class=\"sp-player-list sp-data-table sp-sortable-table sp-scrollable-table\" data-sp-rows=\"12\"><thead><tr><th class=\"data-name\">Jugador<\/th><th class=\"data-appearances\">Jugados<\/th><th class=\"data-goals\">Goles<\/th><th class=\"data-yellowcards\">Tarjeta Amarilla<\/th><th class=\"data-redcards\">Tarjeta Roja<\/th><\/tr><\/thead><tbody><tr class=\"odd\"><td class=\"data-name has-photo\" data-label=\"Jugador\"><a href=\"https:\/\/cabezadelbueydeportes.com\/index.php\/player\/manuel-alejandro-romero-sanchez\/\"><span class=\"player-flag\"><img decoding=\"async\" src=\"https:\/\/cabezadelbueydeportes.com\/wp-content\/plugins\/sportspress\/assets\/images\/flags\/esp.png\" alt=\"esp\"><\/span>Manuel Alejandro Romero S\u00e1nchez<\/a><\/td><td class=\"data-appearances\" data-label=\"Jugados\">4<\/td><td class=\"data-goals\" data-label=\"Goles\">0<\/td><td class=\"data-yellowcards\" data-label=\"Tarjeta Amarilla\">0<\/td><td class=\"data-redcards\" data-label=\"Tarjeta Roja\">0<\/td><\/tr><tr class=\"even\"><td class=\"data-name has-photo\" data-label=\"Jugador\"><a href=\"https:\/\/cabezadelbueydeportes.com\/index.php\/player\/adrian-garcia-risco-luli\/\"><span class=\"player-flag\"><img decoding=\"async\" src=\"https:\/\/cabezadelbueydeportes.com\/wp-content\/plugins\/sportspress\/assets\/images\/flags\/esp.png\" alt=\"esp\"><\/span>Adri\u00e1n Garc\u00eda-Risco Rivera \u00abLuli\u00bb<\/a><\/td><td class=\"data-appearances\" data-label=\"Jugados\">4<\/td><td class=\"data-goals\" data-label=\"Goles\">0<\/td><td class=\"data-yellowcards\" data-label=\"Tarjeta Amarilla\">0<\/td><td class=\"data-redcards\" data-label=\"Tarjeta Roja\">0<\/td><\/tr><tr class=\"odd\"><td class=\"data-name has-photo\" data-label=\"Jugador\"><a href=\"https:\/\/cabezadelbueydeportes.com\/index.php\/player\/jorge-mora\/\"><span class=\"player-flag\"><img decoding=\"async\" src=\"https:\/\/cabezadelbueydeportes.com\/wp-content\/plugins\/sportspress\/assets\/images\/flags\/esp.png\" alt=\"esp\"><\/span>Jorge Mora Carrillo<\/a><\/td><td class=\"data-appearances\" data-label=\"Jugados\">4<\/td><td class=\"data-goals\" data-label=\"Goles\">1<\/td><td class=\"data-yellowcards\" data-label=\"Tarjeta Amarilla\">0<\/td><td class=\"data-redcards\" data-label=\"Tarjeta Roja\">0<\/td><\/tr><tr class=\"even\"><td class=\"data-name has-photo\" data-label=\"Jugador\"><a href=\"https:\/\/cabezadelbueydeportes.com\/index.php\/player\/david-calvo-nando\/\"><span class=\"player-flag\"><img decoding=\"async\" src=\"https:\/\/cabezadelbueydeportes.com\/wp-content\/plugins\/sportspress\/assets\/images\/flags\/esp.png\" alt=\"esp\"><\/span>David Calvo Mart\u00edn-Doimeadi\u00f3s \u00abNando\u00bb<\/a><\/td><td class=\"data-appearances\" data-label=\"Jugados\">4<\/td><td class=\"data-goals\" data-label=\"Goles\">2<\/td><td class=\"data-yellowcards\" data-label=\"Tarjeta Amarilla\">0<\/td><td class=\"data-redcards\" data-label=\"Tarjeta Roja\">0<\/td><\/tr><tr class=\"odd\"><td class=\"data-name has-photo\" data-label=\"Jugador\"><a href=\"https:\/\/cabezadelbueydeportes.com\/index.php\/player\/alvaro-sosa\/\"><span class=\"player-flag\"><img decoding=\"async\" src=\"https:\/\/cabezadelbueydeportes.com\/wp-content\/plugins\/sportspress\/assets\/images\/flags\/esp.png\" alt=\"esp\"><\/span>\u00c1lvaro Mart\u00edn Bravo \u00abSosa\u00bb<\/a><\/td><td class=\"data-appearances\" data-label=\"Jugados\">4<\/td><td class=\"data-goals\" data-label=\"Goles\">6<\/td><td class=\"data-yellowcards\" data-label=\"Tarjeta Amarilla\">0<\/td><td class=\"data-redcards\" data-label=\"Tarjeta Roja\">0<\/td><\/tr><tr class=\"even\"><td class=\"data-name has-photo\" data-label=\"Jugador\"><a href=\"https:\/\/cabezadelbueydeportes.com\/index.php\/player\/cesar\/\"><span class=\"player-flag\"><img decoding=\"async\" src=\"https:\/\/cabezadelbueydeportes.com\/wp-content\/plugins\/sportspress\/assets\/images\/flags\/esp.png\" alt=\"esp\"><\/span>C\u00e9sar Mora Mu\u00f1oz-Reja<\/a><\/td><td class=\"data-appearances\" data-label=\"Jugados\">4<\/td><td class=\"data-goals\" data-label=\"Goles\">2<\/td><td class=\"data-yellowcards\" data-label=\"Tarjeta Amarilla\">1<\/td><td class=\"data-redcards\" data-label=\"Tarjeta Roja\">0<\/td><\/tr><tr class=\"odd\"><td class=\"data-name has-photo\" data-label=\"Jugador\"><a href=\"https:\/\/cabezadelbueydeportes.com\/index.php\/player\/adrian-osorio\/\"><span class=\"player-flag\"><img decoding=\"async\" src=\"https:\/\/cabezadelbueydeportes.com\/wp-content\/plugins\/sportspress\/assets\/images\/flags\/mda.png\" alt=\"mda\"><\/span><span class=\"player-flag\"><img decoding=\"async\" src=\"https:\/\/cabezadelbueydeportes.com\/wp-content\/plugins\/sportspress\/assets\/images\/flags\/esp.png\" alt=\"esp\"><\/span>Adri\u00e1n Osorio Ceb\u00e1n<\/a><\/td><td class=\"data-appearances\" data-label=\"Jugados\">4<\/td><td class=\"data-goals\" data-label=\"Goles\">2<\/td><td class=\"data-yellowcards\" data-label=\"Tarjeta Amarilla\">0<\/td><td class=\"data-redcards\" data-label=\"Tarjeta Roja\">0<\/td><\/tr><tr class=\"even\"><td class=\"data-name has-photo\" data-label=\"Jugador\"><a href=\"https:\/\/cabezadelbueydeportes.com\/index.php\/player\/luis-manuel-sereno\/\"><span class=\"player-flag\"><img decoding=\"async\" src=\"https:\/\/cabezadelbueydeportes.com\/wp-content\/plugins\/sportspress\/assets\/images\/flags\/esp.png\" alt=\"esp\"><\/span>Gonzalo Carmona Cort\u00e9s<\/a><\/td><td class=\"data-appearances\" data-label=\"Jugados\">4<\/td><td class=\"data-goals\" data-label=\"Goles\">0<\/td><td class=\"data-yellowcards\" data-label=\"Tarjeta Amarilla\">0<\/td><td class=\"data-redcards\" data-label=\"Tarjeta Roja\">0<\/td><\/tr><tr class=\"odd\"><td class=\"data-name has-photo\" data-label=\"Jugador\"><a href=\"https:\/\/cabezadelbueydeportes.com\/index.php\/player\/jose-adrian-diaz-carballo\/\"><span class=\"player-flag\"><img decoding=\"async\" src=\"https:\/\/cabezadelbueydeportes.com\/wp-content\/plugins\/sportspress\/assets\/images\/flags\/esp.png\" alt=\"esp\"><\/span>Jos\u00e9 Adri\u00e1n D\u00edaz Carballo \u00abPulguita\u00bb<\/a><\/td><td class=\"data-appearances\" data-label=\"Jugados\">4<\/td><td class=\"data-goals\" data-label=\"Goles\">0<\/td><td class=\"data-yellowcards\" data-label=\"Tarjeta Amarilla\">0<\/td><td class=\"data-redcards\" data-label=\"Tarjeta Roja\">0<\/td><\/tr><\/tbody><\/table><\/div><\/div><\/div>\n","protected":false},"excerpt":{"rendered":"","protected":false},"author":1,"featured_media":0,"parent":547,"menu_order":0,"comment_status":"closed","ping_status":"closed","template":"","meta":{"footnotes":""},"_links":{"self":[{"href":"https:\/\/cabezadelbueydeportes.com\/index.php\/wp-json\/wp\/v2\/pages\/552"}],"collection":[{"href":"https:\/\/cabezadelbueydeportes.com\/index.php\/wp-json\/wp\/v2\/pages"}],"about":[{"href":"https:\/\/cabezadelbueydeportes.com\/index.php\/wp-json\/wp\/v2\/types\/page"}],"author":[{"embeddable":true,"href":"https:\/\/cabezadelbueydeportes.com\/index.php\/wp-json\/wp\/v2\/users\/1"}],"replies":[{"embeddable":true,"href":"https:\/\/cabezadelbueydeportes.com\/index.php\/wp-json\/wp\/v2\/comments?post=552"}],"version-history":[{"count":1,"href":"https:\/\/cabezadelbueydeportes.com\/index.php\/wp-json\/wp\/v2\/pages\/552\/revisions"}],"predecessor-version":[{"id":554,"href":"https:\/\/cabezadelbueydeportes.com\/index.php\/wp-json\/wp\/v2\/pages\/552\/revisions\/554"}],"up":[{"embeddable":true,"href":"https:\/\/cabezadelbueydeportes.com\/index.php\/wp-json\/wp\/v2\/pages\/547"}],"wp:attachment":[{"href":"https:\/\/cabezadelbueydeportes.com\/index.php\/wp-json\/wp\/v2\/media?parent=552"}],"curies":[{"name":"wp","href":"https:\/\/api.w.org\/{rel}","templated":true}]}}