{"id":376,"date":"2023-06-19T12:34:35","date_gmt":"2023-06-19T11:34:35","guid":{"rendered":"https:\/\/cabezadelbueydeportes.com\/?page_id=376"},"modified":"2023-07-15T22:50:16","modified_gmt":"2023-07-15T21:50:16","slug":"torneo-futbol-sala-2023","status":"publish","type":"page","link":"https:\/\/cabezadelbueydeportes.com\/index.php\/torneo-futbol-sala-2023\/","title":{"rendered":"Torneo F\u00fatbol Sala 2023"},"content":{"rendered":"\n<h3 class=\"wp-block-heading\">Resultados<\/h3>\n\n\n<div class=\"sportspress\"><div class=\"sp-template sp-template-event-blocks\">\n\t<div class=\"sp-table-wrapper\">\n\t\t<table class=\"sp-event-blocks sp-data-table\n\t\t\t\t\t sp-paginated-table\" data-sp-rows=\"7\">\n\t\t\t<thead><tr><th><\/th><\/tr><\/thead> \t\t\t<tbody>\n\t\t\t\t\t\t\t\t\t<tr class=\"sp-row sp-post alternate\" itemscope itemtype=\"http:\/\/schema.org\/SportsEvent\">\n\t\t\t\t\t\t<td>\n\t\t\t\t\t\t\t\t\t\t\t\t\t\t<span class=\"team-logo logo-odd\" title=\"Chel\u00edn City\"><img loading=\"lazy\" decoding=\"async\" width=\"128\" height=\"37\" src=\"https:\/\/cabezadelbueydeportes.com\/wp-content\/uploads\/2023\/07\/chelin-128x37.jpg\" class=\"attachment-sportspress-fit-icon size-sportspress-fit-icon wp-post-image\" alt=\"\" \/><\/span> <span class=\"team-logo logo-even\" title=\"ABS Inform\u00e1tica\"><img loading=\"lazy\" decoding=\"async\" width=\"128\" height=\"61\" src=\"https:\/\/cabezadelbueydeportes.com\/wp-content\/uploads\/2023\/07\/ABS-128x61.png\" class=\"attachment-sportspress-fit-icon size-sportspress-fit-icon wp-post-image\" alt=\"\" \/><\/span>\t\t\t\t\t\t\t<time class=\"sp-event-date\" datetime=\"2023-07-16 22:00:35\" itemprop=\"startDate\" content=\"2023-07-16T22:00:35+01:00\">\n\t\t\t\t\t\t\t\t<a href=\"https:\/\/cabezadelbueydeportes.com\/index.php\/event\/final-2\/\">16 de julio de 2023<\/a>\t\t\t\t\t\t\t<\/time>\n\t\t\t\t\t\t\t\t\t\t\t\t\t\t<h5 class=\"sp-event-results\">\n\t\t\t\t\t\t\t\t<a href=\"https:\/\/cabezadelbueydeportes.com\/index.php\/event\/final-2\/\"><span class=\"sp-result ok\">3<\/span> - <span class=\"sp-result\">5<\/span><\/a>\t\t\t\t\t\t\t<\/h5>\n\t\t\t\t\t\t\t\t\t\t\t\t\t\t\t\t\t\t\t\t\t\t\t\t\t\t\t\t\t\t\t\t\t\t\t\t<div style=\"display:none;\" class=\"sp-event-venue\" itemprop=\"location\" itemscope itemtype=\"http:\/\/schema.org\/Place\"><div itemprop=\"address\" itemscope itemtype=\"http:\/\/schema.org\/PostalAddress\">N\/D<\/div><\/div>\n\t\t\t\t\t\t\t\t\t\t\t\t\t\t<h4 class=\"sp-event-title\" itemprop=\"name\">\n\t\t\t\t\t\t\t\t<a href=\"https:\/\/cabezadelbueydeportes.com\/index.php\/event\/final-2\/\">Chel\u00edn City vs ABS Inform\u00e1tica<\/a>\t\t\t\t\t\t\t<\/h4>\n\t\t\t\t\t\t\t\n\t\t\t\t\t\t<\/td>\n\t\t\t\t\t<\/tr>\n\t\t\t\t\t\t\t\t\t\t<tr class=\"sp-row sp-post\" itemscope itemtype=\"http:\/\/schema.org\/SportsEvent\">\n\t\t\t\t\t\t<td>\n\t\t\t\t\t\t\t\t\t\t\t\t\t\t<span class=\"team-logo logo-odd\" title=\"Strong Padel FS\"><img loading=\"lazy\" decoding=\"async\" width=\"128\" height=\"80\" src=\"https:\/\/cabezadelbueydeportes.com\/wp-content\/uploads\/2023\/07\/strong-padel-logo-128x80.jpg\" class=\"attachment-sportspress-fit-icon size-sportspress-fit-icon wp-post-image\" alt=\"\" \/><\/span> <span class=\"team-logo logo-even\" title=\"Podosalud Futsal\"><img loading=\"lazy\" decoding=\"async\" width=\"128\" height=\"91\" src=\"https:\/\/cabezadelbueydeportes.com\/wp-content\/uploads\/2023\/07\/podosalud-128x91.jpeg\" class=\"attachment-sportspress-fit-icon size-sportspress-fit-icon wp-post-image\" alt=\"\" \/><\/span>\t\t\t\t\t\t\t<time class=\"sp-event-date\" datetime=\"2023-07-16 21:00:57\" itemprop=\"startDate\" content=\"2023-07-16T21:00:57+01:00\">\n\t\t\t\t\t\t\t\t<a href=\"https:\/\/cabezadelbueydeportes.com\/index.php\/event\/3o-o-4o-puesto\/\">16 de julio de 2023<\/a>\t\t\t\t\t\t\t<\/time>\n\t\t\t\t\t\t\t\t\t\t\t\t\t\t<h5 class=\"sp-event-results\">\n\t\t\t\t\t\t\t\t<a href=\"https:\/\/cabezadelbueydeportes.com\/index.php\/event\/3o-o-4o-puesto\/\"><span class=\"sp-result ok\">5<\/span> - <span class=\"sp-result\">3<\/span><\/a>\t\t\t\t\t\t\t<\/h5>\n\t\t\t\t\t\t\t\t\t\t\t\t\t\t\t\t\t\t\t\t\t\t\t\t\t\t\t\t\t\t\t\t\t\t\t\t<div style=\"display:none;\" class=\"sp-event-venue\" itemprop=\"location\" itemscope itemtype=\"http:\/\/schema.org\/Place\"><div itemprop=\"address\" itemscope itemtype=\"http:\/\/schema.org\/PostalAddress\">N\/D<\/div><\/div>\n\t\t\t\t\t\t\t\t\t\t\t\t\t\t<h4 class=\"sp-event-title\" itemprop=\"name\">\n\t\t\t\t\t\t\t\t<a href=\"https:\/\/cabezadelbueydeportes.com\/index.php\/event\/3o-o-4o-puesto\/\">Strong Padel vs Podosalud F\u00fatsal<\/a>\t\t\t\t\t\t\t<\/h4>\n\t\t\t\t\t\t\t\n\t\t\t\t\t\t<\/td>\n\t\t\t\t\t<\/tr>\n\t\t\t\t\t\t\t\t\t\t<tr class=\"sp-row sp-post alternate\" itemscope itemtype=\"http:\/\/schema.org\/SportsEvent\">\n\t\t\t\t\t\t<td>\n\t\t\t\t\t\t\t\t\t\t\t\t\t\t<span class=\"team-logo logo-odd\" title=\"ABS Inform\u00e1tica\"><img loading=\"lazy\" decoding=\"async\" width=\"128\" height=\"61\" src=\"https:\/\/cabezadelbueydeportes.com\/wp-content\/uploads\/2023\/07\/ABS-128x61.png\" class=\"attachment-sportspress-fit-icon size-sportspress-fit-icon wp-post-image\" alt=\"\" \/><\/span> <span class=\"team-logo logo-even\" title=\"Podosalud Futsal\"><img loading=\"lazy\" decoding=\"async\" width=\"128\" height=\"91\" src=\"https:\/\/cabezadelbueydeportes.com\/wp-content\/uploads\/2023\/07\/podosalud-128x91.jpeg\" class=\"attachment-sportspress-fit-icon size-sportspress-fit-icon wp-post-image\" alt=\"\" \/><\/span>\t\t\t\t\t\t\t<time class=\"sp-event-date\" datetime=\"2023-07-16 18:30:21\" itemprop=\"startDate\" content=\"2023-07-16T18:30:21+01:00\">\n\t\t\t\t\t\t\t\t<a href=\"https:\/\/cabezadelbueydeportes.com\/index.php\/event\/semifinal-g2-vs-g4\/\">16 de julio de 2023<\/a>\t\t\t\t\t\t\t<\/time>\n\t\t\t\t\t\t\t\t\t\t\t\t\t\t<h5 class=\"sp-event-results\">\n\t\t\t\t\t\t\t\t<a href=\"https:\/\/cabezadelbueydeportes.com\/index.php\/event\/semifinal-g2-vs-g4\/\"><span class=\"sp-result ok\">5<\/span> - <span class=\"sp-result\">4<\/span><\/a>\t\t\t\t\t\t\t<\/h5>\n\t\t\t\t\t\t\t\t\t\t\t\t\t\t\t\t\t\t\t\t\t\t\t\t\t\t\t\t\t\t\t\t\t\t\t\t<div style=\"display:none;\" class=\"sp-event-venue\" itemprop=\"location\" itemscope itemtype=\"http:\/\/schema.org\/Place\"><div itemprop=\"address\" itemscope itemtype=\"http:\/\/schema.org\/PostalAddress\">N\/D<\/div><\/div>\n\t\t\t\t\t\t\t\t\t\t\t\t\t\t<h4 class=\"sp-event-title\" itemprop=\"name\">\n\t\t\t\t\t\t\t\t<a href=\"https:\/\/cabezadelbueydeportes.com\/index.php\/event\/semifinal-g2-vs-g4\/\">ABS Inform\u00e1tica vs Podosalud F\u00fatsal<\/a>\t\t\t\t\t\t\t<\/h4>\n\t\t\t\t\t\t\t\n\t\t\t\t\t\t<\/td>\n\t\t\t\t\t<\/tr>\n\t\t\t\t\t\t\t\t\t\t<tr class=\"sp-row sp-post\" itemscope itemtype=\"http:\/\/schema.org\/SportsEvent\">\n\t\t\t\t\t\t<td>\n\t\t\t\t\t\t\t\t\t\t\t\t\t\t<span class=\"team-logo logo-odd\" title=\"Strong Padel FS\"><img loading=\"lazy\" decoding=\"async\" width=\"128\" height=\"80\" src=\"https:\/\/cabezadelbueydeportes.com\/wp-content\/uploads\/2023\/07\/strong-padel-logo-128x80.jpg\" class=\"attachment-sportspress-fit-icon size-sportspress-fit-icon wp-post-image\" alt=\"\" \/><\/span> <span class=\"team-logo logo-even\" title=\"Chel\u00edn City\"><img loading=\"lazy\" decoding=\"async\" width=\"128\" height=\"37\" src=\"https:\/\/cabezadelbueydeportes.com\/wp-content\/uploads\/2023\/07\/chelin-128x37.jpg\" class=\"attachment-sportspress-fit-icon size-sportspress-fit-icon wp-post-image\" alt=\"\" \/><\/span>\t\t\t\t\t\t\t<time class=\"sp-event-date\" datetime=\"2023-07-16 17:30:09\" itemprop=\"startDate\" content=\"2023-07-16T17:30:09+01:00\">\n\t\t\t\t\t\t\t\t<a href=\"https:\/\/cabezadelbueydeportes.com\/index.php\/event\/semifinal-g1-vs-g3\/\">16 de julio de 2023<\/a>\t\t\t\t\t\t\t<\/time>\n\t\t\t\t\t\t\t\t\t\t\t\t\t\t<h5 class=\"sp-event-results\">\n\t\t\t\t\t\t\t\t<a href=\"https:\/\/cabezadelbueydeportes.com\/index.php\/event\/semifinal-g1-vs-g3\/\"><span class=\"sp-result ok\">3<\/span> - <span class=\"sp-result\">5<\/span><\/a>\t\t\t\t\t\t\t<\/h5>\n\t\t\t\t\t\t\t\t\t\t\t\t\t\t\t\t\t\t\t\t\t\t\t\t\t\t\t\t\t\t\t\t\t\t\t\t<div style=\"display:none;\" class=\"sp-event-venue\" itemprop=\"location\" itemscope itemtype=\"http:\/\/schema.org\/Place\"><div itemprop=\"address\" itemscope itemtype=\"http:\/\/schema.org\/PostalAddress\">N\/D<\/div><\/div>\n\t\t\t\t\t\t\t\t\t\t\t\t\t\t<h4 class=\"sp-event-title\" itemprop=\"name\">\n\t\t\t\t\t\t\t\t<a href=\"https:\/\/cabezadelbueydeportes.com\/index.php\/event\/semifinal-g1-vs-g3\/\">Strong Padel vs Chel\u00edn City<\/a>\t\t\t\t\t\t\t<\/h4>\n\t\t\t\t\t\t\t\n\t\t\t\t\t\t<\/td>\n\t\t\t\t\t<\/tr>\n\t\t\t\t\t\t\t\t\t\t<tr class=\"sp-row sp-post alternate\" itemscope itemtype=\"http:\/\/schema.org\/SportsEvent\">\n\t\t\t\t\t\t<td>\n\t\t\t\t\t\t\t\t\t\t\t\t\t\t<span class=\"team-logo logo-odd\" title=\"Podosalud Futsal\"><img loading=\"lazy\" decoding=\"async\" width=\"128\" height=\"91\" src=\"https:\/\/cabezadelbueydeportes.com\/wp-content\/uploads\/2023\/07\/podosalud-128x91.jpeg\" class=\"attachment-sportspress-fit-icon size-sportspress-fit-icon wp-post-image\" alt=\"\" \/><\/span> <span class=\"team-logo logo-even\" title=\"Los Farfollas\"><img loading=\"lazy\" decoding=\"async\" width=\"128\" height=\"37\" src=\"https:\/\/cabezadelbueydeportes.com\/wp-content\/uploads\/2023\/07\/farfollas-128x37.jpg\" class=\"attachment-sportspress-fit-icon size-sportspress-fit-icon wp-post-image\" alt=\"\" \/><\/span>\t\t\t\t\t\t\t<time class=\"sp-event-date\" datetime=\"2023-07-16 13:00:01\" itemprop=\"startDate\" content=\"2023-07-16T13:00:01+01:00\">\n\t\t\t\t\t\t\t\t<a href=\"https:\/\/cabezadelbueydeportes.com\/index.php\/event\/cuartos-4o-a-vs-1o-b\/\">16 de julio de 2023<\/a>\t\t\t\t\t\t\t<\/time>\n\t\t\t\t\t\t\t\t\t\t\t\t\t\t<h5 class=\"sp-event-results\">\n\t\t\t\t\t\t\t\t<a href=\"https:\/\/cabezadelbueydeportes.com\/index.php\/event\/cuartos-4o-a-vs-1o-b\/\"><span class=\"sp-result ok\">5<\/span> - <span class=\"sp-result\">3<\/span><\/a>\t\t\t\t\t\t\t<\/h5>\n\t\t\t\t\t\t\t\t\t\t\t\t\t\t\t\t\t\t\t\t\t\t\t\t\t\t\t\t\t\t\t\t\t\t\t\t<div style=\"display:none;\" class=\"sp-event-venue\" itemprop=\"location\" itemscope itemtype=\"http:\/\/schema.org\/Place\"><div itemprop=\"address\" itemscope itemtype=\"http:\/\/schema.org\/PostalAddress\">N\/D<\/div><\/div>\n\t\t\t\t\t\t\t\t\t\t\t\t\t\t<h4 class=\"sp-event-title\" itemprop=\"name\">\n\t\t\t\t\t\t\t\t<a href=\"https:\/\/cabezadelbueydeportes.com\/index.php\/event\/cuartos-4o-a-vs-1o-b\/\">Podosalud F\u00fatsal vs Los Farfollas<\/a>\t\t\t\t\t\t\t<\/h4>\n\t\t\t\t\t\t\t\n\t\t\t\t\t\t<\/td>\n\t\t\t\t\t<\/tr>\n\t\t\t\t\t\t\t\t\t\t<tr class=\"sp-row sp-post\" itemscope itemtype=\"http:\/\/schema.org\/SportsEvent\">\n\t\t\t\t\t\t<td>\n\t\t\t\t\t\t\t\t\t\t\t\t\t\t<span class=\"team-logo logo-odd\" title=\"Chel\u00edn City\"><img loading=\"lazy\" decoding=\"async\" width=\"128\" height=\"37\" src=\"https:\/\/cabezadelbueydeportes.com\/wp-content\/uploads\/2023\/07\/chelin-128x37.jpg\" class=\"attachment-sportspress-fit-icon size-sportspress-fit-icon wp-post-image\" alt=\"\" \/><\/span> <span class=\"team-logo logo-even\" title=\"Barrio FS\"><img loading=\"lazy\" decoding=\"async\" width=\"128\" height=\"37\" src=\"https:\/\/cabezadelbueydeportes.com\/wp-content\/uploads\/2023\/07\/barrio-fs-128x37.jpg\" class=\"attachment-sportspress-fit-icon size-sportspress-fit-icon wp-post-image\" alt=\"\" \/><\/span>\t\t\t\t\t\t\t<time class=\"sp-event-date\" datetime=\"2023-07-16 12:00:27\" itemprop=\"startDate\" content=\"2023-07-16T12:00:27+01:00\">\n\t\t\t\t\t\t\t\t<a href=\"https:\/\/cabezadelbueydeportes.com\/index.php\/event\/cuartos-3o-a-vs-2o-b\/\">16 de julio de 2023<\/a>\t\t\t\t\t\t\t<\/time>\n\t\t\t\t\t\t\t\t\t\t\t\t\t\t<h5 class=\"sp-event-results\">\n\t\t\t\t\t\t\t\t<a href=\"https:\/\/cabezadelbueydeportes.com\/index.php\/event\/cuartos-3o-a-vs-2o-b\/\"><span class=\"sp-result ok\">15<\/span> - <span class=\"sp-result\">14<\/span><\/a>\t\t\t\t\t\t\t<\/h5>\n\t\t\t\t\t\t\t\t\t\t\t\t\t\t\t\t\t\t\t\t\t\t\t\t\t\t\t\t\t\t\t\t\t\t\t\t<div style=\"display:none;\" class=\"sp-event-venue\" itemprop=\"location\" itemscope itemtype=\"http:\/\/schema.org\/Place\"><div itemprop=\"address\" itemscope itemtype=\"http:\/\/schema.org\/PostalAddress\">N\/D<\/div><\/div>\n\t\t\t\t\t\t\t\t\t\t\t\t\t\t<h4 class=\"sp-event-title\" itemprop=\"name\">\n\t\t\t\t\t\t\t\t<a href=\"https:\/\/cabezadelbueydeportes.com\/index.php\/event\/cuartos-3o-a-vs-2o-b\/\">Chel\u00edn City vs Barrio FS<\/a>\t\t\t\t\t\t\t<\/h4>\n\t\t\t\t\t\t\t\n\t\t\t\t\t\t<\/td>\n\t\t\t\t\t<\/tr>\n\t\t\t\t\t\t\t\t\t\t<tr class=\"sp-row sp-post alternate\" itemscope itemtype=\"http:\/\/schema.org\/SportsEvent\">\n\t\t\t\t\t\t<td>\n\t\t\t\t\t\t\t\t\t\t\t\t\t\t<span class=\"team-logo logo-odd\" title=\"C\u00f3rner Burger\"><img loading=\"lazy\" decoding=\"async\" width=\"128\" height=\"107\" src=\"https:\/\/cabezadelbueydeportes.com\/wp-content\/uploads\/2023\/07\/corner-bueger-128x107.jpeg\" class=\"attachment-sportspress-fit-icon size-sportspress-fit-icon wp-post-image\" alt=\"\" \/><\/span> <span class=\"team-logo logo-even\" title=\"ABS Inform\u00e1tica\"><img loading=\"lazy\" decoding=\"async\" width=\"128\" height=\"61\" src=\"https:\/\/cabezadelbueydeportes.com\/wp-content\/uploads\/2023\/07\/ABS-128x61.png\" class=\"attachment-sportspress-fit-icon size-sportspress-fit-icon wp-post-image\" alt=\"\" \/><\/span>\t\t\t\t\t\t\t<time class=\"sp-event-date\" datetime=\"2023-07-16 11:00:43\" itemprop=\"startDate\" content=\"2023-07-16T11:00:43+01:00\">\n\t\t\t\t\t\t\t\t<a href=\"https:\/\/cabezadelbueydeportes.com\/index.php\/event\/cuartos-2o-a-vs-3o-b\/\">16 de julio de 2023<\/a>\t\t\t\t\t\t\t<\/time>\n\t\t\t\t\t\t\t\t\t\t\t\t\t\t<h5 class=\"sp-event-results\">\n\t\t\t\t\t\t\t\t<a href=\"https:\/\/cabezadelbueydeportes.com\/index.php\/event\/cuartos-2o-a-vs-3o-b\/\"><span class=\"sp-result ok\">5<\/span> - <span class=\"sp-result\">7<\/span><\/a>\t\t\t\t\t\t\t<\/h5>\n\t\t\t\t\t\t\t\t\t\t\t\t\t\t\t\t\t\t\t\t\t\t\t\t\t\t\t\t\t\t\t\t\t\t\t\t<div style=\"display:none;\" class=\"sp-event-venue\" itemprop=\"location\" itemscope itemtype=\"http:\/\/schema.org\/Place\"><div itemprop=\"address\" itemscope itemtype=\"http:\/\/schema.org\/PostalAddress\">N\/D<\/div><\/div>\n\t\t\t\t\t\t\t\t\t\t\t\t\t\t<h4 class=\"sp-event-title\" itemprop=\"name\">\n\t\t\t\t\t\t\t\t<a href=\"https:\/\/cabezadelbueydeportes.com\/index.php\/event\/cuartos-2o-a-vs-3o-b\/\">C\u00f3rner Burguer vs ABS Inform\u00e1tica<\/a>\t\t\t\t\t\t\t<\/h4>\n\t\t\t\t\t\t\t\n\t\t\t\t\t\t<\/td>\n\t\t\t\t\t<\/tr>\n\t\t\t\t\t\t\t\t\t\t<tr class=\"sp-row sp-post\" itemscope itemtype=\"http:\/\/schema.org\/SportsEvent\">\n\t\t\t\t\t\t<td>\n\t\t\t\t\t\t\t\t\t\t\t\t\t\t<span class=\"team-logo logo-odd\" title=\"Calzados Nando FS\"><img loading=\"lazy\" decoding=\"async\" width=\"128\" height=\"74\" src=\"https:\/\/cabezadelbueydeportes.com\/wp-content\/uploads\/2023\/06\/calzados-nando-128x74.png\" class=\"attachment-sportspress-fit-icon size-sportspress-fit-icon wp-post-image\" alt=\"\" \/><\/span> <span class=\"team-logo logo-even\" title=\"Strong Padel FS\"><img loading=\"lazy\" decoding=\"async\" width=\"128\" height=\"80\" src=\"https:\/\/cabezadelbueydeportes.com\/wp-content\/uploads\/2023\/07\/strong-padel-logo-128x80.jpg\" class=\"attachment-sportspress-fit-icon size-sportspress-fit-icon wp-post-image\" alt=\"\" \/><\/span>\t\t\t\t\t\t\t<time class=\"sp-event-date\" datetime=\"2023-07-16 10:00:41\" itemprop=\"startDate\" content=\"2023-07-16T10:00:41+01:00\">\n\t\t\t\t\t\t\t\t<a href=\"https:\/\/cabezadelbueydeportes.com\/index.php\/event\/cuartos-1o-a-vs-4o-b\/\">16 de julio de 2023<\/a>\t\t\t\t\t\t\t<\/time>\n\t\t\t\t\t\t\t\t\t\t\t\t\t\t<h5 class=\"sp-event-results\">\n\t\t\t\t\t\t\t\t<a href=\"https:\/\/cabezadelbueydeportes.com\/index.php\/event\/cuartos-1o-a-vs-4o-b\/\"><span class=\"sp-result ok\">1<\/span> - <span class=\"sp-result\">4<\/span><\/a>\t\t\t\t\t\t\t<\/h5>\n\t\t\t\t\t\t\t\t\t\t\t\t\t\t\t\t\t\t\t\t\t\t\t\t\t\t\t\t\t\t\t\t\t\t\t\t<div style=\"display:none;\" class=\"sp-event-venue\" itemprop=\"location\" itemscope itemtype=\"http:\/\/schema.org\/Place\"><div itemprop=\"address\" itemscope itemtype=\"http:\/\/schema.org\/PostalAddress\">N\/D<\/div><\/div>\n\t\t\t\t\t\t\t\t\t\t\t\t\t\t<h4 class=\"sp-event-title\" itemprop=\"name\">\n\t\t\t\t\t\t\t\t<a href=\"https:\/\/cabezadelbueydeportes.com\/index.php\/event\/cuartos-1o-a-vs-4o-b\/\">Calzados Nando FS vs Strong Padel<\/a>\t\t\t\t\t\t\t<\/h4>\n\t\t\t\t\t\t\t\n\t\t\t\t\t\t<\/td>\n\t\t\t\t\t<\/tr>\n\t\t\t\t\t\t\t\t\t\t<tr class=\"sp-row sp-post alternate\" itemscope itemtype=\"http:\/\/schema.org\/SportsEvent\">\n\t\t\t\t\t\t<td>\n\t\t\t\t\t\t\t\t\t\t\t\t\t\t<span class=\"team-logo logo-odd\" title=\"Podosalud Futsal\"><img loading=\"lazy\" decoding=\"async\" width=\"128\" height=\"91\" src=\"https:\/\/cabezadelbueydeportes.com\/wp-content\/uploads\/2023\/07\/podosalud-128x91.jpeg\" class=\"attachment-sportspress-fit-icon size-sportspress-fit-icon wp-post-image\" alt=\"\" \/><\/span> <span class=\"team-logo logo-even\" title=\"ABS Inform\u00e1tica\"><img loading=\"lazy\" decoding=\"async\" width=\"128\" height=\"61\" src=\"https:\/\/cabezadelbueydeportes.com\/wp-content\/uploads\/2023\/07\/ABS-128x61.png\" class=\"attachment-sportspress-fit-icon size-sportspress-fit-icon wp-post-image\" alt=\"\" \/><\/span>\t\t\t\t\t\t\t<time class=\"sp-event-date\" datetime=\"2023-07-16 05:00:30\" itemprop=\"startDate\" content=\"2023-07-16T05:00:30+01:00\">\n\t\t\t\t\t\t\t\t<a href=\"https:\/\/cabezadelbueydeportes.com\/index.php\/event\/493\/\">16 de julio de 2023<\/a>\t\t\t\t\t\t\t<\/time>\n\t\t\t\t\t\t\t\t\t\t\t\t\t\t<h5 class=\"sp-event-results\">\n\t\t\t\t\t\t\t\t<a href=\"https:\/\/cabezadelbueydeportes.com\/index.php\/event\/493\/\"><span class=\"sp-result ok\">3<\/span> - <span class=\"sp-result\">3<\/span><\/a>\t\t\t\t\t\t\t<\/h5>\n\t\t\t\t\t\t\t\t\t\t\t\t\t\t\t\t\t\t\t\t\t\t\t\t\t\t\t\t\t\t\t\t\t\t\t\t<div style=\"display:none;\" class=\"sp-event-venue\" itemprop=\"location\" itemscope itemtype=\"http:\/\/schema.org\/Place\"><div itemprop=\"address\" itemscope itemtype=\"http:\/\/schema.org\/PostalAddress\">N\/D<\/div><\/div>\n\t\t\t\t\t\t\t\t\t\t\t\t\t\t<h4 class=\"sp-event-title\" itemprop=\"name\">\n\t\t\t\t\t\t\t\t<a href=\"https:\/\/cabezadelbueydeportes.com\/index.php\/event\/493\/\">Podosalud F\u00fatsal vs ABS Inform\u00e1tica<\/a>\t\t\t\t\t\t\t<\/h4>\n\t\t\t\t\t\t\t\n\t\t\t\t\t\t<\/td>\n\t\t\t\t\t<\/tr>\n\t\t\t\t\t\t\t\t\t\t<tr class=\"sp-row sp-post\" itemscope itemtype=\"http:\/\/schema.org\/SportsEvent\">\n\t\t\t\t\t\t<td>\n\t\t\t\t\t\t\t\t\t\t\t\t\t\t<span class=\"team-logo logo-odd\" title=\"Strong Padel FS\"><img loading=\"lazy\" decoding=\"async\" width=\"128\" height=\"80\" src=\"https:\/\/cabezadelbueydeportes.com\/wp-content\/uploads\/2023\/07\/strong-padel-logo-128x80.jpg\" class=\"attachment-sportspress-fit-icon size-sportspress-fit-icon wp-post-image\" alt=\"\" \/><\/span> <span class=\"team-logo logo-even\" title=\"Barrio FS\"><img loading=\"lazy\" decoding=\"async\" width=\"128\" height=\"37\" src=\"https:\/\/cabezadelbueydeportes.com\/wp-content\/uploads\/2023\/07\/barrio-fs-128x37.jpg\" class=\"attachment-sportspress-fit-icon size-sportspress-fit-icon wp-post-image\" alt=\"\" \/><\/span>\t\t\t\t\t\t\t<time class=\"sp-event-date\" datetime=\"2023-07-16 04:00:48\" itemprop=\"startDate\" content=\"2023-07-16T04:00:48+01:00\">\n\t\t\t\t\t\t\t\t<a href=\"https:\/\/cabezadelbueydeportes.com\/index.php\/event\/strong-p-vs-barrio\/\">16 de julio de 2023<\/a>\t\t\t\t\t\t\t<\/time>\n\t\t\t\t\t\t\t\t\t\t\t\t\t\t<h5 class=\"sp-event-results\">\n\t\t\t\t\t\t\t\t<a href=\"https:\/\/cabezadelbueydeportes.com\/index.php\/event\/strong-p-vs-barrio\/\"><span class=\"sp-result ok\">2<\/span> - <span class=\"sp-result\">7<\/span><\/a>\t\t\t\t\t\t\t<\/h5>\n\t\t\t\t\t\t\t\t\t\t\t\t\t\t\t\t\t\t\t\t\t\t\t\t\t\t\t\t\t\t\t\t\t\t\t\t<div style=\"display:none;\" class=\"sp-event-venue\" itemprop=\"location\" itemscope itemtype=\"http:\/\/schema.org\/Place\"><div itemprop=\"address\" itemscope itemtype=\"http:\/\/schema.org\/PostalAddress\">N\/D<\/div><\/div>\n\t\t\t\t\t\t\t\t\t\t\t\t\t\t<h4 class=\"sp-event-title\" itemprop=\"name\">\n\t\t\t\t\t\t\t\t<a href=\"https:\/\/cabezadelbueydeportes.com\/index.php\/event\/strong-p-vs-barrio\/\">Strong Padel vs Barrio FS<\/a>\t\t\t\t\t\t\t<\/h4>\n\t\t\t\t\t\t\t\n\t\t\t\t\t\t<\/td>\n\t\t\t\t\t<\/tr>\n\t\t\t\t\t\t\t\t\t\t<tr class=\"sp-row sp-post alternate\" itemscope itemtype=\"http:\/\/schema.org\/SportsEvent\">\n\t\t\t\t\t\t<td>\n\t\t\t\t\t\t\t\t\t\t\t\t\t\t<span class=\"team-logo logo-odd\" title=\"C\u00f3rner Burger\"><img loading=\"lazy\" decoding=\"async\" width=\"128\" height=\"107\" src=\"https:\/\/cabezadelbueydeportes.com\/wp-content\/uploads\/2023\/07\/corner-bueger-128x107.jpeg\" class=\"attachment-sportspress-fit-icon size-sportspress-fit-icon wp-post-image\" alt=\"\" \/><\/span> <span class=\"team-logo logo-even\" title=\"Calzados Nando FS\"><img loading=\"lazy\" decoding=\"async\" width=\"128\" height=\"74\" src=\"https:\/\/cabezadelbueydeportes.com\/wp-content\/uploads\/2023\/06\/calzados-nando-128x74.png\" class=\"attachment-sportspress-fit-icon size-sportspress-fit-icon wp-post-image\" alt=\"\" \/><\/span>\t\t\t\t\t\t\t<time class=\"sp-event-date\" datetime=\"2023-07-16 03:00:10\" itemprop=\"startDate\" content=\"2023-07-16T03:00:10+01:00\">\n\t\t\t\t\t\t\t\t<a href=\"https:\/\/cabezadelbueydeportes.com\/index.php\/event\/corner-b-vs-calzados-nando-fs\/\">16 de julio de 2023<\/a>\t\t\t\t\t\t\t<\/time>\n\t\t\t\t\t\t\t\t\t\t\t\t\t\t<h5 class=\"sp-event-results\">\n\t\t\t\t\t\t\t\t<a href=\"https:\/\/cabezadelbueydeportes.com\/index.php\/event\/corner-b-vs-calzados-nando-fs\/\"><span class=\"sp-result ok\">5<\/span> - <span class=\"sp-result\">1<\/span><\/a>\t\t\t\t\t\t\t<\/h5>\n\t\t\t\t\t\t\t\t\t\t\t\t\t\t\t\t\t\t\t\t\t\t\t\t\t\t\t\t\t\t\t\t\t\t\t\t<div style=\"display:none;\" class=\"sp-event-venue\" itemprop=\"location\" itemscope itemtype=\"http:\/\/schema.org\/Place\"><div itemprop=\"address\" itemscope itemtype=\"http:\/\/schema.org\/PostalAddress\">N\/D<\/div><\/div>\n\t\t\t\t\t\t\t\t\t\t\t\t\t\t<h4 class=\"sp-event-title\" itemprop=\"name\">\n\t\t\t\t\t\t\t\t<a href=\"https:\/\/cabezadelbueydeportes.com\/index.php\/event\/corner-b-vs-calzados-nando-fs\/\">C\u00f3rner Burguer vs Calzados Nando FS<\/a>\t\t\t\t\t\t\t<\/h4>\n\t\t\t\t\t\t\t\n\t\t\t\t\t\t<\/td>\n\t\t\t\t\t<\/tr>\n\t\t\t\t\t\t\t\t\t\t<tr class=\"sp-row sp-post\" itemscope itemtype=\"http:\/\/schema.org\/SportsEvent\">\n\t\t\t\t\t\t<td>\n\t\t\t\t\t\t\t\t\t\t\t\t\t\t<span class=\"team-logo logo-odd\" title=\"Chel\u00edn City\"><img loading=\"lazy\" decoding=\"async\" width=\"128\" height=\"37\" src=\"https:\/\/cabezadelbueydeportes.com\/wp-content\/uploads\/2023\/07\/chelin-128x37.jpg\" class=\"attachment-sportspress-fit-icon size-sportspress-fit-icon wp-post-image\" alt=\"\" \/><\/span> <span class=\"team-logo logo-even\" title=\"Los Farfollas\"><img loading=\"lazy\" decoding=\"async\" width=\"128\" height=\"37\" src=\"https:\/\/cabezadelbueydeportes.com\/wp-content\/uploads\/2023\/07\/farfollas-128x37.jpg\" class=\"attachment-sportspress-fit-icon size-sportspress-fit-icon wp-post-image\" alt=\"\" \/><\/span>\t\t\t\t\t\t\t<time class=\"sp-event-date\" datetime=\"2023-07-16 02:00:24\" itemprop=\"startDate\" content=\"2023-07-16T02:00:24+01:00\">\n\t\t\t\t\t\t\t\t<a href=\"https:\/\/cabezadelbueydeportes.com\/index.php\/event\/chelin-city-vs-farfollas\/\">16 de julio de 2023<\/a>\t\t\t\t\t\t\t<\/time>\n\t\t\t\t\t\t\t\t\t\t\t\t\t\t<h5 class=\"sp-event-results\">\n\t\t\t\t\t\t\t\t<a href=\"https:\/\/cabezadelbueydeportes.com\/index.php\/event\/chelin-city-vs-farfollas\/\"><span class=\"sp-result ok\">4<\/span> - <span class=\"sp-result\">4<\/span><\/a>\t\t\t\t\t\t\t<\/h5>\n\t\t\t\t\t\t\t\t\t\t\t\t\t\t\t\t\t\t\t\t\t\t\t\t\t\t\t\t\t\t\t\t\t\t\t\t<div style=\"display:none;\" class=\"sp-event-venue\" itemprop=\"location\" itemscope itemtype=\"http:\/\/schema.org\/Place\"><div itemprop=\"address\" itemscope itemtype=\"http:\/\/schema.org\/PostalAddress\">N\/D<\/div><\/div>\n\t\t\t\t\t\t\t\t\t\t\t\t\t\t<h4 class=\"sp-event-title\" itemprop=\"name\">\n\t\t\t\t\t\t\t\t<a href=\"https:\/\/cabezadelbueydeportes.com\/index.php\/event\/chelin-city-vs-farfollas\/\">Chel\u00edn City vs Los Farfollas<\/a>\t\t\t\t\t\t\t<\/h4>\n\t\t\t\t\t\t\t\n\t\t\t\t\t\t<\/td>\n\t\t\t\t\t<\/tr>\n\t\t\t\t\t\t\t\t\t\t<tr class=\"sp-row sp-post alternate\" itemscope itemtype=\"http:\/\/schema.org\/SportsEvent\">\n\t\t\t\t\t\t<td>\n\t\t\t\t\t\t\t\t\t\t\t\t\t\t<span class=\"team-logo logo-odd\" title=\"ABS Inform\u00e1tica\"><img loading=\"lazy\" decoding=\"async\" width=\"128\" height=\"61\" src=\"https:\/\/cabezadelbueydeportes.com\/wp-content\/uploads\/2023\/07\/ABS-128x61.png\" class=\"attachment-sportspress-fit-icon size-sportspress-fit-icon wp-post-image\" alt=\"\" \/><\/span> <span class=\"team-logo logo-even\" title=\"Strong Padel FS\"><img loading=\"lazy\" decoding=\"async\" width=\"128\" height=\"80\" src=\"https:\/\/cabezadelbueydeportes.com\/wp-content\/uploads\/2023\/07\/strong-padel-logo-128x80.jpg\" class=\"attachment-sportspress-fit-icon size-sportspress-fit-icon wp-post-image\" alt=\"\" \/><\/span>\t\t\t\t\t\t\t<time class=\"sp-event-date\" datetime=\"2023-07-16 01:00:46\" itemprop=\"startDate\" content=\"2023-07-16T01:00:46+01:00\">\n\t\t\t\t\t\t\t\t<a href=\"https:\/\/cabezadelbueydeportes.com\/index.php\/event\/abs-inf-vs-strong-p\/\">16 de julio de 2023<\/a>\t\t\t\t\t\t\t<\/time>\n\t\t\t\t\t\t\t\t\t\t\t\t\t\t<h5 class=\"sp-event-results\">\n\t\t\t\t\t\t\t\t<a href=\"https:\/\/cabezadelbueydeportes.com\/index.php\/event\/abs-inf-vs-strong-p\/\"><span class=\"sp-result ok\">3<\/span> - <span class=\"sp-result\">3<\/span><\/a>\t\t\t\t\t\t\t<\/h5>\n\t\t\t\t\t\t\t\t\t\t\t\t\t\t\t\t\t\t\t\t\t\t\t\t\t\t\t\t\t\t\t\t\t\t\t\t<div style=\"display:none;\" class=\"sp-event-venue\" itemprop=\"location\" itemscope itemtype=\"http:\/\/schema.org\/Place\"><div itemprop=\"address\" itemscope itemtype=\"http:\/\/schema.org\/PostalAddress\">N\/D<\/div><\/div>\n\t\t\t\t\t\t\t\t\t\t\t\t\t\t<h4 class=\"sp-event-title\" itemprop=\"name\">\n\t\t\t\t\t\t\t\t<a href=\"https:\/\/cabezadelbueydeportes.com\/index.php\/event\/abs-inf-vs-strong-p\/\">ABS Inform\u00e1tica vs Strong Padel<\/a>\t\t\t\t\t\t\t<\/h4>\n\t\t\t\t\t\t\t\n\t\t\t\t\t\t<\/td>\n\t\t\t\t\t<\/tr>\n\t\t\t\t\t\t\t\t\t\t<tr class=\"sp-row sp-post\" itemscope itemtype=\"http:\/\/schema.org\/SportsEvent\">\n\t\t\t\t\t\t<td>\n\t\t\t\t\t\t\t\t\t\t\t\t\t\t<span class=\"team-logo logo-odd\" title=\"Barrio FS\"><img loading=\"lazy\" decoding=\"async\" width=\"128\" height=\"37\" src=\"https:\/\/cabezadelbueydeportes.com\/wp-content\/uploads\/2023\/07\/barrio-fs-128x37.jpg\" class=\"attachment-sportspress-fit-icon size-sportspress-fit-icon wp-post-image\" alt=\"\" \/><\/span> <span class=\"team-logo logo-even\" title=\"Podosalud Futsal\"><img loading=\"lazy\" decoding=\"async\" width=\"128\" height=\"91\" src=\"https:\/\/cabezadelbueydeportes.com\/wp-content\/uploads\/2023\/07\/podosalud-128x91.jpeg\" class=\"attachment-sportspress-fit-icon size-sportspress-fit-icon wp-post-image\" alt=\"\" \/><\/span>\t\t\t\t\t\t\t<time class=\"sp-event-date\" datetime=\"2023-07-16 00:00:48\" itemprop=\"startDate\" content=\"2023-07-16T00:00:48+01:00\">\n\t\t\t\t\t\t\t\t<a href=\"https:\/\/cabezadelbueydeportes.com\/index.php\/event\/barrio-vs-podosalud\/\">16 de julio de 2023<\/a>\t\t\t\t\t\t\t<\/time>\n\t\t\t\t\t\t\t\t\t\t\t\t\t\t<h5 class=\"sp-event-results\">\n\t\t\t\t\t\t\t\t<a href=\"https:\/\/cabezadelbueydeportes.com\/index.php\/event\/barrio-vs-podosalud\/\"><span class=\"sp-result ok\">1<\/span> - <span class=\"sp-result\">2<\/span><\/a>\t\t\t\t\t\t\t<\/h5>\n\t\t\t\t\t\t\t\t\t\t\t\t\t\t\t\t\t\t\t\t\t\t\t\t\t\t\t\t\t\t\t\t\t\t\t\t<div style=\"display:none;\" class=\"sp-event-venue\" itemprop=\"location\" itemscope itemtype=\"http:\/\/schema.org\/Place\"><div itemprop=\"address\" itemscope itemtype=\"http:\/\/schema.org\/PostalAddress\">N\/D<\/div><\/div>\n\t\t\t\t\t\t\t\t\t\t\t\t\t\t<h4 class=\"sp-event-title\" itemprop=\"name\">\n\t\t\t\t\t\t\t\t<a href=\"https:\/\/cabezadelbueydeportes.com\/index.php\/event\/barrio-vs-podosalud\/\">Barrio FS vs Podosalud F\u00fatsal<\/a>\t\t\t\t\t\t\t<\/h4>\n\t\t\t\t\t\t\t\n\t\t\t\t\t\t<\/td>\n\t\t\t\t\t<\/tr>\n\t\t\t\t\t\t\t\t\t\t<tr class=\"sp-row sp-post alternate\" itemscope itemtype=\"http:\/\/schema.org\/SportsEvent\">\n\t\t\t\t\t\t<td>\n\t\t\t\t\t\t\t\t\t\t\t\t\t\t<span class=\"team-logo logo-odd\" title=\"Calzados Nando FS\"><img loading=\"lazy\" decoding=\"async\" width=\"128\" height=\"74\" src=\"https:\/\/cabezadelbueydeportes.com\/wp-content\/uploads\/2023\/06\/calzados-nando-128x74.png\" class=\"attachment-sportspress-fit-icon size-sportspress-fit-icon wp-post-image\" alt=\"\" \/><\/span> <span class=\"team-logo logo-even\" title=\"Chel\u00edn City\"><img loading=\"lazy\" decoding=\"async\" width=\"128\" height=\"37\" src=\"https:\/\/cabezadelbueydeportes.com\/wp-content\/uploads\/2023\/07\/chelin-128x37.jpg\" class=\"attachment-sportspress-fit-icon size-sportspress-fit-icon wp-post-image\" alt=\"\" \/><\/span>\t\t\t\t\t\t\t<time class=\"sp-event-date\" datetime=\"2023-07-15 20:00:22\" itemprop=\"startDate\" content=\"2023-07-15T20:00:22+01:00\">\n\t\t\t\t\t\t\t\t<a href=\"https:\/\/cabezadelbueydeportes.com\/index.php\/event\/calzados-nando-fs-vs-chelin-city\/\">15 de julio de 2023<\/a>\t\t\t\t\t\t\t<\/time>\n\t\t\t\t\t\t\t\t\t\t\t\t\t\t<h5 class=\"sp-event-results\">\n\t\t\t\t\t\t\t\t<a href=\"https:\/\/cabezadelbueydeportes.com\/index.php\/event\/calzados-nando-fs-vs-chelin-city\/\"><span class=\"sp-result ok\">5<\/span> - <span class=\"sp-result\">2<\/span><\/a>\t\t\t\t\t\t\t<\/h5>\n\t\t\t\t\t\t\t\t\t\t\t\t\t\t\t\t\t\t\t\t\t\t\t\t\t\t\t\t\t\t\t\t\t\t\t\t<div style=\"display:none;\" class=\"sp-event-venue\" itemprop=\"location\" itemscope itemtype=\"http:\/\/schema.org\/Place\"><div itemprop=\"address\" itemscope itemtype=\"http:\/\/schema.org\/PostalAddress\">N\/D<\/div><\/div>\n\t\t\t\t\t\t\t\t\t\t\t\t\t\t<h4 class=\"sp-event-title\" itemprop=\"name\">\n\t\t\t\t\t\t\t\t<a href=\"https:\/\/cabezadelbueydeportes.com\/index.php\/event\/calzados-nando-fs-vs-chelin-city\/\">Calzados Nando FS vs Chel\u00edn City<\/a>\t\t\t\t\t\t\t<\/h4>\n\t\t\t\t\t\t\t\n\t\t\t\t\t\t<\/td>\n\t\t\t\t\t<\/tr>\n\t\t\t\t\t\t\t\t\t\t<tr class=\"sp-row sp-post\" itemscope itemtype=\"http:\/\/schema.org\/SportsEvent\">\n\t\t\t\t\t\t<td>\n\t\t\t\t\t\t\t\t\t\t\t\t\t\t<span class=\"team-logo logo-odd\" title=\"Los Farfollas\"><img loading=\"lazy\" decoding=\"async\" width=\"128\" height=\"37\" src=\"https:\/\/cabezadelbueydeportes.com\/wp-content\/uploads\/2023\/07\/farfollas-128x37.jpg\" class=\"attachment-sportspress-fit-icon size-sportspress-fit-icon wp-post-image\" alt=\"\" \/><\/span> <span class=\"team-logo logo-even\" title=\"C\u00f3rner Burger\"><img loading=\"lazy\" decoding=\"async\" width=\"128\" height=\"107\" src=\"https:\/\/cabezadelbueydeportes.com\/wp-content\/uploads\/2023\/07\/corner-bueger-128x107.jpeg\" class=\"attachment-sportspress-fit-icon size-sportspress-fit-icon wp-post-image\" alt=\"\" \/><\/span>\t\t\t\t\t\t\t<time class=\"sp-event-date\" datetime=\"2023-07-15 19:00:29\" itemprop=\"startDate\" content=\"2023-07-15T19:00:29+01:00\">\n\t\t\t\t\t\t\t\t<a href=\"https:\/\/cabezadelbueydeportes.com\/index.php\/event\/farfollas-vs-corner-b\/\">15 de julio de 2023<\/a>\t\t\t\t\t\t\t<\/time>\n\t\t\t\t\t\t\t\t\t\t\t\t\t\t<h5 class=\"sp-event-results\">\n\t\t\t\t\t\t\t\t<a href=\"https:\/\/cabezadelbueydeportes.com\/index.php\/event\/farfollas-vs-corner-b\/\"><span class=\"sp-result ok\">1<\/span> - <span class=\"sp-result\">4<\/span><\/a>\t\t\t\t\t\t\t<\/h5>\n\t\t\t\t\t\t\t\t\t\t\t\t\t\t\t\t\t\t\t\t\t\t\t\t\t\t\t\t\t\t\t\t\t\t\t\t<div style=\"display:none;\" class=\"sp-event-venue\" itemprop=\"location\" itemscope itemtype=\"http:\/\/schema.org\/Place\"><div itemprop=\"address\" itemscope itemtype=\"http:\/\/schema.org\/PostalAddress\">N\/D<\/div><\/div>\n\t\t\t\t\t\t\t\t\t\t\t\t\t\t<h4 class=\"sp-event-title\" itemprop=\"name\">\n\t\t\t\t\t\t\t\t<a href=\"https:\/\/cabezadelbueydeportes.com\/index.php\/event\/farfollas-vs-corner-b\/\">Los Farfollas vs C\u00f3rner Burguer<\/a>\t\t\t\t\t\t\t<\/h4>\n\t\t\t\t\t\t\t\n\t\t\t\t\t\t<\/td>\n\t\t\t\t\t<\/tr>\n\t\t\t\t\t\t\t\t\t\t<tr class=\"sp-row sp-post alternate\" itemscope itemtype=\"http:\/\/schema.org\/SportsEvent\">\n\t\t\t\t\t\t<td>\n\t\t\t\t\t\t\t\t\t\t\t\t\t\t<span class=\"team-logo logo-odd\" title=\"Strong Padel FS\"><img loading=\"lazy\" decoding=\"async\" width=\"128\" height=\"80\" src=\"https:\/\/cabezadelbueydeportes.com\/wp-content\/uploads\/2023\/07\/strong-padel-logo-128x80.jpg\" class=\"attachment-sportspress-fit-icon size-sportspress-fit-icon wp-post-image\" alt=\"\" \/><\/span> <span class=\"team-logo logo-even\" title=\"Podosalud Futsal\"><img loading=\"lazy\" decoding=\"async\" width=\"128\" height=\"91\" src=\"https:\/\/cabezadelbueydeportes.com\/wp-content\/uploads\/2023\/07\/podosalud-128x91.jpeg\" class=\"attachment-sportspress-fit-icon size-sportspress-fit-icon wp-post-image\" alt=\"\" \/><\/span>\t\t\t\t\t\t\t<time class=\"sp-event-date\" datetime=\"2023-07-15 18:00:49\" itemprop=\"startDate\" content=\"2023-07-15T18:00:49+01:00\">\n\t\t\t\t\t\t\t\t<a href=\"https:\/\/cabezadelbueydeportes.com\/index.php\/event\/strong-p-vs-podosalud\/\">15 de julio de 2023<\/a>\t\t\t\t\t\t\t<\/time>\n\t\t\t\t\t\t\t\t\t\t\t\t\t\t<h5 class=\"sp-event-results\">\n\t\t\t\t\t\t\t\t<a href=\"https:\/\/cabezadelbueydeportes.com\/index.php\/event\/strong-p-vs-podosalud\/\"><span class=\"sp-result ok\">0<\/span> - <span class=\"sp-result\">4<\/span><\/a>\t\t\t\t\t\t\t<\/h5>\n\t\t\t\t\t\t\t\t\t\t\t\t\t\t\t\t\t\t\t\t\t\t\t\t\t\t\t\t\t\t\t\t\t\t\t\t<div style=\"display:none;\" class=\"sp-event-venue\" itemprop=\"location\" itemscope itemtype=\"http:\/\/schema.org\/Place\"><div itemprop=\"address\" itemscope itemtype=\"http:\/\/schema.org\/PostalAddress\">N\/D<\/div><\/div>\n\t\t\t\t\t\t\t\t\t\t\t\t\t\t<h4 class=\"sp-event-title\" itemprop=\"name\">\n\t\t\t\t\t\t\t\t<a href=\"https:\/\/cabezadelbueydeportes.com\/index.php\/event\/strong-p-vs-podosalud\/\">Strong Padel vs Podosalud F\u00fatsal<\/a>\t\t\t\t\t\t\t<\/h4>\n\t\t\t\t\t\t\t\n\t\t\t\t\t\t<\/td>\n\t\t\t\t\t<\/tr>\n\t\t\t\t\t\t\t\t\t\t<tr class=\"sp-row sp-post\" itemscope itemtype=\"http:\/\/schema.org\/SportsEvent\">\n\t\t\t\t\t\t<td>\n\t\t\t\t\t\t\t\t\t\t\t\t\t\t<span class=\"team-logo logo-odd\" title=\"ABS Inform\u00e1tica\"><img loading=\"lazy\" decoding=\"async\" width=\"128\" height=\"61\" src=\"https:\/\/cabezadelbueydeportes.com\/wp-content\/uploads\/2023\/07\/ABS-128x61.png\" class=\"attachment-sportspress-fit-icon size-sportspress-fit-icon wp-post-image\" alt=\"\" \/><\/span> <span class=\"team-logo logo-even\" title=\"Barrio FS\"><img loading=\"lazy\" decoding=\"async\" width=\"128\" height=\"37\" src=\"https:\/\/cabezadelbueydeportes.com\/wp-content\/uploads\/2023\/07\/barrio-fs-128x37.jpg\" class=\"attachment-sportspress-fit-icon size-sportspress-fit-icon wp-post-image\" alt=\"\" \/><\/span>\t\t\t\t\t\t\t<time class=\"sp-event-date\" datetime=\"2023-07-15 17:00:01\" itemprop=\"startDate\" content=\"2023-07-15T17:00:01+01:00\">\n\t\t\t\t\t\t\t\t<a href=\"https:\/\/cabezadelbueydeportes.com\/index.php\/event\/abs-inf-vs-barrio\/\">15 de julio de 2023<\/a>\t\t\t\t\t\t\t<\/time>\n\t\t\t\t\t\t\t\t\t\t\t\t\t\t<h5 class=\"sp-event-results\">\n\t\t\t\t\t\t\t\t<a href=\"https:\/\/cabezadelbueydeportes.com\/index.php\/event\/abs-inf-vs-barrio\/\"><span class=\"sp-result ok\">3<\/span> - <span class=\"sp-result\">3<\/span><\/a>\t\t\t\t\t\t\t<\/h5>\n\t\t\t\t\t\t\t\t\t\t\t\t\t\t\t\t\t\t\t\t\t\t\t\t\t\t\t\t\t\t\t\t\t\t\t\t<div style=\"display:none;\" class=\"sp-event-venue\" itemprop=\"location\" itemscope itemtype=\"http:\/\/schema.org\/Place\"><div itemprop=\"address\" itemscope itemtype=\"http:\/\/schema.org\/PostalAddress\">N\/D<\/div><\/div>\n\t\t\t\t\t\t\t\t\t\t\t\t\t\t<h4 class=\"sp-event-title\" itemprop=\"name\">\n\t\t\t\t\t\t\t\t<a href=\"https:\/\/cabezadelbueydeportes.com\/index.php\/event\/abs-inf-vs-barrio\/\">ABS Inform\u00e1tica vs Barrio FS<\/a>\t\t\t\t\t\t\t<\/h4>\n\t\t\t\t\t\t\t\n\t\t\t\t\t\t<\/td>\n\t\t\t\t\t<\/tr>\n\t\t\t\t\t\t\t\t\t\t<tr class=\"sp-row sp-post alternate\" itemscope itemtype=\"http:\/\/schema.org\/SportsEvent\">\n\t\t\t\t\t\t<td>\n\t\t\t\t\t\t\t\t\t\t\t\t\t\t<span class=\"team-logo logo-odd\" title=\"Chel\u00edn City\"><img loading=\"lazy\" decoding=\"async\" width=\"128\" height=\"37\" src=\"https:\/\/cabezadelbueydeportes.com\/wp-content\/uploads\/2023\/07\/chelin-128x37.jpg\" class=\"attachment-sportspress-fit-icon size-sportspress-fit-icon wp-post-image\" alt=\"\" \/><\/span> <span class=\"team-logo logo-even\" title=\"C\u00f3rner Burger\"><img loading=\"lazy\" decoding=\"async\" width=\"128\" height=\"107\" src=\"https:\/\/cabezadelbueydeportes.com\/wp-content\/uploads\/2023\/07\/corner-bueger-128x107.jpeg\" class=\"attachment-sportspress-fit-icon size-sportspress-fit-icon wp-post-image\" alt=\"\" \/><\/span>\t\t\t\t\t\t\t<time class=\"sp-event-date\" datetime=\"2023-07-15 16:00:03\" itemprop=\"startDate\" content=\"2023-07-15T16:00:03+01:00\">\n\t\t\t\t\t\t\t\t<a href=\"https:\/\/cabezadelbueydeportes.com\/index.php\/event\/chelin-city-vs-corner-b\/\">15 de julio de 2023<\/a>\t\t\t\t\t\t\t<\/time>\n\t\t\t\t\t\t\t\t\t\t\t\t\t\t<h5 class=\"sp-event-results\">\n\t\t\t\t\t\t\t\t<a href=\"https:\/\/cabezadelbueydeportes.com\/index.php\/event\/chelin-city-vs-corner-b\/\"><span class=\"sp-result ok\">5<\/span> - <span class=\"sp-result\">2<\/span><\/a>\t\t\t\t\t\t\t<\/h5>\n\t\t\t\t\t\t\t\t\t\t\t\t\t\t\t\t\t\t\t\t\t\t\t\t\t\t\t\t\t\t\t\t\t\t\t\t<div style=\"display:none;\" class=\"sp-event-venue\" itemprop=\"location\" itemscope itemtype=\"http:\/\/schema.org\/Place\"><div itemprop=\"address\" itemscope itemtype=\"http:\/\/schema.org\/PostalAddress\">N\/D<\/div><\/div>\n\t\t\t\t\t\t\t\t\t\t\t\t\t\t<h4 class=\"sp-event-title\" itemprop=\"name\">\n\t\t\t\t\t\t\t\t<a href=\"https:\/\/cabezadelbueydeportes.com\/index.php\/event\/chelin-city-vs-corner-b\/\">Chel\u00edn City vs C\u00f3rner Burguer<\/a>\t\t\t\t\t\t\t<\/h4>\n\t\t\t\t\t\t\t\n\t\t\t\t\t\t<\/td>\n\t\t\t\t\t<\/tr>\n\t\t\t\t\t\t\t\t\t\t<tr class=\"sp-row sp-post\" itemscope itemtype=\"http:\/\/schema.org\/SportsEvent\">\n\t\t\t\t\t\t<td>\n\t\t\t\t\t\t\t\t\t\t\t\t\t\t<span class=\"team-logo logo-odd\" title=\"Calzados Nando FS\"><img loading=\"lazy\" decoding=\"async\" width=\"128\" height=\"74\" src=\"https:\/\/cabezadelbueydeportes.com\/wp-content\/uploads\/2023\/06\/calzados-nando-128x74.png\" class=\"attachment-sportspress-fit-icon size-sportspress-fit-icon wp-post-image\" alt=\"\" \/><\/span> <span class=\"team-logo logo-even\" title=\"Los Farfollas\"><img loading=\"lazy\" decoding=\"async\" width=\"128\" height=\"37\" src=\"https:\/\/cabezadelbueydeportes.com\/wp-content\/uploads\/2023\/07\/farfollas-128x37.jpg\" class=\"attachment-sportspress-fit-icon size-sportspress-fit-icon wp-post-image\" alt=\"\" \/><\/span>\t\t\t\t\t\t\t<time class=\"sp-event-date\" datetime=\"2023-07-15 15:00:18\" itemprop=\"startDate\" content=\"2023-07-15T15:00:18+01:00\">\n\t\t\t\t\t\t\t\t<a href=\"https:\/\/cabezadelbueydeportes.com\/index.php\/event\/c-nando-vs-farfollas\/\">15 de julio de 2023<\/a>\t\t\t\t\t\t\t<\/time>\n\t\t\t\t\t\t\t\t\t\t\t\t\t\t<h5 class=\"sp-event-results\">\n\t\t\t\t\t\t\t\t<a href=\"https:\/\/cabezadelbueydeportes.com\/index.php\/event\/c-nando-vs-farfollas\/\"><span class=\"sp-result ok\">7<\/span> - <span class=\"sp-result\">2<\/span><\/a>\t\t\t\t\t\t\t<\/h5>\n\t\t\t\t\t\t\t\t\t\t\t\t\t\t\t\t\t\t\t\t\t\t\t\t\t\t\t\t\t\t\t\t\t\t\t\t<div style=\"display:none;\" class=\"sp-event-venue\" itemprop=\"location\" itemscope itemtype=\"http:\/\/schema.org\/Place\"><div itemprop=\"address\" itemscope itemtype=\"http:\/\/schema.org\/PostalAddress\">N\/D<\/div><\/div>\n\t\t\t\t\t\t\t\t\t\t\t\t\t\t<h4 class=\"sp-event-title\" itemprop=\"name\">\n\t\t\t\t\t\t\t\t<a href=\"https:\/\/cabezadelbueydeportes.com\/index.php\/event\/c-nando-vs-farfollas\/\">Calzados Nando FS vs Los Farfollas<\/a>\t\t\t\t\t\t\t<\/h4>\n\t\t\t\t\t\t\t\n\t\t\t\t\t\t<\/td>\n\t\t\t\t\t<\/tr>\n\t\t\t\t\t\t\t\t<\/tbody>\n\t\t<\/table>\n\t<\/div>\n\t<\/div>\n<\/div>\n\n\n\n<h3 class=\"wp-block-heading\">Pr\u00f3ximos Partidos<\/h3>\n\n\n<div class=\"sportspress\"><div class=\"sp-template sp-template-event-blocks\">\n\t<div class=\"sp-table-wrapper\">\n\t\t<table class=\"sp-event-blocks sp-data-table\n\t\t\t\t\t sp-paginated-table\" data-sp-rows=\"7\">\n\t\t\t<thead><tr><th><\/th><\/tr><\/thead> \t\t\t<tbody>\n\t\t\t\t\t\t\t\t\t<tr class=\"sp-row sp-post alternate\" itemscope itemtype=\"http:\/\/schema.org\/SportsEvent\">\n\t\t\t\t\t\t<td>\n\t\t\t\t\t\t\t\t\t\t\t\t\t\t<span class=\"team-logo logo-odd\" title=\"Calzados Nando FS\"><img loading=\"lazy\" decoding=\"async\" width=\"128\" height=\"74\" src=\"https:\/\/cabezadelbueydeportes.com\/wp-content\/uploads\/2023\/06\/calzados-nando-128x74.png\" class=\"attachment-sportspress-fit-icon size-sportspress-fit-icon wp-post-image\" alt=\"\" \/><\/span> <span class=\"team-logo logo-even\" title=\"Los Farfollas\"><img loading=\"lazy\" decoding=\"async\" width=\"128\" height=\"37\" src=\"https:\/\/cabezadelbueydeportes.com\/wp-content\/uploads\/2023\/07\/farfollas-128x37.jpg\" class=\"attachment-sportspress-fit-icon size-sportspress-fit-icon wp-post-image\" alt=\"\" \/><\/span>\t\t\t\t\t\t\t<time class=\"sp-event-date\" datetime=\"2023-07-15 15:00:18\" itemprop=\"startDate\" content=\"2023-07-15T15:00:18+01:00\">\n\t\t\t\t\t\t\t\t<a href=\"https:\/\/cabezadelbueydeportes.com\/index.php\/event\/c-nando-vs-farfollas\/\">15 de julio de 2023<\/a>\t\t\t\t\t\t\t<\/time>\n\t\t\t\t\t\t\t\t\t\t\t\t\t\t<h5 class=\"sp-event-results\">\n\t\t\t\t\t\t\t\t<a href=\"https:\/\/cabezadelbueydeportes.com\/index.php\/event\/c-nando-vs-farfollas\/\"><span class=\"sp-result ok\">7<\/span> - <span class=\"sp-result\">2<\/span><\/a>\t\t\t\t\t\t\t<\/h5>\n\t\t\t\t\t\t\t\t\t\t\t\t\t\t\t\t\t\t\t\t\t\t\t\t\t\t\t\t\t\t\t\t\t\t\t\t<div style=\"display:none;\" class=\"sp-event-venue\" itemprop=\"location\" itemscope itemtype=\"http:\/\/schema.org\/Place\"><div itemprop=\"address\" itemscope itemtype=\"http:\/\/schema.org\/PostalAddress\">N\/D<\/div><\/div>\n\t\t\t\t\t\t\t\t\t\t\t\t\t\t<h4 class=\"sp-event-title\" itemprop=\"name\">\n\t\t\t\t\t\t\t\t<a href=\"https:\/\/cabezadelbueydeportes.com\/index.php\/event\/c-nando-vs-farfollas\/\">Calzados Nando FS vs Los Farfollas<\/a>\t\t\t\t\t\t\t<\/h4>\n\t\t\t\t\t\t\t\n\t\t\t\t\t\t<\/td>\n\t\t\t\t\t<\/tr>\n\t\t\t\t\t\t\t\t\t\t<tr class=\"sp-row sp-post\" itemscope itemtype=\"http:\/\/schema.org\/SportsEvent\">\n\t\t\t\t\t\t<td>\n\t\t\t\t\t\t\t\t\t\t\t\t\t\t<span class=\"team-logo logo-odd\" title=\"Chel\u00edn City\"><img loading=\"lazy\" decoding=\"async\" width=\"128\" height=\"37\" src=\"https:\/\/cabezadelbueydeportes.com\/wp-content\/uploads\/2023\/07\/chelin-128x37.jpg\" class=\"attachment-sportspress-fit-icon size-sportspress-fit-icon wp-post-image\" alt=\"\" \/><\/span> <span class=\"team-logo logo-even\" title=\"C\u00f3rner Burger\"><img loading=\"lazy\" decoding=\"async\" width=\"128\" height=\"107\" src=\"https:\/\/cabezadelbueydeportes.com\/wp-content\/uploads\/2023\/07\/corner-bueger-128x107.jpeg\" class=\"attachment-sportspress-fit-icon size-sportspress-fit-icon wp-post-image\" alt=\"\" \/><\/span>\t\t\t\t\t\t\t<time class=\"sp-event-date\" datetime=\"2023-07-15 16:00:03\" itemprop=\"startDate\" content=\"2023-07-15T16:00:03+01:00\">\n\t\t\t\t\t\t\t\t<a href=\"https:\/\/cabezadelbueydeportes.com\/index.php\/event\/chelin-city-vs-corner-b\/\">15 de julio de 2023<\/a>\t\t\t\t\t\t\t<\/time>\n\t\t\t\t\t\t\t\t\t\t\t\t\t\t<h5 class=\"sp-event-results\">\n\t\t\t\t\t\t\t\t<a href=\"https:\/\/cabezadelbueydeportes.com\/index.php\/event\/chelin-city-vs-corner-b\/\"><span class=\"sp-result ok\">5<\/span> - <span class=\"sp-result\">2<\/span><\/a>\t\t\t\t\t\t\t<\/h5>\n\t\t\t\t\t\t\t\t\t\t\t\t\t\t\t\t\t\t\t\t\t\t\t\t\t\t\t\t\t\t\t\t\t\t\t\t<div style=\"display:none;\" class=\"sp-event-venue\" itemprop=\"location\" itemscope itemtype=\"http:\/\/schema.org\/Place\"><div itemprop=\"address\" itemscope itemtype=\"http:\/\/schema.org\/PostalAddress\">N\/D<\/div><\/div>\n\t\t\t\t\t\t\t\t\t\t\t\t\t\t<h4 class=\"sp-event-title\" itemprop=\"name\">\n\t\t\t\t\t\t\t\t<a href=\"https:\/\/cabezadelbueydeportes.com\/index.php\/event\/chelin-city-vs-corner-b\/\">Chel\u00edn City vs C\u00f3rner Burguer<\/a>\t\t\t\t\t\t\t<\/h4>\n\t\t\t\t\t\t\t\n\t\t\t\t\t\t<\/td>\n\t\t\t\t\t<\/tr>\n\t\t\t\t\t\t\t\t\t\t<tr class=\"sp-row sp-post alternate\" itemscope itemtype=\"http:\/\/schema.org\/SportsEvent\">\n\t\t\t\t\t\t<td>\n\t\t\t\t\t\t\t\t\t\t\t\t\t\t<span class=\"team-logo logo-odd\" title=\"ABS Inform\u00e1tica\"><img loading=\"lazy\" decoding=\"async\" width=\"128\" height=\"61\" src=\"https:\/\/cabezadelbueydeportes.com\/wp-content\/uploads\/2023\/07\/ABS-128x61.png\" class=\"attachment-sportspress-fit-icon size-sportspress-fit-icon wp-post-image\" alt=\"\" \/><\/span> <span class=\"team-logo logo-even\" title=\"Barrio FS\"><img loading=\"lazy\" decoding=\"async\" width=\"128\" height=\"37\" src=\"https:\/\/cabezadelbueydeportes.com\/wp-content\/uploads\/2023\/07\/barrio-fs-128x37.jpg\" class=\"attachment-sportspress-fit-icon size-sportspress-fit-icon wp-post-image\" alt=\"\" \/><\/span>\t\t\t\t\t\t\t<time class=\"sp-event-date\" datetime=\"2023-07-15 17:00:01\" itemprop=\"startDate\" content=\"2023-07-15T17:00:01+01:00\">\n\t\t\t\t\t\t\t\t<a href=\"https:\/\/cabezadelbueydeportes.com\/index.php\/event\/abs-inf-vs-barrio\/\">15 de julio de 2023<\/a>\t\t\t\t\t\t\t<\/time>\n\t\t\t\t\t\t\t\t\t\t\t\t\t\t<h5 class=\"sp-event-results\">\n\t\t\t\t\t\t\t\t<a href=\"https:\/\/cabezadelbueydeportes.com\/index.php\/event\/abs-inf-vs-barrio\/\"><span class=\"sp-result ok\">3<\/span> - <span class=\"sp-result\">3<\/span><\/a>\t\t\t\t\t\t\t<\/h5>\n\t\t\t\t\t\t\t\t\t\t\t\t\t\t\t\t\t\t\t\t\t\t\t\t\t\t\t\t\t\t\t\t\t\t\t\t<div style=\"display:none;\" class=\"sp-event-venue\" itemprop=\"location\" itemscope itemtype=\"http:\/\/schema.org\/Place\"><div itemprop=\"address\" itemscope itemtype=\"http:\/\/schema.org\/PostalAddress\">N\/D<\/div><\/div>\n\t\t\t\t\t\t\t\t\t\t\t\t\t\t<h4 class=\"sp-event-title\" itemprop=\"name\">\n\t\t\t\t\t\t\t\t<a href=\"https:\/\/cabezadelbueydeportes.com\/index.php\/event\/abs-inf-vs-barrio\/\">ABS Inform\u00e1tica vs Barrio FS<\/a>\t\t\t\t\t\t\t<\/h4>\n\t\t\t\t\t\t\t\n\t\t\t\t\t\t<\/td>\n\t\t\t\t\t<\/tr>\n\t\t\t\t\t\t\t\t\t\t<tr class=\"sp-row sp-post\" itemscope itemtype=\"http:\/\/schema.org\/SportsEvent\">\n\t\t\t\t\t\t<td>\n\t\t\t\t\t\t\t\t\t\t\t\t\t\t<span class=\"team-logo logo-odd\" title=\"Strong Padel FS\"><img loading=\"lazy\" decoding=\"async\" width=\"128\" height=\"80\" src=\"https:\/\/cabezadelbueydeportes.com\/wp-content\/uploads\/2023\/07\/strong-padel-logo-128x80.jpg\" class=\"attachment-sportspress-fit-icon size-sportspress-fit-icon wp-post-image\" alt=\"\" \/><\/span> <span class=\"team-logo logo-even\" title=\"Podosalud Futsal\"><img loading=\"lazy\" decoding=\"async\" width=\"128\" height=\"91\" src=\"https:\/\/cabezadelbueydeportes.com\/wp-content\/uploads\/2023\/07\/podosalud-128x91.jpeg\" class=\"attachment-sportspress-fit-icon size-sportspress-fit-icon wp-post-image\" alt=\"\" \/><\/span>\t\t\t\t\t\t\t<time class=\"sp-event-date\" datetime=\"2023-07-15 18:00:49\" itemprop=\"startDate\" content=\"2023-07-15T18:00:49+01:00\">\n\t\t\t\t\t\t\t\t<a href=\"https:\/\/cabezadelbueydeportes.com\/index.php\/event\/strong-p-vs-podosalud\/\">15 de julio de 2023<\/a>\t\t\t\t\t\t\t<\/time>\n\t\t\t\t\t\t\t\t\t\t\t\t\t\t<h5 class=\"sp-event-results\">\n\t\t\t\t\t\t\t\t<a href=\"https:\/\/cabezadelbueydeportes.com\/index.php\/event\/strong-p-vs-podosalud\/\"><span class=\"sp-result ok\">0<\/span> - <span class=\"sp-result\">4<\/span><\/a>\t\t\t\t\t\t\t<\/h5>\n\t\t\t\t\t\t\t\t\t\t\t\t\t\t\t\t\t\t\t\t\t\t\t\t\t\t\t\t\t\t\t\t\t\t\t\t<div style=\"display:none;\" class=\"sp-event-venue\" itemprop=\"location\" itemscope itemtype=\"http:\/\/schema.org\/Place\"><div itemprop=\"address\" itemscope itemtype=\"http:\/\/schema.org\/PostalAddress\">N\/D<\/div><\/div>\n\t\t\t\t\t\t\t\t\t\t\t\t\t\t<h4 class=\"sp-event-title\" itemprop=\"name\">\n\t\t\t\t\t\t\t\t<a href=\"https:\/\/cabezadelbueydeportes.com\/index.php\/event\/strong-p-vs-podosalud\/\">Strong Padel vs Podosalud F\u00fatsal<\/a>\t\t\t\t\t\t\t<\/h4>\n\t\t\t\t\t\t\t\n\t\t\t\t\t\t<\/td>\n\t\t\t\t\t<\/tr>\n\t\t\t\t\t\t\t\t\t\t<tr class=\"sp-row sp-post alternate\" itemscope itemtype=\"http:\/\/schema.org\/SportsEvent\">\n\t\t\t\t\t\t<td>\n\t\t\t\t\t\t\t\t\t\t\t\t\t\t<span class=\"team-logo logo-odd\" title=\"Los Farfollas\"><img loading=\"lazy\" decoding=\"async\" width=\"128\" height=\"37\" src=\"https:\/\/cabezadelbueydeportes.com\/wp-content\/uploads\/2023\/07\/farfollas-128x37.jpg\" class=\"attachment-sportspress-fit-icon size-sportspress-fit-icon wp-post-image\" alt=\"\" \/><\/span> <span class=\"team-logo logo-even\" title=\"C\u00f3rner Burger\"><img loading=\"lazy\" decoding=\"async\" width=\"128\" height=\"107\" src=\"https:\/\/cabezadelbueydeportes.com\/wp-content\/uploads\/2023\/07\/corner-bueger-128x107.jpeg\" class=\"attachment-sportspress-fit-icon size-sportspress-fit-icon wp-post-image\" alt=\"\" \/><\/span>\t\t\t\t\t\t\t<time class=\"sp-event-date\" datetime=\"2023-07-15 19:00:29\" itemprop=\"startDate\" content=\"2023-07-15T19:00:29+01:00\">\n\t\t\t\t\t\t\t\t<a href=\"https:\/\/cabezadelbueydeportes.com\/index.php\/event\/farfollas-vs-corner-b\/\">15 de julio de 2023<\/a>\t\t\t\t\t\t\t<\/time>\n\t\t\t\t\t\t\t\t\t\t\t\t\t\t<h5 class=\"sp-event-results\">\n\t\t\t\t\t\t\t\t<a href=\"https:\/\/cabezadelbueydeportes.com\/index.php\/event\/farfollas-vs-corner-b\/\"><span class=\"sp-result ok\">1<\/span> - <span class=\"sp-result\">4<\/span><\/a>\t\t\t\t\t\t\t<\/h5>\n\t\t\t\t\t\t\t\t\t\t\t\t\t\t\t\t\t\t\t\t\t\t\t\t\t\t\t\t\t\t\t\t\t\t\t\t<div style=\"display:none;\" class=\"sp-event-venue\" itemprop=\"location\" itemscope itemtype=\"http:\/\/schema.org\/Place\"><div itemprop=\"address\" itemscope itemtype=\"http:\/\/schema.org\/PostalAddress\">N\/D<\/div><\/div>\n\t\t\t\t\t\t\t\t\t\t\t\t\t\t<h4 class=\"sp-event-title\" itemprop=\"name\">\n\t\t\t\t\t\t\t\t<a href=\"https:\/\/cabezadelbueydeportes.com\/index.php\/event\/farfollas-vs-corner-b\/\">Los Farfollas vs C\u00f3rner Burguer<\/a>\t\t\t\t\t\t\t<\/h4>\n\t\t\t\t\t\t\t\n\t\t\t\t\t\t<\/td>\n\t\t\t\t\t<\/tr>\n\t\t\t\t\t\t\t\t\t\t<tr class=\"sp-row sp-post\" itemscope itemtype=\"http:\/\/schema.org\/SportsEvent\">\n\t\t\t\t\t\t<td>\n\t\t\t\t\t\t\t\t\t\t\t\t\t\t<span class=\"team-logo logo-odd\" title=\"Calzados Nando FS\"><img loading=\"lazy\" decoding=\"async\" width=\"128\" height=\"74\" src=\"https:\/\/cabezadelbueydeportes.com\/wp-content\/uploads\/2023\/06\/calzados-nando-128x74.png\" class=\"attachment-sportspress-fit-icon size-sportspress-fit-icon wp-post-image\" alt=\"\" \/><\/span> <span class=\"team-logo logo-even\" title=\"Chel\u00edn City\"><img loading=\"lazy\" decoding=\"async\" width=\"128\" height=\"37\" src=\"https:\/\/cabezadelbueydeportes.com\/wp-content\/uploads\/2023\/07\/chelin-128x37.jpg\" class=\"attachment-sportspress-fit-icon size-sportspress-fit-icon wp-post-image\" alt=\"\" \/><\/span>\t\t\t\t\t\t\t<time class=\"sp-event-date\" datetime=\"2023-07-15 20:00:22\" itemprop=\"startDate\" content=\"2023-07-15T20:00:22+01:00\">\n\t\t\t\t\t\t\t\t<a href=\"https:\/\/cabezadelbueydeportes.com\/index.php\/event\/calzados-nando-fs-vs-chelin-city\/\">15 de julio de 2023<\/a>\t\t\t\t\t\t\t<\/time>\n\t\t\t\t\t\t\t\t\t\t\t\t\t\t<h5 class=\"sp-event-results\">\n\t\t\t\t\t\t\t\t<a href=\"https:\/\/cabezadelbueydeportes.com\/index.php\/event\/calzados-nando-fs-vs-chelin-city\/\"><span class=\"sp-result ok\">5<\/span> - <span class=\"sp-result\">2<\/span><\/a>\t\t\t\t\t\t\t<\/h5>\n\t\t\t\t\t\t\t\t\t\t\t\t\t\t\t\t\t\t\t\t\t\t\t\t\t\t\t\t\t\t\t\t\t\t\t\t<div style=\"display:none;\" class=\"sp-event-venue\" itemprop=\"location\" itemscope itemtype=\"http:\/\/schema.org\/Place\"><div itemprop=\"address\" itemscope itemtype=\"http:\/\/schema.org\/PostalAddress\">N\/D<\/div><\/div>\n\t\t\t\t\t\t\t\t\t\t\t\t\t\t<h4 class=\"sp-event-title\" itemprop=\"name\">\n\t\t\t\t\t\t\t\t<a href=\"https:\/\/cabezadelbueydeportes.com\/index.php\/event\/calzados-nando-fs-vs-chelin-city\/\">Calzados Nando FS vs Chel\u00edn City<\/a>\t\t\t\t\t\t\t<\/h4>\n\t\t\t\t\t\t\t\n\t\t\t\t\t\t<\/td>\n\t\t\t\t\t<\/tr>\n\t\t\t\t\t\t\t\t\t\t<tr class=\"sp-row sp-post alternate\" itemscope itemtype=\"http:\/\/schema.org\/SportsEvent\">\n\t\t\t\t\t\t<td>\n\t\t\t\t\t\t\t\t\t\t\t\t\t\t<span class=\"team-logo logo-odd\" title=\"Barrio FS\"><img loading=\"lazy\" decoding=\"async\" width=\"128\" height=\"37\" src=\"https:\/\/cabezadelbueydeportes.com\/wp-content\/uploads\/2023\/07\/barrio-fs-128x37.jpg\" class=\"attachment-sportspress-fit-icon size-sportspress-fit-icon wp-post-image\" alt=\"\" \/><\/span> <span class=\"team-logo logo-even\" title=\"Podosalud Futsal\"><img loading=\"lazy\" decoding=\"async\" width=\"128\" height=\"91\" src=\"https:\/\/cabezadelbueydeportes.com\/wp-content\/uploads\/2023\/07\/podosalud-128x91.jpeg\" class=\"attachment-sportspress-fit-icon size-sportspress-fit-icon wp-post-image\" alt=\"\" \/><\/span>\t\t\t\t\t\t\t<time class=\"sp-event-date\" datetime=\"2023-07-16 00:00:48\" itemprop=\"startDate\" content=\"2023-07-16T00:00:48+01:00\">\n\t\t\t\t\t\t\t\t<a href=\"https:\/\/cabezadelbueydeportes.com\/index.php\/event\/barrio-vs-podosalud\/\">16 de julio de 2023<\/a>\t\t\t\t\t\t\t<\/time>\n\t\t\t\t\t\t\t\t\t\t\t\t\t\t<h5 class=\"sp-event-results\">\n\t\t\t\t\t\t\t\t<a href=\"https:\/\/cabezadelbueydeportes.com\/index.php\/event\/barrio-vs-podosalud\/\"><span class=\"sp-result ok\">1<\/span> - <span class=\"sp-result\">2<\/span><\/a>\t\t\t\t\t\t\t<\/h5>\n\t\t\t\t\t\t\t\t\t\t\t\t\t\t\t\t\t\t\t\t\t\t\t\t\t\t\t\t\t\t\t\t\t\t\t\t<div style=\"display:none;\" class=\"sp-event-venue\" itemprop=\"location\" itemscope itemtype=\"http:\/\/schema.org\/Place\"><div itemprop=\"address\" itemscope itemtype=\"http:\/\/schema.org\/PostalAddress\">N\/D<\/div><\/div>\n\t\t\t\t\t\t\t\t\t\t\t\t\t\t<h4 class=\"sp-event-title\" itemprop=\"name\">\n\t\t\t\t\t\t\t\t<a href=\"https:\/\/cabezadelbueydeportes.com\/index.php\/event\/barrio-vs-podosalud\/\">Barrio FS vs Podosalud F\u00fatsal<\/a>\t\t\t\t\t\t\t<\/h4>\n\t\t\t\t\t\t\t\n\t\t\t\t\t\t<\/td>\n\t\t\t\t\t<\/tr>\n\t\t\t\t\t\t\t\t\t\t<tr class=\"sp-row sp-post\" itemscope itemtype=\"http:\/\/schema.org\/SportsEvent\">\n\t\t\t\t\t\t<td>\n\t\t\t\t\t\t\t\t\t\t\t\t\t\t<span class=\"team-logo logo-odd\" title=\"ABS Inform\u00e1tica\"><img loading=\"lazy\" decoding=\"async\" width=\"128\" height=\"61\" src=\"https:\/\/cabezadelbueydeportes.com\/wp-content\/uploads\/2023\/07\/ABS-128x61.png\" class=\"attachment-sportspress-fit-icon size-sportspress-fit-icon wp-post-image\" alt=\"\" \/><\/span> <span class=\"team-logo logo-even\" title=\"Strong Padel FS\"><img loading=\"lazy\" decoding=\"async\" width=\"128\" height=\"80\" src=\"https:\/\/cabezadelbueydeportes.com\/wp-content\/uploads\/2023\/07\/strong-padel-logo-128x80.jpg\" class=\"attachment-sportspress-fit-icon size-sportspress-fit-icon wp-post-image\" alt=\"\" \/><\/span>\t\t\t\t\t\t\t<time class=\"sp-event-date\" datetime=\"2023-07-16 01:00:46\" itemprop=\"startDate\" content=\"2023-07-16T01:00:46+01:00\">\n\t\t\t\t\t\t\t\t<a href=\"https:\/\/cabezadelbueydeportes.com\/index.php\/event\/abs-inf-vs-strong-p\/\">16 de julio de 2023<\/a>\t\t\t\t\t\t\t<\/time>\n\t\t\t\t\t\t\t\t\t\t\t\t\t\t<h5 class=\"sp-event-results\">\n\t\t\t\t\t\t\t\t<a href=\"https:\/\/cabezadelbueydeportes.com\/index.php\/event\/abs-inf-vs-strong-p\/\"><span class=\"sp-result ok\">3<\/span> - <span class=\"sp-result\">3<\/span><\/a>\t\t\t\t\t\t\t<\/h5>\n\t\t\t\t\t\t\t\t\t\t\t\t\t\t\t\t\t\t\t\t\t\t\t\t\t\t\t\t\t\t\t\t\t\t\t\t<div style=\"display:none;\" class=\"sp-event-venue\" itemprop=\"location\" itemscope itemtype=\"http:\/\/schema.org\/Place\"><div itemprop=\"address\" itemscope itemtype=\"http:\/\/schema.org\/PostalAddress\">N\/D<\/div><\/div>\n\t\t\t\t\t\t\t\t\t\t\t\t\t\t<h4 class=\"sp-event-title\" itemprop=\"name\">\n\t\t\t\t\t\t\t\t<a href=\"https:\/\/cabezadelbueydeportes.com\/index.php\/event\/abs-inf-vs-strong-p\/\">ABS Inform\u00e1tica vs Strong Padel<\/a>\t\t\t\t\t\t\t<\/h4>\n\t\t\t\t\t\t\t\n\t\t\t\t\t\t<\/td>\n\t\t\t\t\t<\/tr>\n\t\t\t\t\t\t\t\t\t\t<tr class=\"sp-row sp-post alternate\" itemscope itemtype=\"http:\/\/schema.org\/SportsEvent\">\n\t\t\t\t\t\t<td>\n\t\t\t\t\t\t\t\t\t\t\t\t\t\t<span class=\"team-logo logo-odd\" title=\"Chel\u00edn City\"><img loading=\"lazy\" decoding=\"async\" width=\"128\" height=\"37\" src=\"https:\/\/cabezadelbueydeportes.com\/wp-content\/uploads\/2023\/07\/chelin-128x37.jpg\" class=\"attachment-sportspress-fit-icon size-sportspress-fit-icon wp-post-image\" alt=\"\" \/><\/span> <span class=\"team-logo logo-even\" title=\"Los Farfollas\"><img loading=\"lazy\" decoding=\"async\" width=\"128\" height=\"37\" src=\"https:\/\/cabezadelbueydeportes.com\/wp-content\/uploads\/2023\/07\/farfollas-128x37.jpg\" class=\"attachment-sportspress-fit-icon size-sportspress-fit-icon wp-post-image\" alt=\"\" \/><\/span>\t\t\t\t\t\t\t<time class=\"sp-event-date\" datetime=\"2023-07-16 02:00:24\" itemprop=\"startDate\" content=\"2023-07-16T02:00:24+01:00\">\n\t\t\t\t\t\t\t\t<a href=\"https:\/\/cabezadelbueydeportes.com\/index.php\/event\/chelin-city-vs-farfollas\/\">16 de julio de 2023<\/a>\t\t\t\t\t\t\t<\/time>\n\t\t\t\t\t\t\t\t\t\t\t\t\t\t<h5 class=\"sp-event-results\">\n\t\t\t\t\t\t\t\t<a href=\"https:\/\/cabezadelbueydeportes.com\/index.php\/event\/chelin-city-vs-farfollas\/\"><span class=\"sp-result ok\">4<\/span> - <span class=\"sp-result\">4<\/span><\/a>\t\t\t\t\t\t\t<\/h5>\n\t\t\t\t\t\t\t\t\t\t\t\t\t\t\t\t\t\t\t\t\t\t\t\t\t\t\t\t\t\t\t\t\t\t\t\t<div style=\"display:none;\" class=\"sp-event-venue\" itemprop=\"location\" itemscope itemtype=\"http:\/\/schema.org\/Place\"><div itemprop=\"address\" itemscope itemtype=\"http:\/\/schema.org\/PostalAddress\">N\/D<\/div><\/div>\n\t\t\t\t\t\t\t\t\t\t\t\t\t\t<h4 class=\"sp-event-title\" itemprop=\"name\">\n\t\t\t\t\t\t\t\t<a href=\"https:\/\/cabezadelbueydeportes.com\/index.php\/event\/chelin-city-vs-farfollas\/\">Chel\u00edn City vs Los Farfollas<\/a>\t\t\t\t\t\t\t<\/h4>\n\t\t\t\t\t\t\t\n\t\t\t\t\t\t<\/td>\n\t\t\t\t\t<\/tr>\n\t\t\t\t\t\t\t\t\t\t<tr class=\"sp-row sp-post\" itemscope itemtype=\"http:\/\/schema.org\/SportsEvent\">\n\t\t\t\t\t\t<td>\n\t\t\t\t\t\t\t\t\t\t\t\t\t\t<span class=\"team-logo logo-odd\" title=\"C\u00f3rner Burger\"><img loading=\"lazy\" decoding=\"async\" width=\"128\" height=\"107\" src=\"https:\/\/cabezadelbueydeportes.com\/wp-content\/uploads\/2023\/07\/corner-bueger-128x107.jpeg\" class=\"attachment-sportspress-fit-icon size-sportspress-fit-icon wp-post-image\" alt=\"\" \/><\/span> <span class=\"team-logo logo-even\" title=\"Calzados Nando FS\"><img loading=\"lazy\" decoding=\"async\" width=\"128\" height=\"74\" src=\"https:\/\/cabezadelbueydeportes.com\/wp-content\/uploads\/2023\/06\/calzados-nando-128x74.png\" class=\"attachment-sportspress-fit-icon size-sportspress-fit-icon wp-post-image\" alt=\"\" \/><\/span>\t\t\t\t\t\t\t<time class=\"sp-event-date\" datetime=\"2023-07-16 03:00:10\" itemprop=\"startDate\" content=\"2023-07-16T03:00:10+01:00\">\n\t\t\t\t\t\t\t\t<a href=\"https:\/\/cabezadelbueydeportes.com\/index.php\/event\/corner-b-vs-calzados-nando-fs\/\">16 de julio de 2023<\/a>\t\t\t\t\t\t\t<\/time>\n\t\t\t\t\t\t\t\t\t\t\t\t\t\t<h5 class=\"sp-event-results\">\n\t\t\t\t\t\t\t\t<a href=\"https:\/\/cabezadelbueydeportes.com\/index.php\/event\/corner-b-vs-calzados-nando-fs\/\"><span class=\"sp-result ok\">5<\/span> - <span class=\"sp-result\">1<\/span><\/a>\t\t\t\t\t\t\t<\/h5>\n\t\t\t\t\t\t\t\t\t\t\t\t\t\t\t\t\t\t\t\t\t\t\t\t\t\t\t\t\t\t\t\t\t\t\t\t<div style=\"display:none;\" class=\"sp-event-venue\" itemprop=\"location\" itemscope itemtype=\"http:\/\/schema.org\/Place\"><div itemprop=\"address\" itemscope itemtype=\"http:\/\/schema.org\/PostalAddress\">N\/D<\/div><\/div>\n\t\t\t\t\t\t\t\t\t\t\t\t\t\t<h4 class=\"sp-event-title\" itemprop=\"name\">\n\t\t\t\t\t\t\t\t<a href=\"https:\/\/cabezadelbueydeportes.com\/index.php\/event\/corner-b-vs-calzados-nando-fs\/\">C\u00f3rner Burguer vs Calzados Nando FS<\/a>\t\t\t\t\t\t\t<\/h4>\n\t\t\t\t\t\t\t\n\t\t\t\t\t\t<\/td>\n\t\t\t\t\t<\/tr>\n\t\t\t\t\t\t\t\t\t\t<tr class=\"sp-row sp-post alternate\" itemscope itemtype=\"http:\/\/schema.org\/SportsEvent\">\n\t\t\t\t\t\t<td>\n\t\t\t\t\t\t\t\t\t\t\t\t\t\t<span class=\"team-logo logo-odd\" title=\"Strong Padel FS\"><img loading=\"lazy\" decoding=\"async\" width=\"128\" height=\"80\" src=\"https:\/\/cabezadelbueydeportes.com\/wp-content\/uploads\/2023\/07\/strong-padel-logo-128x80.jpg\" class=\"attachment-sportspress-fit-icon size-sportspress-fit-icon wp-post-image\" alt=\"\" \/><\/span> <span class=\"team-logo logo-even\" title=\"Barrio FS\"><img loading=\"lazy\" decoding=\"async\" width=\"128\" height=\"37\" src=\"https:\/\/cabezadelbueydeportes.com\/wp-content\/uploads\/2023\/07\/barrio-fs-128x37.jpg\" class=\"attachment-sportspress-fit-icon size-sportspress-fit-icon wp-post-image\" alt=\"\" \/><\/span>\t\t\t\t\t\t\t<time class=\"sp-event-date\" datetime=\"2023-07-16 04:00:48\" itemprop=\"startDate\" content=\"2023-07-16T04:00:48+01:00\">\n\t\t\t\t\t\t\t\t<a href=\"https:\/\/cabezadelbueydeportes.com\/index.php\/event\/strong-p-vs-barrio\/\">16 de julio de 2023<\/a>\t\t\t\t\t\t\t<\/time>\n\t\t\t\t\t\t\t\t\t\t\t\t\t\t<h5 class=\"sp-event-results\">\n\t\t\t\t\t\t\t\t<a href=\"https:\/\/cabezadelbueydeportes.com\/index.php\/event\/strong-p-vs-barrio\/\"><span class=\"sp-result ok\">2<\/span> - <span class=\"sp-result\">7<\/span><\/a>\t\t\t\t\t\t\t<\/h5>\n\t\t\t\t\t\t\t\t\t\t\t\t\t\t\t\t\t\t\t\t\t\t\t\t\t\t\t\t\t\t\t\t\t\t\t\t<div style=\"display:none;\" class=\"sp-event-venue\" itemprop=\"location\" itemscope itemtype=\"http:\/\/schema.org\/Place\"><div itemprop=\"address\" itemscope itemtype=\"http:\/\/schema.org\/PostalAddress\">N\/D<\/div><\/div>\n\t\t\t\t\t\t\t\t\t\t\t\t\t\t<h4 class=\"sp-event-title\" itemprop=\"name\">\n\t\t\t\t\t\t\t\t<a href=\"https:\/\/cabezadelbueydeportes.com\/index.php\/event\/strong-p-vs-barrio\/\">Strong Padel vs Barrio FS<\/a>\t\t\t\t\t\t\t<\/h4>\n\t\t\t\t\t\t\t\n\t\t\t\t\t\t<\/td>\n\t\t\t\t\t<\/tr>\n\t\t\t\t\t\t\t\t\t\t<tr class=\"sp-row sp-post\" itemscope itemtype=\"http:\/\/schema.org\/SportsEvent\">\n\t\t\t\t\t\t<td>\n\t\t\t\t\t\t\t\t\t\t\t\t\t\t<span class=\"team-logo logo-odd\" title=\"Podosalud Futsal\"><img loading=\"lazy\" decoding=\"async\" width=\"128\" height=\"91\" src=\"https:\/\/cabezadelbueydeportes.com\/wp-content\/uploads\/2023\/07\/podosalud-128x91.jpeg\" class=\"attachment-sportspress-fit-icon size-sportspress-fit-icon wp-post-image\" alt=\"\" \/><\/span> <span class=\"team-logo logo-even\" title=\"ABS Inform\u00e1tica\"><img loading=\"lazy\" decoding=\"async\" width=\"128\" height=\"61\" src=\"https:\/\/cabezadelbueydeportes.com\/wp-content\/uploads\/2023\/07\/ABS-128x61.png\" class=\"attachment-sportspress-fit-icon size-sportspress-fit-icon wp-post-image\" alt=\"\" \/><\/span>\t\t\t\t\t\t\t<time class=\"sp-event-date\" datetime=\"2023-07-16 05:00:30\" itemprop=\"startDate\" content=\"2023-07-16T05:00:30+01:00\">\n\t\t\t\t\t\t\t\t<a href=\"https:\/\/cabezadelbueydeportes.com\/index.php\/event\/493\/\">16 de julio de 2023<\/a>\t\t\t\t\t\t\t<\/time>\n\t\t\t\t\t\t\t\t\t\t\t\t\t\t<h5 class=\"sp-event-results\">\n\t\t\t\t\t\t\t\t<a href=\"https:\/\/cabezadelbueydeportes.com\/index.php\/event\/493\/\"><span class=\"sp-result ok\">3<\/span> - <span class=\"sp-result\">3<\/span><\/a>\t\t\t\t\t\t\t<\/h5>\n\t\t\t\t\t\t\t\t\t\t\t\t\t\t\t\t\t\t\t\t\t\t\t\t\t\t\t\t\t\t\t\t\t\t\t\t<div style=\"display:none;\" class=\"sp-event-venue\" itemprop=\"location\" itemscope itemtype=\"http:\/\/schema.org\/Place\"><div itemprop=\"address\" itemscope itemtype=\"http:\/\/schema.org\/PostalAddress\">N\/D<\/div><\/div>\n\t\t\t\t\t\t\t\t\t\t\t\t\t\t<h4 class=\"sp-event-title\" itemprop=\"name\">\n\t\t\t\t\t\t\t\t<a href=\"https:\/\/cabezadelbueydeportes.com\/index.php\/event\/493\/\">Podosalud F\u00fatsal vs ABS Inform\u00e1tica<\/a>\t\t\t\t\t\t\t<\/h4>\n\t\t\t\t\t\t\t\n\t\t\t\t\t\t<\/td>\n\t\t\t\t\t<\/tr>\n\t\t\t\t\t\t\t\t\t\t<tr class=\"sp-row sp-post alternate\" itemscope itemtype=\"http:\/\/schema.org\/SportsEvent\">\n\t\t\t\t\t\t<td>\n\t\t\t\t\t\t\t\t\t\t\t\t\t\t<span class=\"team-logo logo-odd\" title=\"Calzados Nando FS\"><img loading=\"lazy\" decoding=\"async\" width=\"128\" height=\"74\" src=\"https:\/\/cabezadelbueydeportes.com\/wp-content\/uploads\/2023\/06\/calzados-nando-128x74.png\" class=\"attachment-sportspress-fit-icon size-sportspress-fit-icon wp-post-image\" alt=\"\" \/><\/span> <span class=\"team-logo logo-even\" title=\"Strong Padel FS\"><img loading=\"lazy\" decoding=\"async\" width=\"128\" height=\"80\" src=\"https:\/\/cabezadelbueydeportes.com\/wp-content\/uploads\/2023\/07\/strong-padel-logo-128x80.jpg\" class=\"attachment-sportspress-fit-icon size-sportspress-fit-icon wp-post-image\" alt=\"\" \/><\/span>\t\t\t\t\t\t\t<time class=\"sp-event-date\" datetime=\"2023-07-16 10:00:41\" itemprop=\"startDate\" content=\"2023-07-16T10:00:41+01:00\">\n\t\t\t\t\t\t\t\t<a href=\"https:\/\/cabezadelbueydeportes.com\/index.php\/event\/cuartos-1o-a-vs-4o-b\/\">16 de julio de 2023<\/a>\t\t\t\t\t\t\t<\/time>\n\t\t\t\t\t\t\t\t\t\t\t\t\t\t<h5 class=\"sp-event-results\">\n\t\t\t\t\t\t\t\t<a href=\"https:\/\/cabezadelbueydeportes.com\/index.php\/event\/cuartos-1o-a-vs-4o-b\/\"><span class=\"sp-result ok\">1<\/span> - <span class=\"sp-result\">4<\/span><\/a>\t\t\t\t\t\t\t<\/h5>\n\t\t\t\t\t\t\t\t\t\t\t\t\t\t\t\t\t\t\t\t\t\t\t\t\t\t\t\t\t\t\t\t\t\t\t\t<div style=\"display:none;\" class=\"sp-event-venue\" itemprop=\"location\" itemscope itemtype=\"http:\/\/schema.org\/Place\"><div itemprop=\"address\" itemscope itemtype=\"http:\/\/schema.org\/PostalAddress\">N\/D<\/div><\/div>\n\t\t\t\t\t\t\t\t\t\t\t\t\t\t<h4 class=\"sp-event-title\" itemprop=\"name\">\n\t\t\t\t\t\t\t\t<a href=\"https:\/\/cabezadelbueydeportes.com\/index.php\/event\/cuartos-1o-a-vs-4o-b\/\">Calzados Nando FS vs Strong Padel<\/a>\t\t\t\t\t\t\t<\/h4>\n\t\t\t\t\t\t\t\n\t\t\t\t\t\t<\/td>\n\t\t\t\t\t<\/tr>\n\t\t\t\t\t\t\t\t\t\t<tr class=\"sp-row sp-post\" itemscope itemtype=\"http:\/\/schema.org\/SportsEvent\">\n\t\t\t\t\t\t<td>\n\t\t\t\t\t\t\t\t\t\t\t\t\t\t<span class=\"team-logo logo-odd\" title=\"C\u00f3rner Burger\"><img loading=\"lazy\" decoding=\"async\" width=\"128\" height=\"107\" src=\"https:\/\/cabezadelbueydeportes.com\/wp-content\/uploads\/2023\/07\/corner-bueger-128x107.jpeg\" class=\"attachment-sportspress-fit-icon size-sportspress-fit-icon wp-post-image\" alt=\"\" \/><\/span> <span class=\"team-logo logo-even\" title=\"ABS Inform\u00e1tica\"><img loading=\"lazy\" decoding=\"async\" width=\"128\" height=\"61\" src=\"https:\/\/cabezadelbueydeportes.com\/wp-content\/uploads\/2023\/07\/ABS-128x61.png\" class=\"attachment-sportspress-fit-icon size-sportspress-fit-icon wp-post-image\" alt=\"\" \/><\/span>\t\t\t\t\t\t\t<time class=\"sp-event-date\" datetime=\"2023-07-16 11:00:43\" itemprop=\"startDate\" content=\"2023-07-16T11:00:43+01:00\">\n\t\t\t\t\t\t\t\t<a href=\"https:\/\/cabezadelbueydeportes.com\/index.php\/event\/cuartos-2o-a-vs-3o-b\/\">16 de julio de 2023<\/a>\t\t\t\t\t\t\t<\/time>\n\t\t\t\t\t\t\t\t\t\t\t\t\t\t<h5 class=\"sp-event-results\">\n\t\t\t\t\t\t\t\t<a href=\"https:\/\/cabezadelbueydeportes.com\/index.php\/event\/cuartos-2o-a-vs-3o-b\/\"><span class=\"sp-result ok\">5<\/span> - <span class=\"sp-result\">7<\/span><\/a>\t\t\t\t\t\t\t<\/h5>\n\t\t\t\t\t\t\t\t\t\t\t\t\t\t\t\t\t\t\t\t\t\t\t\t\t\t\t\t\t\t\t\t\t\t\t\t<div style=\"display:none;\" class=\"sp-event-venue\" itemprop=\"location\" itemscope itemtype=\"http:\/\/schema.org\/Place\"><div itemprop=\"address\" itemscope itemtype=\"http:\/\/schema.org\/PostalAddress\">N\/D<\/div><\/div>\n\t\t\t\t\t\t\t\t\t\t\t\t\t\t<h4 class=\"sp-event-title\" itemprop=\"name\">\n\t\t\t\t\t\t\t\t<a href=\"https:\/\/cabezadelbueydeportes.com\/index.php\/event\/cuartos-2o-a-vs-3o-b\/\">C\u00f3rner Burguer vs ABS Inform\u00e1tica<\/a>\t\t\t\t\t\t\t<\/h4>\n\t\t\t\t\t\t\t\n\t\t\t\t\t\t<\/td>\n\t\t\t\t\t<\/tr>\n\t\t\t\t\t\t\t\t\t\t<tr class=\"sp-row sp-post alternate\" itemscope itemtype=\"http:\/\/schema.org\/SportsEvent\">\n\t\t\t\t\t\t<td>\n\t\t\t\t\t\t\t\t\t\t\t\t\t\t<span class=\"team-logo logo-odd\" title=\"Chel\u00edn City\"><img loading=\"lazy\" decoding=\"async\" width=\"128\" height=\"37\" src=\"https:\/\/cabezadelbueydeportes.com\/wp-content\/uploads\/2023\/07\/chelin-128x37.jpg\" class=\"attachment-sportspress-fit-icon size-sportspress-fit-icon wp-post-image\" alt=\"\" \/><\/span> <span class=\"team-logo logo-even\" title=\"Barrio FS\"><img loading=\"lazy\" decoding=\"async\" width=\"128\" height=\"37\" src=\"https:\/\/cabezadelbueydeportes.com\/wp-content\/uploads\/2023\/07\/barrio-fs-128x37.jpg\" class=\"attachment-sportspress-fit-icon size-sportspress-fit-icon wp-post-image\" alt=\"\" \/><\/span>\t\t\t\t\t\t\t<time class=\"sp-event-date\" datetime=\"2023-07-16 12:00:27\" itemprop=\"startDate\" content=\"2023-07-16T12:00:27+01:00\">\n\t\t\t\t\t\t\t\t<a href=\"https:\/\/cabezadelbueydeportes.com\/index.php\/event\/cuartos-3o-a-vs-2o-b\/\">16 de julio de 2023<\/a>\t\t\t\t\t\t\t<\/time>\n\t\t\t\t\t\t\t\t\t\t\t\t\t\t<h5 class=\"sp-event-results\">\n\t\t\t\t\t\t\t\t<a href=\"https:\/\/cabezadelbueydeportes.com\/index.php\/event\/cuartos-3o-a-vs-2o-b\/\"><span class=\"sp-result ok\">15<\/span> - <span class=\"sp-result\">14<\/span><\/a>\t\t\t\t\t\t\t<\/h5>\n\t\t\t\t\t\t\t\t\t\t\t\t\t\t\t\t\t\t\t\t\t\t\t\t\t\t\t\t\t\t\t\t\t\t\t\t<div style=\"display:none;\" class=\"sp-event-venue\" itemprop=\"location\" itemscope itemtype=\"http:\/\/schema.org\/Place\"><div itemprop=\"address\" itemscope itemtype=\"http:\/\/schema.org\/PostalAddress\">N\/D<\/div><\/div>\n\t\t\t\t\t\t\t\t\t\t\t\t\t\t<h4 class=\"sp-event-title\" itemprop=\"name\">\n\t\t\t\t\t\t\t\t<a href=\"https:\/\/cabezadelbueydeportes.com\/index.php\/event\/cuartos-3o-a-vs-2o-b\/\">Chel\u00edn City vs Barrio FS<\/a>\t\t\t\t\t\t\t<\/h4>\n\t\t\t\t\t\t\t\n\t\t\t\t\t\t<\/td>\n\t\t\t\t\t<\/tr>\n\t\t\t\t\t\t\t\t\t\t<tr class=\"sp-row sp-post\" itemscope itemtype=\"http:\/\/schema.org\/SportsEvent\">\n\t\t\t\t\t\t<td>\n\t\t\t\t\t\t\t\t\t\t\t\t\t\t<span class=\"team-logo logo-odd\" title=\"Podosalud Futsal\"><img loading=\"lazy\" decoding=\"async\" width=\"128\" height=\"91\" src=\"https:\/\/cabezadelbueydeportes.com\/wp-content\/uploads\/2023\/07\/podosalud-128x91.jpeg\" class=\"attachment-sportspress-fit-icon size-sportspress-fit-icon wp-post-image\" alt=\"\" \/><\/span> <span class=\"team-logo logo-even\" title=\"Los Farfollas\"><img loading=\"lazy\" decoding=\"async\" width=\"128\" height=\"37\" src=\"https:\/\/cabezadelbueydeportes.com\/wp-content\/uploads\/2023\/07\/farfollas-128x37.jpg\" class=\"attachment-sportspress-fit-icon size-sportspress-fit-icon wp-post-image\" alt=\"\" \/><\/span>\t\t\t\t\t\t\t<time class=\"sp-event-date\" datetime=\"2023-07-16 13:00:01\" itemprop=\"startDate\" content=\"2023-07-16T13:00:01+01:00\">\n\t\t\t\t\t\t\t\t<a href=\"https:\/\/cabezadelbueydeportes.com\/index.php\/event\/cuartos-4o-a-vs-1o-b\/\">16 de julio de 2023<\/a>\t\t\t\t\t\t\t<\/time>\n\t\t\t\t\t\t\t\t\t\t\t\t\t\t<h5 class=\"sp-event-results\">\n\t\t\t\t\t\t\t\t<a href=\"https:\/\/cabezadelbueydeportes.com\/index.php\/event\/cuartos-4o-a-vs-1o-b\/\"><span class=\"sp-result ok\">5<\/span> - <span class=\"sp-result\">3<\/span><\/a>\t\t\t\t\t\t\t<\/h5>\n\t\t\t\t\t\t\t\t\t\t\t\t\t\t\t\t\t\t\t\t\t\t\t\t\t\t\t\t\t\t\t\t\t\t\t\t<div style=\"display:none;\" class=\"sp-event-venue\" itemprop=\"location\" itemscope itemtype=\"http:\/\/schema.org\/Place\"><div itemprop=\"address\" itemscope itemtype=\"http:\/\/schema.org\/PostalAddress\">N\/D<\/div><\/div>\n\t\t\t\t\t\t\t\t\t\t\t\t\t\t<h4 class=\"sp-event-title\" itemprop=\"name\">\n\t\t\t\t\t\t\t\t<a href=\"https:\/\/cabezadelbueydeportes.com\/index.php\/event\/cuartos-4o-a-vs-1o-b\/\">Podosalud F\u00fatsal vs Los Farfollas<\/a>\t\t\t\t\t\t\t<\/h4>\n\t\t\t\t\t\t\t\n\t\t\t\t\t\t<\/td>\n\t\t\t\t\t<\/tr>\n\t\t\t\t\t\t\t\t\t\t<tr class=\"sp-row sp-post alternate\" itemscope itemtype=\"http:\/\/schema.org\/SportsEvent\">\n\t\t\t\t\t\t<td>\n\t\t\t\t\t\t\t\t\t\t\t\t\t\t<span class=\"team-logo logo-odd\" title=\"Strong Padel FS\"><img loading=\"lazy\" decoding=\"async\" width=\"128\" height=\"80\" src=\"https:\/\/cabezadelbueydeportes.com\/wp-content\/uploads\/2023\/07\/strong-padel-logo-128x80.jpg\" class=\"attachment-sportspress-fit-icon size-sportspress-fit-icon wp-post-image\" alt=\"\" \/><\/span> <span class=\"team-logo logo-even\" title=\"Chel\u00edn City\"><img loading=\"lazy\" decoding=\"async\" width=\"128\" height=\"37\" src=\"https:\/\/cabezadelbueydeportes.com\/wp-content\/uploads\/2023\/07\/chelin-128x37.jpg\" class=\"attachment-sportspress-fit-icon size-sportspress-fit-icon wp-post-image\" alt=\"\" \/><\/span>\t\t\t\t\t\t\t<time class=\"sp-event-date\" datetime=\"2023-07-16 17:30:09\" itemprop=\"startDate\" content=\"2023-07-16T17:30:09+01:00\">\n\t\t\t\t\t\t\t\t<a href=\"https:\/\/cabezadelbueydeportes.com\/index.php\/event\/semifinal-g1-vs-g3\/\">16 de julio de 2023<\/a>\t\t\t\t\t\t\t<\/time>\n\t\t\t\t\t\t\t\t\t\t\t\t\t\t<h5 class=\"sp-event-results\">\n\t\t\t\t\t\t\t\t<a href=\"https:\/\/cabezadelbueydeportes.com\/index.php\/event\/semifinal-g1-vs-g3\/\"><span class=\"sp-result ok\">3<\/span> - <span class=\"sp-result\">5<\/span><\/a>\t\t\t\t\t\t\t<\/h5>\n\t\t\t\t\t\t\t\t\t\t\t\t\t\t\t\t\t\t\t\t\t\t\t\t\t\t\t\t\t\t\t\t\t\t\t\t<div style=\"display:none;\" class=\"sp-event-venue\" itemprop=\"location\" itemscope itemtype=\"http:\/\/schema.org\/Place\"><div itemprop=\"address\" itemscope itemtype=\"http:\/\/schema.org\/PostalAddress\">N\/D<\/div><\/div>\n\t\t\t\t\t\t\t\t\t\t\t\t\t\t<h4 class=\"sp-event-title\" itemprop=\"name\">\n\t\t\t\t\t\t\t\t<a href=\"https:\/\/cabezadelbueydeportes.com\/index.php\/event\/semifinal-g1-vs-g3\/\">Strong Padel vs Chel\u00edn City<\/a>\t\t\t\t\t\t\t<\/h4>\n\t\t\t\t\t\t\t\n\t\t\t\t\t\t<\/td>\n\t\t\t\t\t<\/tr>\n\t\t\t\t\t\t\t\t\t\t<tr class=\"sp-row sp-post\" itemscope itemtype=\"http:\/\/schema.org\/SportsEvent\">\n\t\t\t\t\t\t<td>\n\t\t\t\t\t\t\t\t\t\t\t\t\t\t<span class=\"team-logo logo-odd\" title=\"ABS Inform\u00e1tica\"><img loading=\"lazy\" decoding=\"async\" width=\"128\" height=\"61\" src=\"https:\/\/cabezadelbueydeportes.com\/wp-content\/uploads\/2023\/07\/ABS-128x61.png\" class=\"attachment-sportspress-fit-icon size-sportspress-fit-icon wp-post-image\" alt=\"\" \/><\/span> <span class=\"team-logo logo-even\" title=\"Podosalud Futsal\"><img loading=\"lazy\" decoding=\"async\" width=\"128\" height=\"91\" src=\"https:\/\/cabezadelbueydeportes.com\/wp-content\/uploads\/2023\/07\/podosalud-128x91.jpeg\" class=\"attachment-sportspress-fit-icon size-sportspress-fit-icon wp-post-image\" alt=\"\" \/><\/span>\t\t\t\t\t\t\t<time class=\"sp-event-date\" datetime=\"2023-07-16 18:30:21\" itemprop=\"startDate\" content=\"2023-07-16T18:30:21+01:00\">\n\t\t\t\t\t\t\t\t<a href=\"https:\/\/cabezadelbueydeportes.com\/index.php\/event\/semifinal-g2-vs-g4\/\">16 de julio de 2023<\/a>\t\t\t\t\t\t\t<\/time>\n\t\t\t\t\t\t\t\t\t\t\t\t\t\t<h5 class=\"sp-event-results\">\n\t\t\t\t\t\t\t\t<a href=\"https:\/\/cabezadelbueydeportes.com\/index.php\/event\/semifinal-g2-vs-g4\/\"><span class=\"sp-result ok\">5<\/span> - <span class=\"sp-result\">4<\/span><\/a>\t\t\t\t\t\t\t<\/h5>\n\t\t\t\t\t\t\t\t\t\t\t\t\t\t\t\t\t\t\t\t\t\t\t\t\t\t\t\t\t\t\t\t\t\t\t\t<div style=\"display:none;\" class=\"sp-event-venue\" itemprop=\"location\" itemscope itemtype=\"http:\/\/schema.org\/Place\"><div itemprop=\"address\" itemscope itemtype=\"http:\/\/schema.org\/PostalAddress\">N\/D<\/div><\/div>\n\t\t\t\t\t\t\t\t\t\t\t\t\t\t<h4 class=\"sp-event-title\" itemprop=\"name\">\n\t\t\t\t\t\t\t\t<a href=\"https:\/\/cabezadelbueydeportes.com\/index.php\/event\/semifinal-g2-vs-g4\/\">ABS Inform\u00e1tica vs Podosalud F\u00fatsal<\/a>\t\t\t\t\t\t\t<\/h4>\n\t\t\t\t\t\t\t\n\t\t\t\t\t\t<\/td>\n\t\t\t\t\t<\/tr>\n\t\t\t\t\t\t\t\t\t\t<tr class=\"sp-row sp-post alternate\" itemscope itemtype=\"http:\/\/schema.org\/SportsEvent\">\n\t\t\t\t\t\t<td>\n\t\t\t\t\t\t\t\t\t\t\t\t\t\t<span class=\"team-logo logo-odd\" title=\"Strong Padel FS\"><img loading=\"lazy\" decoding=\"async\" width=\"128\" height=\"80\" src=\"https:\/\/cabezadelbueydeportes.com\/wp-content\/uploads\/2023\/07\/strong-padel-logo-128x80.jpg\" class=\"attachment-sportspress-fit-icon size-sportspress-fit-icon wp-post-image\" alt=\"\" \/><\/span> <span class=\"team-logo logo-even\" title=\"Podosalud Futsal\"><img loading=\"lazy\" decoding=\"async\" width=\"128\" height=\"91\" src=\"https:\/\/cabezadelbueydeportes.com\/wp-content\/uploads\/2023\/07\/podosalud-128x91.jpeg\" class=\"attachment-sportspress-fit-icon size-sportspress-fit-icon wp-post-image\" alt=\"\" \/><\/span>\t\t\t\t\t\t\t<time class=\"sp-event-date\" datetime=\"2023-07-16 21:00:57\" itemprop=\"startDate\" content=\"2023-07-16T21:00:57+01:00\">\n\t\t\t\t\t\t\t\t<a href=\"https:\/\/cabezadelbueydeportes.com\/index.php\/event\/3o-o-4o-puesto\/\">16 de julio de 2023<\/a>\t\t\t\t\t\t\t<\/time>\n\t\t\t\t\t\t\t\t\t\t\t\t\t\t<h5 class=\"sp-event-results\">\n\t\t\t\t\t\t\t\t<a href=\"https:\/\/cabezadelbueydeportes.com\/index.php\/event\/3o-o-4o-puesto\/\"><span class=\"sp-result ok\">5<\/span> - <span class=\"sp-result\">3<\/span><\/a>\t\t\t\t\t\t\t<\/h5>\n\t\t\t\t\t\t\t\t\t\t\t\t\t\t\t\t\t\t\t\t\t\t\t\t\t\t\t\t\t\t\t\t\t\t\t\t<div style=\"display:none;\" class=\"sp-event-venue\" itemprop=\"location\" itemscope itemtype=\"http:\/\/schema.org\/Place\"><div itemprop=\"address\" itemscope itemtype=\"http:\/\/schema.org\/PostalAddress\">N\/D<\/div><\/div>\n\t\t\t\t\t\t\t\t\t\t\t\t\t\t<h4 class=\"sp-event-title\" itemprop=\"name\">\n\t\t\t\t\t\t\t\t<a href=\"https:\/\/cabezadelbueydeportes.com\/index.php\/event\/3o-o-4o-puesto\/\">Strong Padel vs Podosalud F\u00fatsal<\/a>\t\t\t\t\t\t\t<\/h4>\n\t\t\t\t\t\t\t\n\t\t\t\t\t\t<\/td>\n\t\t\t\t\t<\/tr>\n\t\t\t\t\t\t\t\t\t\t<tr class=\"sp-row sp-post\" itemscope itemtype=\"http:\/\/schema.org\/SportsEvent\">\n\t\t\t\t\t\t<td>\n\t\t\t\t\t\t\t\t\t\t\t\t\t\t<span class=\"team-logo logo-odd\" title=\"Chel\u00edn City\"><img loading=\"lazy\" decoding=\"async\" width=\"128\" height=\"37\" src=\"https:\/\/cabezadelbueydeportes.com\/wp-content\/uploads\/2023\/07\/chelin-128x37.jpg\" class=\"attachment-sportspress-fit-icon size-sportspress-fit-icon wp-post-image\" alt=\"\" \/><\/span> <span class=\"team-logo logo-even\" title=\"ABS Inform\u00e1tica\"><img loading=\"lazy\" decoding=\"async\" width=\"128\" height=\"61\" src=\"https:\/\/cabezadelbueydeportes.com\/wp-content\/uploads\/2023\/07\/ABS-128x61.png\" class=\"attachment-sportspress-fit-icon size-sportspress-fit-icon wp-post-image\" alt=\"\" \/><\/span>\t\t\t\t\t\t\t<time class=\"sp-event-date\" datetime=\"2023-07-16 22:00:35\" itemprop=\"startDate\" content=\"2023-07-16T22:00:35+01:00\">\n\t\t\t\t\t\t\t\t<a href=\"https:\/\/cabezadelbueydeportes.com\/index.php\/event\/final-2\/\">16 de julio de 2023<\/a>\t\t\t\t\t\t\t<\/time>\n\t\t\t\t\t\t\t\t\t\t\t\t\t\t<h5 class=\"sp-event-results\">\n\t\t\t\t\t\t\t\t<a href=\"https:\/\/cabezadelbueydeportes.com\/index.php\/event\/final-2\/\"><span class=\"sp-result ok\">3<\/span> - <span class=\"sp-result\">5<\/span><\/a>\t\t\t\t\t\t\t<\/h5>\n\t\t\t\t\t\t\t\t\t\t\t\t\t\t\t\t\t\t\t\t\t\t\t\t\t\t\t\t\t\t\t\t\t\t\t\t<div style=\"display:none;\" class=\"sp-event-venue\" itemprop=\"location\" itemscope itemtype=\"http:\/\/schema.org\/Place\"><div itemprop=\"address\" itemscope itemtype=\"http:\/\/schema.org\/PostalAddress\">N\/D<\/div><\/div>\n\t\t\t\t\t\t\t\t\t\t\t\t\t\t<h4 class=\"sp-event-title\" itemprop=\"name\">\n\t\t\t\t\t\t\t\t<a href=\"https:\/\/cabezadelbueydeportes.com\/index.php\/event\/final-2\/\">Chel\u00edn City vs ABS Inform\u00e1tica<\/a>\t\t\t\t\t\t\t<\/h4>\n\t\t\t\t\t\t\t\n\t\t\t\t\t\t<\/td>\n\t\t\t\t\t<\/tr>\n\t\t\t\t\t\t\t\t<\/tbody>\n\t\t<\/table>\n\t<\/div>\n\t<\/div>\n<\/div>\n\n\n\n<h3 class=\"wp-block-heading\">Clasificaci\u00f3n<\/h3>\n\n\n<div class=\"sportspress\"><div class=\"sp-template sp-template-league-table\">\n\t<h4 class=\"sp-table-caption\">Torneo F\u00fatbol Sala Grupo A<\/h4><div class=\"sp-table-wrapper\"><table class=\"sp-league-table sp-league-table-475 sp-data-table sp-sortable-table sp-scrollable-table sp-paginated-table\" data-sp-rows=\"14\"><thead><tr><th class=\"data-rank\">Pos<\/th><th class=\"data-name\">Club<\/th><th class=\"data-p\">P<\/th><th class=\"data-w\">G<\/th><th class=\"data-d\">E<\/th><th class=\"data-l\">P<\/th><th class=\"data-f\">F<\/th><th class=\"data-a\">C<\/th><th class=\"data-gd\">DG<\/th><th class=\"data-pts\">Pts<\/th><\/tr><\/thead><tbody><tr class=\"odd sp-row-no-0\"><td class=\"data-rank\" data-label=\"Pos\">1<\/td><td class=\"data-name has-logo\" data-label=\"Club\"><span class=\"team-logo\"><img loading=\"lazy\" decoding=\"async\" width=\"128\" height=\"74\" src=\"https:\/\/cabezadelbueydeportes.com\/wp-content\/uploads\/2023\/06\/calzados-nando-128x74.png\" class=\"attachment-sportspress-fit-icon size-sportspress-fit-icon wp-post-image\" alt=\"\" \/><\/span>Calzados Nando<\/td><td class=\"data-p\" data-label=\"P\">3<\/td><td class=\"data-w\" data-label=\"G\">2<\/td><td class=\"data-d\" data-label=\"E\">0<\/td><td class=\"data-l\" data-label=\"P\">1<\/td><td class=\"data-f\" data-label=\"F\">13<\/td><td class=\"data-a\" data-label=\"C\">9<\/td><td class=\"data-gd\" data-label=\"DG\">4<\/td><td class=\"data-pts\" data-label=\"Pts\">6<\/td><\/tr><tr class=\"even sp-row-no-1\"><td class=\"data-rank\" data-label=\"Pos\">2<\/td><td class=\"data-name has-logo\" data-label=\"Club\"><span class=\"team-logo\"><img loading=\"lazy\" decoding=\"async\" width=\"128\" height=\"107\" src=\"https:\/\/cabezadelbueydeportes.com\/wp-content\/uploads\/2023\/07\/corner-bueger-128x107.jpeg\" class=\"attachment-sportspress-fit-icon size-sportspress-fit-icon wp-post-image\" alt=\"\" \/><\/span>C\u00f3rner Burguer<\/td><td class=\"data-p\" data-label=\"P\">3<\/td><td class=\"data-w\" data-label=\"G\">2<\/td><td class=\"data-d\" data-label=\"E\">0<\/td><td class=\"data-l\" data-label=\"P\">1<\/td><td class=\"data-f\" data-label=\"F\">11<\/td><td class=\"data-a\" data-label=\"C\">7<\/td><td class=\"data-gd\" data-label=\"DG\">4<\/td><td class=\"data-pts\" data-label=\"Pts\">6<\/td><\/tr><tr class=\"odd sp-row-no-2\"><td class=\"data-rank\" data-label=\"Pos\">3<\/td><td class=\"data-name has-logo\" data-label=\"Club\"><span class=\"team-logo\"><img loading=\"lazy\" decoding=\"async\" width=\"128\" height=\"37\" src=\"https:\/\/cabezadelbueydeportes.com\/wp-content\/uploads\/2023\/07\/chelin-128x37.jpg\" class=\"attachment-sportspress-fit-icon size-sportspress-fit-icon wp-post-image\" alt=\"\" \/><\/span>Chel\u00edn City<\/td><td class=\"data-p\" data-label=\"P\">3<\/td><td class=\"data-w\" data-label=\"G\">1<\/td><td class=\"data-d\" data-label=\"E\">1<\/td><td class=\"data-l\" data-label=\"P\">1<\/td><td class=\"data-f\" data-label=\"F\">11<\/td><td class=\"data-a\" data-label=\"C\">11<\/td><td class=\"data-gd\" data-label=\"DG\">0<\/td><td class=\"data-pts\" data-label=\"Pts\">4<\/td><\/tr><tr class=\"even sp-row-no-3\"><td class=\"data-rank\" data-label=\"Pos\">4<\/td><td class=\"data-name has-logo\" data-label=\"Club\"><span class=\"team-logo\"><img loading=\"lazy\" decoding=\"async\" width=\"128\" height=\"37\" src=\"https:\/\/cabezadelbueydeportes.com\/wp-content\/uploads\/2023\/07\/farfollas-128x37.jpg\" class=\"attachment-sportspress-fit-icon size-sportspress-fit-icon wp-post-image\" alt=\"\" \/><\/span>Los Farfollas<\/td><td class=\"data-p\" data-label=\"P\">3<\/td><td class=\"data-w\" data-label=\"G\">0<\/td><td class=\"data-d\" data-label=\"E\">1<\/td><td class=\"data-l\" data-label=\"P\">2<\/td><td class=\"data-f\" data-label=\"F\">7<\/td><td class=\"data-a\" data-label=\"C\">15<\/td><td class=\"data-gd\" data-label=\"DG\">-8<\/td><td class=\"data-pts\" data-label=\"Pts\">1<\/td><\/tr><\/tbody><\/table><\/div><\/div>\n<\/div>\n\n\n<div class=\"sportspress\"><div class=\"sp-template sp-template-league-table\">\n\t<h4 class=\"sp-table-caption\">Torneo F\u00fatbol Sala Grupo B<\/h4><div class=\"sp-table-wrapper\"><table class=\"sp-league-table sp-league-table-483 sp-data-table sp-sortable-table sp-scrollable-table sp-paginated-table\" data-sp-rows=\"14\"><thead><tr><th class=\"data-rank\">Pos<\/th><th class=\"data-name\">Club<\/th><th class=\"data-p\">P<\/th><th class=\"data-w\">G<\/th><th class=\"data-d\">E<\/th><th class=\"data-l\">P<\/th><th class=\"data-f\">F<\/th><th class=\"data-a\">C<\/th><th class=\"data-gd\">DG<\/th><th class=\"data-pts\">Pts<\/th><\/tr><\/thead><tbody><tr class=\"odd sp-row-no-0\"><td class=\"data-rank\" data-label=\"Pos\">1<\/td><td class=\"data-name has-logo\" data-label=\"Club\"><span class=\"team-logo\"><img loading=\"lazy\" decoding=\"async\" width=\"128\" height=\"91\" src=\"https:\/\/cabezadelbueydeportes.com\/wp-content\/uploads\/2023\/07\/podosalud-128x91.jpeg\" class=\"attachment-sportspress-fit-icon size-sportspress-fit-icon wp-post-image\" alt=\"\" \/><\/span>Podosalud<\/td><td class=\"data-p\" data-label=\"P\">3<\/td><td class=\"data-w\" data-label=\"G\">2<\/td><td class=\"data-d\" data-label=\"E\">1<\/td><td class=\"data-l\" data-label=\"P\">0<\/td><td class=\"data-f\" data-label=\"F\">9<\/td><td class=\"data-a\" data-label=\"C\">4<\/td><td class=\"data-gd\" data-label=\"DG\">5<\/td><td class=\"data-pts\" data-label=\"Pts\">7<\/td><\/tr><tr class=\"even sp-row-no-1\"><td class=\"data-rank\" data-label=\"Pos\">2<\/td><td class=\"data-name has-logo\" data-label=\"Club\"><span class=\"team-logo\"><img loading=\"lazy\" decoding=\"async\" width=\"128\" height=\"37\" src=\"https:\/\/cabezadelbueydeportes.com\/wp-content\/uploads\/2023\/07\/barrio-fs-128x37.jpg\" class=\"attachment-sportspress-fit-icon size-sportspress-fit-icon wp-post-image\" alt=\"\" \/><\/span>Barrio FS<\/td><td class=\"data-p\" data-label=\"P\">3<\/td><td class=\"data-w\" data-label=\"G\">1<\/td><td class=\"data-d\" data-label=\"E\">1<\/td><td class=\"data-l\" data-label=\"P\">1<\/td><td class=\"data-f\" data-label=\"F\">11<\/td><td class=\"data-a\" data-label=\"C\">7<\/td><td class=\"data-gd\" data-label=\"DG\">4<\/td><td class=\"data-pts\" data-label=\"Pts\">4<\/td><\/tr><tr class=\"odd sp-row-no-2\"><td class=\"data-rank\" data-label=\"Pos\">3<\/td><td class=\"data-name has-logo\" data-label=\"Club\"><span class=\"team-logo\"><img loading=\"lazy\" decoding=\"async\" width=\"128\" height=\"61\" src=\"https:\/\/cabezadelbueydeportes.com\/wp-content\/uploads\/2023\/07\/ABS-128x61.png\" class=\"attachment-sportspress-fit-icon size-sportspress-fit-icon wp-post-image\" alt=\"\" \/><\/span>ABS Inform\u00e1tica<\/td><td class=\"data-p\" data-label=\"P\">3<\/td><td class=\"data-w\" data-label=\"G\">0<\/td><td class=\"data-d\" data-label=\"E\">3<\/td><td class=\"data-l\" data-label=\"P\">0<\/td><td class=\"data-f\" data-label=\"F\">9<\/td><td class=\"data-a\" data-label=\"C\">9<\/td><td class=\"data-gd\" data-label=\"DG\">0<\/td><td class=\"data-pts\" data-label=\"Pts\">3<\/td><\/tr><tr class=\"even sp-row-no-3\"><td class=\"data-rank\" data-label=\"Pos\">4<\/td><td class=\"data-name has-logo\" data-label=\"Club\"><span class=\"team-logo\"><img loading=\"lazy\" decoding=\"async\" width=\"128\" height=\"80\" src=\"https:\/\/cabezadelbueydeportes.com\/wp-content\/uploads\/2023\/07\/strong-padel-logo-128x80.jpg\" class=\"attachment-sportspress-fit-icon size-sportspress-fit-icon wp-post-image\" alt=\"\" \/><\/span>Strong Padel<\/td><td class=\"data-p\" data-label=\"P\">3<\/td><td class=\"data-w\" data-label=\"G\">0<\/td><td class=\"data-d\" data-label=\"E\">1<\/td><td class=\"data-l\" data-label=\"P\">2<\/td><td class=\"data-f\" data-label=\"F\">5<\/td><td class=\"data-a\" data-label=\"C\">14<\/td><td class=\"data-gd\" data-label=\"DG\">-9<\/td><td class=\"data-pts\" data-label=\"Pts\">1<\/td><\/tr><\/tbody><\/table><\/div><\/div>\n<\/div>\n\n\n\n<h3 class=\"wp-block-heading\">Goleadores<\/h3>\n\n\n<div class=\"sportspress\"><h4 class=\"sp-table-caption\">Goleadores Torneo F\u00fatbol Sala<\/h4><div class=\"sp-template sp-template-player-list\"><div class=\"sp-table-wrapper\"><table class=\"sp-player-list sp-data-table sp-sortable-table sp-scrollable-table\" data-sp-rows=\"12\"><thead><tr><th class=\"data-name\">Jugador<\/th><th class=\"data-team\">Club<\/th><th class=\"data-appearances\">Jugados<\/th><th class=\"data-goals\">Goles<\/th><th class=\"data-winratio\">Ganados Ratio<\/th><th class=\"data-drawratio\">Espatados Ratio<\/th><th class=\"data-lossratio\">Perdidos Ratio<\/th><\/tr><\/thead><tbody><tr class=\"odd\"><td class=\"data-name has-photo\" data-label=\"Jugador\"><a href=\"https:\/\/cabezadelbueydeportes.com\/index.php\/player\/ablaye-sarr\/\"><span class=\"player-flag\"><img decoding=\"async\" src=\"https:\/\/cabezadelbueydeportes.com\/wp-content\/plugins\/sportspress\/assets\/images\/flags\/esp.png\" alt=\"esp\"><\/span>Ablaye Sarr<\/a><\/td><td class=\"data-team\" data-label=\"Club\">Chel\u00edn City<\/td><td class=\"data-appearances\" data-label=\"Jugados\">6<\/td><td class=\"data-goals\" data-label=\"Goles\">7<\/td><td class=\"data-winratio\" data-label=\"Ganados Ratio\">50.00<\/td><td class=\"data-drawratio\" data-label=\"Espatados Ratio\">16.67<\/td><td class=\"data-lossratio\" data-label=\"Perdidos Ratio\">33.33<\/td><\/tr><tr class=\"even\"><td class=\"data-name has-photo\" data-label=\"Jugador\"><a href=\"https:\/\/cabezadelbueydeportes.com\/index.php\/player\/francisco-indalecio-gonzalez-rayo\/\"><span class=\"player-flag\"><img decoding=\"async\" src=\"https:\/\/cabezadelbueydeportes.com\/wp-content\/plugins\/sportspress\/assets\/images\/flags\/esp.png\" alt=\"esp\"><\/span>Francisco Indalecio Gonz\u00e1lez Rayo<\/a><\/td><td class=\"data-team\" data-label=\"Club\">C\u00f3rner Burguer<\/td><td class=\"data-appearances\" data-label=\"Jugados\">4<\/td><td class=\"data-goals\" data-label=\"Goles\">6<\/td><td class=\"data-winratio\" data-label=\"Ganados Ratio\">50.00<\/td><td class=\"data-drawratio\" data-label=\"Espatados Ratio\">0.00<\/td><td class=\"data-lossratio\" data-label=\"Perdidos Ratio\">50.00<\/td><\/tr><tr class=\"odd\"><td class=\"data-name has-photo\" data-label=\"Jugador\"><a href=\"https:\/\/cabezadelbueydeportes.com\/index.php\/player\/alvaro-sosa\/\"><span class=\"player-flag\"><img decoding=\"async\" src=\"https:\/\/cabezadelbueydeportes.com\/wp-content\/plugins\/sportspress\/assets\/images\/flags\/esp.png\" alt=\"esp\"><\/span>\u00c1lvaro Mart\u00edn Bravo \u00abSosa\u00bb<\/a><\/td><td class=\"data-team\" data-label=\"Club\">C. Nando<\/td><td class=\"data-appearances\" data-label=\"Jugados\">4<\/td><td class=\"data-goals\" data-label=\"Goles\">6<\/td><td class=\"data-winratio\" data-label=\"Ganados Ratio\">50.00<\/td><td class=\"data-drawratio\" data-label=\"Espatados Ratio\">0.00<\/td><td class=\"data-lossratio\" data-label=\"Perdidos Ratio\">50.00<\/td><\/tr><tr class=\"even\"><td class=\"data-name has-photo\" data-label=\"Jugador\"><a href=\"https:\/\/cabezadelbueydeportes.com\/index.php\/player\/javier-mora-flores\/\"><span class=\"player-flag\"><img decoding=\"async\" src=\"https:\/\/cabezadelbueydeportes.com\/wp-content\/plugins\/sportspress\/assets\/images\/flags\/esp.png\" alt=\"esp\"><\/span>Javier Mora Flores<\/a><\/td><td class=\"data-team\" data-label=\"Club\">C\u00f3rner Burguer<\/td><td class=\"data-appearances\" data-label=\"Jugados\">4<\/td><td class=\"data-goals\" data-label=\"Goles\">4<\/td><td class=\"data-winratio\" data-label=\"Ganados Ratio\">50.00<\/td><td class=\"data-drawratio\" data-label=\"Espatados Ratio\">0.00<\/td><td class=\"data-lossratio\" data-label=\"Perdidos Ratio\">50.00<\/td><\/tr><tr class=\"odd\"><td class=\"data-name has-photo\" data-label=\"Jugador\"><a href=\"https:\/\/cabezadelbueydeportes.com\/index.php\/player\/jose-carlos-chavea\/\"><span class=\"player-flag\"><img decoding=\"async\" src=\"https:\/\/cabezadelbueydeportes.com\/wp-content\/plugins\/sportspress\/assets\/images\/flags\/esp.png\" alt=\"esp\"><\/span>Jos\u00e9 Carlos Tejero Ponce \u00abChavea\u00bb<\/a><\/td><td class=\"data-team\" data-label=\"Club\">ABS Inform\u00e1tica<\/td><td class=\"data-appearances\" data-label=\"Jugados\">5<\/td><td class=\"data-goals\" data-label=\"Goles\">4<\/td><td class=\"data-winratio\" data-label=\"Ganados Ratio\">60.00<\/td><td class=\"data-drawratio\" data-label=\"Espatados Ratio\">40.00<\/td><td class=\"data-lossratio\" data-label=\"Perdidos Ratio\">0.00<\/td><\/tr><tr class=\"even\"><td class=\"data-name has-photo\" data-label=\"Jugador\"><a href=\"https:\/\/cabezadelbueydeportes.com\/index.php\/player\/felipe-merchan-pozo\/\"><span class=\"player-flag\"><img decoding=\"async\" src=\"https:\/\/cabezadelbueydeportes.com\/wp-content\/plugins\/sportspress\/assets\/images\/flags\/esp.png\" alt=\"esp\"><\/span>Felipe Merch\u00e1n Pozo<\/a><\/td><td class=\"data-team\" data-label=\"Club\">Barrio FS<\/td><td class=\"data-appearances\" data-label=\"Jugados\">4<\/td><td class=\"data-goals\" data-label=\"Goles\">4<\/td><td class=\"data-winratio\" data-label=\"Ganados Ratio\">25.00<\/td><td class=\"data-drawratio\" data-label=\"Espatados Ratio\">25.00<\/td><td class=\"data-lossratio\" data-label=\"Perdidos Ratio\">50.00<\/td><\/tr><tr class=\"odd\"><td class=\"data-name has-photo\" data-label=\"Jugador\"><a href=\"https:\/\/cabezadelbueydeportes.com\/index.php\/player\/jose-alberto-cendrero-delgado\/\"><span class=\"player-flag\"><img decoding=\"async\" src=\"https:\/\/cabezadelbueydeportes.com\/wp-content\/plugins\/sportspress\/assets\/images\/flags\/esp.png\" alt=\"esp\"><\/span>Jos\u00e9 Alberto Cendrero Delgado<\/a><\/td><td class=\"data-team\" data-label=\"Club\">Barrio FS<\/td><td class=\"data-appearances\" data-label=\"Jugados\">4<\/td><td class=\"data-goals\" data-label=\"Goles\">4<\/td><td class=\"data-winratio\" data-label=\"Ganados Ratio\">25.00<\/td><td class=\"data-drawratio\" data-label=\"Espatados Ratio\">25.00<\/td><td class=\"data-lossratio\" data-label=\"Perdidos Ratio\">50.00<\/td><\/tr><tr class=\"even\"><td class=\"data-name has-photo\" data-label=\"Jugador\"><a href=\"https:\/\/cabezadelbueydeportes.com\/index.php\/player\/alejandro-guerrero-lorenzo\/\"><span class=\"player-flag\"><img decoding=\"async\" src=\"https:\/\/cabezadelbueydeportes.com\/wp-content\/plugins\/sportspress\/assets\/images\/flags\/esp.png\" alt=\"esp\"><\/span>Alejandro Guerrero Lorenzo<\/a><\/td><td class=\"data-team\" data-label=\"Club\">Strong Padel<\/td><td class=\"data-appearances\" data-label=\"Jugados\">6<\/td><td class=\"data-goals\" data-label=\"Goles\">4<\/td><td class=\"data-winratio\" data-label=\"Ganados Ratio\">33.33<\/td><td class=\"data-drawratio\" data-label=\"Espatados Ratio\">16.67<\/td><td class=\"data-lossratio\" data-label=\"Perdidos Ratio\">50.00<\/td><\/tr><tr class=\"odd\"><td class=\"data-name has-photo\" data-label=\"Jugador\"><a href=\"https:\/\/cabezadelbueydeportes.com\/index.php\/player\/antonio-martin\/\"><span class=\"player-flag\"><img decoding=\"async\" src=\"https:\/\/cabezadelbueydeportes.com\/wp-content\/plugins\/sportspress\/assets\/images\/flags\/esp.png\" alt=\"esp\"><\/span>Antonio Mart\u00edn<\/a><\/td><td class=\"data-team\" data-label=\"Club\">Chel\u00edn City<\/td><td class=\"data-appearances\" data-label=\"Jugados\">6<\/td><td class=\"data-goals\" data-label=\"Goles\">4<\/td><td class=\"data-winratio\" data-label=\"Ganados Ratio\">50.00<\/td><td class=\"data-drawratio\" data-label=\"Espatados Ratio\">16.67<\/td><td class=\"data-lossratio\" data-label=\"Perdidos Ratio\">33.33<\/td><\/tr><tr class=\"even\"><td class=\"data-name has-photo\" data-label=\"Jugador\"><a href=\"https:\/\/cabezadelbueydeportes.com\/index.php\/player\/jose-burgos\/\"><span class=\"player-flag\"><img decoding=\"async\" src=\"https:\/\/cabezadelbueydeportes.com\/wp-content\/plugins\/sportspress\/assets\/images\/flags\/col.png\" alt=\"col\"><\/span>Jos\u00e9 Burgos<\/a><\/td><td class=\"data-team\" data-label=\"Club\">C. Nando<\/td><td class=\"data-appearances\" data-label=\"Jugados\">4<\/td><td class=\"data-goals\" data-label=\"Goles\">4<\/td><td class=\"data-winratio\" data-label=\"Ganados Ratio\">0.00<\/td><td class=\"data-drawratio\" data-label=\"Espatados Ratio\">25.00<\/td><td class=\"data-lossratio\" data-label=\"Perdidos Ratio\">75.00<\/td><\/tr><tr class=\"odd\"><td class=\"data-name has-photo\" data-label=\"Jugador\"><a href=\"https:\/\/cabezadelbueydeportes.com\/index.php\/player\/jaime-diaz-garcia\/\"><span class=\"player-flag\"><img decoding=\"async\" src=\"https:\/\/cabezadelbueydeportes.com\/wp-content\/plugins\/sportspress\/assets\/images\/flags\/esp.png\" alt=\"esp\"><\/span>Jaime D\u00edaz Garc\u00eda<\/a><\/td><td class=\"data-team\" data-label=\"Club\">Podosalud<\/td><td class=\"data-appearances\" data-label=\"Jugados\">6<\/td><td class=\"data-goals\" data-label=\"Goles\">3<\/td><td class=\"data-winratio\" data-label=\"Ganados Ratio\">50.00<\/td><td class=\"data-drawratio\" data-label=\"Espatados Ratio\">16.67<\/td><td class=\"data-lossratio\" data-label=\"Perdidos Ratio\">33.33<\/td><\/tr><tr class=\"even\"><td class=\"data-name has-photo\" data-label=\"Jugador\"><a href=\"https:\/\/cabezadelbueydeportes.com\/index.php\/player\/alberto-donaire-sanchez\/\"><span class=\"player-flag\"><img decoding=\"async\" src=\"https:\/\/cabezadelbueydeportes.com\/wp-content\/plugins\/sportspress\/assets\/images\/flags\/esp.png\" alt=\"esp\"><\/span>Alberto Donaire S\u00e1nchez<\/a><\/td><td class=\"data-team\" data-label=\"Club\">Podosalud<\/td><td class=\"data-appearances\" data-label=\"Jugados\">6<\/td><td class=\"data-goals\" data-label=\"Goles\">3<\/td><td class=\"data-winratio\" data-label=\"Ganados Ratio\">50.00<\/td><td class=\"data-drawratio\" data-label=\"Espatados Ratio\">16.67<\/td><td class=\"data-lossratio\" data-label=\"Perdidos Ratio\">33.33<\/td><\/tr><tr class=\"odd\"><td class=\"data-name has-photo\" data-label=\"Jugador\"><a href=\"https:\/\/cabezadelbueydeportes.com\/index.php\/player\/alejandro-ortiz-naharro\/\"><span class=\"player-flag\"><img decoding=\"async\" src=\"https:\/\/cabezadelbueydeportes.com\/wp-content\/plugins\/sportspress\/assets\/images\/flags\/esp.png\" alt=\"esp\"><\/span>Alejandro Ortiz Naharro<\/a><\/td><td class=\"data-team\" data-label=\"Club\">ABS Inform\u00e1tica<\/td><td class=\"data-appearances\" data-label=\"Jugados\">5<\/td><td class=\"data-goals\" data-label=\"Goles\">3<\/td><td class=\"data-winratio\" data-label=\"Ganados Ratio\">60.00<\/td><td class=\"data-drawratio\" data-label=\"Espatados Ratio\">40.00<\/td><td class=\"data-lossratio\" data-label=\"Perdidos Ratio\">0.00<\/td><\/tr><tr class=\"even\"><td class=\"data-name has-photo\" data-label=\"Jugador\"><a href=\"https:\/\/cabezadelbueydeportes.com\/index.php\/player\/ambas-taouati\/\"><span class=\"player-flag\"><img decoding=\"async\" src=\"https:\/\/cabezadelbueydeportes.com\/wp-content\/plugins\/sportspress\/assets\/images\/flags\/esp.png\" alt=\"esp\"><\/span>Annas Taouati<\/a><\/td><td class=\"data-team\" data-label=\"Club\">Strong Padel<\/td><td class=\"data-appearances\" data-label=\"Jugados\">6<\/td><td class=\"data-goals\" data-label=\"Goles\">3<\/td><td class=\"data-winratio\" data-label=\"Ganados Ratio\">33.33<\/td><td class=\"data-drawratio\" data-label=\"Espatados Ratio\">16.67<\/td><td class=\"data-lossratio\" data-label=\"Perdidos Ratio\">50.00<\/td><\/tr><tr class=\"odd\"><td class=\"data-name has-photo\" data-label=\"Jugador\"><a href=\"https:\/\/cabezadelbueydeportes.com\/index.php\/player\/victor-sanchez-arevalo-socio\/\"><span class=\"player-flag\"><img decoding=\"async\" src=\"https:\/\/cabezadelbueydeportes.com\/wp-content\/plugins\/sportspress\/assets\/images\/flags\/esp.png\" alt=\"esp\"><\/span>V\u00edctor Manuel S\u00e1nchez-Ar\u00e9valo Ruiz \u00abSocio\u00bb<\/a><\/td><td class=\"data-team\" data-label=\"Club\">ABS Inform\u00e1tica<\/td><td class=\"data-appearances\" data-label=\"Jugados\">6<\/td><td class=\"data-goals\" data-label=\"Goles\">3<\/td><td class=\"data-winratio\" data-label=\"Ganados Ratio\">50.00<\/td><td class=\"data-drawratio\" data-label=\"Espatados Ratio\">16.67<\/td><td class=\"data-lossratio\" data-label=\"Perdidos Ratio\">33.33<\/td><\/tr><tr class=\"even\"><td class=\"data-name has-photo\" data-label=\"Jugador\"><a href=\"https:\/\/cabezadelbueydeportes.com\/index.php\/player\/raul-balsera\/\"><span class=\"player-flag\"><img decoding=\"async\" src=\"https:\/\/cabezadelbueydeportes.com\/wp-content\/plugins\/sportspress\/assets\/images\/flags\/esp.png\" alt=\"esp\"><\/span>Ra\u00fal Balsera<\/a><\/td><td class=\"data-team\" data-label=\"Club\">ABS Inform\u00e1tica<\/td><td class=\"data-appearances\" data-label=\"Jugados\">4<\/td><td class=\"data-goals\" data-label=\"Goles\">3<\/td><td class=\"data-winratio\" data-label=\"Ganados Ratio\">50.00<\/td><td class=\"data-drawratio\" data-label=\"Espatados Ratio\">0.00<\/td><td class=\"data-lossratio\" data-label=\"Perdidos Ratio\">50.00<\/td><\/tr><tr class=\"odd\"><td class=\"data-name has-photo\" data-label=\"Jugador\"><a href=\"https:\/\/cabezadelbueydeportes.com\/index.php\/player\/carlos-fuentes\/\"><span class=\"player-flag\"><img decoding=\"async\" src=\"https:\/\/cabezadelbueydeportes.com\/wp-content\/plugins\/sportspress\/assets\/images\/flags\/esp.png\" alt=\"esp\"><\/span>Carlos Fuentes<\/a><\/td><td class=\"data-team\" data-label=\"Club\">Los Farfollas<\/td><td class=\"data-appearances\" data-label=\"Jugados\">4<\/td><td class=\"data-goals\" data-label=\"Goles\">3<\/td><td class=\"data-winratio\" data-label=\"Ganados Ratio\">0.00<\/td><td class=\"data-drawratio\" data-label=\"Espatados Ratio\">25.00<\/td><td class=\"data-lossratio\" data-label=\"Perdidos Ratio\">75.00<\/td><\/tr><tr class=\"even\"><td class=\"data-name has-photo\" data-label=\"Jugador\"><a href=\"https:\/\/cabezadelbueydeportes.com\/index.php\/player\/juan-manuel-rico-sereno\/\"><span class=\"player-flag\"><img decoding=\"async\" src=\"https:\/\/cabezadelbueydeportes.com\/wp-content\/plugins\/sportspress\/assets\/images\/flags\/esp.png\" alt=\"esp\"><\/span>Juan Manuel Rico Sereno \u00abMan\u00e9\u00bb<\/a><\/td><td class=\"data-team\" data-label=\"Club\">ABS Inform\u00e1tica<\/td><td class=\"data-appearances\" data-label=\"Jugados\">4<\/td><td class=\"data-goals\" data-label=\"Goles\">2<\/td><td class=\"data-winratio\" data-label=\"Ganados Ratio\">75.00<\/td><td class=\"data-drawratio\" data-label=\"Espatados Ratio\">25.00<\/td><td class=\"data-lossratio\" data-label=\"Perdidos Ratio\">0.00<\/td><\/tr><tr class=\"odd\"><td class=\"data-name has-photo\" data-label=\"Jugador\"><a href=\"https:\/\/cabezadelbueydeportes.com\/index.php\/player\/francisco-jose-sierra-munoz\/\"><span class=\"player-flag\"><img decoding=\"async\" src=\"https:\/\/cabezadelbueydeportes.com\/wp-content\/plugins\/sportspress\/assets\/images\/flags\/esp.png\" alt=\"esp\"><\/span>Francisco Jos\u00e9 Sierra Mu\u00f1oz<\/a><\/td><td class=\"data-team\" data-label=\"Club\">Barrio FS<\/td><td class=\"data-appearances\" data-label=\"Jugados\">4<\/td><td class=\"data-goals\" data-label=\"Goles\">2<\/td><td class=\"data-winratio\" data-label=\"Ganados Ratio\">25.00<\/td><td class=\"data-drawratio\" data-label=\"Espatados Ratio\">25.00<\/td><td class=\"data-lossratio\" data-label=\"Perdidos Ratio\">50.00<\/td><\/tr><tr class=\"even\"><td class=\"data-name has-photo\" data-label=\"Jugador\"><a href=\"https:\/\/cabezadelbueydeportes.com\/index.php\/player\/cristian-ramos-vigara\/\"><span class=\"player-flag\"><img decoding=\"async\" src=\"https:\/\/cabezadelbueydeportes.com\/wp-content\/plugins\/sportspress\/assets\/images\/flags\/esp.png\" alt=\"esp\"><\/span>Cristian Ramos Vigara<\/a><\/td><td class=\"data-team\" data-label=\"Club\">Podosalud<\/td><td class=\"data-appearances\" data-label=\"Jugados\">6<\/td><td class=\"data-goals\" data-label=\"Goles\">2<\/td><td class=\"data-winratio\" data-label=\"Ganados Ratio\">50.00<\/td><td class=\"data-drawratio\" data-label=\"Espatados Ratio\">16.67<\/td><td class=\"data-lossratio\" data-label=\"Perdidos Ratio\">33.33<\/td><\/tr><tr class=\"odd\"><td class=\"data-name has-photo\" data-label=\"Jugador\"><a href=\"https:\/\/cabezadelbueydeportes.com\/index.php\/player\/alvaro-diaz-romero\/\"><span class=\"player-flag\"><img decoding=\"async\" src=\"https:\/\/cabezadelbueydeportes.com\/wp-content\/plugins\/sportspress\/assets\/images\/flags\/esp.png\" alt=\"esp\"><\/span>\u00c1lvaro D\u00edaz Romero<\/a><\/td><td class=\"data-team\" data-label=\"Club\">ABS Inform\u00e1tica<\/td><td class=\"data-appearances\" data-label=\"Jugados\">4<\/td><td class=\"data-goals\" data-label=\"Goles\">2<\/td><td class=\"data-winratio\" data-label=\"Ganados Ratio\">75.00<\/td><td class=\"data-drawratio\" data-label=\"Espatados Ratio\">25.00<\/td><td class=\"data-lossratio\" data-label=\"Perdidos Ratio\">0.00<\/td><\/tr><tr class=\"even\"><td class=\"data-name has-photo\" data-label=\"Jugador\"><a href=\"https:\/\/cabezadelbueydeportes.com\/index.php\/player\/adrian-ramos-recio\/\"><span class=\"player-flag\"><img decoding=\"async\" src=\"https:\/\/cabezadelbueydeportes.com\/wp-content\/plugins\/sportspress\/assets\/images\/flags\/esp.png\" alt=\"esp\"><\/span>Adri\u00e1n Ramos Recio<\/a><\/td><td class=\"data-team\" data-label=\"Club\">Strong Padel<\/td><td class=\"data-appearances\" data-label=\"Jugados\">6<\/td><td class=\"data-goals\" data-label=\"Goles\">2<\/td><td class=\"data-winratio\" data-label=\"Ganados Ratio\">33.33<\/td><td class=\"data-drawratio\" data-label=\"Espatados Ratio\">16.67<\/td><td class=\"data-lossratio\" data-label=\"Perdidos Ratio\">50.00<\/td><\/tr><tr class=\"odd\"><td class=\"data-name has-photo\" data-label=\"Jugador\"><a href=\"https:\/\/cabezadelbueydeportes.com\/index.php\/player\/juan-angel-calderon\/\"><span class=\"player-flag\"><img decoding=\"async\" src=\"https:\/\/cabezadelbueydeportes.com\/wp-content\/plugins\/sportspress\/assets\/images\/flags\/esp.png\" alt=\"esp\"><\/span>Juan Angel Calder\u00f3n<\/a><\/td><td class=\"data-team\" data-label=\"Club\">Chel\u00edn City<\/td><td class=\"data-appearances\" data-label=\"Jugados\">6<\/td><td class=\"data-goals\" data-label=\"Goles\">2<\/td><td class=\"data-winratio\" data-label=\"Ganados Ratio\">50.00<\/td><td class=\"data-drawratio\" data-label=\"Espatados Ratio\">16.67<\/td><td class=\"data-lossratio\" data-label=\"Perdidos Ratio\">33.33<\/td><\/tr><tr class=\"even\"><td class=\"data-name has-photo\" data-label=\"Jugador\"><a href=\"https:\/\/cabezadelbueydeportes.com\/index.php\/player\/alejandro-tena\/\"><span class=\"player-flag\"><img decoding=\"async\" src=\"https:\/\/cabezadelbueydeportes.com\/wp-content\/plugins\/sportspress\/assets\/images\/flags\/esp.png\" alt=\"esp\"><\/span>Alejandro Tena<\/a><\/td><td class=\"data-team\" data-label=\"Club\">Chel\u00edn City<\/td><td class=\"data-appearances\" data-label=\"Jugados\">6<\/td><td class=\"data-goals\" data-label=\"Goles\">2<\/td><td class=\"data-winratio\" data-label=\"Ganados Ratio\">50.00<\/td><td class=\"data-drawratio\" data-label=\"Espatados Ratio\">16.67<\/td><td class=\"data-lossratio\" data-label=\"Perdidos Ratio\">33.33<\/td><\/tr><tr class=\"odd\"><td class=\"data-name has-photo\" data-label=\"Jugador\"><a href=\"https:\/\/cabezadelbueydeportes.com\/index.php\/player\/juan-luis-custorio\/\"><span class=\"player-flag\"><img decoding=\"async\" src=\"https:\/\/cabezadelbueydeportes.com\/wp-content\/plugins\/sportspress\/assets\/images\/flags\/esp.png\" alt=\"esp\"><\/span>Juan Luis Custorio<\/a><\/td><td class=\"data-team\" data-label=\"Club\">Chel\u00edn City<\/td><td class=\"data-appearances\" data-label=\"Jugados\">6<\/td><td class=\"data-goals\" data-label=\"Goles\">2<\/td><td class=\"data-winratio\" data-label=\"Ganados Ratio\">50.00<\/td><td class=\"data-drawratio\" data-label=\"Espatados Ratio\">16.67<\/td><td class=\"data-lossratio\" data-label=\"Perdidos Ratio\">33.33<\/td><\/tr><tr class=\"even\"><td class=\"data-name has-photo\" data-label=\"Jugador\"><a href=\"https:\/\/cabezadelbueydeportes.com\/index.php\/player\/alberto-leon\/\"><span class=\"player-flag\"><img decoding=\"async\" src=\"https:\/\/cabezadelbueydeportes.com\/wp-content\/plugins\/sportspress\/assets\/images\/flags\/esp.png\" alt=\"esp\"><\/span>Alberto Le\u00f3n<\/a><\/td><td class=\"data-team\" data-label=\"Club\">Chel\u00edn City<\/td><td class=\"data-appearances\" data-label=\"Jugados\">6<\/td><td class=\"data-goals\" data-label=\"Goles\">2<\/td><td class=\"data-winratio\" data-label=\"Ganados Ratio\">50.00<\/td><td class=\"data-drawratio\" data-label=\"Espatados Ratio\">16.67<\/td><td class=\"data-lossratio\" data-label=\"Perdidos Ratio\">33.33<\/td><\/tr><tr class=\"odd\"><td class=\"data-name has-photo\" data-label=\"Jugador\"><a href=\"https:\/\/cabezadelbueydeportes.com\/index.php\/player\/victor-munoz-muni\/\"><span class=\"player-flag\"><img decoding=\"async\" src=\"https:\/\/cabezadelbueydeportes.com\/wp-content\/plugins\/sportspress\/assets\/images\/flags\/esp.png\" alt=\"esp\"><\/span>Victor Mu\u00f1oz \u00abMuni\u00bb<\/a><\/td><td class=\"data-team\" data-label=\"Club\">Podosalud<\/td><td class=\"data-appearances\" data-label=\"Jugados\">5<\/td><td class=\"data-goals\" data-label=\"Goles\">2<\/td><td class=\"data-winratio\" data-label=\"Ganados Ratio\">40.00<\/td><td class=\"data-drawratio\" data-label=\"Espatados Ratio\">20.00<\/td><td class=\"data-lossratio\" data-label=\"Perdidos Ratio\">40.00<\/td><\/tr><tr class=\"even\"><td class=\"data-name has-photo\" data-label=\"Jugador\"><a href=\"https:\/\/cabezadelbueydeportes.com\/index.php\/player\/alejandro-gallardo\/\"><span class=\"player-flag\"><img decoding=\"async\" src=\"https:\/\/cabezadelbueydeportes.com\/wp-content\/plugins\/sportspress\/assets\/images\/flags\/esp.png\" alt=\"esp\"><\/span>Alejandro Gallardo<\/a><\/td><td class=\"data-team\" data-label=\"Club\">Chel\u00edn City<\/td><td class=\"data-appearances\" data-label=\"Jugados\">4<\/td><td class=\"data-goals\" data-label=\"Goles\">2<\/td><td class=\"data-winratio\" data-label=\"Ganados Ratio\">50.00<\/td><td class=\"data-drawratio\" data-label=\"Espatados Ratio\">25.00<\/td><td class=\"data-lossratio\" data-label=\"Perdidos Ratio\">25.00<\/td><\/tr><tr class=\"odd\"><td class=\"data-name has-photo\" data-label=\"Jugador\"><a href=\"https:\/\/cabezadelbueydeportes.com\/index.php\/player\/jose-manuel-xoxe\/\"><span class=\"player-flag\"><img decoding=\"async\" src=\"https:\/\/cabezadelbueydeportes.com\/wp-content\/plugins\/sportspress\/assets\/images\/flags\/esp.png\" alt=\"esp\"><\/span>Jose Manuel Calvo-Fernandez Calvo de Mora \u00abXoxe\u00bb<\/a><\/td><td class=\"data-team\" data-label=\"Club\">ABS Inform\u00e1tica<\/td><td class=\"data-appearances\" data-label=\"Jugados\">6<\/td><td class=\"data-goals\" data-label=\"Goles\">2<\/td><td class=\"data-winratio\" data-label=\"Ganados Ratio\">50.00<\/td><td class=\"data-drawratio\" data-label=\"Espatados Ratio\">16.67<\/td><td class=\"data-lossratio\" data-label=\"Perdidos Ratio\">33.33<\/td><\/tr><tr class=\"even\"><td class=\"data-name has-photo\" data-label=\"Jugador\"><a href=\"https:\/\/cabezadelbueydeportes.com\/index.php\/player\/carlos\/\"><span class=\"player-flag\"><img decoding=\"async\" src=\"https:\/\/cabezadelbueydeportes.com\/wp-content\/plugins\/sportspress\/assets\/images\/flags\/esp.png\" alt=\"esp\"><\/span>Carlos Calder\u00f3n Castro<\/a><\/td><td class=\"data-team\" data-label=\"Club\">ABS Inform\u00e1tica<\/td><td class=\"data-appearances\" data-label=\"Jugados\">6<\/td><td class=\"data-goals\" data-label=\"Goles\">2<\/td><td class=\"data-winratio\" data-label=\"Ganados Ratio\">50.00<\/td><td class=\"data-drawratio\" data-label=\"Espatados Ratio\">50.00<\/td><td class=\"data-lossratio\" data-label=\"Perdidos Ratio\">0.00<\/td><\/tr><tr class=\"odd\"><td class=\"data-name has-photo\" data-label=\"Jugador\"><a href=\"https:\/\/cabezadelbueydeportes.com\/index.php\/player\/david-calvo-nando\/\"><span class=\"player-flag\"><img decoding=\"async\" src=\"https:\/\/cabezadelbueydeportes.com\/wp-content\/plugins\/sportspress\/assets\/images\/flags\/esp.png\" alt=\"esp\"><\/span>David Calvo Mart\u00edn-Doimeadi\u00f3s \u00abNando\u00bb<\/a><\/td><td class=\"data-team\" data-label=\"Club\">C. Nando<\/td><td class=\"data-appearances\" data-label=\"Jugados\">4<\/td><td class=\"data-goals\" data-label=\"Goles\">2<\/td><td class=\"data-winratio\" data-label=\"Ganados Ratio\">50.00<\/td><td class=\"data-drawratio\" data-label=\"Espatados Ratio\">0.00<\/td><td class=\"data-lossratio\" data-label=\"Perdidos Ratio\">50.00<\/td><\/tr><tr class=\"even\"><td class=\"data-name has-photo\" data-label=\"Jugador\"><a href=\"https:\/\/cabezadelbueydeportes.com\/index.php\/player\/cesar\/\"><span class=\"player-flag\"><img decoding=\"async\" src=\"https:\/\/cabezadelbueydeportes.com\/wp-content\/plugins\/sportspress\/assets\/images\/flags\/esp.png\" alt=\"esp\"><\/span>C\u00e9sar Mora Mu\u00f1oz-Reja<\/a><\/td><td class=\"data-team\" data-label=\"Club\">Calzados Nando<\/td><td class=\"data-appearances\" data-label=\"Jugados\">4<\/td><td class=\"data-goals\" data-label=\"Goles\">2<\/td><td class=\"data-winratio\" data-label=\"Ganados Ratio\">50.00<\/td><td class=\"data-drawratio\" data-label=\"Espatados Ratio\">0.00<\/td><td class=\"data-lossratio\" data-label=\"Perdidos Ratio\">50.00<\/td><\/tr><tr class=\"odd\"><td class=\"data-name has-photo\" data-label=\"Jugador\"><a href=\"https:\/\/cabezadelbueydeportes.com\/index.php\/player\/adrian-osorio\/\"><span class=\"player-flag\"><img decoding=\"async\" src=\"https:\/\/cabezadelbueydeportes.com\/wp-content\/plugins\/sportspress\/assets\/images\/flags\/mda.png\" alt=\"mda\"><\/span><span class=\"player-flag\"><img decoding=\"async\" src=\"https:\/\/cabezadelbueydeportes.com\/wp-content\/plugins\/sportspress\/assets\/images\/flags\/esp.png\" alt=\"esp\"><\/span>Adri\u00e1n Osorio Ceb\u00e1n<\/a><\/td><td class=\"data-team\" data-label=\"Club\">Calzados Nando<\/td><td class=\"data-appearances\" data-label=\"Jugados\">4<\/td><td class=\"data-goals\" data-label=\"Goles\">2<\/td><td class=\"data-winratio\" data-label=\"Ganados Ratio\">50.00<\/td><td class=\"data-drawratio\" data-label=\"Espatados Ratio\">0.00<\/td><td class=\"data-lossratio\" data-label=\"Perdidos Ratio\">50.00<\/td><\/tr><tr class=\"even\"><td class=\"data-name has-photo\" data-label=\"Jugador\"><a href=\"https:\/\/cabezadelbueydeportes.com\/index.php\/player\/sergio-bravo-de-medina\/\"><span class=\"player-flag\"><img decoding=\"async\" src=\"https:\/\/cabezadelbueydeportes.com\/wp-content\/plugins\/sportspress\/assets\/images\/flags\/esp.png\" alt=\"esp\"><\/span>Sergio Bravo de Medina Matarredona<\/a><\/td><td class=\"data-team\" data-label=\"Club\">ABS Inform\u00e1tica<\/td><td class=\"data-appearances\" data-label=\"Jugados\">6<\/td><td class=\"data-goals\" data-label=\"Goles\">2<\/td><td class=\"data-winratio\" data-label=\"Ganados Ratio\">50.00<\/td><td class=\"data-drawratio\" data-label=\"Espatados Ratio\">16.67<\/td><td class=\"data-lossratio\" data-label=\"Perdidos Ratio\">33.33<\/td><\/tr><tr class=\"odd\"><td class=\"data-name has-photo\" data-label=\"Jugador\"><a href=\"https:\/\/cabezadelbueydeportes.com\/index.php\/player\/mario-sanchez-zazo\/\"><span class=\"player-flag\"><img decoding=\"async\" src=\"https:\/\/cabezadelbueydeportes.com\/wp-content\/plugins\/sportspress\/assets\/images\/flags\/esp.png\" alt=\"esp\"><\/span>Mario S\u00e1nchez Zazo<\/a><\/td><td class=\"data-team\" data-label=\"Club\">C\u00f3rner Burguer<\/td><td class=\"data-appearances\" data-label=\"Jugados\">4<\/td><td class=\"data-goals\" data-label=\"Goles\">1<\/td><td class=\"data-winratio\" data-label=\"Ganados Ratio\">50.00<\/td><td class=\"data-drawratio\" data-label=\"Espatados Ratio\">0.00<\/td><td class=\"data-lossratio\" data-label=\"Perdidos Ratio\">50.00<\/td><\/tr><tr class=\"even\"><td class=\"data-name has-photo\" data-label=\"Jugador\"><a href=\"https:\/\/cabezadelbueydeportes.com\/index.php\/player\/pedro-garcia-castillo\/\"><span class=\"player-flag\"><img decoding=\"async\" src=\"https:\/\/cabezadelbueydeportes.com\/wp-content\/plugins\/sportspress\/assets\/images\/flags\/esp.png\" alt=\"esp\"><\/span>Pedro Garc\u00eda Castillo<\/a><\/td><td class=\"data-team\" data-label=\"Club\">C\u00f3rner Burguer<\/td><td class=\"data-appearances\" data-label=\"Jugados\">4<\/td><td class=\"data-goals\" data-label=\"Goles\">1<\/td><td class=\"data-winratio\" data-label=\"Ganados Ratio\">50.00<\/td><td class=\"data-drawratio\" data-label=\"Espatados Ratio\">0.00<\/td><td class=\"data-lossratio\" data-label=\"Perdidos Ratio\">50.00<\/td><\/tr><tr class=\"odd\"><td class=\"data-name has-photo\" data-label=\"Jugador\"><a href=\"https:\/\/cabezadelbueydeportes.com\/index.php\/player\/juan-carlos-prieto-do-nacimiento\/\"><span class=\"player-flag\"><img decoding=\"async\" src=\"https:\/\/cabezadelbueydeportes.com\/wp-content\/plugins\/sportspress\/assets\/images\/flags\/esp.png\" alt=\"esp\"><\/span>Juan Carlos Prieto do Nacimiento<\/a><\/td><td class=\"data-team\" data-label=\"Club\">C\u00f3rner Burguer<\/td><td class=\"data-appearances\" data-label=\"Jugados\">4<\/td><td class=\"data-goals\" data-label=\"Goles\">1<\/td><td class=\"data-winratio\" data-label=\"Ganados Ratio\">50.00<\/td><td class=\"data-drawratio\" data-label=\"Espatados Ratio\">0.00<\/td><td class=\"data-lossratio\" data-label=\"Perdidos Ratio\">50.00<\/td><\/tr><tr class=\"even\"><td class=\"data-name has-photo\" data-label=\"Jugador\"><a href=\"https:\/\/cabezadelbueydeportes.com\/index.php\/player\/jose-carlos-santos-naharro\/\"><span class=\"player-flag\"><img decoding=\"async\" src=\"https:\/\/cabezadelbueydeportes.com\/wp-content\/plugins\/sportspress\/assets\/images\/flags\/esp.png\" alt=\"esp\"><\/span>Jos\u00e9 Carlos Santos Naharro<\/a><\/td><td class=\"data-team\" data-label=\"Club\">ABS Inform\u00e1tica<\/td><td class=\"data-appearances\" data-label=\"Jugados\">6<\/td><td class=\"data-goals\" data-label=\"Goles\">1<\/td><td class=\"data-winratio\" data-label=\"Ganados Ratio\">50.00<\/td><td class=\"data-drawratio\" data-label=\"Espatados Ratio\">50.00<\/td><td class=\"data-lossratio\" data-label=\"Perdidos Ratio\">0.00<\/td><\/tr><tr class=\"odd\"><td class=\"data-name has-photo\" data-label=\"Jugador\"><a href=\"https:\/\/cabezadelbueydeportes.com\/index.php\/player\/manuel-garcia-bermejo\/\"><span class=\"player-flag\"><img decoding=\"async\" src=\"https:\/\/cabezadelbueydeportes.com\/wp-content\/plugins\/sportspress\/assets\/images\/flags\/esp.png\" alt=\"esp\"><\/span>Manuel Garc\u00eda Bermejo<\/a><\/td><td class=\"data-team\" data-label=\"Club\">Los Farfollas<\/td><td class=\"data-appearances\" data-label=\"Jugados\">4<\/td><td class=\"data-goals\" data-label=\"Goles\">1<\/td><td class=\"data-winratio\" data-label=\"Ganados Ratio\">0.00<\/td><td class=\"data-drawratio\" data-label=\"Espatados Ratio\">25.00<\/td><td class=\"data-lossratio\" data-label=\"Perdidos Ratio\">75.00<\/td><\/tr><tr class=\"even\"><td class=\"data-name has-photo\" data-label=\"Jugador\"><a href=\"https:\/\/cabezadelbueydeportes.com\/index.php\/player\/manuel-morgado-garcia-gil\/\"><span class=\"player-flag\"><img decoding=\"async\" src=\"https:\/\/cabezadelbueydeportes.com\/wp-content\/plugins\/sportspress\/assets\/images\/flags\/esp.png\" alt=\"esp\"><\/span>Manuel Morgado Garc\u00eda-Gil<\/a><\/td><td class=\"data-team\" data-label=\"Club\">Los Farfollas<\/td><td class=\"data-appearances\" data-label=\"Jugados\">4<\/td><td class=\"data-goals\" data-label=\"Goles\">1<\/td><td class=\"data-winratio\" data-label=\"Ganados Ratio\">0.00<\/td><td class=\"data-drawratio\" data-label=\"Espatados Ratio\">25.00<\/td><td class=\"data-lossratio\" data-label=\"Perdidos Ratio\">75.00<\/td><\/tr><tr class=\"odd\"><td class=\"data-name has-photo\" data-label=\"Jugador\"><a href=\"https:\/\/cabezadelbueydeportes.com\/index.php\/player\/alvaro-verde-camacho\/\"><span class=\"player-flag\"><img decoding=\"async\" src=\"https:\/\/cabezadelbueydeportes.com\/wp-content\/plugins\/sportspress\/assets\/images\/flags\/esp.png\" alt=\"esp\"><\/span>\u00c1lvaro Verde Camacho<\/a><\/td><td class=\"data-team\" data-label=\"Club\">Barrio FS<\/td><td class=\"data-appearances\" data-label=\"Jugados\">4<\/td><td class=\"data-goals\" data-label=\"Goles\">1<\/td><td class=\"data-winratio\" data-label=\"Ganados Ratio\">25.00<\/td><td class=\"data-drawratio\" data-label=\"Espatados Ratio\">25.00<\/td><td class=\"data-lossratio\" data-label=\"Perdidos Ratio\">50.00<\/td><\/tr><tr class=\"even\"><td class=\"data-name has-photo\" data-label=\"Jugador\"><a href=\"https:\/\/cabezadelbueydeportes.com\/index.php\/player\/alejandro-cumplido-garcia\/\"><span class=\"player-flag\"><img decoding=\"async\" src=\"https:\/\/cabezadelbueydeportes.com\/wp-content\/plugins\/sportspress\/assets\/images\/flags\/esp.png\" alt=\"esp\"><\/span>Alejandro Cumplido Garc\u00eda<\/a><\/td><td class=\"data-team\" data-label=\"Club\">Barrio FS<\/td><td class=\"data-appearances\" data-label=\"Jugados\">4<\/td><td class=\"data-goals\" data-label=\"Goles\">1<\/td><td class=\"data-winratio\" data-label=\"Ganados Ratio\">25.00<\/td><td class=\"data-drawratio\" data-label=\"Espatados Ratio\">25.00<\/td><td class=\"data-lossratio\" data-label=\"Perdidos Ratio\">50.00<\/td><\/tr><tr class=\"odd\"><td class=\"data-name has-photo\" data-label=\"Jugador\"><a href=\"https:\/\/cabezadelbueydeportes.com\/index.php\/player\/andres-sierra-munoz\/\"><span class=\"player-flag\"><img decoding=\"async\" src=\"https:\/\/cabezadelbueydeportes.com\/wp-content\/plugins\/sportspress\/assets\/images\/flags\/esp.png\" alt=\"esp\"><\/span>Andr\u00e9s Sierra Mu\u00f1oz<\/a><\/td><td class=\"data-team\" data-label=\"Club\">Barrio FS<\/td><td class=\"data-appearances\" data-label=\"Jugados\">4<\/td><td class=\"data-goals\" data-label=\"Goles\">1<\/td><td class=\"data-winratio\" data-label=\"Ganados Ratio\">25.00<\/td><td class=\"data-drawratio\" data-label=\"Espatados Ratio\">25.00<\/td><td class=\"data-lossratio\" data-label=\"Perdidos Ratio\">50.00<\/td><\/tr><tr class=\"even\"><td class=\"data-name has-photo\" data-label=\"Jugador\"><a href=\"https:\/\/cabezadelbueydeportes.com\/index.php\/player\/borja-cabello-merchan\/\"><span class=\"player-flag\"><img decoding=\"async\" src=\"https:\/\/cabezadelbueydeportes.com\/wp-content\/plugins\/sportspress\/assets\/images\/flags\/esp.png\" alt=\"esp\"><\/span>Borja Cabello Merch\u00e1n<\/a><\/td><td class=\"data-team\" data-label=\"Club\">Barrio FS<\/td><td class=\"data-appearances\" data-label=\"Jugados\">4<\/td><td class=\"data-goals\" data-label=\"Goles\">1<\/td><td class=\"data-winratio\" data-label=\"Ganados Ratio\">25.00<\/td><td class=\"data-drawratio\" data-label=\"Espatados Ratio\">25.00<\/td><td class=\"data-lossratio\" data-label=\"Perdidos Ratio\">50.00<\/td><\/tr><tr class=\"odd\"><td class=\"data-name has-photo\" data-label=\"Jugador\"><a href=\"https:\/\/cabezadelbueydeportes.com\/index.php\/player\/david-nieto-garcia\/\"><span class=\"player-flag\"><img decoding=\"async\" src=\"https:\/\/cabezadelbueydeportes.com\/wp-content\/plugins\/sportspress\/assets\/images\/flags\/esp.png\" alt=\"esp\"><\/span>David Nieto Garc\u00eda<\/a><\/td><td class=\"data-team\" data-label=\"Club\">ABS Inform\u00e1tica<\/td><td class=\"data-appearances\" data-label=\"Jugados\">5<\/td><td class=\"data-goals\" data-label=\"Goles\">1<\/td><td class=\"data-winratio\" data-label=\"Ganados Ratio\">60.00<\/td><td class=\"data-drawratio\" data-label=\"Espatados Ratio\">40.00<\/td><td class=\"data-lossratio\" data-label=\"Perdidos Ratio\">0.00<\/td><\/tr><tr class=\"even\"><td class=\"data-name has-photo\" data-label=\"Jugador\"><a href=\"https:\/\/cabezadelbueydeportes.com\/index.php\/player\/tobias-alonso-rodriguez-castro\/\"><span class=\"player-flag\"><img decoding=\"async\" src=\"https:\/\/cabezadelbueydeportes.com\/wp-content\/plugins\/sportspress\/assets\/images\/flags\/esp.png\" alt=\"esp\"><\/span>Tob\u00edas Alonso Rodr\u00edguez Castro<\/a><\/td><td class=\"data-team\" data-label=\"Club\">Strong Padel<\/td><td class=\"data-appearances\" data-label=\"Jugados\">6<\/td><td class=\"data-goals\" data-label=\"Goles\">1<\/td><td class=\"data-winratio\" data-label=\"Ganados Ratio\">33.33<\/td><td class=\"data-drawratio\" data-label=\"Espatados Ratio\">16.67<\/td><td class=\"data-lossratio\" data-label=\"Perdidos Ratio\">50.00<\/td><\/tr><tr class=\"odd\"><td class=\"data-name has-photo\" data-label=\"Jugador\"><a href=\"https:\/\/cabezadelbueydeportes.com\/index.php\/player\/aaron-garcia-quismundo-ruiz\/\"><span class=\"player-flag\"><img decoding=\"async\" src=\"https:\/\/cabezadelbueydeportes.com\/wp-content\/plugins\/sportspress\/assets\/images\/flags\/esp.png\" alt=\"esp\"><\/span>Aaron Garc\u00eda Quismundo Ru\u00edz<\/a><\/td><td class=\"data-team\" data-label=\"Club\">Strong Padel<\/td><td class=\"data-appearances\" data-label=\"Jugados\">6<\/td><td class=\"data-goals\" data-label=\"Goles\">1<\/td><td class=\"data-winratio\" data-label=\"Ganados Ratio\">33.33<\/td><td class=\"data-drawratio\" data-label=\"Espatados Ratio\">16.67<\/td><td class=\"data-lossratio\" data-label=\"Perdidos Ratio\">50.00<\/td><\/tr><tr class=\"even\"><td class=\"data-name has-photo\" data-label=\"Jugador\"><a href=\"https:\/\/cabezadelbueydeportes.com\/index.php\/player\/javier-montesinos\/\"><span class=\"player-flag\"><img decoding=\"async\" src=\"https:\/\/cabezadelbueydeportes.com\/wp-content\/plugins\/sportspress\/assets\/images\/flags\/esp.png\" alt=\"esp\"><\/span>Javier Montesinos G\u00f3mez \u00abTerre\u00bb<\/a><\/td><td class=\"data-team\" data-label=\"Club\">Barakas<\/td><td class=\"data-appearances\" data-label=\"Jugados\">4<\/td><td class=\"data-goals\" data-label=\"Goles\">1<\/td><td class=\"data-winratio\" data-label=\"Ganados Ratio\">0.00<\/td><td class=\"data-drawratio\" data-label=\"Espatados Ratio\">25.00<\/td><td class=\"data-lossratio\" data-label=\"Perdidos Ratio\">75.00<\/td><\/tr><tr class=\"odd\"><td class=\"data-name has-photo\" data-label=\"Jugador\"><a href=\"https:\/\/cabezadelbueydeportes.com\/index.php\/player\/jorge-mora\/\"><span class=\"player-flag\"><img decoding=\"async\" src=\"https:\/\/cabezadelbueydeportes.com\/wp-content\/plugins\/sportspress\/assets\/images\/flags\/esp.png\" alt=\"esp\"><\/span>Jorge Mora Carrillo<\/a><\/td><td class=\"data-team\" data-label=\"Club\">C. Nando<\/td><td class=\"data-appearances\" data-label=\"Jugados\">4<\/td><td class=\"data-goals\" data-label=\"Goles\">1<\/td><td class=\"data-winratio\" data-label=\"Ganados Ratio\">50.00<\/td><td class=\"data-drawratio\" data-label=\"Espatados Ratio\">0.00<\/td><td class=\"data-lossratio\" data-label=\"Perdidos Ratio\">50.00<\/td><\/tr><tr class=\"even\"><td class=\"data-name has-photo\" data-label=\"Jugador\"><a href=\"https:\/\/cabezadelbueydeportes.com\/index.php\/player\/dario-simancas\/\"><span class=\"player-flag\"><img decoding=\"async\" src=\"https:\/\/cabezadelbueydeportes.com\/wp-content\/plugins\/sportspress\/assets\/images\/flags\/esp.png\" alt=\"esp\"><\/span>Dar\u00edo Simancas S\u00e1nchez<\/a><\/td><td class=\"data-team\" data-label=\"Club\">ABS Inform\u00e1tica<\/td><td class=\"data-appearances\" data-label=\"Jugados\">6<\/td><td class=\"data-goals\" data-label=\"Goles\">1<\/td><td class=\"data-winratio\" data-label=\"Ganados Ratio\">50.00<\/td><td class=\"data-drawratio\" data-label=\"Espatados Ratio\">16.67<\/td><td class=\"data-lossratio\" data-label=\"Perdidos Ratio\">33.33<\/td><\/tr><tr class=\"odd\"><td class=\"data-name has-photo\" data-label=\"Jugador\"><a href=\"https:\/\/cabezadelbueydeportes.com\/index.php\/player\/jacinto-torres\/\"><span class=\"player-flag\"><img decoding=\"async\" src=\"https:\/\/cabezadelbueydeportes.com\/wp-content\/plugins\/sportspress\/assets\/images\/flags\/esp.png\" alt=\"esp\"><\/span>Jacinto Torres Calvo de Mora<\/a><\/td><td class=\"data-team\" data-label=\"Club\">Los Farfollas<\/td><td class=\"data-appearances\" data-label=\"Jugados\">4<\/td><td class=\"data-goals\" data-label=\"Goles\">0<\/td><td class=\"data-winratio\" data-label=\"Ganados Ratio\">0.00<\/td><td class=\"data-drawratio\" data-label=\"Espatados Ratio\">25.00<\/td><td class=\"data-lossratio\" data-label=\"Perdidos Ratio\">75.00<\/td><\/tr><tr class=\"even\"><td class=\"data-name has-photo\" data-label=\"Jugador\"><a href=\"https:\/\/cabezadelbueydeportes.com\/index.php\/player\/salvador-buil-prieto\/\"><span class=\"player-flag\"><img decoding=\"async\" src=\"https:\/\/cabezadelbueydeportes.com\/wp-content\/plugins\/sportspress\/assets\/images\/flags\/esp.png\" alt=\"esp\"><\/span>Salvador Buil Prieto<\/a><\/td><td class=\"data-team\" data-label=\"Club\">C\u00f3rner Burguer<\/td><td class=\"data-appearances\" data-label=\"Jugados\">4<\/td><td class=\"data-goals\" data-label=\"Goles\">0<\/td><td class=\"data-winratio\" data-label=\"Ganados Ratio\">50.00<\/td><td class=\"data-drawratio\" data-label=\"Espatados Ratio\">0.00<\/td><td class=\"data-lossratio\" data-label=\"Perdidos Ratio\">50.00<\/td><\/tr><tr class=\"odd\"><td class=\"data-name has-photo\" data-label=\"Jugador\"><a href=\"https:\/\/cabezadelbueydeportes.com\/index.php\/player\/pablo-munoz-garcia\/\"><span class=\"player-flag\"><img decoding=\"async\" src=\"https:\/\/cabezadelbueydeportes.com\/wp-content\/plugins\/sportspress\/assets\/images\/flags\/esp.png\" alt=\"esp\"><\/span>Pablo Mu\u00f1oz Garc\u00eda<\/a><\/td><td class=\"data-team\" data-label=\"Club\">C\u00f3rner Burguer<\/td><td class=\"data-appearances\" data-label=\"Jugados\">4<\/td><td class=\"data-goals\" data-label=\"Goles\">0<\/td><td class=\"data-winratio\" data-label=\"Ganados Ratio\">50.00<\/td><td class=\"data-drawratio\" data-label=\"Espatados Ratio\">0.00<\/td><td class=\"data-lossratio\" data-label=\"Perdidos Ratio\">50.00<\/td><\/tr><tr class=\"even\"><td class=\"data-name has-photo\" data-label=\"Jugador\"><a href=\"https:\/\/cabezadelbueydeportes.com\/index.php\/player\/mario-cano-utrero\/\"><span class=\"player-flag\"><img decoding=\"async\" src=\"https:\/\/cabezadelbueydeportes.com\/wp-content\/plugins\/sportspress\/assets\/images\/flags\/esp.png\" alt=\"esp\"><\/span>Mario Cano Utrero<\/a><\/td><td class=\"data-team\" data-label=\"Club\">C\u00f3rner Burguer<\/td><td class=\"data-appearances\" data-label=\"Jugados\">4<\/td><td class=\"data-goals\" data-label=\"Goles\">0<\/td><td class=\"data-winratio\" data-label=\"Ganados Ratio\">50.00<\/td><td class=\"data-drawratio\" data-label=\"Espatados Ratio\">0.00<\/td><td class=\"data-lossratio\" data-label=\"Perdidos Ratio\">50.00<\/td><\/tr><tr class=\"odd\"><td class=\"data-name has-photo\" data-label=\"Jugador\"><a href=\"https:\/\/cabezadelbueydeportes.com\/index.php\/player\/cesar-pena-prieto\/\"><span class=\"player-flag\"><img decoding=\"async\" src=\"https:\/\/cabezadelbueydeportes.com\/wp-content\/plugins\/sportspress\/assets\/images\/flags\/esp.png\" alt=\"esp\"><\/span>C\u00e9sar Pe\u00f1a Prieto<\/a><\/td><td class=\"data-team\" data-label=\"Club\">C\u00f3rner Burguer<\/td><td class=\"data-appearances\" data-label=\"Jugados\">4<\/td><td class=\"data-goals\" data-label=\"Goles\">0<\/td><td class=\"data-winratio\" data-label=\"Ganados Ratio\">50.00<\/td><td class=\"data-drawratio\" data-label=\"Espatados Ratio\">0.00<\/td><td class=\"data-lossratio\" data-label=\"Perdidos Ratio\">50.00<\/td><\/tr><tr class=\"even\"><td class=\"data-name has-photo\" data-label=\"Jugador\"><a href=\"https:\/\/cabezadelbueydeportes.com\/index.php\/player\/raul-vidal-caballero\/\"><span class=\"player-flag\"><img decoding=\"async\" src=\"https:\/\/cabezadelbueydeportes.com\/wp-content\/plugins\/sportspress\/assets\/images\/flags\/esp.png\" alt=\"esp\"><\/span>Raul Ortega Mu\u00f1oz<\/a><\/td><td class=\"data-team\" data-label=\"Club\">C\u00f3rner Burguer<\/td><td class=\"data-appearances\" data-label=\"Jugados\">4<\/td><td class=\"data-goals\" data-label=\"Goles\">0<\/td><td class=\"data-winratio\" data-label=\"Ganados Ratio\">50.00<\/td><td class=\"data-drawratio\" data-label=\"Espatados Ratio\">0.00<\/td><td class=\"data-lossratio\" data-label=\"Perdidos Ratio\">50.00<\/td><\/tr><tr class=\"odd\"><td class=\"data-name has-photo\" data-label=\"Jugador\"><a href=\"https:\/\/cabezadelbueydeportes.com\/index.php\/player\/marius-bernando-cordelea\/\"><span class=\"player-flag\"><img decoding=\"async\" src=\"https:\/\/cabezadelbueydeportes.com\/wp-content\/plugins\/sportspress\/assets\/images\/flags\/esp.png\" alt=\"esp\"><\/span>Marius Bernando Cordelea<\/a><\/td><td class=\"data-team\" data-label=\"Club\">C\u00f3rner Burguer<\/td><td class=\"data-appearances\" data-label=\"Jugados\">4<\/td><td class=\"data-goals\" data-label=\"Goles\">0<\/td><td class=\"data-winratio\" data-label=\"Ganados Ratio\">50.00<\/td><td class=\"data-drawratio\" data-label=\"Espatados Ratio\">0.00<\/td><td class=\"data-lossratio\" data-label=\"Perdidos Ratio\">50.00<\/td><\/tr><tr class=\"even\"><td class=\"data-name has-photo\" data-label=\"Jugador\"><a href=\"https:\/\/cabezadelbueydeportes.com\/index.php\/player\/antonio-diaz-romero\/\"><span class=\"player-flag\"><img decoding=\"async\" src=\"https:\/\/cabezadelbueydeportes.com\/wp-content\/plugins\/sportspress\/assets\/images\/flags\/esp.png\" alt=\"esp\"><\/span>Antonio D\u00edaz Romero<\/a><\/td><td class=\"data-team\" data-label=\"Club\">ABS Inform\u00e1tica<\/td><td class=\"data-appearances\" data-label=\"Jugados\">5<\/td><td class=\"data-goals\" data-label=\"Goles\">0<\/td><td class=\"data-winratio\" data-label=\"Ganados Ratio\">60.00<\/td><td class=\"data-drawratio\" data-label=\"Espatados Ratio\">40.00<\/td><td class=\"data-lossratio\" data-label=\"Perdidos Ratio\">0.00<\/td><\/tr><tr class=\"odd\"><td class=\"data-name has-photo\" data-label=\"Jugador\"><a href=\"https:\/\/cabezadelbueydeportes.com\/index.php\/player\/manuel-alejandro-romero-sanchez\/\"><span class=\"player-flag\"><img decoding=\"async\" src=\"https:\/\/cabezadelbueydeportes.com\/wp-content\/plugins\/sportspress\/assets\/images\/flags\/esp.png\" alt=\"esp\"><\/span>Manuel Alejandro Romero S\u00e1nchez<\/a><\/td><td class=\"data-team\" data-label=\"Club\">Calzados Nando<\/td><td class=\"data-appearances\" data-label=\"Jugados\">4<\/td><td class=\"data-goals\" data-label=\"Goles\">0<\/td><td class=\"data-winratio\" data-label=\"Ganados Ratio\">50.00<\/td><td class=\"data-drawratio\" data-label=\"Espatados Ratio\">0.00<\/td><td class=\"data-lossratio\" data-label=\"Perdidos Ratio\">50.00<\/td><\/tr><tr class=\"even\"><td class=\"data-name has-photo\" data-label=\"Jugador\"><a href=\"https:\/\/cabezadelbueydeportes.com\/index.php\/player\/jose-carlos-munoz-lopez\/\"><span class=\"player-flag\"><img decoding=\"async\" src=\"https:\/\/cabezadelbueydeportes.com\/wp-content\/plugins\/sportspress\/assets\/images\/flags\/esp.png\" alt=\"esp\"><\/span>Jose Carlos Mu\u00f1oz L\u00f3pez<\/a><\/td><td class=\"data-team\" data-label=\"Club\">Los Farfollas<\/td><td class=\"data-appearances\" data-label=\"Jugados\">4<\/td><td class=\"data-goals\" data-label=\"Goles\">0<\/td><td class=\"data-winratio\" data-label=\"Ganados Ratio\">0.00<\/td><td class=\"data-drawratio\" data-label=\"Espatados Ratio\">25.00<\/td><td class=\"data-lossratio\" data-label=\"Perdidos Ratio\">75.00<\/td><\/tr><tr class=\"odd\"><td class=\"data-name has-photo\" data-label=\"Jugador\"><a href=\"https:\/\/cabezadelbueydeportes.com\/index.php\/player\/daniel-blanco-munoz\/\"><span class=\"player-flag\"><img decoding=\"async\" src=\"https:\/\/cabezadelbueydeportes.com\/wp-content\/plugins\/sportspress\/assets\/images\/flags\/esp.png\" alt=\"esp\"><\/span>Daniel Blanco Mu\u00f1oz<\/a><\/td><td class=\"data-team\" data-label=\"Club\">Los Farfollas<\/td><td class=\"data-appearances\" data-label=\"Jugados\">4<\/td><td class=\"data-goals\" data-label=\"Goles\">0<\/td><td class=\"data-winratio\" data-label=\"Ganados Ratio\">0.00<\/td><td class=\"data-drawratio\" data-label=\"Espatados Ratio\">25.00<\/td><td class=\"data-lossratio\" data-label=\"Perdidos Ratio\">75.00<\/td><\/tr><tr class=\"even\"><td class=\"data-name has-photo\" data-label=\"Jugador\"><a href=\"https:\/\/cabezadelbueydeportes.com\/index.php\/player\/ivan-melero-bravo\/\"><span class=\"player-flag\"><img decoding=\"async\" src=\"https:\/\/cabezadelbueydeportes.com\/wp-content\/plugins\/sportspress\/assets\/images\/flags\/esp.png\" alt=\"esp\"><\/span>Iv\u00e1n Melero Bravo<\/a><\/td><td class=\"data-team\" data-label=\"Club\">Barrio FS<\/td><td class=\"data-appearances\" data-label=\"Jugados\">4<\/td><td class=\"data-goals\" data-label=\"Goles\">0<\/td><td class=\"data-winratio\" data-label=\"Ganados Ratio\">25.00<\/td><td class=\"data-drawratio\" data-label=\"Espatados Ratio\">25.00<\/td><td class=\"data-lossratio\" data-label=\"Perdidos Ratio\">50.00<\/td><\/tr><tr class=\"odd\"><td class=\"data-name has-photo\" data-label=\"Jugador\"><a href=\"https:\/\/cabezadelbueydeportes.com\/index.php\/player\/miguel-angel-cabanilla-risco\/\"><span class=\"player-flag\"><img decoding=\"async\" src=\"https:\/\/cabezadelbueydeportes.com\/wp-content\/plugins\/sportspress\/assets\/images\/flags\/esp.png\" alt=\"esp\"><\/span>Miguel \u00c1ngel Cabanilla Risco<\/a><\/td><td class=\"data-team\" data-label=\"Club\">Barrio FS<\/td><td class=\"data-appearances\" data-label=\"Jugados\">4<\/td><td class=\"data-goals\" data-label=\"Goles\">0<\/td><td class=\"data-winratio\" data-label=\"Ganados Ratio\">25.00<\/td><td class=\"data-drawratio\" data-label=\"Espatados Ratio\">25.00<\/td><td class=\"data-lossratio\" data-label=\"Perdidos Ratio\">50.00<\/td><\/tr><tr class=\"even\"><td class=\"data-name has-photo\" data-label=\"Jugador\"><a href=\"https:\/\/cabezadelbueydeportes.com\/index.php\/player\/juan-carlos-redondo-prior\/\"><span class=\"player-flag\"><img decoding=\"async\" src=\"https:\/\/cabezadelbueydeportes.com\/wp-content\/plugins\/sportspress\/assets\/images\/flags\/esp.png\" alt=\"esp\"><\/span>Juan Carlos Redondo Prior<\/a><\/td><td class=\"data-team\" data-label=\"Club\">Barrio FS<\/td><td class=\"data-appearances\" data-label=\"Jugados\">4<\/td><td class=\"data-goals\" data-label=\"Goles\">0<\/td><td class=\"data-winratio\" data-label=\"Ganados Ratio\">25.00<\/td><td class=\"data-drawratio\" data-label=\"Espatados Ratio\">25.00<\/td><td class=\"data-lossratio\" data-label=\"Perdidos Ratio\">50.00<\/td><\/tr><tr class=\"odd\"><td class=\"data-name has-photo\" data-label=\"Jugador\"><a href=\"https:\/\/cabezadelbueydeportes.com\/index.php\/player\/oscar-nieto-ruiz\/\"><span class=\"player-flag\"><img decoding=\"async\" src=\"https:\/\/cabezadelbueydeportes.com\/wp-content\/plugins\/sportspress\/assets\/images\/flags\/esp.png\" alt=\"esp\"><\/span>\u00d3scar Nieto Ruiz<\/a><\/td><td class=\"data-team\" data-label=\"Club\">Barrio FS<\/td><td class=\"data-appearances\" data-label=\"Jugados\">4<\/td><td class=\"data-goals\" data-label=\"Goles\">0<\/td><td class=\"data-winratio\" data-label=\"Ganados Ratio\">25.00<\/td><td class=\"data-drawratio\" data-label=\"Espatados Ratio\">25.00<\/td><td class=\"data-lossratio\" data-label=\"Perdidos Ratio\">50.00<\/td><\/tr><tr class=\"even\"><td class=\"data-name has-photo\" data-label=\"Jugador\"><a href=\"https:\/\/cabezadelbueydeportes.com\/index.php\/player\/david-diaz-balsera\/\"><span class=\"player-flag\"><img decoding=\"async\" src=\"https:\/\/cabezadelbueydeportes.com\/wp-content\/plugins\/sportspress\/assets\/images\/flags\/esp.png\" alt=\"esp\"><\/span>David D\u00edaz Balsera<\/a><\/td><td class=\"data-team\" data-label=\"Club\">Podosalud<\/td><td class=\"data-appearances\" data-label=\"Jugados\">6<\/td><td class=\"data-goals\" data-label=\"Goles\">0<\/td><td class=\"data-winratio\" data-label=\"Ganados Ratio\">50.00<\/td><td class=\"data-drawratio\" data-label=\"Espatados Ratio\">16.67<\/td><td class=\"data-lossratio\" data-label=\"Perdidos Ratio\">33.33<\/td><\/tr><tr class=\"odd\"><td class=\"data-name has-photo\" data-label=\"Jugador\"><a href=\"https:\/\/cabezadelbueydeportes.com\/index.php\/player\/javier-moreno-mora\/\"><span class=\"player-flag\"><img decoding=\"async\" src=\"https:\/\/cabezadelbueydeportes.com\/wp-content\/plugins\/sportspress\/assets\/images\/flags\/esp.png\" alt=\"esp\"><\/span>Javier Moreno Mora<\/a><\/td><td class=\"data-team\" data-label=\"Club\">Podosalud<\/td><td class=\"data-appearances\" data-label=\"Jugados\">6<\/td><td class=\"data-goals\" data-label=\"Goles\">0<\/td><td class=\"data-winratio\" data-label=\"Ganados Ratio\">50.00<\/td><td class=\"data-drawratio\" data-label=\"Espatados Ratio\">16.67<\/td><td class=\"data-lossratio\" data-label=\"Perdidos Ratio\">33.33<\/td><\/tr><tr class=\"even\"><td class=\"data-name has-photo\" data-label=\"Jugador\"><a href=\"https:\/\/cabezadelbueydeportes.com\/index.php\/player\/rachid-dalouh\/\"><span class=\"player-flag\"><img decoding=\"async\" src=\"https:\/\/cabezadelbueydeportes.com\/wp-content\/plugins\/sportspress\/assets\/images\/flags\/esp.png\" alt=\"esp\"><\/span>Rachid Dalouh<\/a><\/td><td class=\"data-team\" data-label=\"Club\">Strong Padel<\/td><td class=\"data-appearances\" data-label=\"Jugados\">6<\/td><td class=\"data-goals\" data-label=\"Goles\">0<\/td><td class=\"data-winratio\" data-label=\"Ganados Ratio\">33.33<\/td><td class=\"data-drawratio\" data-label=\"Espatados Ratio\">16.67<\/td><td class=\"data-lossratio\" data-label=\"Perdidos Ratio\">50.00<\/td><\/tr><tr class=\"odd\"><td class=\"data-name has-photo\" data-label=\"Jugador\"><a href=\"https:\/\/cabezadelbueydeportes.com\/index.php\/player\/jose-javier-marin-rayo\/\"><span class=\"player-flag\"><img decoding=\"async\" src=\"https:\/\/cabezadelbueydeportes.com\/wp-content\/plugins\/sportspress\/assets\/images\/flags\/esp.png\" alt=\"esp\"><\/span>Jos\u00e9 Javier Mar\u00edn Rayo<\/a><\/td><td class=\"data-team\" data-label=\"Club\">Strong Padel<\/td><td class=\"data-appearances\" data-label=\"Jugados\">6<\/td><td class=\"data-goals\" data-label=\"Goles\">0<\/td><td class=\"data-winratio\" data-label=\"Ganados Ratio\">33.33<\/td><td class=\"data-drawratio\" data-label=\"Espatados Ratio\">16.67<\/td><td class=\"data-lossratio\" data-label=\"Perdidos Ratio\">50.00<\/td><\/tr><tr class=\"even\"><td class=\"data-name has-photo\" data-label=\"Jugador\"><a href=\"https:\/\/cabezadelbueydeportes.com\/index.php\/player\/marcos-muya-aguilar\/\"><span class=\"player-flag\"><img decoding=\"async\" src=\"https:\/\/cabezadelbueydeportes.com\/wp-content\/plugins\/sportspress\/assets\/images\/flags\/esp.png\" alt=\"esp\"><\/span>Marcos Muya Aguilar<\/a><\/td><td class=\"data-team\" data-label=\"Club\">Strong Padel<\/td><td class=\"data-appearances\" data-label=\"Jugados\">6<\/td><td class=\"data-goals\" data-label=\"Goles\">0<\/td><td class=\"data-winratio\" data-label=\"Ganados Ratio\">33.33<\/td><td class=\"data-drawratio\" data-label=\"Espatados Ratio\">16.67<\/td><td class=\"data-lossratio\" data-label=\"Perdidos Ratio\">50.00<\/td><\/tr><tr class=\"odd\"><td class=\"data-name has-photo\" data-label=\"Jugador\"><a href=\"https:\/\/cabezadelbueydeportes.com\/index.php\/player\/hugo-perez-munoz\/\"><span class=\"player-flag\"><img decoding=\"async\" src=\"https:\/\/cabezadelbueydeportes.com\/wp-content\/plugins\/sportspress\/assets\/images\/flags\/esp.png\" alt=\"esp\"><\/span>Hugo P\u00e9rez Mu\u00f1oz<\/a><\/td><td class=\"data-team\" data-label=\"Club\">Strong Padel<\/td><td class=\"data-appearances\" data-label=\"Jugados\">6<\/td><td class=\"data-goals\" data-label=\"Goles\">0<\/td><td class=\"data-winratio\" data-label=\"Ganados Ratio\">33.33<\/td><td class=\"data-drawratio\" data-label=\"Espatados Ratio\">16.67<\/td><td class=\"data-lossratio\" data-label=\"Perdidos Ratio\">50.00<\/td><\/tr><tr class=\"even\"><td class=\"data-name has-photo\" data-label=\"Jugador\"><a href=\"https:\/\/cabezadelbueydeportes.com\/index.php\/player\/jose-manuel-capilla-luque\/\"><span class=\"player-flag\"><img decoding=\"async\" src=\"https:\/\/cabezadelbueydeportes.com\/wp-content\/plugins\/sportspress\/assets\/images\/flags\/esp.png\" alt=\"esp\"><\/span>Jos\u00e9 Manuel Capilla Luque<\/a><\/td><td class=\"data-team\" data-label=\"Club\">Strong Padel<\/td><td class=\"data-appearances\" data-label=\"Jugados\">6<\/td><td class=\"data-goals\" data-label=\"Goles\">0<\/td><td class=\"data-winratio\" data-label=\"Ganados Ratio\">33.33<\/td><td class=\"data-drawratio\" data-label=\"Espatados Ratio\">16.67<\/td><td class=\"data-lossratio\" data-label=\"Perdidos Ratio\">50.00<\/td><\/tr><tr class=\"odd\"><td class=\"data-name has-photo\" data-label=\"Jugador\"><a href=\"https:\/\/cabezadelbueydeportes.com\/index.php\/player\/aatik-amezian\/\"><span class=\"player-flag\"><img decoding=\"async\" src=\"https:\/\/cabezadelbueydeportes.com\/wp-content\/plugins\/sportspress\/assets\/images\/flags\/esp.png\" alt=\"esp\"><\/span>Aatik Amezian<\/a><\/td><td class=\"data-team\" data-label=\"Club\">Strong Padel<\/td><td class=\"data-appearances\" data-label=\"Jugados\">6<\/td><td class=\"data-goals\" data-label=\"Goles\">0<\/td><td class=\"data-winratio\" data-label=\"Ganados Ratio\">33.33<\/td><td class=\"data-drawratio\" data-label=\"Espatados Ratio\">16.67<\/td><td class=\"data-lossratio\" data-label=\"Perdidos Ratio\">50.00<\/td><\/tr><tr class=\"even\"><td class=\"data-name has-photo\" data-label=\"Jugador\"><a href=\"https:\/\/cabezadelbueydeportes.com\/index.php\/player\/julian-ramos-rodriguez\/\"><span class=\"player-flag\"><img decoding=\"async\" src=\"https:\/\/cabezadelbueydeportes.com\/wp-content\/plugins\/sportspress\/assets\/images\/flags\/esp.png\" alt=\"esp\"><\/span>Juli\u00e1n Ramos Rodr\u00edguez<\/a><\/td><td class=\"data-team\" data-label=\"Club\">Strong Padel<\/td><td class=\"data-appearances\" data-label=\"Jugados\">6<\/td><td class=\"data-goals\" data-label=\"Goles\">0<\/td><td class=\"data-winratio\" data-label=\"Ganados Ratio\">33.33<\/td><td class=\"data-drawratio\" data-label=\"Espatados Ratio\">16.67<\/td><td class=\"data-lossratio\" data-label=\"Perdidos Ratio\">50.00<\/td><\/tr><tr class=\"odd\"><td class=\"data-name has-photo\" data-label=\"Jugador\"><a href=\"https:\/\/cabezadelbueydeportes.com\/index.php\/player\/javier-lozano-del-rio\/\"><span class=\"player-flag\"><img decoding=\"async\" src=\"https:\/\/cabezadelbueydeportes.com\/wp-content\/plugins\/sportspress\/assets\/images\/flags\/esp.png\" alt=\"esp\"><\/span>Javier Lozano del R\u00edo<\/a><\/td><td class=\"data-team\" data-label=\"Club\">C\u00f3rner Burguer<\/td><td class=\"data-appearances\" data-label=\"Jugados\">1<\/td><td class=\"data-goals\" data-label=\"Goles\">0<\/td><td class=\"data-winratio\" data-label=\"Ganados Ratio\">0.00<\/td><td class=\"data-drawratio\" data-label=\"Espatados Ratio\">0.00<\/td><td class=\"data-lossratio\" data-label=\"Perdidos Ratio\">100.00<\/td><\/tr><tr class=\"even\"><td class=\"data-name has-photo\" data-label=\"Jugador\"><a href=\"https:\/\/cabezadelbueydeportes.com\/index.php\/player\/alejandro-sanchez-luengo\/\"><span class=\"player-flag\"><img decoding=\"async\" src=\"https:\/\/cabezadelbueydeportes.com\/wp-content\/plugins\/sportspress\/assets\/images\/flags\/esp.png\" alt=\"esp\"><\/span>Alejandro S\u00e1nchez Luengo<\/a><\/td><td class=\"data-team\" data-label=\"Club\">C\u00f3rner Burguer<\/td><td class=\"data-appearances\" data-label=\"Jugados\">1<\/td><td class=\"data-goals\" data-label=\"Goles\">0<\/td><td class=\"data-winratio\" data-label=\"Ganados Ratio\">0.00<\/td><td class=\"data-drawratio\" data-label=\"Espatados Ratio\">0.00<\/td><td class=\"data-lossratio\" data-label=\"Perdidos Ratio\">100.00<\/td><\/tr><tr class=\"odd\"><td class=\"data-name has-photo\" data-label=\"Jugador\"><a href=\"https:\/\/cabezadelbueydeportes.com\/index.php\/player\/jose-villarreal-2\/\"><span class=\"player-flag\"><img decoding=\"async\" src=\"https:\/\/cabezadelbueydeportes.com\/wp-content\/plugins\/sportspress\/assets\/images\/flags\/esp.png\" alt=\"esp\"><\/span>Jos\u00e9 Villarreal<\/a><\/td><td class=\"data-team\" data-label=\"Club\">Chel\u00edn City<\/td><td class=\"data-appearances\" data-label=\"Jugados\">6<\/td><td class=\"data-goals\" data-label=\"Goles\">0<\/td><td class=\"data-winratio\" data-label=\"Ganados Ratio\">50.00<\/td><td class=\"data-drawratio\" data-label=\"Espatados Ratio\">16.67<\/td><td class=\"data-lossratio\" data-label=\"Perdidos Ratio\">33.33<\/td><\/tr><tr class=\"even\"><td class=\"data-name has-photo\" data-label=\"Jugador\"><a href=\"https:\/\/cabezadelbueydeportes.com\/index.php\/player\/alejandro-chavero\/\"><span class=\"player-flag\"><img decoding=\"async\" src=\"https:\/\/cabezadelbueydeportes.com\/wp-content\/plugins\/sportspress\/assets\/images\/flags\/esp.png\" alt=\"esp\"><\/span>Alejandro Chavero<\/a><\/td><td class=\"data-team\" data-label=\"Club\">Chel\u00edn City<\/td><td class=\"data-appearances\" data-label=\"Jugados\">6<\/td><td class=\"data-goals\" data-label=\"Goles\">0<\/td><td class=\"data-winratio\" data-label=\"Ganados Ratio\">50.00<\/td><td class=\"data-drawratio\" data-label=\"Espatados Ratio\">16.67<\/td><td class=\"data-lossratio\" data-label=\"Perdidos Ratio\">33.33<\/td><\/tr><tr class=\"odd\"><td class=\"data-name has-photo\" data-label=\"Jugador\"><a href=\"https:\/\/cabezadelbueydeportes.com\/index.php\/player\/jose-munoz\/\"><span class=\"player-flag\"><img decoding=\"async\" src=\"https:\/\/cabezadelbueydeportes.com\/wp-content\/plugins\/sportspress\/assets\/images\/flags\/esp.png\" alt=\"esp\"><\/span>Jos\u00e9 Mu\u00f1oz<\/a><\/td><td class=\"data-team\" data-label=\"Club\">Chel\u00edn City<\/td><td class=\"data-appearances\" data-label=\"Jugados\">6<\/td><td class=\"data-goals\" data-label=\"Goles\">0<\/td><td class=\"data-winratio\" data-label=\"Ganados Ratio\">50.00<\/td><td class=\"data-drawratio\" data-label=\"Espatados Ratio\">16.67<\/td><td class=\"data-lossratio\" data-label=\"Perdidos Ratio\">33.33<\/td><\/tr><tr class=\"even\"><td class=\"data-name has-photo\" data-label=\"Jugador\"><a href=\"https:\/\/cabezadelbueydeportes.com\/index.php\/player\/carlos-ramirez-rodriguez\/\"><span class=\"player-flag\"><img decoding=\"async\" src=\"https:\/\/cabezadelbueydeportes.com\/wp-content\/plugins\/sportspress\/assets\/images\/flags\/esp.png\" alt=\"esp\"><\/span>Carlos Ram\u00edrez Rodr\u00edguez<\/a><\/td><td class=\"data-team\" data-label=\"Club\">ABS Inform\u00e1tica<\/td><td class=\"data-appearances\" data-label=\"Jugados\">6<\/td><td class=\"data-goals\" data-label=\"Goles\">0<\/td><td class=\"data-winratio\" data-label=\"Ganados Ratio\">50.00<\/td><td class=\"data-drawratio\" data-label=\"Espatados Ratio\">50.00<\/td><td class=\"data-lossratio\" data-label=\"Perdidos Ratio\">0.00<\/td><\/tr><tr class=\"odd\"><td class=\"data-name has-photo\" data-label=\"Jugador\"><a href=\"https:\/\/cabezadelbueydeportes.com\/index.php\/player\/adrian-garcia-risco-luli\/\"><span class=\"player-flag\"><img decoding=\"async\" src=\"https:\/\/cabezadelbueydeportes.com\/wp-content\/plugins\/sportspress\/assets\/images\/flags\/esp.png\" alt=\"esp\"><\/span>Adri\u00e1n Garc\u00eda-Risco Rivera \u00abLuli\u00bb<\/a><\/td><td class=\"data-team\" data-label=\"Club\">Calzados Nando<\/td><td class=\"data-appearances\" data-label=\"Jugados\">4<\/td><td class=\"data-goals\" data-label=\"Goles\">0<\/td><td class=\"data-winratio\" data-label=\"Ganados Ratio\">50.00<\/td><td class=\"data-drawratio\" data-label=\"Espatados Ratio\">0.00<\/td><td class=\"data-lossratio\" data-label=\"Perdidos Ratio\">50.00<\/td><\/tr><tr class=\"even\"><td class=\"data-name has-photo\" data-label=\"Jugador\"><a href=\"https:\/\/cabezadelbueydeportes.com\/index.php\/player\/victor-hugo\/\"><span class=\"player-flag\"><img decoding=\"async\" src=\"https:\/\/cabezadelbueydeportes.com\/wp-content\/plugins\/sportspress\/assets\/images\/flags\/bra.png\" alt=\"bra\"><\/span><span class=\"player-flag\"><img decoding=\"async\" src=\"https:\/\/cabezadelbueydeportes.com\/wp-content\/plugins\/sportspress\/assets\/images\/flags\/esp.png\" alt=\"esp\"><\/span>V\u00edctor Hugo Izquierdo Pasold<\/a><\/td><td class=\"data-team\" data-label=\"Club\">C. Nando<\/td><td class=\"data-appearances\" data-label=\"Jugados\">4<\/td><td class=\"data-goals\" data-label=\"Goles\">0<\/td><td class=\"data-winratio\" data-label=\"Ganados Ratio\">0.00<\/td><td class=\"data-drawratio\" data-label=\"Espatados Ratio\">25.00<\/td><td class=\"data-lossratio\" data-label=\"Perdidos Ratio\">75.00<\/td><\/tr><tr class=\"odd\"><td class=\"data-name has-photo\" data-label=\"Jugador\"><a href=\"https:\/\/cabezadelbueydeportes.com\/index.php\/player\/jose-vicente-tejero-mansilla\/\"><span class=\"player-flag\"><img decoding=\"async\" src=\"https:\/\/cabezadelbueydeportes.com\/wp-content\/plugins\/sportspress\/assets\/images\/flags\/esp.png\" alt=\"esp\"><\/span>Jos\u00e9 Vicente Tejero Mansilla<\/a><\/td><td class=\"data-team\" data-label=\"Club\">ABS Inform\u00e1tica<\/td><td class=\"data-appearances\" data-label=\"Jugados\">3<\/td><td class=\"data-goals\" data-label=\"Goles\">0<\/td><td class=\"data-winratio\" data-label=\"Ganados Ratio\">100.00<\/td><td class=\"data-drawratio\" data-label=\"Espatados Ratio\">0.00<\/td><td class=\"data-lossratio\" data-label=\"Perdidos Ratio\">0.00<\/td><\/tr><tr class=\"even\"><td class=\"data-name has-photo\" data-label=\"Jugador\"><a href=\"https:\/\/cabezadelbueydeportes.com\/index.php\/player\/luis-simancas\/\"><span class=\"player-flag\"><img decoding=\"async\" src=\"https:\/\/cabezadelbueydeportes.com\/wp-content\/plugins\/sportspress\/assets\/images\/flags\/esp.png\" alt=\"esp\"><\/span>Luis Simancas S\u00e1nchez-Ar\u00e9valo<\/a><\/td><td class=\"data-team\" data-label=\"Club\">ABS Inform\u00e1tica<\/td><td class=\"data-appearances\" data-label=\"Jugados\">6<\/td><td class=\"data-goals\" data-label=\"Goles\">0<\/td><td class=\"data-winratio\" data-label=\"Ganados Ratio\">50.00<\/td><td class=\"data-drawratio\" data-label=\"Espatados Ratio\">50.00<\/td><td class=\"data-lossratio\" data-label=\"Perdidos Ratio\">0.00<\/td><\/tr><tr class=\"odd\"><td class=\"data-name has-photo\" data-label=\"Jugador\"><a href=\"https:\/\/cabezadelbueydeportes.com\/index.php\/player\/dani-gallardo-tachin\/\"><span class=\"player-flag\"><img decoding=\"async\" src=\"https:\/\/cabezadelbueydeportes.com\/wp-content\/plugins\/sportspress\/assets\/images\/flags\/esp.png\" alt=\"esp\"><\/span>Dani Gallardo Bravo<\/a><\/td><td class=\"data-team\" data-label=\"Club\">Caputbovense<\/td><td class=\"data-appearances\" data-label=\"Jugados\">6<\/td><td class=\"data-goals\" data-label=\"Goles\">0<\/td><td class=\"data-winratio\" data-label=\"Ganados Ratio\">50.00<\/td><td class=\"data-drawratio\" data-label=\"Espatados Ratio\">50.00<\/td><td class=\"data-lossratio\" data-label=\"Perdidos Ratio\">0.00<\/td><\/tr><tr class=\"even\"><td class=\"data-name has-photo\" data-label=\"Jugador\"><a href=\"https:\/\/cabezadelbueydeportes.com\/index.php\/player\/german-donoso\/\"><span class=\"player-flag\"><img decoding=\"async\" src=\"https:\/\/cabezadelbueydeportes.com\/wp-content\/plugins\/sportspress\/assets\/images\/flags\/esp.png\" alt=\"esp\"><\/span>Germ\u00e1n Gonz\u00e1lez Silva<\/a><\/td><td class=\"data-team\" data-label=\"Club\">AGR Barber<\/td><td class=\"data-appearances\" data-label=\"Jugados\">4<\/td><td class=\"data-goals\" data-label=\"Goles\">0<\/td><td class=\"data-winratio\" data-label=\"Ganados Ratio\">0.00<\/td><td class=\"data-drawratio\" data-label=\"Espatados Ratio\">25.00<\/td><td class=\"data-lossratio\" data-label=\"Perdidos Ratio\">75.00<\/td><\/tr><tr class=\"odd\"><td class=\"data-name has-photo\" data-label=\"Jugador\"><a href=\"https:\/\/cabezadelbueydeportes.com\/index.php\/player\/alberto-capilla\/\"><span class=\"player-flag\"><img decoding=\"async\" src=\"https:\/\/cabezadelbueydeportes.com\/wp-content\/plugins\/sportspress\/assets\/images\/flags\/esp.png\" alt=\"esp\"><\/span>Alberto Corral Garc\u00eda<\/a><\/td><td class=\"data-team\" data-label=\"Club\">AGR Barber<\/td><td class=\"data-appearances\" data-label=\"Jugados\">4<\/td><td class=\"data-goals\" data-label=\"Goles\">0<\/td><td class=\"data-winratio\" data-label=\"Ganados Ratio\">0.00<\/td><td class=\"data-drawratio\" data-label=\"Espatados Ratio\">25.00<\/td><td class=\"data-lossratio\" data-label=\"Perdidos Ratio\">75.00<\/td><\/tr><tr class=\"even\"><td class=\"data-name has-photo\" data-label=\"Jugador\"><a href=\"https:\/\/cabezadelbueydeportes.com\/index.php\/player\/luis-manuel-sereno\/\"><span class=\"player-flag\"><img decoding=\"async\" src=\"https:\/\/cabezadelbueydeportes.com\/wp-content\/plugins\/sportspress\/assets\/images\/flags\/esp.png\" alt=\"esp\"><\/span>Gonzalo Carmona Cort\u00e9s<\/a><\/td><td class=\"data-team\" data-label=\"Club\">Calzados Nando<\/td><td class=\"data-appearances\" data-label=\"Jugados\">4<\/td><td class=\"data-goals\" data-label=\"Goles\">0<\/td><td class=\"data-winratio\" data-label=\"Ganados Ratio\">50.00<\/td><td class=\"data-drawratio\" data-label=\"Espatados Ratio\">0.00<\/td><td class=\"data-lossratio\" data-label=\"Perdidos Ratio\">50.00<\/td><\/tr><tr class=\"odd\"><td class=\"data-name has-photo\" data-label=\"Jugador\"><a href=\"https:\/\/cabezadelbueydeportes.com\/index.php\/player\/jose-adrian-diaz-carballo\/\"><span class=\"player-flag\"><img decoding=\"async\" src=\"https:\/\/cabezadelbueydeportes.com\/wp-content\/plugins\/sportspress\/assets\/images\/flags\/esp.png\" alt=\"esp\"><\/span>Jos\u00e9 Adri\u00e1n D\u00edaz Carballo \u00abPulguita\u00bb<\/a><\/td><td class=\"data-team\" data-label=\"Club\">Calzados Nando<\/td><td class=\"data-appearances\" data-label=\"Jugados\">4<\/td><td class=\"data-goals\" data-label=\"Goles\">0<\/td><td class=\"data-winratio\" data-label=\"Ganados Ratio\">50.00<\/td><td class=\"data-drawratio\" data-label=\"Espatados Ratio\">0.00<\/td><td class=\"data-lossratio\" data-label=\"Perdidos Ratio\">50.00<\/td><\/tr><tr class=\"even\"><td class=\"data-name has-photo\" data-label=\"Jugador\"><a href=\"https:\/\/cabezadelbueydeportes.com\/index.php\/player\/angel-manuel-calvo\/\"><span class=\"player-flag\"><img decoding=\"async\" src=\"https:\/\/cabezadelbueydeportes.com\/wp-content\/plugins\/sportspress\/assets\/images\/flags\/esp.png\" alt=\"esp\"><\/span>\u00c1ngel Manuel Calvo Luque<\/a><\/td><td class=\"data-team\" data-label=\"Club\">Los Farfollas<\/td><td class=\"data-appearances\" data-label=\"Jugados\">4<\/td><td class=\"data-goals\" data-label=\"Goles\">0<\/td><td class=\"data-winratio\" data-label=\"Ganados Ratio\">0.00<\/td><td class=\"data-drawratio\" data-label=\"Espatados Ratio\">25.00<\/td><td class=\"data-lossratio\" data-label=\"Perdidos Ratio\">75.00<\/td><\/tr><tr class=\"odd\"><td class=\"data-name has-photo\" data-label=\"Jugador\"><a href=\"https:\/\/cabezadelbueydeportes.com\/index.php\/player\/emilio-garcia-sosa\/\"><span class=\"player-flag\"><img decoding=\"async\" src=\"https:\/\/cabezadelbueydeportes.com\/wp-content\/plugins\/sportspress\/assets\/images\/flags\/esp.png\" alt=\"esp\"><\/span>Emilio Jos\u00e9 Garc\u00eda Sosa<\/a><\/td><td class=\"data-team\" data-label=\"Club\">Caputbovense<\/td><td class=\"data-appearances\" data-label=\"Jugados\">5<\/td><td class=\"data-goals\" data-label=\"Goles\">0<\/td><td class=\"data-winratio\" data-label=\"Ganados Ratio\">60.00<\/td><td class=\"data-drawratio\" data-label=\"Espatados Ratio\">40.00<\/td><td class=\"data-lossratio\" data-label=\"Perdidos Ratio\">0.00<\/td><\/tr><\/tbody><\/table><\/div><\/div><\/div>\n","protected":false},"excerpt":{"rendered":"<p>Resultados Pr\u00f3ximos Partidos Clasificaci\u00f3n Goleadores<\/p>\n","protected":false},"author":1,"featured_media":0,"parent":0,"menu_order":0,"comment_status":"closed","ping_status":"closed","template":"","meta":{"footnotes":""},"_links":{"self":[{"href":"https:\/\/cabezadelbueydeportes.com\/index.php\/wp-json\/wp\/v2\/pages\/376"}],"collection":[{"href":"https:\/\/cabezadelbueydeportes.com\/index.php\/wp-json\/wp\/v2\/pages"}],"about":[{"href":"https:\/\/cabezadelbueydeportes.com\/index.php\/wp-json\/wp\/v2\/types\/page"}],"author":[{"embeddable":true,"href":"https:\/\/cabezadelbueydeportes.com\/index.php\/wp-json\/wp\/v2\/users\/1"}],"replies":[{"embeddable":true,"href":"https:\/\/cabezadelbueydeportes.com\/index.php\/wp-json\/wp\/v2\/comments?post=376"}],"version-history":[{"count":7,"href":"https:\/\/cabezadelbueydeportes.com\/index.php\/wp-json\/wp\/v2\/pages\/376\/revisions"}],"predecessor-version":[{"id":519,"href":"https:\/\/cabezadelbueydeportes.com\/index.php\/wp-json\/wp\/v2\/pages\/376\/revisions\/519"}],"wp:attachment":[{"href":"https:\/\/cabezadelbueydeportes.com\/index.php\/wp-json\/wp\/v2\/media?parent=376"}],"curies":[{"name":"wp","href":"https:\/\/api.w.org\/{rel}","templated":true}]}}