{"id":288,"date":"2023-06-17T20:21:20","date_gmt":"2023-06-17T19:21:20","guid":{"rendered":"https:\/\/cabezadelbueydeportes.com\/?page_id=288"},"modified":"2023-06-17T20:24:49","modified_gmt":"2023-06-17T19:24:49","slug":"goleadores","status":"publish","type":"page","link":"https:\/\/cabezadelbueydeportes.com\/index.php\/liga-futbol-7-2023\/goleadores\/","title":{"rendered":"Goleadores"},"content":{"rendered":"<div class=\"sportspress\">\n\t\t<div id='sp-player-gallery-280' class='gallery galleryid-280 gallery-columns-3 gallery-size-sportspress-crop-medium'>\t<div class=\"sp-template sp-template-player-gallery sp-template-gallery\"><div class=\"sp-player-gallery-wrapper sp-gallery-wrapper\"><dl class='gallery-item'>\n\t<dt class='gallery-icon portrait'><a href=\"https:\/\/cabezadelbueydeportes.com\/index.php\/player\/david-calvo-nando\/\"><img loading=\"lazy\" decoding=\"async\" width=\"300\" height=\"300\" src=\"https:\/\/cabezadelbueydeportes.com\/wp-content\/uploads\/2023\/06\/Nando-300x300.png\" class=\"attachment-sportspress-crop-medium size-sportspress-crop-medium wp-post-image\" alt=\"\" \/><\/a><\/dt><a href=\"https:\/\/cabezadelbueydeportes.com\/index.php\/player\/david-calvo-nando\/\"><dd class=\"wp-caption-text gallery-caption small-3 columns has-number\"><strong>10<\/strong> David Calvo Mart\u00edn-Doimeadi\u00f3s \u00abNando\u00bb<\/dd><\/a><\/dl><dl class='gallery-item'>\n\t<dt class='gallery-icon portrait'><a href=\"https:\/\/cabezadelbueydeportes.com\/index.php\/player\/dani-gallardo-tachin\/\"><img loading=\"lazy\" decoding=\"async\" width=\"300\" height=\"300\" src=\"https:\/\/cabezadelbueydeportes.com\/wp-content\/uploads\/2023\/06\/Tachin-300x300.png\" class=\"attachment-sportspress-crop-medium size-sportspress-crop-medium wp-post-image\" alt=\"\" \/><\/a><\/dt><a href=\"https:\/\/cabezadelbueydeportes.com\/index.php\/player\/dani-gallardo-tachin\/\"><dd class=\"wp-caption-text gallery-caption small-3 columns has-number\"><strong>17<\/strong> Dani Gallardo Bravo<\/dd><\/a><\/dl><dl class='gallery-item'>\n\t<dt class='gallery-icon portrait'><a href=\"https:\/\/cabezadelbueydeportes.com\/index.php\/player\/javier-montesinos\/\"><img loading=\"lazy\" decoding=\"async\" width=\"300\" height=\"300\" src=\"https:\/\/cabezadelbueydeportes.com\/wp-content\/uploads\/2023\/06\/Terre-300x300.png\" class=\"attachment-sportspress-crop-medium size-sportspress-crop-medium wp-post-image\" alt=\"\" \/><\/a><\/dt><a href=\"https:\/\/cabezadelbueydeportes.com\/index.php\/player\/javier-montesinos\/\"><dd class=\"wp-caption-text gallery-caption small-3 columns has-number\"><strong>2<\/strong> Javier Montesinos G\u00f3mez \u00abTerre\u00bb<\/dd><\/a><\/dl><dl class='gallery-item'>\n\t<dt class='gallery-icon portrait'><a href=\"https:\/\/cabezadelbueydeportes.com\/index.php\/player\/alvaro-sosa\/\"><img loading=\"lazy\" decoding=\"async\" width=\"150\" height=\"150\" src=\"\/\/www.gravatar.com\/avatar\/?s=150&amp;d=mm&amp;f=y\" class=\"attachment-thumbnail wp-post-image\"><\/a><\/dt><a href=\"https:\/\/cabezadelbueydeportes.com\/index.php\/player\/alvaro-sosa\/\"><dd class=\"wp-caption-text gallery-caption small-3 columns has-number\"><strong>11<\/strong> \u00c1lvaro Mart\u00edn Bravo \u00abSosa\u00bb<\/dd><\/a><\/dl><dl class='gallery-item'>\n\t<dt class='gallery-icon portrait'><a href=\"https:\/\/cabezadelbueydeportes.com\/index.php\/player\/daniel-cascos\/\"><img loading=\"lazy\" decoding=\"async\" width=\"300\" height=\"300\" src=\"https:\/\/cabezadelbueydeportes.com\/wp-content\/uploads\/2023\/06\/cascos-300x300.png\" class=\"attachment-sportspress-crop-medium size-sportspress-crop-medium wp-post-image\" alt=\"\" \/><\/a><\/dt><a href=\"https:\/\/cabezadelbueydeportes.com\/index.php\/player\/daniel-cascos\/\"><dd class=\"wp-caption-text gallery-caption small-3 columns has-number\"><strong>14<\/strong> Daniel Cascos<\/dd><\/a><\/dl><dl class='gallery-item'>\n\t<dt class='gallery-icon portrait'><a href=\"https:\/\/cabezadelbueydeportes.com\/index.php\/player\/alejandro\/\"><img loading=\"lazy\" decoding=\"async\" width=\"150\" height=\"150\" src=\"\/\/www.gravatar.com\/avatar\/?s=150&amp;d=mm&amp;f=y\" class=\"attachment-thumbnail wp-post-image\"><\/a><\/dt><a href=\"https:\/\/cabezadelbueydeportes.com\/index.php\/player\/alejandro\/\"><dd class=\"wp-caption-text gallery-caption small-3 columns\">Alejandro<\/dd><\/a><\/dl><dl class='gallery-item'>\n\t<dt class='gallery-icon portrait'><a href=\"https:\/\/cabezadelbueydeportes.com\/index.php\/player\/jose-manuel-xoxe\/\"><img loading=\"lazy\" decoding=\"async\" width=\"300\" height=\"300\" src=\"https:\/\/cabezadelbueydeportes.com\/wp-content\/uploads\/2023\/06\/Xoxe-300x300.png\" class=\"attachment-sportspress-crop-medium size-sportspress-crop-medium wp-post-image\" alt=\"\" \/><\/a><\/dt><a href=\"https:\/\/cabezadelbueydeportes.com\/index.php\/player\/jose-manuel-xoxe\/\"><dd class=\"wp-caption-text gallery-caption small-3 columns has-number\"><strong>2<\/strong> Jose Manuel Calvo-Fernandez Calvo de Mora \u00abXoxe\u00bb<\/dd><\/a><\/dl><dl class='gallery-item'>\n\t<dt class='gallery-icon portrait'><a href=\"https:\/\/cabezadelbueydeportes.com\/index.php\/player\/carlos-emery\/\"><img loading=\"lazy\" decoding=\"async\" width=\"300\" height=\"300\" src=\"https:\/\/cabezadelbueydeportes.com\/wp-content\/uploads\/2023\/06\/emery-300x300.png\" class=\"attachment-sportspress-crop-medium size-sportspress-crop-medium wp-post-image\" alt=\"\" \/><\/a><\/dt><a href=\"https:\/\/cabezadelbueydeportes.com\/index.php\/player\/carlos-emery\/\"><dd class=\"wp-caption-text gallery-caption small-3 columns has-number\"><strong>4<\/strong> Carlos Emery<\/dd><\/a><\/dl><dl class='gallery-item'>\n\t<dt class='gallery-icon portrait'><a href=\"https:\/\/cabezadelbueydeportes.com\/index.php\/player\/david-lujan\/\"><img loading=\"lazy\" decoding=\"async\" width=\"300\" height=\"300\" src=\"https:\/\/cabezadelbueydeportes.com\/wp-content\/uploads\/2023\/06\/Chicharro-300x300.png\" class=\"attachment-sportspress-crop-medium size-sportspress-crop-medium wp-post-image\" alt=\"\" \/><\/a><\/dt><a href=\"https:\/\/cabezadelbueydeportes.com\/index.php\/player\/david-lujan\/\"><dd class=\"wp-caption-text gallery-caption small-3 columns has-number\"><strong>14<\/strong> David Luj\u00e1n<\/dd><\/a><\/dl><dl class='gallery-item'>\n\t<dt class='gallery-icon portrait'><a href=\"https:\/\/cabezadelbueydeportes.com\/index.php\/player\/alejandro-matarredona-mafia\/\"><img loading=\"lazy\" decoding=\"async\" width=\"300\" height=\"300\" src=\"https:\/\/cabezadelbueydeportes.com\/wp-content\/uploads\/2023\/06\/Mafia-300x300.png\" class=\"attachment-sportspress-crop-medium size-sportspress-crop-medium wp-post-image\" alt=\"\" \/><\/a><\/dt><a href=\"https:\/\/cabezadelbueydeportes.com\/index.php\/player\/alejandro-matarredona-mafia\/\"><dd class=\"wp-caption-text gallery-caption small-3 columns has-number\"><strong>11<\/strong> Alejandro Matarredona \u00abMafia\u00bb<\/dd><\/a><\/dl><dl class='gallery-item'>\n\t<dt class='gallery-icon portrait'><a href=\"https:\/\/cabezadelbueydeportes.com\/index.php\/player\/cesar\/\"><img loading=\"lazy\" decoding=\"async\" width=\"150\" height=\"150\" src=\"\/\/www.gravatar.com\/avatar\/?s=150&amp;d=mm&amp;f=y\" class=\"attachment-thumbnail wp-post-image\"><\/a><\/dt><a href=\"https:\/\/cabezadelbueydeportes.com\/index.php\/player\/cesar\/\"><dd class=\"wp-caption-text gallery-caption small-3 columns has-number\"><strong>11<\/strong> C\u00e9sar Mora Mu\u00f1oz-Reja<\/dd><\/a><\/dl><dl class='gallery-item'>\n\t<dt class='gallery-icon portrait'><a href=\"https:\/\/cabezadelbueydeportes.com\/index.php\/player\/antonio-fernandez\/\"><img loading=\"lazy\" decoding=\"async\" width=\"150\" height=\"150\" src=\"\/\/www.gravatar.com\/avatar\/?s=150&amp;d=mm&amp;f=y\" class=\"attachment-thumbnail wp-post-image\"><\/a><\/dt><a href=\"https:\/\/cabezadelbueydeportes.com\/index.php\/player\/antonio-fernandez\/\"><dd class=\"wp-caption-text gallery-caption small-3 columns has-number\"><strong>14<\/strong> Antonio Fern\u00e1ndez<\/dd><\/a><\/dl><dl class='gallery-item'>\n\t<dt class='gallery-icon portrait'><a href=\"https:\/\/cabezadelbueydeportes.com\/index.php\/player\/jose-burgos\/\"><img loading=\"lazy\" decoding=\"async\" width=\"300\" height=\"300\" src=\"https:\/\/cabezadelbueydeportes.com\/wp-content\/uploads\/2023\/06\/Burgos-300x300.png\" class=\"attachment-sportspress-crop-medium size-sportspress-crop-medium wp-post-image\" alt=\"\" \/><\/a><\/dt><a href=\"https:\/\/cabezadelbueydeportes.com\/index.php\/player\/jose-burgos\/\"><dd class=\"wp-caption-text gallery-caption small-3 columns has-number\"><strong>21<\/strong> Jos\u00e9 Burgos<\/dd><\/a><\/dl><dl class='gallery-item'>\n\t<dt class='gallery-icon portrait'><a href=\"https:\/\/cabezadelbueydeportes.com\/index.php\/player\/alberto-ruiz-moreno-churro\/\"><img loading=\"lazy\" decoding=\"async\" width=\"300\" height=\"300\" src=\"https:\/\/cabezadelbueydeportes.com\/wp-content\/uploads\/2023\/06\/Churro-2-300x300.png\" class=\"attachment-sportspress-crop-medium size-sportspress-crop-medium wp-post-image\" alt=\"\" \/><\/a><\/dt><a href=\"https:\/\/cabezadelbueydeportes.com\/index.php\/player\/alberto-ruiz-moreno-churro\/\"><dd class=\"wp-caption-text gallery-caption small-3 columns has-number\"><strong>23<\/strong> Alberto Ru\u00edz-Moreno \u00abChurro\u00bb<\/dd><\/a><\/dl><dl class='gallery-item'>\n\t<dt class='gallery-icon portrait'><a href=\"https:\/\/cabezadelbueydeportes.com\/index.php\/player\/cesar-mora\/\"><img loading=\"lazy\" decoding=\"async\" width=\"150\" height=\"150\" src=\"\/\/www.gravatar.com\/avatar\/?s=150&amp;d=mm&amp;f=y\" class=\"attachment-thumbnail wp-post-image\"><\/a><\/dt><a href=\"https:\/\/cabezadelbueydeportes.com\/index.php\/player\/cesar-mora\/\"><dd class=\"wp-caption-text gallery-caption small-3 columns has-number\"><strong>4<\/strong> C\u00e9sar Mora<\/dd><\/a><\/dl><dl class='gallery-item'>\n\t<dt class='gallery-icon portrait'><a href=\"https:\/\/cabezadelbueydeportes.com\/index.php\/player\/nicolas-sanchez-arevalo\/\"><img loading=\"lazy\" decoding=\"async\" width=\"300\" height=\"300\" src=\"https:\/\/cabezadelbueydeportes.com\/wp-content\/uploads\/2023\/06\/niko-300x300.png\" class=\"attachment-sportspress-crop-medium size-sportspress-crop-medium wp-post-image\" alt=\"\" \/><\/a><\/dt><a href=\"https:\/\/cabezadelbueydeportes.com\/index.php\/player\/nicolas-sanchez-arevalo\/\"><dd class=\"wp-caption-text gallery-caption small-3 columns has-number\"><strong>4<\/strong> Nicol\u00e1s S\u00e1nchez-Ar\u00e9valo<\/dd><\/a><\/dl><dl class='gallery-item'>\n\t<dt class='gallery-icon portrait'><a href=\"https:\/\/cabezadelbueydeportes.com\/index.php\/player\/santiago-gamboa\/\"><img loading=\"lazy\" decoding=\"async\" width=\"300\" height=\"300\" src=\"https:\/\/cabezadelbueydeportes.com\/wp-content\/uploads\/2023\/06\/Gamboa-300x300.png\" class=\"attachment-sportspress-crop-medium size-sportspress-crop-medium wp-post-image\" alt=\"\" \/><\/a><\/dt><a href=\"https:\/\/cabezadelbueydeportes.com\/index.php\/player\/santiago-gamboa\/\"><dd class=\"wp-caption-text gallery-caption small-3 columns has-number\"><strong>9<\/strong> Santiago Gamboa<\/dd><\/a><\/dl><dl class='gallery-item'>\n\t<dt class='gallery-icon portrait'><a href=\"https:\/\/cabezadelbueydeportes.com\/index.php\/player\/alvaro-munoz\/\"><img loading=\"lazy\" decoding=\"async\" width=\"300\" height=\"300\" src=\"https:\/\/cabezadelbueydeportes.com\/wp-content\/uploads\/2023\/06\/alvaro-300x300.png\" class=\"attachment-sportspress-crop-medium size-sportspress-crop-medium wp-post-image\" alt=\"\" \/><\/a><\/dt><a href=\"https:\/\/cabezadelbueydeportes.com\/index.php\/player\/alvaro-munoz\/\"><dd class=\"wp-caption-text gallery-caption small-3 columns has-number\"><strong>12<\/strong> \u00c1lvaro Mu\u00f1oz<\/dd><\/a><\/dl><dl class='gallery-item'>\n\t<dt class='gallery-icon portrait'><a href=\"https:\/\/cabezadelbueydeportes.com\/index.php\/player\/manu\/\"><img loading=\"lazy\" decoding=\"async\" width=\"150\" height=\"150\" src=\"\/\/www.gravatar.com\/avatar\/?s=150&amp;d=mm&amp;f=y\" class=\"attachment-thumbnail wp-post-image\"><\/a><\/dt><a href=\"https:\/\/cabezadelbueydeportes.com\/index.php\/player\/manu\/\"><dd class=\"wp-caption-text gallery-caption small-3 columns\">Manu<\/dd><\/a><\/dl><dl class='gallery-item'>\n\t<dt class='gallery-icon portrait'><a href=\"https:\/\/cabezadelbueydeportes.com\/index.php\/player\/adrian-garcia-risco-luli\/\"><img loading=\"lazy\" decoding=\"async\" width=\"300\" height=\"300\" src=\"https:\/\/cabezadelbueydeportes.com\/wp-content\/uploads\/2023\/06\/Luli-300x300.png\" class=\"attachment-sportspress-crop-medium size-sportspress-crop-medium wp-post-image\" alt=\"\" \/><\/a><\/dt><a href=\"https:\/\/cabezadelbueydeportes.com\/index.php\/player\/adrian-garcia-risco-luli\/\"><dd class=\"wp-caption-text gallery-caption small-3 columns has-number\"><strong>3<\/strong> Adri\u00e1n Garc\u00eda-Risco Rivera \u00abLuli\u00bb<\/dd><\/a><\/dl><dl class='gallery-item'>\n\t<dt class='gallery-icon portrait'><a href=\"https:\/\/cabezadelbueydeportes.com\/index.php\/player\/iker-tornero\/\"><img loading=\"lazy\" decoding=\"async\" width=\"300\" height=\"300\" src=\"https:\/\/cabezadelbueydeportes.com\/wp-content\/uploads\/2023\/06\/Iker-300x300.png\" class=\"attachment-sportspress-crop-medium size-sportspress-crop-medium wp-post-image\" alt=\"\" \/><\/a><\/dt><a href=\"https:\/\/cabezadelbueydeportes.com\/index.php\/player\/iker-tornero\/\"><dd class=\"wp-caption-text gallery-caption small-3 columns has-number\"><strong>4<\/strong> Iker Tornero<\/dd><\/a><\/dl><dl class='gallery-item'>\n\t<dt class='gallery-icon portrait'><a href=\"https:\/\/cabezadelbueydeportes.com\/index.php\/player\/ismael-pozo\/\"><img loading=\"lazy\" decoding=\"async\" width=\"300\" height=\"300\" src=\"https:\/\/cabezadelbueydeportes.com\/wp-content\/uploads\/2023\/06\/Isma-300x300.png\" class=\"attachment-sportspress-crop-medium size-sportspress-crop-medium wp-post-image\" alt=\"\" \/><\/a><\/dt><a href=\"https:\/\/cabezadelbueydeportes.com\/index.php\/player\/ismael-pozo\/\"><dd class=\"wp-caption-text gallery-caption small-3 columns has-number\"><strong>7<\/strong> Ismael Pozo<\/dd><\/a><\/dl><dl class='gallery-item'>\n\t<dt class='gallery-icon portrait'><a href=\"https:\/\/cabezadelbueydeportes.com\/index.php\/player\/mario-redondo\/\"><img loading=\"lazy\" decoding=\"async\" width=\"150\" height=\"150\" src=\"\/\/www.gravatar.com\/avatar\/?s=150&amp;d=mm&amp;f=y\" class=\"attachment-thumbnail wp-post-image\"><\/a><\/dt><a href=\"https:\/\/cabezadelbueydeportes.com\/index.php\/player\/mario-redondo\/\"><dd class=\"wp-caption-text gallery-caption small-3 columns has-number\"><strong>7<\/strong> Mario Redondo<\/dd><\/a><\/dl><dl class='gallery-item'>\n\t<dt class='gallery-icon portrait'><a href=\"https:\/\/cabezadelbueydeportes.com\/index.php\/player\/fran\/\"><img loading=\"lazy\" decoding=\"async\" width=\"150\" height=\"150\" src=\"\/\/www.gravatar.com\/avatar\/?s=150&amp;d=mm&amp;f=y\" class=\"attachment-thumbnail wp-post-image\"><\/a><\/dt><a href=\"https:\/\/cabezadelbueydeportes.com\/index.php\/player\/fran\/\"><dd class=\"wp-caption-text gallery-caption small-3 columns has-number\"><strong>8<\/strong> Fran S\u00e1nchez-Toril<\/dd><\/a><\/dl><dl class='gallery-item'>\n\t<dt class='gallery-icon portrait'><a href=\"https:\/\/cabezadelbueydeportes.com\/index.php\/player\/carlos-fuentes\/\"><img loading=\"lazy\" decoding=\"async\" width=\"300\" height=\"300\" src=\"https:\/\/cabezadelbueydeportes.com\/wp-content\/uploads\/2023\/06\/Fuentes-300x300.png\" class=\"attachment-sportspress-crop-medium size-sportspress-crop-medium wp-post-image\" alt=\"\" \/><\/a><\/dt><a href=\"https:\/\/cabezadelbueydeportes.com\/index.php\/player\/carlos-fuentes\/\"><dd class=\"wp-caption-text gallery-caption small-3 columns has-number\"><strong>16<\/strong> Carlos Fuentes<\/dd><\/a><\/dl><dl class='gallery-item'>\n\t<dt class='gallery-icon portrait'><a href=\"https:\/\/cabezadelbueydeportes.com\/index.php\/player\/jaime\/\"><img loading=\"lazy\" decoding=\"async\" width=\"150\" height=\"150\" src=\"\/\/www.gravatar.com\/avatar\/?s=150&amp;d=mm&amp;f=y\" class=\"attachment-thumbnail wp-post-image\"><\/a><\/dt><a href=\"https:\/\/cabezadelbueydeportes.com\/index.php\/player\/jaime\/\"><dd class=\"wp-caption-text gallery-caption small-3 columns has-number\"><strong>16<\/strong> Jaime<\/dd><\/a><\/dl><dl class='gallery-item'>\n\t<dt class='gallery-icon portrait'><a href=\"https:\/\/cabezadelbueydeportes.com\/index.php\/player\/adrian-osorio\/\"><img loading=\"lazy\" decoding=\"async\" width=\"150\" height=\"150\" src=\"\/\/www.gravatar.com\/avatar\/?s=150&amp;d=mm&amp;f=y\" class=\"attachment-thumbnail wp-post-image\"><\/a><\/dt><a href=\"https:\/\/cabezadelbueydeportes.com\/index.php\/player\/adrian-osorio\/\"><dd class=\"wp-caption-text gallery-caption small-3 columns has-number\"><strong>16<\/strong> Adri\u00e1n Osorio Ceb\u00e1n<\/dd><\/a><\/dl><dl class='gallery-item'>\n\t<dt class='gallery-icon portrait'><a href=\"https:\/\/cabezadelbueydeportes.com\/index.php\/player\/german-donoso\/\"><img loading=\"lazy\" decoding=\"async\" width=\"150\" height=\"150\" src=\"\/\/www.gravatar.com\/avatar\/?s=150&amp;d=mm&amp;f=y\" class=\"attachment-thumbnail wp-post-image\"><\/a><\/dt><a href=\"https:\/\/cabezadelbueydeportes.com\/index.php\/player\/german-donoso\/\"><dd class=\"wp-caption-text gallery-caption small-3 columns has-number\"><strong>18<\/strong> Germ\u00e1n Gonz\u00e1lez Silva<\/dd><\/a><\/dl><dl class='gallery-item'>\n\t<dt class='gallery-icon portrait'><a href=\"https:\/\/cabezadelbueydeportes.com\/index.php\/player\/manuel-garcia-izquierdo\/\"><img loading=\"lazy\" decoding=\"async\" width=\"300\" height=\"300\" src=\"https:\/\/cabezadelbueydeportes.com\/wp-content\/uploads\/2023\/06\/racha-300x300.png\" class=\"attachment-sportspress-crop-medium size-sportspress-crop-medium wp-post-image\" alt=\"\" \/><\/a><\/dt><a href=\"https:\/\/cabezadelbueydeportes.com\/index.php\/player\/manuel-garcia-izquierdo\/\"><dd class=\"wp-caption-text gallery-caption small-3 columns has-number\"><strong>24<\/strong> Manuel Garc\u00eda-Izquierdo<\/dd><\/a><\/dl><dl class='gallery-item'>\n\t<dt class='gallery-icon portrait'><a href=\"https:\/\/cabezadelbueydeportes.com\/index.php\/player\/emilio-garcia-sosa\/\"><img loading=\"lazy\" decoding=\"async\" width=\"150\" height=\"150\" src=\"\/\/www.gravatar.com\/avatar\/?s=150&amp;d=mm&amp;f=y\" class=\"attachment-thumbnail wp-post-image\"><\/a><\/dt><a href=\"https:\/\/cabezadelbueydeportes.com\/index.php\/player\/emilio-garcia-sosa\/\"><dd class=\"wp-caption-text gallery-caption small-3 columns has-number\"><strong>31<\/strong> Emilio Jos\u00e9 Garc\u00eda Sosa<\/dd><\/a><\/dl><dl class='gallery-item'>\n\t<dt class='gallery-icon portrait'><a href=\"https:\/\/cabezadelbueydeportes.com\/index.php\/player\/ismael-bravo\/\"><img loading=\"lazy\" decoding=\"async\" width=\"150\" height=\"150\" src=\"\/\/www.gravatar.com\/avatar\/?s=150&amp;d=mm&amp;f=y\" class=\"attachment-thumbnail wp-post-image\"><\/a><\/dt><a href=\"https:\/\/cabezadelbueydeportes.com\/index.php\/player\/ismael-bravo\/\"><dd class=\"wp-caption-text gallery-caption small-3 columns\">Ismael Bravo<\/dd><\/a><\/dl><dl class='gallery-item'>\n\t<dt class='gallery-icon portrait'><a href=\"https:\/\/cabezadelbueydeportes.com\/index.php\/player\/jacinto-torres\/\"><img loading=\"lazy\" decoding=\"async\" width=\"150\" height=\"150\" src=\"\/\/www.gravatar.com\/avatar\/?s=150&amp;d=mm&amp;f=y\" class=\"attachment-thumbnail wp-post-image\"><\/a><\/dt><a href=\"https:\/\/cabezadelbueydeportes.com\/index.php\/player\/jacinto-torres\/\"><dd class=\"wp-caption-text gallery-caption small-3 columns\">Jacinto Torres Calvo de Mora<\/dd><\/a><\/dl><dl class='gallery-item'>\n\t<dt class='gallery-icon portrait'><a href=\"https:\/\/cabezadelbueydeportes.com\/index.php\/player\/cristian\/\"><img loading=\"lazy\" decoding=\"async\" width=\"150\" height=\"150\" src=\"\/\/www.gravatar.com\/avatar\/?s=150&amp;d=mm&amp;f=y\" class=\"attachment-thumbnail wp-post-image\"><\/a><\/dt><a href=\"https:\/\/cabezadelbueydeportes.com\/index.php\/player\/cristian\/\"><dd class=\"wp-caption-text gallery-caption small-3 columns has-number\"><strong>1<\/strong> Cristian Haba<\/dd><\/a><\/dl><dl class='gallery-item'>\n\t<dt class='gallery-icon portrait'><a href=\"https:\/\/cabezadelbueydeportes.com\/index.php\/player\/julio-alberto-pablo\/\"><img loading=\"lazy\" decoding=\"async\" width=\"300\" height=\"300\" src=\"https:\/\/cabezadelbueydeportes.com\/wp-content\/uploads\/2023\/06\/Julio-300x300.png\" class=\"attachment-sportspress-crop-medium size-sportspress-crop-medium wp-post-image\" alt=\"\" \/><\/a><\/dt><a href=\"https:\/\/cabezadelbueydeportes.com\/index.php\/player\/julio-alberto-pablo\/\"><dd class=\"wp-caption-text gallery-caption small-3 columns has-number\"><strong>4<\/strong> Julio Alberto Pablo<\/dd><\/a><\/dl><dl class='gallery-item'>\n\t<dt class='gallery-icon portrait'><a href=\"https:\/\/cabezadelbueydeportes.com\/index.php\/player\/oscar-guerra\/\"><img loading=\"lazy\" decoding=\"async\" width=\"300\" height=\"300\" src=\"https:\/\/cabezadelbueydeportes.com\/wp-content\/uploads\/2023\/06\/oscar-300x300.png\" class=\"attachment-sportspress-crop-medium size-sportspress-crop-medium wp-post-image\" alt=\"\" \/><\/a><\/dt><a href=\"https:\/\/cabezadelbueydeportes.com\/index.php\/player\/oscar-guerra\/\"><dd class=\"wp-caption-text gallery-caption small-3 columns has-number\"><strong>5<\/strong> \u00d3scar Guerra<\/dd><\/a><\/dl><dl class='gallery-item'>\n\t<dt class='gallery-icon portrait'><a href=\"https:\/\/cabezadelbueydeportes.com\/index.php\/player\/sergio-prada\/\"><img loading=\"lazy\" decoding=\"async\" width=\"300\" height=\"300\" src=\"https:\/\/cabezadelbueydeportes.com\/wp-content\/uploads\/2023\/06\/sergio-300x300.png\" class=\"attachment-sportspress-crop-medium size-sportspress-crop-medium wp-post-image\" alt=\"\" \/><\/a><\/dt><a href=\"https:\/\/cabezadelbueydeportes.com\/index.php\/player\/sergio-prada\/\"><dd class=\"wp-caption-text gallery-caption small-3 columns has-number\"><strong>7<\/strong> Sergio Prada<\/dd><\/a><\/dl><dl class='gallery-item'>\n\t<dt class='gallery-icon portrait'><a href=\"https:\/\/cabezadelbueydeportes.com\/index.php\/player\/jorge-mora\/\"><img loading=\"lazy\" decoding=\"async\" width=\"116\" height=\"145\" src=\"https:\/\/cabezadelbueydeportes.com\/wp-content\/uploads\/2023\/06\/Jorge.png\" class=\"attachment-sportspress-crop-medium size-sportspress-crop-medium wp-post-image\" alt=\"\" \/><\/a><\/dt><a href=\"https:\/\/cabezadelbueydeportes.com\/index.php\/player\/jorge-mora\/\"><dd class=\"wp-caption-text gallery-caption small-3 columns has-number\"><strong>8<\/strong> Jorge Mora Carrillo<\/dd><\/a><\/dl><dl class='gallery-item'>\n\t<dt class='gallery-icon portrait'><a href=\"https:\/\/cabezadelbueydeportes.com\/index.php\/player\/victor-sanchez-arevalo-socio\/\"><img loading=\"lazy\" decoding=\"async\" width=\"300\" height=\"300\" src=\"https:\/\/cabezadelbueydeportes.com\/wp-content\/uploads\/2023\/06\/Socio-300x300.png\" class=\"attachment-sportspress-crop-medium size-sportspress-crop-medium wp-post-image\" alt=\"\" \/><\/a><\/dt><a href=\"https:\/\/cabezadelbueydeportes.com\/index.php\/player\/victor-sanchez-arevalo-socio\/\"><dd class=\"wp-caption-text gallery-caption small-3 columns has-number\"><strong>9<\/strong> V\u00edctor Manuel S\u00e1nchez-Ar\u00e9valo Ruiz \u00abSocio\u00bb<\/dd><\/a><\/dl><dl class='gallery-item'>\n\t<dt class='gallery-icon portrait'><a href=\"https:\/\/cabezadelbueydeportes.com\/index.php\/player\/fernando-fernandez\/\"><img loading=\"lazy\" decoding=\"async\" width=\"150\" height=\"150\" src=\"\/\/www.gravatar.com\/avatar\/?s=150&amp;d=mm&amp;f=y\" class=\"attachment-thumbnail wp-post-image\"><\/a><\/dt><a href=\"https:\/\/cabezadelbueydeportes.com\/index.php\/player\/fernando-fernandez\/\"><dd class=\"wp-caption-text gallery-caption small-3 columns has-number\"><strong>9<\/strong> Fernando Fern\u00e1ndez<\/dd><\/a><\/dl><dl class='gallery-item'>\n\t<dt class='gallery-icon portrait'><a href=\"https:\/\/cabezadelbueydeportes.com\/index.php\/player\/jordi-ruiz\/\"><img loading=\"lazy\" decoding=\"async\" width=\"300\" height=\"300\" src=\"https:\/\/cabezadelbueydeportes.com\/wp-content\/uploads\/2023\/06\/Jordi-300x300.png\" class=\"attachment-sportspress-crop-medium size-sportspress-crop-medium wp-post-image\" alt=\"\" \/><\/a><\/dt><a href=\"https:\/\/cabezadelbueydeportes.com\/index.php\/player\/jordi-ruiz\/\"><dd class=\"wp-caption-text gallery-caption small-3 columns has-number\"><strong>11<\/strong> Jordi Ru\u00edz<\/dd><\/a><\/dl><dl class='gallery-item'>\n\t<dt class='gallery-icon portrait'><a href=\"https:\/\/cabezadelbueydeportes.com\/index.php\/player\/alejandro-sanchez-arevalo-trufa\/\"><img loading=\"lazy\" decoding=\"async\" width=\"300\" height=\"300\" src=\"https:\/\/cabezadelbueydeportes.com\/wp-content\/uploads\/2023\/06\/Trufa-300x300.png\" class=\"attachment-sportspress-crop-medium size-sportspress-crop-medium wp-post-image\" alt=\"\" \/><\/a><\/dt><a href=\"https:\/\/cabezadelbueydeportes.com\/index.php\/player\/alejandro-sanchez-arevalo-trufa\/\"><dd class=\"wp-caption-text gallery-caption small-3 columns has-number\"><strong>12<\/strong> Alejandro S\u00e1nchez-Ar\u00e9valo \u00abTrufa\u00bb<\/dd><\/a><\/dl><dl class='gallery-item'>\n\t<dt class='gallery-icon portrait'><a href=\"https:\/\/cabezadelbueydeportes.com\/index.php\/player\/javier-garcia\/\"><img loading=\"lazy\" decoding=\"async\" width=\"150\" height=\"150\" src=\"\/\/www.gravatar.com\/avatar\/?s=150&amp;d=mm&amp;f=y\" class=\"attachment-thumbnail wp-post-image\"><\/a><\/dt><a href=\"https:\/\/cabezadelbueydeportes.com\/index.php\/player\/javier-garcia\/\"><dd class=\"wp-caption-text gallery-caption small-3 columns has-number\"><strong>12<\/strong> Javier Garc\u00eda<\/dd><\/a><\/dl><dl class='gallery-item'>\n\t<dt class='gallery-icon portrait'><a href=\"https:\/\/cabezadelbueydeportes.com\/index.php\/player\/jose-villarreal\/\"><img loading=\"lazy\" decoding=\"async\" width=\"300\" height=\"300\" src=\"https:\/\/cabezadelbueydeportes.com\/wp-content\/uploads\/2023\/06\/Chelin-300x300.png\" class=\"attachment-sportspress-crop-medium size-sportspress-crop-medium wp-post-image\" alt=\"\" \/><\/a><\/dt><a href=\"https:\/\/cabezadelbueydeportes.com\/index.php\/player\/jose-villarreal\/\"><dd class=\"wp-caption-text gallery-caption small-3 columns has-number\"><strong>14<\/strong> Jos\u00e9 Villarreal \u00abChel\u00edn\u00bb<\/dd><\/a><\/dl><dl class='gallery-item'>\n\t<dt class='gallery-icon portrait'><a href=\"https:\/\/cabezadelbueydeportes.com\/index.php\/player\/luis-simancas\/\"><img loading=\"lazy\" decoding=\"async\" width=\"300\" height=\"300\" src=\"https:\/\/cabezadelbueydeportes.com\/wp-content\/uploads\/2023\/06\/Siman-300x300.png\" class=\"attachment-sportspress-crop-medium size-sportspress-crop-medium wp-post-image\" alt=\"\" \/><\/a><\/dt><a href=\"https:\/\/cabezadelbueydeportes.com\/index.php\/player\/luis-simancas\/\"><dd class=\"wp-caption-text gallery-caption small-3 columns has-number\"><strong>14<\/strong> Luis Simancas S\u00e1nchez-Ar\u00e9valo<\/dd><\/a><\/dl><dl class='gallery-item'>\n\t<dt class='gallery-icon portrait'><a href=\"https:\/\/cabezadelbueydeportes.com\/index.php\/player\/sergio-bravo-de-medina\/\"><img loading=\"lazy\" decoding=\"async\" width=\"300\" height=\"300\" src=\"https:\/\/cabezadelbueydeportes.com\/wp-content\/uploads\/2023\/06\/Nene-300x300.png\" class=\"attachment-sportspress-crop-medium size-sportspress-crop-medium wp-post-image\" alt=\"\" \/><\/a><\/dt><a href=\"https:\/\/cabezadelbueydeportes.com\/index.php\/player\/sergio-bravo-de-medina\/\"><dd class=\"wp-caption-text gallery-caption small-3 columns has-number\"><strong>18<\/strong> Sergio Bravo de Medina Matarredona<\/dd><\/a><\/dl><dl class='gallery-item'>\n\t<dt class='gallery-icon portrait'><a href=\"https:\/\/cabezadelbueydeportes.com\/index.php\/player\/manuel-quiros\/\"><img loading=\"lazy\" decoding=\"async\" width=\"150\" height=\"150\" src=\"\/\/www.gravatar.com\/avatar\/?s=150&amp;d=mm&amp;f=y\" class=\"attachment-thumbnail wp-post-image\"><\/a><\/dt><a href=\"https:\/\/cabezadelbueydeportes.com\/index.php\/player\/manuel-quiros\/\"><dd class=\"wp-caption-text gallery-caption small-3 columns has-number\"><strong>19<\/strong> Manuel Quir\u00f3s<\/dd><\/a><\/dl><dl class='gallery-item'>\n\t<dt class='gallery-icon portrait'><a href=\"https:\/\/cabezadelbueydeportes.com\/index.php\/player\/alberto-capilla\/\"><img loading=\"lazy\" decoding=\"async\" width=\"150\" height=\"150\" src=\"\/\/www.gravatar.com\/avatar\/?s=150&amp;d=mm&amp;f=y\" class=\"attachment-thumbnail wp-post-image\"><\/a><\/dt><a href=\"https:\/\/cabezadelbueydeportes.com\/index.php\/player\/alberto-capilla\/\"><dd class=\"wp-caption-text gallery-caption small-3 columns has-number\"><strong>20<\/strong> Alberto Corral Garc\u00eda<\/dd><\/a><\/dl><dl class='gallery-item'>\n\t<dt class='gallery-icon portrait'><a href=\"https:\/\/cabezadelbueydeportes.com\/index.php\/player\/luis-manuel-sereno\/\"><img loading=\"lazy\" decoding=\"async\" width=\"150\" height=\"150\" src=\"\/\/www.gravatar.com\/avatar\/?s=150&amp;d=mm&amp;f=y\" class=\"attachment-thumbnail wp-post-image\"><\/a><\/dt><a href=\"https:\/\/cabezadelbueydeportes.com\/index.php\/player\/luis-manuel-sereno\/\"><dd class=\"wp-caption-text gallery-caption small-3 columns has-number\"><strong>22<\/strong> Gonzalo Carmona Cort\u00e9s<\/dd><\/a><\/dl><dl class='gallery-item'>\n\t<dt class='gallery-icon portrait'><a href=\"https:\/\/cabezadelbueydeportes.com\/index.php\/player\/david-trivino\/\"><img loading=\"lazy\" decoding=\"async\" width=\"300\" height=\"300\" src=\"https:\/\/cabezadelbueydeportes.com\/wp-content\/uploads\/2023\/06\/David-300x300.png\" class=\"attachment-sportspress-crop-medium size-sportspress-crop-medium wp-post-image\" alt=\"\" \/><\/a><\/dt><a href=\"https:\/\/cabezadelbueydeportes.com\/index.php\/player\/david-trivino\/\"><dd class=\"wp-caption-text gallery-caption small-3 columns has-number\"><strong>25<\/strong> David Trivi\u00f1o<\/dd><\/a><\/dl><dl class='gallery-item'>\n\t<dt class='gallery-icon portrait'><a href=\"https:\/\/cabezadelbueydeportes.com\/index.php\/player\/andres-munoz\/\"><img loading=\"lazy\" decoding=\"async\" width=\"300\" height=\"300\" src=\"https:\/\/cabezadelbueydeportes.com\/wp-content\/uploads\/2023\/06\/Andres-300x300.png\" class=\"attachment-sportspress-crop-medium size-sportspress-crop-medium wp-post-image\" alt=\"\" \/><\/a><\/dt><a href=\"https:\/\/cabezadelbueydeportes.com\/index.php\/player\/andres-munoz\/\"><dd class=\"wp-caption-text gallery-caption small-3 columns has-number\"><strong>27<\/strong> Andr\u00e9s Mu\u00f1oz<\/dd><\/a><\/dl><dl class='gallery-item'>\n\t<dt class='gallery-icon portrait'><a href=\"https:\/\/cabezadelbueydeportes.com\/index.php\/player\/daniel-paco\/\"><img loading=\"lazy\" decoding=\"async\" width=\"150\" height=\"150\" src=\"\/\/www.gravatar.com\/avatar\/?s=150&amp;d=mm&amp;f=y\" class=\"attachment-thumbnail wp-post-image\"><\/a><\/dt><a href=\"https:\/\/cabezadelbueydeportes.com\/index.php\/player\/daniel-paco\/\"><dd class=\"wp-caption-text gallery-caption small-3 columns has-number\"><strong>74<\/strong> Daniel Paco<\/dd><\/a><\/dl><\/div><\/div><\/div>\n<\/div>\n","protected":false},"excerpt":{"rendered":"","protected":false},"author":1,"featured_media":0,"parent":267,"menu_order":3,"comment_status":"closed","ping_status":"closed","template":"","meta":{"footnotes":""},"_links":{"self":[{"href":"https:\/\/cabezadelbueydeportes.com\/index.php\/wp-json\/wp\/v2\/pages\/288"}],"collection":[{"href":"https:\/\/cabezadelbueydeportes.com\/index.php\/wp-json\/wp\/v2\/pages"}],"about":[{"href":"https:\/\/cabezadelbueydeportes.com\/index.php\/wp-json\/wp\/v2\/types\/page"}],"author":[{"embeddable":true,"href":"https:\/\/cabezadelbueydeportes.com\/index.php\/wp-json\/wp\/v2\/users\/1"}],"replies":[{"embeddable":true,"href":"https:\/\/cabezadelbueydeportes.com\/index.php\/wp-json\/wp\/v2\/comments?post=288"}],"version-history":[{"count":1,"href":"https:\/\/cabezadelbueydeportes.com\/index.php\/wp-json\/wp\/v2\/pages\/288\/revisions"}],"predecessor-version":[{"id":289,"href":"https:\/\/cabezadelbueydeportes.com\/index.php\/wp-json\/wp\/v2\/pages\/288\/revisions\/289"}],"up":[{"embeddable":true,"href":"https:\/\/cabezadelbueydeportes.com\/index.php\/wp-json\/wp\/v2\/pages\/267"}],"wp:attachment":[{"href":"https:\/\/cabezadelbueydeportes.com\/index.php\/wp-json\/wp\/v2\/media?parent=288"}],"curies":[{"name":"wp","href":"https:\/\/api.w.org\/{rel}","templated":true}]}}