{"id":267,"date":"2023-06-17T18:30:45","date_gmt":"2023-06-17T17:30:45","guid":{"rendered":"https:\/\/cabezadelbueydeportes.com\/?page_id=267"},"modified":"2024-06-02T12:42:29","modified_gmt":"2024-06-02T11:42:29","slug":"liga-futbol-7-2023","status":"publish","type":"page","link":"https:\/\/cabezadelbueydeportes.com\/index.php\/liga-futbol-7-2023\/","title":{"rendered":"Liga F\u00fatbol 7 2023"},"content":{"rendered":"\n<h3 class=\"wp-block-heading\">Resultados<\/h3>\n\n\n<div class=\"sportspress\"><div class=\"sp-template sp-template-event-blocks\">\n\t<div class=\"sp-table-wrapper\">\n\t\t<table class=\"sp-event-blocks sp-data-table\n\t\t\t\t\t sp-paginated-table\" data-sp-rows=\"7\">\n\t\t\t<thead><tr><th><\/th><\/tr><\/thead> \t\t\t<tbody>\n\t\t\t\t\t\t\t\t\t<tr class=\"sp-row sp-post alternate\" itemscope itemtype=\"http:\/\/schema.org\/SportsEvent\">\n\t\t\t\t\t\t<td>\n\t\t\t\t\t\t\t\t\t\t\t\t\t\t<span class=\"team-logo logo-odd\" title=\"Calzados Nando\"><img loading=\"lazy\" decoding=\"async\" width=\"128\" height=\"74\" src=\"https:\/\/cabezadelbueydeportes.com\/wp-content\/uploads\/2023\/06\/calzados-nando-128x74.png\" class=\"attachment-sportspress-fit-icon size-sportspress-fit-icon wp-post-image\" alt=\"\" \/><\/span> <span class=\"team-logo logo-even\" title=\"Barakas\"><img loading=\"lazy\" decoding=\"async\" width=\"128\" height=\"68\" src=\"https:\/\/cabezadelbueydeportes.com\/wp-content\/uploads\/2023\/06\/Baraka-1-128x68.png\" class=\"attachment-sportspress-fit-icon size-sportspress-fit-icon wp-post-image\" alt=\"\" \/><\/span>\t\t\t\t\t\t\t<time class=\"sp-event-date\" datetime=\"2023-07-08 21:00:02\" itemprop=\"startDate\" content=\"2023-07-08T21:00:02+01:00\">\n\t\t\t\t\t\t\t\t<a href=\"https:\/\/cabezadelbueydeportes.com\/index.php\/event\/final\/\">8 de julio de 2023<\/a>\t\t\t\t\t\t\t<\/time>\n\t\t\t\t\t\t\t\t\t\t\t\t\t\t<h5 class=\"sp-event-results\">\n\t\t\t\t\t\t\t\t<a href=\"https:\/\/cabezadelbueydeportes.com\/index.php\/event\/final\/\"><span class=\"sp-result ok\">3<\/span> - <span class=\"sp-result\">2<\/span><\/a>\t\t\t\t\t\t\t<\/h5>\n\t\t\t\t\t\t\t\t\t\t\t\t\t\t\t\t\t\t\t\t\t\t\t\t\t\t\t\t\t\t\t\t\t\t\t\t<div style=\"display:none;\" class=\"sp-event-venue\" itemprop=\"location\" itemscope itemtype=\"http:\/\/schema.org\/Place\"><div itemprop=\"address\" itemscope itemtype=\"http:\/\/schema.org\/PostalAddress\">N\/D<\/div><\/div>\n\t\t\t\t\t\t\t\t\t\t\t\t\t\t<h4 class=\"sp-event-title\" itemprop=\"name\">\n\t\t\t\t\t\t\t\t<a href=\"https:\/\/cabezadelbueydeportes.com\/index.php\/event\/final\/\">C. Nando vs Barakas<\/a>\t\t\t\t\t\t\t<\/h4>\n\t\t\t\t\t\t\t\n\t\t\t\t\t\t<\/td>\n\t\t\t\t\t<\/tr>\n\t\t\t\t\t\t\t\t\t\t<tr class=\"sp-row sp-post\" itemscope itemtype=\"http:\/\/schema.org\/SportsEvent\">\n\t\t\t\t\t\t<td>\n\t\t\t\t\t\t\t\t\t\t\t\t\t\t<span class=\"team-logo logo-odd\" title=\"A.D. Veteranos Caputbovense\"><img loading=\"lazy\" decoding=\"async\" width=\"104\" height=\"128\" src=\"https:\/\/cabezadelbueydeportes.com\/wp-content\/uploads\/2023\/06\/Escudo-vetes-negro-104x128.png\" class=\"attachment-sportspress-fit-icon size-sportspress-fit-icon wp-post-image\" alt=\"\" \/><\/span> <span class=\"team-logo logo-even\" title=\"AGR The Barber\"><img loading=\"lazy\" decoding=\"async\" width=\"128\" height=\"128\" src=\"https:\/\/cabezadelbueydeportes.com\/wp-content\/uploads\/2023\/06\/Logo-The-Barber-01-128x128.png\" class=\"attachment-sportspress-fit-icon size-sportspress-fit-icon wp-post-image\" alt=\"\" \/><\/span>\t\t\t\t\t\t\t<time class=\"sp-event-date\" datetime=\"2023-07-06 21:00:11\" itemprop=\"startDate\" content=\"2023-07-06T21:00:11+01:00\">\n\t\t\t\t\t\t\t\t<a href=\"https:\/\/cabezadelbueydeportes.com\/index.php\/event\/3o-y-4o-puesto\/\">6 de julio de 2023<\/a>\t\t\t\t\t\t\t<\/time>\n\t\t\t\t\t\t\t\t\t\t\t\t\t\t<h5 class=\"sp-event-results\">\n\t\t\t\t\t\t\t\t<a href=\"https:\/\/cabezadelbueydeportes.com\/index.php\/event\/3o-y-4o-puesto\/\"><span class=\"sp-result ok\">6<\/span> - <span class=\"sp-result\">0<\/span><\/a>\t\t\t\t\t\t\t<\/h5>\n\t\t\t\t\t\t\t\t\t\t\t\t\t\t\t\t\t\t\t\t\t\t\t\t\t\t\t\t\t\t\t\t\t\t\t\t<div style=\"display:none;\" class=\"sp-event-venue\" itemprop=\"location\" itemscope itemtype=\"http:\/\/schema.org\/Place\"><div itemprop=\"address\" itemscope itemtype=\"http:\/\/schema.org\/PostalAddress\">N\/D<\/div><\/div>\n\t\t\t\t\t\t\t\t\t\t\t\t\t\t<h4 class=\"sp-event-title\" itemprop=\"name\">\n\t\t\t\t\t\t\t\t<a href=\"https:\/\/cabezadelbueydeportes.com\/index.php\/event\/3o-y-4o-puesto\/\">Veteranos vs AGR Barber<\/a>\t\t\t\t\t\t\t<\/h4>\n\t\t\t\t\t\t\t\n\t\t\t\t\t\t<\/td>\n\t\t\t\t\t<\/tr>\n\t\t\t\t\t\t\t\t\t\t<tr class=\"sp-row sp-post alternate\" itemscope itemtype=\"http:\/\/schema.org\/SportsEvent\">\n\t\t\t\t\t\t<td>\n\t\t\t\t\t\t\t\t\t\t\t\t\t\t<span class=\"team-logo logo-odd\" title=\"Barakas\"><img loading=\"lazy\" decoding=\"async\" width=\"128\" height=\"68\" src=\"https:\/\/cabezadelbueydeportes.com\/wp-content\/uploads\/2023\/06\/Baraka-1-128x68.png\" class=\"attachment-sportspress-fit-icon size-sportspress-fit-icon wp-post-image\" alt=\"\" \/><\/span> <span class=\"team-logo logo-even\" title=\"AGR The Barber\"><img loading=\"lazy\" decoding=\"async\" width=\"128\" height=\"128\" src=\"https:\/\/cabezadelbueydeportes.com\/wp-content\/uploads\/2023\/06\/Logo-The-Barber-01-128x128.png\" class=\"attachment-sportspress-fit-icon size-sportspress-fit-icon wp-post-image\" alt=\"\" \/><\/span>\t\t\t\t\t\t\t<time class=\"sp-event-date\" datetime=\"2023-06-30 21:00:11\" itemprop=\"startDate\" content=\"2023-06-30T21:00:11+01:00\">\n\t\t\t\t\t\t\t\t<a href=\"https:\/\/cabezadelbueydeportes.com\/index.php\/event\/semifinal-2o-vs-3o\/\">30 de junio de 2023<\/a>\t\t\t\t\t\t\t<\/time>\n\t\t\t\t\t\t\t\t\t\t\t\t\t\t<h5 class=\"sp-event-results\">\n\t\t\t\t\t\t\t\t<a href=\"https:\/\/cabezadelbueydeportes.com\/index.php\/event\/semifinal-2o-vs-3o\/\"><span class=\"sp-result ok\">5<\/span> - <span class=\"sp-result\">4<\/span><\/a>\t\t\t\t\t\t\t<\/h5>\n\t\t\t\t\t\t\t\t\t\t\t\t\t\t\t\t\t\t\t\t\t\t\t\t\t\t\t\t\t\t\t\t\t\t\t\t<div style=\"display:none;\" class=\"sp-event-venue\" itemprop=\"location\" itemscope itemtype=\"http:\/\/schema.org\/Place\"><div itemprop=\"address\" itemscope itemtype=\"http:\/\/schema.org\/PostalAddress\">N\/D<\/div><\/div>\n\t\t\t\t\t\t\t\t\t\t\t\t\t\t<h4 class=\"sp-event-title\" itemprop=\"name\">\n\t\t\t\t\t\t\t\t<a href=\"https:\/\/cabezadelbueydeportes.com\/index.php\/event\/semifinal-2o-vs-3o\/\">Barakas vs AGR Barber<\/a>\t\t\t\t\t\t\t<\/h4>\n\t\t\t\t\t\t\t\n\t\t\t\t\t\t<\/td>\n\t\t\t\t\t<\/tr>\n\t\t\t\t\t\t\t\t\t\t<tr class=\"sp-row sp-post\" itemscope itemtype=\"http:\/\/schema.org\/SportsEvent\">\n\t\t\t\t\t\t<td>\n\t\t\t\t\t\t\t\t\t\t\t\t\t\t<span class=\"team-logo logo-odd\" title=\"Calzados Nando\"><img loading=\"lazy\" decoding=\"async\" width=\"128\" height=\"74\" src=\"https:\/\/cabezadelbueydeportes.com\/wp-content\/uploads\/2023\/06\/calzados-nando-128x74.png\" class=\"attachment-sportspress-fit-icon size-sportspress-fit-icon wp-post-image\" alt=\"\" \/><\/span> <span class=\"team-logo logo-even\" title=\"A.D. Veteranos Caputbovense\"><img loading=\"lazy\" decoding=\"async\" width=\"104\" height=\"128\" src=\"https:\/\/cabezadelbueydeportes.com\/wp-content\/uploads\/2023\/06\/Escudo-vetes-negro-104x128.png\" class=\"attachment-sportspress-fit-icon size-sportspress-fit-icon wp-post-image\" alt=\"\" \/><\/span>\t\t\t\t\t\t\t<time class=\"sp-event-date\" datetime=\"2023-06-29 21:00:18\" itemprop=\"startDate\" content=\"2023-06-29T21:00:18+01:00\">\n\t\t\t\t\t\t\t\t<a href=\"https:\/\/cabezadelbueydeportes.com\/index.php\/event\/semifinal-1o-vs-4o\/\">29 de junio de 2023<\/a>\t\t\t\t\t\t\t<\/time>\n\t\t\t\t\t\t\t\t\t\t\t\t\t\t<h5 class=\"sp-event-results\">\n\t\t\t\t\t\t\t\t<a href=\"https:\/\/cabezadelbueydeportes.com\/index.php\/event\/semifinal-1o-vs-4o\/\"><span class=\"sp-result ok\">3<\/span> - <span class=\"sp-result\">0<\/span><\/a>\t\t\t\t\t\t\t<\/h5>\n\t\t\t\t\t\t\t\t\t\t\t\t\t\t\t\t\t\t\t\t\t\t\t\t\t\t\t\t\t\t\t\t\t\t\t\t<div style=\"display:none;\" class=\"sp-event-venue\" itemprop=\"location\" itemscope itemtype=\"http:\/\/schema.org\/Place\"><div itemprop=\"address\" itemscope itemtype=\"http:\/\/schema.org\/PostalAddress\">N\/D<\/div><\/div>\n\t\t\t\t\t\t\t\t\t\t\t\t\t\t<h4 class=\"sp-event-title\" itemprop=\"name\">\n\t\t\t\t\t\t\t\t<a href=\"https:\/\/cabezadelbueydeportes.com\/index.php\/event\/semifinal-1o-vs-4o\/\">C. Nando vs Veteranos<\/a>\t\t\t\t\t\t\t<\/h4>\n\t\t\t\t\t\t\t\n\t\t\t\t\t\t<\/td>\n\t\t\t\t\t<\/tr>\n\t\t\t\t\t\t\t\t\t\t<tr class=\"sp-row sp-post alternate\" itemscope itemtype=\"http:\/\/schema.org\/SportsEvent\">\n\t\t\t\t\t\t<td>\n\t\t\t\t\t\t\t\t\t\t\t\t\t\t<span class=\"team-logo logo-odd\" title=\"Real Veo\"><img loading=\"lazy\" decoding=\"async\" width=\"128\" height=\"95\" src=\"https:\/\/cabezadelbueydeportes.com\/wp-content\/uploads\/2023\/06\/veo-veo-128x95.png\" class=\"attachment-sportspress-fit-icon size-sportspress-fit-icon wp-post-image\" alt=\"\" \/><\/span> <span class=\"team-logo logo-even\" title=\"ABS Inform\u00e1tica HDS\"><img loading=\"lazy\" decoding=\"async\" width=\"128\" height=\"61\" src=\"https:\/\/cabezadelbueydeportes.com\/wp-content\/uploads\/2023\/07\/ABS-128x61.png\" class=\"attachment-sportspress-fit-icon size-sportspress-fit-icon wp-post-image\" alt=\"\" \/><\/span>\t\t\t\t\t\t\t<time class=\"sp-event-date\" datetime=\"2023-06-28 22:00:41\" itemprop=\"startDate\" content=\"2023-06-28T22:00:41+01:00\">\n\t\t\t\t\t\t\t\t<a href=\"https:\/\/cabezadelbueydeportes.com\/index.php\/event\/real-veo-vs-h-de-socio\/\">28 de junio de 2023<\/a>\t\t\t\t\t\t\t<\/time>\n\t\t\t\t\t\t\t\t\t\t\t\t\t\t<h5 class=\"sp-event-results\">\n\t\t\t\t\t\t\t\t<a href=\"https:\/\/cabezadelbueydeportes.com\/index.php\/event\/real-veo-vs-h-de-socio\/\"><span class=\"sp-result ok\">2<\/span> - <span class=\"sp-result\">11<\/span><\/a>\t\t\t\t\t\t\t<\/h5>\n\t\t\t\t\t\t\t\t\t\t\t\t\t\t\t\t\t\t\t\t\t\t\t\t\t\t\t\t\t\t\t\t\t\t\t\t<div style=\"display:none;\" class=\"sp-event-venue\" itemprop=\"location\" itemscope itemtype=\"http:\/\/schema.org\/Place\"><div itemprop=\"address\" itemscope itemtype=\"http:\/\/schema.org\/PostalAddress\">N\/D<\/div><\/div>\n\t\t\t\t\t\t\t\t\t\t\t\t\t\t<h4 class=\"sp-event-title\" itemprop=\"name\">\n\t\t\t\t\t\t\t\t<a href=\"https:\/\/cabezadelbueydeportes.com\/index.php\/event\/real-veo-vs-h-de-socio\/\">Real Veo vs H. de Socio<\/a>\t\t\t\t\t\t\t<\/h4>\n\t\t\t\t\t\t\t\n\t\t\t\t\t\t<\/td>\n\t\t\t\t\t<\/tr>\n\t\t\t\t\t\t\t\t\t\t<tr class=\"sp-row sp-post\" itemscope itemtype=\"http:\/\/schema.org\/SportsEvent\">\n\t\t\t\t\t\t<td>\n\t\t\t\t\t\t\t\t\t\t\t\t\t\t<span class=\"team-logo logo-odd\" title=\"A.D. Veteranos Caputbovense\"><img loading=\"lazy\" decoding=\"async\" width=\"104\" height=\"128\" src=\"https:\/\/cabezadelbueydeportes.com\/wp-content\/uploads\/2023\/06\/Escudo-vetes-negro-104x128.png\" class=\"attachment-sportspress-fit-icon size-sportspress-fit-icon wp-post-image\" alt=\"\" \/><\/span> <span class=\"team-logo logo-even\" title=\"Barakas\"><img loading=\"lazy\" decoding=\"async\" width=\"128\" height=\"68\" src=\"https:\/\/cabezadelbueydeportes.com\/wp-content\/uploads\/2023\/06\/Baraka-1-128x68.png\" class=\"attachment-sportspress-fit-icon size-sportspress-fit-icon wp-post-image\" alt=\"\" \/><\/span>\t\t\t\t\t\t\t<time class=\"sp-event-date\" datetime=\"2023-06-26 22:00:04\" itemprop=\"startDate\" content=\"2023-06-26T22:00:04+01:00\">\n\t\t\t\t\t\t\t\t<a href=\"https:\/\/cabezadelbueydeportes.com\/index.php\/event\/veteranos-vs-barakas\/\">26 de junio de 2023<\/a>\t\t\t\t\t\t\t<\/time>\n\t\t\t\t\t\t\t\t\t\t\t\t\t\t<h5 class=\"sp-event-results\">\n\t\t\t\t\t\t\t\t<a href=\"https:\/\/cabezadelbueydeportes.com\/index.php\/event\/veteranos-vs-barakas\/\"><span class=\"sp-result ok\">3<\/span> - <span class=\"sp-result\">3<\/span><\/a>\t\t\t\t\t\t\t<\/h5>\n\t\t\t\t\t\t\t\t\t\t\t\t\t\t\t\t\t\t\t\t\t\t\t\t\t\t\t\t\t\t\t\t\t\t\t\t<div style=\"display:none;\" class=\"sp-event-venue\" itemprop=\"location\" itemscope itemtype=\"http:\/\/schema.org\/Place\"><div itemprop=\"address\" itemscope itemtype=\"http:\/\/schema.org\/PostalAddress\">N\/D<\/div><\/div>\n\t\t\t\t\t\t\t\t\t\t\t\t\t\t<h4 class=\"sp-event-title\" itemprop=\"name\">\n\t\t\t\t\t\t\t\t<a href=\"https:\/\/cabezadelbueydeportes.com\/index.php\/event\/veteranos-vs-barakas\/\">Veteranos vs Barakas<\/a>\t\t\t\t\t\t\t<\/h4>\n\t\t\t\t\t\t\t\n\t\t\t\t\t\t<\/td>\n\t\t\t\t\t<\/tr>\n\t\t\t\t\t\t\t\t\t\t<tr class=\"sp-row sp-post alternate\" itemscope itemtype=\"http:\/\/schema.org\/SportsEvent\">\n\t\t\t\t\t\t<td>\n\t\t\t\t\t\t\t\t\t\t\t\t\t\t<span class=\"team-logo logo-odd\" title=\"Calzados Nando\"><img loading=\"lazy\" decoding=\"async\" width=\"128\" height=\"74\" src=\"https:\/\/cabezadelbueydeportes.com\/wp-content\/uploads\/2023\/06\/calzados-nando-128x74.png\" class=\"attachment-sportspress-fit-icon size-sportspress-fit-icon wp-post-image\" alt=\"\" \/><\/span> <span class=\"team-logo logo-even\" title=\"AGR The Barber\"><img loading=\"lazy\" decoding=\"async\" width=\"128\" height=\"128\" src=\"https:\/\/cabezadelbueydeportes.com\/wp-content\/uploads\/2023\/06\/Logo-The-Barber-01-128x128.png\" class=\"attachment-sportspress-fit-icon size-sportspress-fit-icon wp-post-image\" alt=\"\" \/><\/span>\t\t\t\t\t\t\t<time class=\"sp-event-date\" datetime=\"2023-06-26 21:00:22\" itemprop=\"startDate\" content=\"2023-06-26T21:00:22+01:00\">\n\t\t\t\t\t\t\t\t<a href=\"https:\/\/cabezadelbueydeportes.com\/index.php\/event\/c-nando-vs-agr-barber\/\">26 de junio de 2023<\/a>\t\t\t\t\t\t\t<\/time>\n\t\t\t\t\t\t\t\t\t\t\t\t\t\t<h5 class=\"sp-event-results\">\n\t\t\t\t\t\t\t\t<a href=\"https:\/\/cabezadelbueydeportes.com\/index.php\/event\/c-nando-vs-agr-barber\/\"><span class=\"sp-result ok\">9<\/span> - <span class=\"sp-result\">3<\/span><\/a>\t\t\t\t\t\t\t<\/h5>\n\t\t\t\t\t\t\t\t\t\t\t\t\t\t\t\t\t\t\t\t\t\t\t\t\t\t\t\t\t\t\t\t\t\t\t\t<div style=\"display:none;\" class=\"sp-event-venue\" itemprop=\"location\" itemscope itemtype=\"http:\/\/schema.org\/Place\"><div itemprop=\"address\" itemscope itemtype=\"http:\/\/schema.org\/PostalAddress\">N\/D<\/div><\/div>\n\t\t\t\t\t\t\t\t\t\t\t\t\t\t<h4 class=\"sp-event-title\" itemprop=\"name\">\n\t\t\t\t\t\t\t\t<a href=\"https:\/\/cabezadelbueydeportes.com\/index.php\/event\/c-nando-vs-agr-barber\/\">C. Nando vs AGR Barber<\/a>\t\t\t\t\t\t\t<\/h4>\n\t\t\t\t\t\t\t\n\t\t\t\t\t\t<\/td>\n\t\t\t\t\t<\/tr>\n\t\t\t\t\t\t\t\t\t\t<tr class=\"sp-row sp-post\" itemscope itemtype=\"http:\/\/schema.org\/SportsEvent\">\n\t\t\t\t\t\t<td>\n\t\t\t\t\t\t\t\t\t\t\t\t\t\t<span class=\"team-logo logo-odd\" title=\"Real Veo\"><img loading=\"lazy\" decoding=\"async\" width=\"128\" height=\"95\" src=\"https:\/\/cabezadelbueydeportes.com\/wp-content\/uploads\/2023\/06\/veo-veo-128x95.png\" class=\"attachment-sportspress-fit-icon size-sportspress-fit-icon wp-post-image\" alt=\"\" \/><\/span> <span class=\"team-logo logo-even\" title=\"Calzados Nando\"><img loading=\"lazy\" decoding=\"async\" width=\"128\" height=\"74\" src=\"https:\/\/cabezadelbueydeportes.com\/wp-content\/uploads\/2023\/06\/calzados-nando-128x74.png\" class=\"attachment-sportspress-fit-icon size-sportspress-fit-icon wp-post-image\" alt=\"\" \/><\/span>\t\t\t\t\t\t\t<time class=\"sp-event-date\" datetime=\"2023-06-23 21:00:38\" itemprop=\"startDate\" content=\"2023-06-23T21:00:38+01:00\">\n\t\t\t\t\t\t\t\t<a href=\"https:\/\/cabezadelbueydeportes.com\/index.php\/event\/real-veo-vs-veteranos\/\">23 de junio de 2023<\/a>\t\t\t\t\t\t\t<\/time>\n\t\t\t\t\t\t\t\t\t\t\t\t\t\t<h5 class=\"sp-event-results\">\n\t\t\t\t\t\t\t\t<a href=\"https:\/\/cabezadelbueydeportes.com\/index.php\/event\/real-veo-vs-veteranos\/\"><span class=\"sp-result ok\">3<\/span> - <span class=\"sp-result\">7<\/span><\/a>\t\t\t\t\t\t\t<\/h5>\n\t\t\t\t\t\t\t\t\t\t\t\t\t\t\t\t\t\t\t\t\t\t\t\t\t\t\t\t\t\t\t\t\t\t\t\t<div style=\"display:none;\" class=\"sp-event-venue\" itemprop=\"location\" itemscope itemtype=\"http:\/\/schema.org\/Place\"><div itemprop=\"address\" itemscope itemtype=\"http:\/\/schema.org\/PostalAddress\">N\/D<\/div><\/div>\n\t\t\t\t\t\t\t\t\t\t\t\t\t\t<h4 class=\"sp-event-title\" itemprop=\"name\">\n\t\t\t\t\t\t\t\t<a href=\"https:\/\/cabezadelbueydeportes.com\/index.php\/event\/real-veo-vs-veteranos\/\">Real Veo vs C. Nando<\/a>\t\t\t\t\t\t\t<\/h4>\n\t\t\t\t\t\t\t\n\t\t\t\t\t\t<\/td>\n\t\t\t\t\t<\/tr>\n\t\t\t\t\t\t\t\t\t\t<tr class=\"sp-row sp-post alternate\" itemscope itemtype=\"http:\/\/schema.org\/SportsEvent\">\n\t\t\t\t\t\t<td>\n\t\t\t\t\t\t\t\t\t\t\t\t\t\t<span class=\"team-logo logo-odd\" title=\"ABS Inform\u00e1tica HDS\"><img loading=\"lazy\" decoding=\"async\" width=\"128\" height=\"61\" src=\"https:\/\/cabezadelbueydeportes.com\/wp-content\/uploads\/2023\/07\/ABS-128x61.png\" class=\"attachment-sportspress-fit-icon size-sportspress-fit-icon wp-post-image\" alt=\"\" \/><\/span> <span class=\"team-logo logo-even\" title=\"Barakas\"><img loading=\"lazy\" decoding=\"async\" width=\"128\" height=\"68\" src=\"https:\/\/cabezadelbueydeportes.com\/wp-content\/uploads\/2023\/06\/Baraka-1-128x68.png\" class=\"attachment-sportspress-fit-icon size-sportspress-fit-icon wp-post-image\" alt=\"\" \/><\/span>\t\t\t\t\t\t\t<time class=\"sp-event-date\" datetime=\"2023-06-22 21:00:59\" itemprop=\"startDate\" content=\"2023-06-22T21:00:59+01:00\">\n\t\t\t\t\t\t\t\t<a href=\"https:\/\/cabezadelbueydeportes.com\/index.php\/event\/h-de-socio-vs-barakas\/\">22 de junio de 2023<\/a>\t\t\t\t\t\t\t<\/time>\n\t\t\t\t\t\t\t\t\t\t\t\t\t\t<h5 class=\"sp-event-results\">\n\t\t\t\t\t\t\t\t<a href=\"https:\/\/cabezadelbueydeportes.com\/index.php\/event\/h-de-socio-vs-barakas\/\"><span class=\"sp-result ok\">1<\/span> - <span class=\"sp-result\">5<\/span><\/a>\t\t\t\t\t\t\t<\/h5>\n\t\t\t\t\t\t\t\t\t\t\t\t\t\t\t\t\t\t\t\t\t\t\t\t\t\t\t\t\t\t\t\t\t\t\t\t<div style=\"display:none;\" class=\"sp-event-venue\" itemprop=\"location\" itemscope itemtype=\"http:\/\/schema.org\/Place\"><div itemprop=\"address\" itemscope itemtype=\"http:\/\/schema.org\/PostalAddress\">N\/D<\/div><\/div>\n\t\t\t\t\t\t\t\t\t\t\t\t\t\t<h4 class=\"sp-event-title\" itemprop=\"name\">\n\t\t\t\t\t\t\t\t<a href=\"https:\/\/cabezadelbueydeportes.com\/index.php\/event\/h-de-socio-vs-barakas\/\">H. de Socio vs Barakas<\/a>\t\t\t\t\t\t\t<\/h4>\n\t\t\t\t\t\t\t\n\t\t\t\t\t\t<\/td>\n\t\t\t\t\t<\/tr>\n\t\t\t\t\t\t\t\t\t\t<tr class=\"sp-row sp-post\" itemscope itemtype=\"http:\/\/schema.org\/SportsEvent\">\n\t\t\t\t\t\t<td>\n\t\t\t\t\t\t\t\t\t\t\t\t\t\t<span class=\"team-logo logo-odd\" title=\"AGR The Barber\"><img loading=\"lazy\" decoding=\"async\" width=\"128\" height=\"128\" src=\"https:\/\/cabezadelbueydeportes.com\/wp-content\/uploads\/2023\/06\/Logo-The-Barber-01-128x128.png\" class=\"attachment-sportspress-fit-icon size-sportspress-fit-icon wp-post-image\" alt=\"\" \/><\/span> <span class=\"team-logo logo-even\" title=\"A.D. Veteranos Caputbovense\"><img loading=\"lazy\" decoding=\"async\" width=\"104\" height=\"128\" src=\"https:\/\/cabezadelbueydeportes.com\/wp-content\/uploads\/2023\/06\/Escudo-vetes-negro-104x128.png\" class=\"attachment-sportspress-fit-icon size-sportspress-fit-icon wp-post-image\" alt=\"\" \/><\/span>\t\t\t\t\t\t\t<time class=\"sp-event-date\" datetime=\"2023-06-22 21:00:47\" itemprop=\"startDate\" content=\"2023-06-22T21:00:47+01:00\">\n\t\t\t\t\t\t\t\t<a href=\"https:\/\/cabezadelbueydeportes.com\/index.php\/event\/agr-barber-vs-veteranos\/\">22 de junio de 2023<\/a>\t\t\t\t\t\t\t<\/time>\n\t\t\t\t\t\t\t\t\t\t\t\t\t\t<h5 class=\"sp-event-results\">\n\t\t\t\t\t\t\t\t<a href=\"https:\/\/cabezadelbueydeportes.com\/index.php\/event\/agr-barber-vs-veteranos\/\"><span class=\"sp-result ok\">4<\/span> - <span class=\"sp-result\">4<\/span><\/a>\t\t\t\t\t\t\t<\/h5>\n\t\t\t\t\t\t\t\t\t\t\t\t\t\t\t\t\t\t\t\t\t\t\t\t\t\t\t\t\t\t\t\t\t\t\t\t<div style=\"display:none;\" class=\"sp-event-venue\" itemprop=\"location\" itemscope itemtype=\"http:\/\/schema.org\/Place\"><div itemprop=\"address\" itemscope itemtype=\"http:\/\/schema.org\/PostalAddress\">N\/D<\/div><\/div>\n\t\t\t\t\t\t\t\t\t\t\t\t\t\t<h4 class=\"sp-event-title\" itemprop=\"name\">\n\t\t\t\t\t\t\t\t<a href=\"https:\/\/cabezadelbueydeportes.com\/index.php\/event\/agr-barber-vs-veteranos\/\">AGR Barber vs Veteranos<\/a>\t\t\t\t\t\t\t<\/h4>\n\t\t\t\t\t\t\t\n\t\t\t\t\t\t<\/td>\n\t\t\t\t\t<\/tr>\n\t\t\t\t\t\t\t\t\t\t<tr class=\"sp-row sp-post alternate\" itemscope itemtype=\"http:\/\/schema.org\/SportsEvent\">\n\t\t\t\t\t\t<td>\n\t\t\t\t\t\t\t\t\t\t\t\t\t\t<span class=\"team-logo logo-odd\" title=\"Calzados Nando\"><img loading=\"lazy\" decoding=\"async\" width=\"128\" height=\"74\" src=\"https:\/\/cabezadelbueydeportes.com\/wp-content\/uploads\/2023\/06\/calzados-nando-128x74.png\" class=\"attachment-sportspress-fit-icon size-sportspress-fit-icon wp-post-image\" alt=\"\" \/><\/span> <span class=\"team-logo logo-even\" title=\"A.D. Veteranos Caputbovense\"><img loading=\"lazy\" decoding=\"async\" width=\"104\" height=\"128\" src=\"https:\/\/cabezadelbueydeportes.com\/wp-content\/uploads\/2023\/06\/Escudo-vetes-negro-104x128.png\" class=\"attachment-sportspress-fit-icon size-sportspress-fit-icon wp-post-image\" alt=\"\" \/><\/span>\t\t\t\t\t\t\t<time class=\"sp-event-date\" datetime=\"2023-06-20 21:00:18\" itemprop=\"startDate\" content=\"2023-06-20T21:00:18+01:00\">\n\t\t\t\t\t\t\t\t<a href=\"https:\/\/cabezadelbueydeportes.com\/index.php\/event\/c-nando-vs-veteranos\/\">20 de junio de 2023<\/a>\t\t\t\t\t\t\t<\/time>\n\t\t\t\t\t\t\t\t\t\t\t\t\t\t<h5 class=\"sp-event-results\">\n\t\t\t\t\t\t\t\t<a href=\"https:\/\/cabezadelbueydeportes.com\/index.php\/event\/c-nando-vs-veteranos\/\"><span class=\"sp-result ok\">6<\/span> - <span class=\"sp-result\">1<\/span><\/a>\t\t\t\t\t\t\t<\/h5>\n\t\t\t\t\t\t\t\t\t\t\t\t\t\t\t\t\t\t\t\t\t\t\t\t\t\t\t\t\t\t\t\t\t\t\t\t<div style=\"display:none;\" class=\"sp-event-venue\" itemprop=\"location\" itemscope itemtype=\"http:\/\/schema.org\/Place\"><div itemprop=\"address\" itemscope itemtype=\"http:\/\/schema.org\/PostalAddress\">N\/D<\/div><\/div>\n\t\t\t\t\t\t\t\t\t\t\t\t\t\t<h4 class=\"sp-event-title\" itemprop=\"name\">\n\t\t\t\t\t\t\t\t<a href=\"https:\/\/cabezadelbueydeportes.com\/index.php\/event\/c-nando-vs-veteranos\/\">C. Nando vs Veteranos<\/a>\t\t\t\t\t\t\t<\/h4>\n\t\t\t\t\t\t\t\n\t\t\t\t\t\t<\/td>\n\t\t\t\t\t<\/tr>\n\t\t\t\t\t\t\t\t\t\t<tr class=\"sp-row sp-post\" itemscope itemtype=\"http:\/\/schema.org\/SportsEvent\">\n\t\t\t\t\t\t<td>\n\t\t\t\t\t\t\t\t\t\t\t\t\t\t<span class=\"team-logo logo-odd\" title=\"ABS Inform\u00e1tica HDS\"><img loading=\"lazy\" decoding=\"async\" width=\"128\" height=\"61\" src=\"https:\/\/cabezadelbueydeportes.com\/wp-content\/uploads\/2023\/07\/ABS-128x61.png\" class=\"attachment-sportspress-fit-icon size-sportspress-fit-icon wp-post-image\" alt=\"\" \/><\/span> <span class=\"team-logo logo-even\" title=\"AGR The Barber\"><img loading=\"lazy\" decoding=\"async\" width=\"128\" height=\"128\" src=\"https:\/\/cabezadelbueydeportes.com\/wp-content\/uploads\/2023\/06\/Logo-The-Barber-01-128x128.png\" class=\"attachment-sportspress-fit-icon size-sportspress-fit-icon wp-post-image\" alt=\"\" \/><\/span>\t\t\t\t\t\t\t<time class=\"sp-event-date\" datetime=\"2023-06-19 21:00:35\" itemprop=\"startDate\" content=\"2023-06-19T21:00:35+01:00\">\n\t\t\t\t\t\t\t\t<a href=\"https:\/\/cabezadelbueydeportes.com\/index.php\/event\/h-de-socio-vs-agr-barber\/\">19 de junio de 2023<\/a>\t\t\t\t\t\t\t<\/time>\n\t\t\t\t\t\t\t\t\t\t\t\t\t\t<h5 class=\"sp-event-results\">\n\t\t\t\t\t\t\t\t<a href=\"https:\/\/cabezadelbueydeportes.com\/index.php\/event\/h-de-socio-vs-agr-barber\/\"><span class=\"sp-result ok\">3<\/span> - <span class=\"sp-result\">1<\/span><\/a>\t\t\t\t\t\t\t<\/h5>\n\t\t\t\t\t\t\t\t\t\t\t\t\t\t\t\t\t\t\t\t\t\t\t\t\t\t\t\t\t\t\t\t\t\t\t\t<div style=\"display:none;\" class=\"sp-event-venue\" itemprop=\"location\" itemscope itemtype=\"http:\/\/schema.org\/Place\"><div itemprop=\"address\" itemscope itemtype=\"http:\/\/schema.org\/PostalAddress\">N\/D<\/div><\/div>\n\t\t\t\t\t\t\t\t\t\t\t\t\t\t<h4 class=\"sp-event-title\" itemprop=\"name\">\n\t\t\t\t\t\t\t\t<a href=\"https:\/\/cabezadelbueydeportes.com\/index.php\/event\/h-de-socio-vs-agr-barber\/\">H. de Socio vs AGR Barber<\/a>\t\t\t\t\t\t\t<\/h4>\n\t\t\t\t\t\t\t\n\t\t\t\t\t\t<\/td>\n\t\t\t\t\t<\/tr>\n\t\t\t\t\t\t\t\t\t\t<tr class=\"sp-row sp-post alternate\" itemscope itemtype=\"http:\/\/schema.org\/SportsEvent\">\n\t\t\t\t\t\t<td>\n\t\t\t\t\t\t\t\t\t\t\t\t\t\t<span class=\"team-logo logo-odd\" title=\"Barakas\"><img loading=\"lazy\" decoding=\"async\" width=\"128\" height=\"68\" src=\"https:\/\/cabezadelbueydeportes.com\/wp-content\/uploads\/2023\/06\/Baraka-1-128x68.png\" class=\"attachment-sportspress-fit-icon size-sportspress-fit-icon wp-post-image\" alt=\"\" \/><\/span> <span class=\"team-logo logo-even\" title=\"Real Veo\"><img loading=\"lazy\" decoding=\"async\" width=\"128\" height=\"95\" src=\"https:\/\/cabezadelbueydeportes.com\/wp-content\/uploads\/2023\/06\/veo-veo-128x95.png\" class=\"attachment-sportspress-fit-icon size-sportspress-fit-icon wp-post-image\" alt=\"\" \/><\/span>\t\t\t\t\t\t\t<time class=\"sp-event-date\" datetime=\"2023-06-19 21:00:12\" itemprop=\"startDate\" content=\"2023-06-19T21:00:12+01:00\">\n\t\t\t\t\t\t\t\t<a href=\"https:\/\/cabezadelbueydeportes.com\/index.php\/event\/barakas-vs-real-veo\/\">19 de junio de 2023<\/a>\t\t\t\t\t\t\t<\/time>\n\t\t\t\t\t\t\t\t\t\t\t\t\t\t<h5 class=\"sp-event-results\">\n\t\t\t\t\t\t\t\t<a href=\"https:\/\/cabezadelbueydeportes.com\/index.php\/event\/barakas-vs-real-veo\/\"><span class=\"sp-result ok\">9<\/span> - <span class=\"sp-result\">0<\/span><\/a>\t\t\t\t\t\t\t<\/h5>\n\t\t\t\t\t\t\t\t\t\t\t\t\t\t\t\t\t\t\t\t\t\t\t\t\t\t\t\t\t\t\t\t\t\t\t\t<div style=\"display:none;\" class=\"sp-event-venue\" itemprop=\"location\" itemscope itemtype=\"http:\/\/schema.org\/Place\"><div itemprop=\"address\" itemscope itemtype=\"http:\/\/schema.org\/PostalAddress\">N\/D<\/div><\/div>\n\t\t\t\t\t\t\t\t\t\t\t\t\t\t<h4 class=\"sp-event-title\" itemprop=\"name\">\n\t\t\t\t\t\t\t\t<a href=\"https:\/\/cabezadelbueydeportes.com\/index.php\/event\/barakas-vs-real-veo\/\">Barakas vs Real Veo<\/a>\t\t\t\t\t\t\t<\/h4>\n\t\t\t\t\t\t\t\n\t\t\t\t\t\t<\/td>\n\t\t\t\t\t<\/tr>\n\t\t\t\t\t\t\t\t\t\t<tr class=\"sp-row sp-post\" itemscope itemtype=\"http:\/\/schema.org\/SportsEvent\">\n\t\t\t\t\t\t<td>\n\t\t\t\t\t\t\t\t\t\t\t\t\t\t<span class=\"team-logo logo-odd\" title=\"A.D. Veteranos Caputbovense\"><img loading=\"lazy\" decoding=\"async\" width=\"104\" height=\"128\" src=\"https:\/\/cabezadelbueydeportes.com\/wp-content\/uploads\/2023\/06\/Escudo-vetes-negro-104x128.png\" class=\"attachment-sportspress-fit-icon size-sportspress-fit-icon wp-post-image\" alt=\"\" \/><\/span> <span class=\"team-logo logo-even\" title=\"ABS Inform\u00e1tica HDS\"><img loading=\"lazy\" decoding=\"async\" width=\"128\" height=\"61\" src=\"https:\/\/cabezadelbueydeportes.com\/wp-content\/uploads\/2023\/07\/ABS-128x61.png\" class=\"attachment-sportspress-fit-icon size-sportspress-fit-icon wp-post-image\" alt=\"\" \/><\/span>\t\t\t\t\t\t\t<time class=\"sp-event-date\" datetime=\"2023-06-16 22:00:50\" itemprop=\"startDate\" content=\"2023-06-16T22:00:50+01:00\">\n\t\t\t\t\t\t\t\t<a href=\"https:\/\/cabezadelbueydeportes.com\/index.php\/event\/veteranos-vs-h-de-socio\/\">16 de junio de 2023<\/a>\t\t\t\t\t\t\t<\/time>\n\t\t\t\t\t\t\t\t\t\t\t\t\t\t<h5 class=\"sp-event-results\">\n\t\t\t\t\t\t\t\t<a href=\"https:\/\/cabezadelbueydeportes.com\/index.php\/event\/veteranos-vs-h-de-socio\/\"><span class=\"sp-result ok\">8<\/span> - <span class=\"sp-result\">2<\/span><\/a>\t\t\t\t\t\t\t<\/h5>\n\t\t\t\t\t\t\t\t\t\t\t\t\t\t\t\t\t\t\t\t\t\t\t\t\t\t\t\t\t\t\t\t\t\t\t\t<div style=\"display:none;\" class=\"sp-event-venue\" itemprop=\"location\" itemscope itemtype=\"http:\/\/schema.org\/Place\"><div itemprop=\"address\" itemscope itemtype=\"http:\/\/schema.org\/PostalAddress\">N\/D<\/div><\/div>\n\t\t\t\t\t\t\t\t\t\t\t\t\t\t<h4 class=\"sp-event-title\" itemprop=\"name\">\n\t\t\t\t\t\t\t\t<a href=\"https:\/\/cabezadelbueydeportes.com\/index.php\/event\/veteranos-vs-h-de-socio\/\">Veteranos vs H. de Socio<\/a>\t\t\t\t\t\t\t<\/h4>\n\t\t\t\t\t\t\t\n\t\t\t\t\t\t<\/td>\n\t\t\t\t\t<\/tr>\n\t\t\t\t\t\t\t\t\t\t<tr class=\"sp-row sp-post alternate\" itemscope itemtype=\"http:\/\/schema.org\/SportsEvent\">\n\t\t\t\t\t\t<td>\n\t\t\t\t\t\t\t\t\t\t\t\t\t\t<span class=\"team-logo logo-odd\" title=\"Real Veo\"><img loading=\"lazy\" decoding=\"async\" width=\"128\" height=\"95\" src=\"https:\/\/cabezadelbueydeportes.com\/wp-content\/uploads\/2023\/06\/veo-veo-128x95.png\" class=\"attachment-sportspress-fit-icon size-sportspress-fit-icon wp-post-image\" alt=\"\" \/><\/span> <span class=\"team-logo logo-even\" title=\"AGR The Barber\"><img loading=\"lazy\" decoding=\"async\" width=\"128\" height=\"128\" src=\"https:\/\/cabezadelbueydeportes.com\/wp-content\/uploads\/2023\/06\/Logo-The-Barber-01-128x128.png\" class=\"attachment-sportspress-fit-icon size-sportspress-fit-icon wp-post-image\" alt=\"\" \/><\/span>\t\t\t\t\t\t\t<time class=\"sp-event-date\" datetime=\"2023-06-16 21:00:20\" itemprop=\"startDate\" content=\"2023-06-16T21:00:20+01:00\">\n\t\t\t\t\t\t\t\t<a href=\"https:\/\/cabezadelbueydeportes.com\/index.php\/event\/real-veo-vs-agr-barber\/\">16 de junio de 2023<\/a>\t\t\t\t\t\t\t<\/time>\n\t\t\t\t\t\t\t\t\t\t\t\t\t\t<h5 class=\"sp-event-results\">\n\t\t\t\t\t\t\t\t<a href=\"https:\/\/cabezadelbueydeportes.com\/index.php\/event\/real-veo-vs-agr-barber\/\"><span class=\"sp-result ok\">1<\/span> - <span class=\"sp-result\">2<\/span><\/a>\t\t\t\t\t\t\t<\/h5>\n\t\t\t\t\t\t\t\t\t\t\t\t\t\t\t\t\t\t\t\t\t\t\t\t\t\t\t\t\t\t\t\t\t\t\t\t<div style=\"display:none;\" class=\"sp-event-venue\" itemprop=\"location\" itemscope itemtype=\"http:\/\/schema.org\/Place\"><div itemprop=\"address\" itemscope itemtype=\"http:\/\/schema.org\/PostalAddress\">N\/D<\/div><\/div>\n\t\t\t\t\t\t\t\t\t\t\t\t\t\t<h4 class=\"sp-event-title\" itemprop=\"name\">\n\t\t\t\t\t\t\t\t<a href=\"https:\/\/cabezadelbueydeportes.com\/index.php\/event\/real-veo-vs-agr-barber\/\">Real Veo vs AGR Barber<\/a>\t\t\t\t\t\t\t<\/h4>\n\t\t\t\t\t\t\t\n\t\t\t\t\t\t<\/td>\n\t\t\t\t\t<\/tr>\n\t\t\t\t\t\t\t\t\t\t<tr class=\"sp-row sp-post\" itemscope itemtype=\"http:\/\/schema.org\/SportsEvent\">\n\t\t\t\t\t\t<td>\n\t\t\t\t\t\t\t\t\t\t\t\t\t\t<span class=\"team-logo logo-odd\" title=\"Barakas\"><img loading=\"lazy\" decoding=\"async\" width=\"128\" height=\"68\" src=\"https:\/\/cabezadelbueydeportes.com\/wp-content\/uploads\/2023\/06\/Baraka-1-128x68.png\" class=\"attachment-sportspress-fit-icon size-sportspress-fit-icon wp-post-image\" alt=\"\" \/><\/span> <span class=\"team-logo logo-even\" title=\"Calzados Nando\"><img loading=\"lazy\" decoding=\"async\" width=\"128\" height=\"74\" src=\"https:\/\/cabezadelbueydeportes.com\/wp-content\/uploads\/2023\/06\/calzados-nando-128x74.png\" class=\"attachment-sportspress-fit-icon size-sportspress-fit-icon wp-post-image\" alt=\"\" \/><\/span>\t\t\t\t\t\t\t<time class=\"sp-event-date\" datetime=\"2023-06-16 21:00:05\" itemprop=\"startDate\" content=\"2023-06-16T21:00:05+01:00\">\n\t\t\t\t\t\t\t\t<a href=\"https:\/\/cabezadelbueydeportes.com\/index.php\/event\/barakas-vs-c-nando\/\">16 de junio de 2023<\/a>\t\t\t\t\t\t\t<\/time>\n\t\t\t\t\t\t\t\t\t\t\t\t\t\t<h5 class=\"sp-event-results\">\n\t\t\t\t\t\t\t\t<a href=\"https:\/\/cabezadelbueydeportes.com\/index.php\/event\/barakas-vs-c-nando\/\"><span class=\"sp-result ok\">3<\/span> - <span class=\"sp-result\">7<\/span><\/a>\t\t\t\t\t\t\t<\/h5>\n\t\t\t\t\t\t\t\t\t\t\t\t\t\t\t\t\t\t\t\t\t\t\t\t\t\t\t\t\t\t\t\t\t\t\t\t<div style=\"display:none;\" class=\"sp-event-venue\" itemprop=\"location\" itemscope itemtype=\"http:\/\/schema.org\/Place\"><div itemprop=\"address\" itemscope itemtype=\"http:\/\/schema.org\/PostalAddress\">N\/D<\/div><\/div>\n\t\t\t\t\t\t\t\t\t\t\t\t\t\t<h4 class=\"sp-event-title\" itemprop=\"name\">\n\t\t\t\t\t\t\t\t<a href=\"https:\/\/cabezadelbueydeportes.com\/index.php\/event\/barakas-vs-c-nando\/\">Barakas vs C. Nando<\/a>\t\t\t\t\t\t\t<\/h4>\n\t\t\t\t\t\t\t\n\t\t\t\t\t\t<\/td>\n\t\t\t\t\t<\/tr>\n\t\t\t\t\t\t\t\t\t\t<tr class=\"sp-row sp-post alternate\" itemscope itemtype=\"http:\/\/schema.org\/SportsEvent\">\n\t\t\t\t\t\t<td>\n\t\t\t\t\t\t\t\t\t\t\t\t\t\t<span class=\"team-logo logo-odd\" title=\"AGR The Barber\"><img loading=\"lazy\" decoding=\"async\" width=\"128\" height=\"128\" src=\"https:\/\/cabezadelbueydeportes.com\/wp-content\/uploads\/2023\/06\/Logo-The-Barber-01-128x128.png\" class=\"attachment-sportspress-fit-icon size-sportspress-fit-icon wp-post-image\" alt=\"\" \/><\/span> <span class=\"team-logo logo-even\" title=\"Barakas\"><img loading=\"lazy\" decoding=\"async\" width=\"128\" height=\"68\" src=\"https:\/\/cabezadelbueydeportes.com\/wp-content\/uploads\/2023\/06\/Baraka-1-128x68.png\" class=\"attachment-sportspress-fit-icon size-sportspress-fit-icon wp-post-image\" alt=\"\" \/><\/span>\t\t\t\t\t\t\t<time class=\"sp-event-date\" datetime=\"2023-06-14 22:00:16\" itemprop=\"startDate\" content=\"2023-06-14T22:00:16+01:00\">\n\t\t\t\t\t\t\t\t<a href=\"https:\/\/cabezadelbueydeportes.com\/index.php\/event\/agr-the-barber-vs-barakas\/\">14 de junio de 2023<\/a>\t\t\t\t\t\t\t<\/time>\n\t\t\t\t\t\t\t\t\t\t\t\t\t\t<h5 class=\"sp-event-results\">\n\t\t\t\t\t\t\t\t<a href=\"https:\/\/cabezadelbueydeportes.com\/index.php\/event\/agr-the-barber-vs-barakas\/\"><span class=\"sp-result ok\">2<\/span> - <span class=\"sp-result\">1<\/span><\/a>\t\t\t\t\t\t\t<\/h5>\n\t\t\t\t\t\t\t\t\t\t\t\t\t\t\t\t\t\t\t\t\t\t\t\t\t\t\t\t\t\t\t\t\t\t\t\t<div style=\"display:none;\" class=\"sp-event-venue\" itemprop=\"location\" itemscope itemtype=\"http:\/\/schema.org\/Place\"><div itemprop=\"address\" itemscope itemtype=\"http:\/\/schema.org\/PostalAddress\">N\/D<\/div><\/div>\n\t\t\t\t\t\t\t\t\t\t\t\t\t\t<h4 class=\"sp-event-title\" itemprop=\"name\">\n\t\t\t\t\t\t\t\t<a href=\"https:\/\/cabezadelbueydeportes.com\/index.php\/event\/agr-the-barber-vs-barakas\/\">AGR The Barber vs Barakas<\/a>\t\t\t\t\t\t\t<\/h4>\n\t\t\t\t\t\t\t\n\t\t\t\t\t\t<\/td>\n\t\t\t\t\t<\/tr>\n\t\t\t\t\t\t\t\t\t\t<tr class=\"sp-row sp-post\" itemscope itemtype=\"http:\/\/schema.org\/SportsEvent\">\n\t\t\t\t\t\t<td>\n\t\t\t\t\t\t\t\t\t\t\t\t\t\t<span class=\"team-logo logo-odd\" title=\"Real Veo\"><img loading=\"lazy\" decoding=\"async\" width=\"128\" height=\"95\" src=\"https:\/\/cabezadelbueydeportes.com\/wp-content\/uploads\/2023\/06\/veo-veo-128x95.png\" class=\"attachment-sportspress-fit-icon size-sportspress-fit-icon wp-post-image\" alt=\"\" \/><\/span> <span class=\"team-logo logo-even\" title=\"A.D. Veteranos Caputbovense\"><img loading=\"lazy\" decoding=\"async\" width=\"104\" height=\"128\" src=\"https:\/\/cabezadelbueydeportes.com\/wp-content\/uploads\/2023\/06\/Escudo-vetes-negro-104x128.png\" class=\"attachment-sportspress-fit-icon size-sportspress-fit-icon wp-post-image\" alt=\"\" \/><\/span>\t\t\t\t\t\t\t<time class=\"sp-event-date\" datetime=\"2023-06-14 21:00:42\" itemprop=\"startDate\" content=\"2023-06-14T21:00:42+01:00\">\n\t\t\t\t\t\t\t\t<a href=\"https:\/\/cabezadelbueydeportes.com\/index.php\/event\/real-veo-vs-a-d-veteranos-caputbovense\/\">14 de junio de 2023<\/a>\t\t\t\t\t\t\t<\/time>\n\t\t\t\t\t\t\t\t\t\t\t\t\t\t<h5 class=\"sp-event-results\">\n\t\t\t\t\t\t\t\t<a href=\"https:\/\/cabezadelbueydeportes.com\/index.php\/event\/real-veo-vs-a-d-veteranos-caputbovense\/\"><span class=\"sp-result ok\">3<\/span> - <span class=\"sp-result\">3<\/span><\/a>\t\t\t\t\t\t\t<\/h5>\n\t\t\t\t\t\t\t\t\t\t\t\t\t\t\t\t\t\t\t\t\t\t\t\t\t\t\t\t\t\t\t\t\t\t\t\t<div style=\"display:none;\" class=\"sp-event-venue\" itemprop=\"location\" itemscope itemtype=\"http:\/\/schema.org\/Place\"><div itemprop=\"address\" itemscope itemtype=\"http:\/\/schema.org\/PostalAddress\">N\/D<\/div><\/div>\n\t\t\t\t\t\t\t\t\t\t\t\t\t\t<h4 class=\"sp-event-title\" itemprop=\"name\">\n\t\t\t\t\t\t\t\t<a href=\"https:\/\/cabezadelbueydeportes.com\/index.php\/event\/real-veo-vs-a-d-veteranos-caputbovense\/\">Real Veo vs A.D. Veteranos Caputbovense<\/a>\t\t\t\t\t\t\t<\/h4>\n\t\t\t\t\t\t\t\n\t\t\t\t\t\t<\/td>\n\t\t\t\t\t<\/tr>\n\t\t\t\t\t\t\t\t\t\t<tr class=\"sp-row sp-post alternate\" itemscope itemtype=\"http:\/\/schema.org\/SportsEvent\">\n\t\t\t\t\t\t<td>\n\t\t\t\t\t\t\t\t\t\t\t\t\t\t<span class=\"team-logo logo-odd\" title=\"Calzados Nando\"><img loading=\"lazy\" decoding=\"async\" width=\"128\" height=\"74\" src=\"https:\/\/cabezadelbueydeportes.com\/wp-content\/uploads\/2023\/06\/calzados-nando-128x74.png\" class=\"attachment-sportspress-fit-icon size-sportspress-fit-icon wp-post-image\" alt=\"\" \/><\/span> <span class=\"team-logo logo-even\" title=\"ABS Inform\u00e1tica HDS\"><img loading=\"lazy\" decoding=\"async\" width=\"128\" height=\"61\" src=\"https:\/\/cabezadelbueydeportes.com\/wp-content\/uploads\/2023\/07\/ABS-128x61.png\" class=\"attachment-sportspress-fit-icon size-sportspress-fit-icon wp-post-image\" alt=\"\" \/><\/span>\t\t\t\t\t\t\t<time class=\"sp-event-date\" datetime=\"2023-06-14 21:00:01\" itemprop=\"startDate\" content=\"2023-06-14T21:00:01+01:00\">\n\t\t\t\t\t\t\t\t<a href=\"https:\/\/cabezadelbueydeportes.com\/index.php\/event\/calzados-nando-vs-los-hombres-de-socio\/\">14 de junio de 2023<\/a>\t\t\t\t\t\t\t<\/time>\n\t\t\t\t\t\t\t\t\t\t\t\t\t\t<h5 class=\"sp-event-results\">\n\t\t\t\t\t\t\t\t<a href=\"https:\/\/cabezadelbueydeportes.com\/index.php\/event\/calzados-nando-vs-los-hombres-de-socio\/\"><span class=\"sp-result ok\">8<\/span> - <span class=\"sp-result\">3<\/span><\/a>\t\t\t\t\t\t\t<\/h5>\n\t\t\t\t\t\t\t\t\t\t\t\t\t\t\t\t\t\t\t\t\t\t\t\t\t\t\t\t\t\t\t\t\t\t\t\t<div style=\"display:none;\" class=\"sp-event-venue\" itemprop=\"location\" itemscope itemtype=\"http:\/\/schema.org\/Place\"><div itemprop=\"address\" itemscope itemtype=\"http:\/\/schema.org\/PostalAddress\">N\/D<\/div><\/div>\n\t\t\t\t\t\t\t\t\t\t\t\t\t\t<h4 class=\"sp-event-title\" itemprop=\"name\">\n\t\t\t\t\t\t\t\t<a href=\"https:\/\/cabezadelbueydeportes.com\/index.php\/event\/calzados-nando-vs-los-hombres-de-socio\/\">C. Nando vs H. de Socio<\/a>\t\t\t\t\t\t\t<\/h4>\n\t\t\t\t\t\t\t\n\t\t\t\t\t\t<\/td>\n\t\t\t\t\t<\/tr>\n\t\t\t\t\t\t\t\t<\/tbody>\n\t\t<\/table>\n\t<\/div>\n\t<\/div>\n<\/div>\n\n\n\n<h3 class=\"wp-block-heading\">Pr\u00f3ximos Partidos<\/h3>\n\n\n<div class=\"sportspress\"><div class=\"sp-template sp-template-event-blocks\">\n\t<div class=\"sp-table-wrapper\">\n\t\t<table class=\"sp-event-blocks sp-data-table\n\t\t\t\t\t sp-paginated-table\" data-sp-rows=\"7\">\n\t\t\t<thead><tr><th><\/th><\/tr><\/thead> \t\t\t<tbody>\n\t\t\t\t\t\t\t<\/tbody>\n\t\t<\/table>\n\t<\/div>\n\t<\/div>\n<\/div>\n\n\n\n<h3 class=\"wp-block-heading\">Clasificaci\u00f3n<\/h3>\n\n\n<div class=\"sportspress\"><div class=\"sp-template sp-template-league-table\">\n\t<h4 class=\"sp-table-caption\">Liga F7<\/h4><div class=\"sp-table-wrapper\"><table class=\"sp-league-table sp-league-table-250 sp-data-table sp-sortable-table sp-scrollable-table sp-paginated-table\" data-sp-rows=\"14\"><thead><tr><th class=\"data-rank\">Pos<\/th><th class=\"data-name\">Club<\/th><th class=\"data-p\">P<\/th><th class=\"data-w\">G<\/th><th class=\"data-d\">E<\/th><th class=\"data-l\">P<\/th><th class=\"data-f\">F<\/th><th class=\"data-a\">C<\/th><th class=\"data-gd\">DG<\/th><th class=\"data-pts\">Pts<\/th><\/tr><\/thead><tbody><tr class=\"odd sp-row-no-0\"><td class=\"data-rank\" data-label=\"Pos\">1<\/td><td class=\"data-name has-logo\" data-label=\"Club\"><span class=\"team-logo\"><img loading=\"lazy\" decoding=\"async\" width=\"128\" height=\"74\" src=\"https:\/\/cabezadelbueydeportes.com\/wp-content\/uploads\/2023\/06\/calzados-nando-128x74.png\" class=\"attachment-sportspress-fit-icon size-sportspress-fit-icon wp-post-image\" alt=\"\" \/><\/span>C. Nando<\/td><td class=\"data-p\" data-label=\"P\">7<\/td><td class=\"data-w\" data-label=\"G\">7<\/td><td class=\"data-d\" data-label=\"E\">0<\/td><td class=\"data-l\" data-label=\"P\">0<\/td><td class=\"data-f\" data-label=\"F\">43<\/td><td class=\"data-a\" data-label=\"C\">15<\/td><td class=\"data-gd\" data-label=\"DG\">28<\/td><td class=\"data-pts\" data-label=\"Pts\">21<\/td><\/tr><tr class=\"even sp-row-no-1\"><td class=\"data-rank\" data-label=\"Pos\">2<\/td><td class=\"data-name has-logo\" data-label=\"Club\"><span class=\"team-logo\"><img loading=\"lazy\" decoding=\"async\" width=\"128\" height=\"68\" src=\"https:\/\/cabezadelbueydeportes.com\/wp-content\/uploads\/2023\/06\/Baraka-1-128x68.png\" class=\"attachment-sportspress-fit-icon size-sportspress-fit-icon wp-post-image\" alt=\"\" \/><\/span>Barakas<\/td><td class=\"data-p\" data-label=\"P\">7<\/td><td class=\"data-w\" data-label=\"G\">3<\/td><td class=\"data-d\" data-label=\"E\">1<\/td><td class=\"data-l\" data-label=\"P\">3<\/td><td class=\"data-f\" data-label=\"F\">28<\/td><td class=\"data-a\" data-label=\"C\">20<\/td><td class=\"data-gd\" data-label=\"DG\">8<\/td><td class=\"data-pts\" data-label=\"Pts\">10<\/td><\/tr><tr class=\"odd sp-row-no-2\"><td class=\"data-rank\" data-label=\"Pos\">3<\/td><td class=\"data-name has-logo\" data-label=\"Club\"><span class=\"team-logo\"><img loading=\"lazy\" decoding=\"async\" width=\"128\" height=\"128\" src=\"https:\/\/cabezadelbueydeportes.com\/wp-content\/uploads\/2023\/06\/Logo-The-Barber-01-128x128.png\" class=\"attachment-sportspress-fit-icon size-sportspress-fit-icon wp-post-image\" alt=\"\" \/><\/span>AGR Barber<\/td><td class=\"data-p\" data-label=\"P\">7<\/td><td class=\"data-w\" data-label=\"G\">2<\/td><td class=\"data-d\" data-label=\"E\">1<\/td><td class=\"data-l\" data-label=\"P\">4<\/td><td class=\"data-f\" data-label=\"F\">16<\/td><td class=\"data-a\" data-label=\"C\">29<\/td><td class=\"data-gd\" data-label=\"DG\">-13<\/td><td class=\"data-pts\" data-label=\"Pts\">7<\/td><\/tr><tr class=\"even sp-row-no-3\"><td class=\"data-rank\" data-label=\"Pos\">4<\/td><td class=\"data-name has-logo\" data-label=\"Club\"><span class=\"team-logo\"><img loading=\"lazy\" decoding=\"async\" width=\"128\" height=\"61\" src=\"https:\/\/cabezadelbueydeportes.com\/wp-content\/uploads\/2023\/07\/ABS-128x61.png\" class=\"attachment-sportspress-fit-icon size-sportspress-fit-icon wp-post-image\" alt=\"\" \/><\/span>ABS Inform\u00e1tica<\/td><td class=\"data-p\" data-label=\"P\">5<\/td><td class=\"data-w\" data-label=\"G\">2<\/td><td class=\"data-d\" data-label=\"E\">0<\/td><td class=\"data-l\" data-label=\"P\">3<\/td><td class=\"data-f\" data-label=\"F\">20<\/td><td class=\"data-a\" data-label=\"C\">24<\/td><td class=\"data-gd\" data-label=\"DG\">-4<\/td><td class=\"data-pts\" data-label=\"Pts\">6<\/td><\/tr><tr class=\"odd sp-row-no-4\"><td class=\"data-rank\" data-label=\"Pos\">5<\/td><td class=\"data-name has-logo\" data-label=\"Club\"><span class=\"team-logo\"><img loading=\"lazy\" decoding=\"async\" width=\"128\" height=\"95\" src=\"https:\/\/cabezadelbueydeportes.com\/wp-content\/uploads\/2023\/06\/veo-veo-128x95.png\" class=\"attachment-sportspress-fit-icon size-sportspress-fit-icon wp-post-image\" alt=\"\" \/><\/span>Real Veo<\/td><td class=\"data-p\" data-label=\"P\">5<\/td><td class=\"data-w\" data-label=\"G\">0<\/td><td class=\"data-d\" data-label=\"E\">1<\/td><td class=\"data-l\" data-label=\"P\">4<\/td><td class=\"data-f\" data-label=\"F\">9<\/td><td class=\"data-a\" data-label=\"C\">32<\/td><td class=\"data-gd\" data-label=\"DG\">-23<\/td><td class=\"data-pts\" data-label=\"Pts\">1<\/td><\/tr><\/tbody><\/table><\/div><\/div>\n<\/div>\n\n\n\n<h3 class=\"wp-block-heading\">Goleadores<\/h3>\n\n\n<div class=\"sportspress\">\n\t\t<div id='sp-player-gallery-280' class='gallery galleryid-280 gallery-columns-3 gallery-size-sportspress-crop-medium'>\t<div class=\"sp-template sp-template-player-gallery sp-template-gallery\"><div class=\"sp-player-gallery-wrapper sp-gallery-wrapper\"><dl class='gallery-item'>\n\t<dt class='gallery-icon portrait'><a href=\"https:\/\/cabezadelbueydeportes.com\/index.php\/player\/david-calvo-nando\/\"><img loading=\"lazy\" decoding=\"async\" width=\"300\" height=\"300\" src=\"https:\/\/cabezadelbueydeportes.com\/wp-content\/uploads\/2023\/06\/Nando-300x300.png\" class=\"attachment-sportspress-crop-medium size-sportspress-crop-medium wp-post-image\" alt=\"\" \/><\/a><\/dt><a href=\"https:\/\/cabezadelbueydeportes.com\/index.php\/player\/david-calvo-nando\/\"><dd class=\"wp-caption-text gallery-caption small-3 columns has-number\"><strong>10<\/strong> David Calvo Mart\u00edn-Doimeadi\u00f3s \u00abNando\u00bb<\/dd><\/a><\/dl><dl class='gallery-item'>\n\t<dt class='gallery-icon portrait'><a href=\"https:\/\/cabezadelbueydeportes.com\/index.php\/player\/dani-gallardo-tachin\/\"><img loading=\"lazy\" decoding=\"async\" width=\"300\" height=\"300\" src=\"https:\/\/cabezadelbueydeportes.com\/wp-content\/uploads\/2023\/06\/Tachin-300x300.png\" class=\"attachment-sportspress-crop-medium size-sportspress-crop-medium wp-post-image\" alt=\"\" \/><\/a><\/dt><a href=\"https:\/\/cabezadelbueydeportes.com\/index.php\/player\/dani-gallardo-tachin\/\"><dd class=\"wp-caption-text gallery-caption small-3 columns has-number\"><strong>17<\/strong> Dani Gallardo Bravo<\/dd><\/a><\/dl><dl class='gallery-item'>\n\t<dt class='gallery-icon portrait'><a href=\"https:\/\/cabezadelbueydeportes.com\/index.php\/player\/javier-montesinos\/\"><img loading=\"lazy\" decoding=\"async\" width=\"300\" height=\"300\" src=\"https:\/\/cabezadelbueydeportes.com\/wp-content\/uploads\/2023\/06\/Terre-300x300.png\" class=\"attachment-sportspress-crop-medium size-sportspress-crop-medium wp-post-image\" alt=\"\" \/><\/a><\/dt><a href=\"https:\/\/cabezadelbueydeportes.com\/index.php\/player\/javier-montesinos\/\"><dd class=\"wp-caption-text gallery-caption small-3 columns has-number\"><strong>2<\/strong> Javier Montesinos G\u00f3mez \u00abTerre\u00bb<\/dd><\/a><\/dl><dl class='gallery-item'>\n\t<dt class='gallery-icon portrait'><a href=\"https:\/\/cabezadelbueydeportes.com\/index.php\/player\/alvaro-sosa\/\"><img loading=\"lazy\" decoding=\"async\" width=\"150\" height=\"150\" src=\"\/\/www.gravatar.com\/avatar\/?s=150&amp;d=mm&amp;f=y\" class=\"attachment-thumbnail wp-post-image\"><\/a><\/dt><a href=\"https:\/\/cabezadelbueydeportes.com\/index.php\/player\/alvaro-sosa\/\"><dd class=\"wp-caption-text gallery-caption small-3 columns has-number\"><strong>11<\/strong> \u00c1lvaro Mart\u00edn Bravo \u00abSosa\u00bb<\/dd><\/a><\/dl><dl class='gallery-item'>\n\t<dt class='gallery-icon portrait'><a href=\"https:\/\/cabezadelbueydeportes.com\/index.php\/player\/daniel-cascos\/\"><img loading=\"lazy\" decoding=\"async\" width=\"300\" height=\"300\" src=\"https:\/\/cabezadelbueydeportes.com\/wp-content\/uploads\/2023\/06\/cascos-300x300.png\" class=\"attachment-sportspress-crop-medium size-sportspress-crop-medium wp-post-image\" alt=\"\" \/><\/a><\/dt><a href=\"https:\/\/cabezadelbueydeportes.com\/index.php\/player\/daniel-cascos\/\"><dd class=\"wp-caption-text gallery-caption small-3 columns has-number\"><strong>14<\/strong> Daniel Cascos<\/dd><\/a><\/dl><dl class='gallery-item'>\n\t<dt class='gallery-icon portrait'><a href=\"https:\/\/cabezadelbueydeportes.com\/index.php\/player\/alejandro\/\"><img loading=\"lazy\" decoding=\"async\" width=\"150\" height=\"150\" src=\"\/\/www.gravatar.com\/avatar\/?s=150&amp;d=mm&amp;f=y\" class=\"attachment-thumbnail wp-post-image\"><\/a><\/dt><a href=\"https:\/\/cabezadelbueydeportes.com\/index.php\/player\/alejandro\/\"><dd class=\"wp-caption-text gallery-caption small-3 columns\">Alejandro<\/dd><\/a><\/dl><dl class='gallery-item'>\n\t<dt class='gallery-icon portrait'><a href=\"https:\/\/cabezadelbueydeportes.com\/index.php\/player\/jose-manuel-xoxe\/\"><img loading=\"lazy\" decoding=\"async\" width=\"300\" height=\"300\" src=\"https:\/\/cabezadelbueydeportes.com\/wp-content\/uploads\/2023\/06\/Xoxe-300x300.png\" class=\"attachment-sportspress-crop-medium size-sportspress-crop-medium wp-post-image\" alt=\"\" \/><\/a><\/dt><a href=\"https:\/\/cabezadelbueydeportes.com\/index.php\/player\/jose-manuel-xoxe\/\"><dd class=\"wp-caption-text gallery-caption small-3 columns has-number\"><strong>2<\/strong> Jose Manuel Calvo-Fernandez Calvo de Mora \u00abXoxe\u00bb<\/dd><\/a><\/dl><dl class='gallery-item'>\n\t<dt class='gallery-icon portrait'><a href=\"https:\/\/cabezadelbueydeportes.com\/index.php\/player\/carlos-emery\/\"><img loading=\"lazy\" decoding=\"async\" width=\"300\" height=\"300\" src=\"https:\/\/cabezadelbueydeportes.com\/wp-content\/uploads\/2023\/06\/emery-300x300.png\" class=\"attachment-sportspress-crop-medium size-sportspress-crop-medium wp-post-image\" alt=\"\" \/><\/a><\/dt><a href=\"https:\/\/cabezadelbueydeportes.com\/index.php\/player\/carlos-emery\/\"><dd class=\"wp-caption-text gallery-caption small-3 columns has-number\"><strong>4<\/strong> Carlos Emery<\/dd><\/a><\/dl><dl class='gallery-item'>\n\t<dt class='gallery-icon portrait'><a href=\"https:\/\/cabezadelbueydeportes.com\/index.php\/player\/david-lujan\/\"><img loading=\"lazy\" decoding=\"async\" width=\"300\" height=\"300\" src=\"https:\/\/cabezadelbueydeportes.com\/wp-content\/uploads\/2023\/06\/Chicharro-300x300.png\" class=\"attachment-sportspress-crop-medium size-sportspress-crop-medium wp-post-image\" alt=\"\" \/><\/a><\/dt><a href=\"https:\/\/cabezadelbueydeportes.com\/index.php\/player\/david-lujan\/\"><dd class=\"wp-caption-text gallery-caption small-3 columns has-number\"><strong>14<\/strong> David Luj\u00e1n<\/dd><\/a><\/dl><dl class='gallery-item'>\n\t<dt class='gallery-icon portrait'><a href=\"https:\/\/cabezadelbueydeportes.com\/index.php\/player\/alejandro-matarredona-mafia\/\"><img loading=\"lazy\" decoding=\"async\" width=\"300\" height=\"300\" src=\"https:\/\/cabezadelbueydeportes.com\/wp-content\/uploads\/2023\/06\/Mafia-300x300.png\" class=\"attachment-sportspress-crop-medium size-sportspress-crop-medium wp-post-image\" alt=\"\" \/><\/a><\/dt><a href=\"https:\/\/cabezadelbueydeportes.com\/index.php\/player\/alejandro-matarredona-mafia\/\"><dd class=\"wp-caption-text gallery-caption small-3 columns has-number\"><strong>11<\/strong> Alejandro Matarredona \u00abMafia\u00bb<\/dd><\/a><\/dl><dl class='gallery-item'>\n\t<dt class='gallery-icon portrait'><a href=\"https:\/\/cabezadelbueydeportes.com\/index.php\/player\/cesar\/\"><img loading=\"lazy\" decoding=\"async\" width=\"150\" height=\"150\" src=\"\/\/www.gravatar.com\/avatar\/?s=150&amp;d=mm&amp;f=y\" class=\"attachment-thumbnail wp-post-image\"><\/a><\/dt><a href=\"https:\/\/cabezadelbueydeportes.com\/index.php\/player\/cesar\/\"><dd class=\"wp-caption-text gallery-caption small-3 columns has-number\"><strong>11<\/strong> C\u00e9sar Mora Mu\u00f1oz-Reja<\/dd><\/a><\/dl><dl class='gallery-item'>\n\t<dt class='gallery-icon portrait'><a href=\"https:\/\/cabezadelbueydeportes.com\/index.php\/player\/antonio-fernandez\/\"><img loading=\"lazy\" decoding=\"async\" width=\"150\" height=\"150\" src=\"\/\/www.gravatar.com\/avatar\/?s=150&amp;d=mm&amp;f=y\" class=\"attachment-thumbnail wp-post-image\"><\/a><\/dt><a href=\"https:\/\/cabezadelbueydeportes.com\/index.php\/player\/antonio-fernandez\/\"><dd class=\"wp-caption-text gallery-caption small-3 columns has-number\"><strong>14<\/strong> Antonio Fern\u00e1ndez<\/dd><\/a><\/dl><dl class='gallery-item'>\n\t<dt class='gallery-icon portrait'><a href=\"https:\/\/cabezadelbueydeportes.com\/index.php\/player\/jose-burgos\/\"><img loading=\"lazy\" decoding=\"async\" width=\"300\" height=\"300\" src=\"https:\/\/cabezadelbueydeportes.com\/wp-content\/uploads\/2023\/06\/Burgos-300x300.png\" class=\"attachment-sportspress-crop-medium size-sportspress-crop-medium wp-post-image\" alt=\"\" \/><\/a><\/dt><a href=\"https:\/\/cabezadelbueydeportes.com\/index.php\/player\/jose-burgos\/\"><dd class=\"wp-caption-text gallery-caption small-3 columns has-number\"><strong>21<\/strong> Jos\u00e9 Burgos<\/dd><\/a><\/dl><dl class='gallery-item'>\n\t<dt class='gallery-icon portrait'><a href=\"https:\/\/cabezadelbueydeportes.com\/index.php\/player\/alberto-ruiz-moreno-churro\/\"><img loading=\"lazy\" decoding=\"async\" width=\"300\" height=\"300\" src=\"https:\/\/cabezadelbueydeportes.com\/wp-content\/uploads\/2023\/06\/Churro-2-300x300.png\" class=\"attachment-sportspress-crop-medium size-sportspress-crop-medium wp-post-image\" alt=\"\" \/><\/a><\/dt><a href=\"https:\/\/cabezadelbueydeportes.com\/index.php\/player\/alberto-ruiz-moreno-churro\/\"><dd class=\"wp-caption-text gallery-caption small-3 columns has-number\"><strong>23<\/strong> Alberto Ru\u00edz-Moreno \u00abChurro\u00bb<\/dd><\/a><\/dl><dl class='gallery-item'>\n\t<dt class='gallery-icon portrait'><a href=\"https:\/\/cabezadelbueydeportes.com\/index.php\/player\/cesar-mora\/\"><img loading=\"lazy\" decoding=\"async\" width=\"150\" height=\"150\" src=\"\/\/www.gravatar.com\/avatar\/?s=150&amp;d=mm&amp;f=y\" class=\"attachment-thumbnail wp-post-image\"><\/a><\/dt><a href=\"https:\/\/cabezadelbueydeportes.com\/index.php\/player\/cesar-mora\/\"><dd class=\"wp-caption-text gallery-caption small-3 columns has-number\"><strong>4<\/strong> C\u00e9sar Mora<\/dd><\/a><\/dl><dl class='gallery-item'>\n\t<dt class='gallery-icon portrait'><a href=\"https:\/\/cabezadelbueydeportes.com\/index.php\/player\/nicolas-sanchez-arevalo\/\"><img loading=\"lazy\" decoding=\"async\" width=\"300\" height=\"300\" src=\"https:\/\/cabezadelbueydeportes.com\/wp-content\/uploads\/2023\/06\/niko-300x300.png\" class=\"attachment-sportspress-crop-medium size-sportspress-crop-medium wp-post-image\" alt=\"\" \/><\/a><\/dt><a href=\"https:\/\/cabezadelbueydeportes.com\/index.php\/player\/nicolas-sanchez-arevalo\/\"><dd class=\"wp-caption-text gallery-caption small-3 columns has-number\"><strong>4<\/strong> Nicol\u00e1s S\u00e1nchez-Ar\u00e9valo<\/dd><\/a><\/dl><dl class='gallery-item'>\n\t<dt class='gallery-icon portrait'><a href=\"https:\/\/cabezadelbueydeportes.com\/index.php\/player\/santiago-gamboa\/\"><img loading=\"lazy\" decoding=\"async\" width=\"300\" height=\"300\" src=\"https:\/\/cabezadelbueydeportes.com\/wp-content\/uploads\/2023\/06\/Gamboa-300x300.png\" class=\"attachment-sportspress-crop-medium size-sportspress-crop-medium wp-post-image\" alt=\"\" \/><\/a><\/dt><a href=\"https:\/\/cabezadelbueydeportes.com\/index.php\/player\/santiago-gamboa\/\"><dd class=\"wp-caption-text gallery-caption small-3 columns has-number\"><strong>9<\/strong> Santiago Gamboa<\/dd><\/a><\/dl><dl class='gallery-item'>\n\t<dt class='gallery-icon portrait'><a href=\"https:\/\/cabezadelbueydeportes.com\/index.php\/player\/alvaro-munoz\/\"><img loading=\"lazy\" decoding=\"async\" width=\"300\" height=\"300\" src=\"https:\/\/cabezadelbueydeportes.com\/wp-content\/uploads\/2023\/06\/alvaro-300x300.png\" class=\"attachment-sportspress-crop-medium size-sportspress-crop-medium wp-post-image\" alt=\"\" \/><\/a><\/dt><a href=\"https:\/\/cabezadelbueydeportes.com\/index.php\/player\/alvaro-munoz\/\"><dd class=\"wp-caption-text gallery-caption small-3 columns has-number\"><strong>12<\/strong> \u00c1lvaro Mu\u00f1oz<\/dd><\/a><\/dl><dl class='gallery-item'>\n\t<dt class='gallery-icon portrait'><a href=\"https:\/\/cabezadelbueydeportes.com\/index.php\/player\/manu\/\"><img loading=\"lazy\" decoding=\"async\" width=\"150\" height=\"150\" src=\"\/\/www.gravatar.com\/avatar\/?s=150&amp;d=mm&amp;f=y\" class=\"attachment-thumbnail wp-post-image\"><\/a><\/dt><a href=\"https:\/\/cabezadelbueydeportes.com\/index.php\/player\/manu\/\"><dd class=\"wp-caption-text gallery-caption small-3 columns\">Manu<\/dd><\/a><\/dl><dl class='gallery-item'>\n\t<dt class='gallery-icon portrait'><a href=\"https:\/\/cabezadelbueydeportes.com\/index.php\/player\/adrian-garcia-risco-luli\/\"><img loading=\"lazy\" decoding=\"async\" width=\"300\" height=\"300\" src=\"https:\/\/cabezadelbueydeportes.com\/wp-content\/uploads\/2023\/06\/Luli-300x300.png\" class=\"attachment-sportspress-crop-medium size-sportspress-crop-medium wp-post-image\" alt=\"\" \/><\/a><\/dt><a href=\"https:\/\/cabezadelbueydeportes.com\/index.php\/player\/adrian-garcia-risco-luli\/\"><dd class=\"wp-caption-text gallery-caption small-3 columns has-number\"><strong>3<\/strong> Adri\u00e1n Garc\u00eda-Risco Rivera \u00abLuli\u00bb<\/dd><\/a><\/dl><dl class='gallery-item'>\n\t<dt class='gallery-icon portrait'><a href=\"https:\/\/cabezadelbueydeportes.com\/index.php\/player\/iker-tornero\/\"><img loading=\"lazy\" decoding=\"async\" width=\"300\" height=\"300\" src=\"https:\/\/cabezadelbueydeportes.com\/wp-content\/uploads\/2023\/06\/Iker-300x300.png\" class=\"attachment-sportspress-crop-medium size-sportspress-crop-medium wp-post-image\" alt=\"\" \/><\/a><\/dt><a href=\"https:\/\/cabezadelbueydeportes.com\/index.php\/player\/iker-tornero\/\"><dd class=\"wp-caption-text gallery-caption small-3 columns has-number\"><strong>4<\/strong> Iker Tornero<\/dd><\/a><\/dl><dl class='gallery-item'>\n\t<dt class='gallery-icon portrait'><a href=\"https:\/\/cabezadelbueydeportes.com\/index.php\/player\/ismael-pozo\/\"><img loading=\"lazy\" decoding=\"async\" width=\"300\" height=\"300\" src=\"https:\/\/cabezadelbueydeportes.com\/wp-content\/uploads\/2023\/06\/Isma-300x300.png\" class=\"attachment-sportspress-crop-medium size-sportspress-crop-medium wp-post-image\" alt=\"\" \/><\/a><\/dt><a href=\"https:\/\/cabezadelbueydeportes.com\/index.php\/player\/ismael-pozo\/\"><dd class=\"wp-caption-text gallery-caption small-3 columns has-number\"><strong>7<\/strong> Ismael Pozo<\/dd><\/a><\/dl><dl class='gallery-item'>\n\t<dt class='gallery-icon portrait'><a href=\"https:\/\/cabezadelbueydeportes.com\/index.php\/player\/mario-redondo\/\"><img loading=\"lazy\" decoding=\"async\" width=\"150\" height=\"150\" src=\"\/\/www.gravatar.com\/avatar\/?s=150&amp;d=mm&amp;f=y\" class=\"attachment-thumbnail wp-post-image\"><\/a><\/dt><a href=\"https:\/\/cabezadelbueydeportes.com\/index.php\/player\/mario-redondo\/\"><dd class=\"wp-caption-text gallery-caption small-3 columns has-number\"><strong>7<\/strong> Mario Redondo<\/dd><\/a><\/dl><dl class='gallery-item'>\n\t<dt class='gallery-icon portrait'><a href=\"https:\/\/cabezadelbueydeportes.com\/index.php\/player\/fran\/\"><img loading=\"lazy\" decoding=\"async\" width=\"150\" height=\"150\" src=\"\/\/www.gravatar.com\/avatar\/?s=150&amp;d=mm&amp;f=y\" class=\"attachment-thumbnail wp-post-image\"><\/a><\/dt><a href=\"https:\/\/cabezadelbueydeportes.com\/index.php\/player\/fran\/\"><dd class=\"wp-caption-text gallery-caption small-3 columns has-number\"><strong>8<\/strong> Fran S\u00e1nchez-Toril<\/dd><\/a><\/dl><dl class='gallery-item'>\n\t<dt class='gallery-icon portrait'><a href=\"https:\/\/cabezadelbueydeportes.com\/index.php\/player\/carlos-fuentes\/\"><img loading=\"lazy\" decoding=\"async\" width=\"300\" height=\"300\" src=\"https:\/\/cabezadelbueydeportes.com\/wp-content\/uploads\/2023\/06\/Fuentes-300x300.png\" class=\"attachment-sportspress-crop-medium size-sportspress-crop-medium wp-post-image\" alt=\"\" \/><\/a><\/dt><a href=\"https:\/\/cabezadelbueydeportes.com\/index.php\/player\/carlos-fuentes\/\"><dd class=\"wp-caption-text gallery-caption small-3 columns has-number\"><strong>16<\/strong> Carlos Fuentes<\/dd><\/a><\/dl><dl class='gallery-item'>\n\t<dt class='gallery-icon portrait'><a href=\"https:\/\/cabezadelbueydeportes.com\/index.php\/player\/jaime\/\"><img loading=\"lazy\" decoding=\"async\" width=\"150\" height=\"150\" src=\"\/\/www.gravatar.com\/avatar\/?s=150&amp;d=mm&amp;f=y\" class=\"attachment-thumbnail wp-post-image\"><\/a><\/dt><a href=\"https:\/\/cabezadelbueydeportes.com\/index.php\/player\/jaime\/\"><dd class=\"wp-caption-text gallery-caption small-3 columns has-number\"><strong>16<\/strong> Jaime<\/dd><\/a><\/dl><dl class='gallery-item'>\n\t<dt class='gallery-icon portrait'><a href=\"https:\/\/cabezadelbueydeportes.com\/index.php\/player\/adrian-osorio\/\"><img loading=\"lazy\" decoding=\"async\" width=\"150\" height=\"150\" src=\"\/\/www.gravatar.com\/avatar\/?s=150&amp;d=mm&amp;f=y\" class=\"attachment-thumbnail wp-post-image\"><\/a><\/dt><a href=\"https:\/\/cabezadelbueydeportes.com\/index.php\/player\/adrian-osorio\/\"><dd class=\"wp-caption-text gallery-caption small-3 columns has-number\"><strong>16<\/strong> Adri\u00e1n Osorio Ceb\u00e1n<\/dd><\/a><\/dl><dl class='gallery-item'>\n\t<dt class='gallery-icon portrait'><a href=\"https:\/\/cabezadelbueydeportes.com\/index.php\/player\/german-donoso\/\"><img loading=\"lazy\" decoding=\"async\" width=\"150\" height=\"150\" src=\"\/\/www.gravatar.com\/avatar\/?s=150&amp;d=mm&amp;f=y\" class=\"attachment-thumbnail wp-post-image\"><\/a><\/dt><a href=\"https:\/\/cabezadelbueydeportes.com\/index.php\/player\/german-donoso\/\"><dd class=\"wp-caption-text gallery-caption small-3 columns has-number\"><strong>18<\/strong> Germ\u00e1n Gonz\u00e1lez Silva<\/dd><\/a><\/dl><dl class='gallery-item'>\n\t<dt class='gallery-icon portrait'><a href=\"https:\/\/cabezadelbueydeportes.com\/index.php\/player\/manuel-garcia-izquierdo\/\"><img loading=\"lazy\" decoding=\"async\" width=\"300\" height=\"300\" src=\"https:\/\/cabezadelbueydeportes.com\/wp-content\/uploads\/2023\/06\/racha-300x300.png\" class=\"attachment-sportspress-crop-medium size-sportspress-crop-medium wp-post-image\" alt=\"\" \/><\/a><\/dt><a href=\"https:\/\/cabezadelbueydeportes.com\/index.php\/player\/manuel-garcia-izquierdo\/\"><dd class=\"wp-caption-text gallery-caption small-3 columns has-number\"><strong>24<\/strong> Manuel Garc\u00eda-Izquierdo<\/dd><\/a><\/dl><dl class='gallery-item'>\n\t<dt class='gallery-icon portrait'><a href=\"https:\/\/cabezadelbueydeportes.com\/index.php\/player\/emilio-garcia-sosa\/\"><img loading=\"lazy\" decoding=\"async\" width=\"150\" height=\"150\" src=\"\/\/www.gravatar.com\/avatar\/?s=150&amp;d=mm&amp;f=y\" class=\"attachment-thumbnail wp-post-image\"><\/a><\/dt><a href=\"https:\/\/cabezadelbueydeportes.com\/index.php\/player\/emilio-garcia-sosa\/\"><dd class=\"wp-caption-text gallery-caption small-3 columns has-number\"><strong>31<\/strong> Emilio Jos\u00e9 Garc\u00eda Sosa<\/dd><\/a><\/dl><dl class='gallery-item'>\n\t<dt class='gallery-icon portrait'><a href=\"https:\/\/cabezadelbueydeportes.com\/index.php\/player\/ismael-bravo\/\"><img loading=\"lazy\" decoding=\"async\" width=\"150\" height=\"150\" src=\"\/\/www.gravatar.com\/avatar\/?s=150&amp;d=mm&amp;f=y\" class=\"attachment-thumbnail wp-post-image\"><\/a><\/dt><a href=\"https:\/\/cabezadelbueydeportes.com\/index.php\/player\/ismael-bravo\/\"><dd class=\"wp-caption-text gallery-caption small-3 columns\">Ismael Bravo<\/dd><\/a><\/dl><dl class='gallery-item'>\n\t<dt class='gallery-icon portrait'><a href=\"https:\/\/cabezadelbueydeportes.com\/index.php\/player\/jacinto-torres\/\"><img loading=\"lazy\" decoding=\"async\" width=\"150\" height=\"150\" src=\"\/\/www.gravatar.com\/avatar\/?s=150&amp;d=mm&amp;f=y\" class=\"attachment-thumbnail wp-post-image\"><\/a><\/dt><a href=\"https:\/\/cabezadelbueydeportes.com\/index.php\/player\/jacinto-torres\/\"><dd class=\"wp-caption-text gallery-caption small-3 columns\">Jacinto Torres Calvo de Mora<\/dd><\/a><\/dl><dl class='gallery-item'>\n\t<dt class='gallery-icon portrait'><a href=\"https:\/\/cabezadelbueydeportes.com\/index.php\/player\/cristian\/\"><img loading=\"lazy\" decoding=\"async\" width=\"150\" height=\"150\" src=\"\/\/www.gravatar.com\/avatar\/?s=150&amp;d=mm&amp;f=y\" class=\"attachment-thumbnail wp-post-image\"><\/a><\/dt><a href=\"https:\/\/cabezadelbueydeportes.com\/index.php\/player\/cristian\/\"><dd class=\"wp-caption-text gallery-caption small-3 columns has-number\"><strong>1<\/strong> Cristian Haba<\/dd><\/a><\/dl><dl class='gallery-item'>\n\t<dt class='gallery-icon portrait'><a href=\"https:\/\/cabezadelbueydeportes.com\/index.php\/player\/julio-alberto-pablo\/\"><img loading=\"lazy\" decoding=\"async\" width=\"300\" height=\"300\" src=\"https:\/\/cabezadelbueydeportes.com\/wp-content\/uploads\/2023\/06\/Julio-300x300.png\" class=\"attachment-sportspress-crop-medium size-sportspress-crop-medium wp-post-image\" alt=\"\" \/><\/a><\/dt><a href=\"https:\/\/cabezadelbueydeportes.com\/index.php\/player\/julio-alberto-pablo\/\"><dd class=\"wp-caption-text gallery-caption small-3 columns has-number\"><strong>4<\/strong> Julio Alberto Pablo<\/dd><\/a><\/dl><dl class='gallery-item'>\n\t<dt class='gallery-icon portrait'><a href=\"https:\/\/cabezadelbueydeportes.com\/index.php\/player\/oscar-guerra\/\"><img loading=\"lazy\" decoding=\"async\" width=\"300\" height=\"300\" src=\"https:\/\/cabezadelbueydeportes.com\/wp-content\/uploads\/2023\/06\/oscar-300x300.png\" class=\"attachment-sportspress-crop-medium size-sportspress-crop-medium wp-post-image\" alt=\"\" \/><\/a><\/dt><a href=\"https:\/\/cabezadelbueydeportes.com\/index.php\/player\/oscar-guerra\/\"><dd class=\"wp-caption-text gallery-caption small-3 columns has-number\"><strong>5<\/strong> \u00d3scar Guerra<\/dd><\/a><\/dl><dl class='gallery-item'>\n\t<dt class='gallery-icon portrait'><a href=\"https:\/\/cabezadelbueydeportes.com\/index.php\/player\/sergio-prada\/\"><img loading=\"lazy\" decoding=\"async\" width=\"300\" height=\"300\" src=\"https:\/\/cabezadelbueydeportes.com\/wp-content\/uploads\/2023\/06\/sergio-300x300.png\" class=\"attachment-sportspress-crop-medium size-sportspress-crop-medium wp-post-image\" alt=\"\" \/><\/a><\/dt><a href=\"https:\/\/cabezadelbueydeportes.com\/index.php\/player\/sergio-prada\/\"><dd class=\"wp-caption-text gallery-caption small-3 columns has-number\"><strong>7<\/strong> Sergio Prada<\/dd><\/a><\/dl><dl class='gallery-item'>\n\t<dt class='gallery-icon portrait'><a href=\"https:\/\/cabezadelbueydeportes.com\/index.php\/player\/jorge-mora\/\"><img loading=\"lazy\" decoding=\"async\" width=\"116\" height=\"145\" src=\"https:\/\/cabezadelbueydeportes.com\/wp-content\/uploads\/2023\/06\/Jorge.png\" class=\"attachment-sportspress-crop-medium size-sportspress-crop-medium wp-post-image\" alt=\"\" \/><\/a><\/dt><a href=\"https:\/\/cabezadelbueydeportes.com\/index.php\/player\/jorge-mora\/\"><dd class=\"wp-caption-text gallery-caption small-3 columns has-number\"><strong>8<\/strong> Jorge Mora Carrillo<\/dd><\/a><\/dl><dl class='gallery-item'>\n\t<dt class='gallery-icon portrait'><a href=\"https:\/\/cabezadelbueydeportes.com\/index.php\/player\/victor-sanchez-arevalo-socio\/\"><img loading=\"lazy\" decoding=\"async\" width=\"300\" height=\"300\" src=\"https:\/\/cabezadelbueydeportes.com\/wp-content\/uploads\/2023\/06\/Socio-300x300.png\" class=\"attachment-sportspress-crop-medium size-sportspress-crop-medium wp-post-image\" alt=\"\" \/><\/a><\/dt><a href=\"https:\/\/cabezadelbueydeportes.com\/index.php\/player\/victor-sanchez-arevalo-socio\/\"><dd class=\"wp-caption-text gallery-caption small-3 columns has-number\"><strong>9<\/strong> V\u00edctor Manuel S\u00e1nchez-Ar\u00e9valo Ruiz \u00abSocio\u00bb<\/dd><\/a><\/dl><dl class='gallery-item'>\n\t<dt class='gallery-icon portrait'><a href=\"https:\/\/cabezadelbueydeportes.com\/index.php\/player\/fernando-fernandez\/\"><img loading=\"lazy\" decoding=\"async\" width=\"150\" height=\"150\" src=\"\/\/www.gravatar.com\/avatar\/?s=150&amp;d=mm&amp;f=y\" class=\"attachment-thumbnail wp-post-image\"><\/a><\/dt><a href=\"https:\/\/cabezadelbueydeportes.com\/index.php\/player\/fernando-fernandez\/\"><dd class=\"wp-caption-text gallery-caption small-3 columns has-number\"><strong>9<\/strong> Fernando Fern\u00e1ndez<\/dd><\/a><\/dl><dl class='gallery-item'>\n\t<dt class='gallery-icon portrait'><a href=\"https:\/\/cabezadelbueydeportes.com\/index.php\/player\/jordi-ruiz\/\"><img loading=\"lazy\" decoding=\"async\" width=\"300\" height=\"300\" src=\"https:\/\/cabezadelbueydeportes.com\/wp-content\/uploads\/2023\/06\/Jordi-300x300.png\" class=\"attachment-sportspress-crop-medium size-sportspress-crop-medium wp-post-image\" alt=\"\" \/><\/a><\/dt><a href=\"https:\/\/cabezadelbueydeportes.com\/index.php\/player\/jordi-ruiz\/\"><dd class=\"wp-caption-text gallery-caption small-3 columns has-number\"><strong>11<\/strong> Jordi Ru\u00edz<\/dd><\/a><\/dl><dl class='gallery-item'>\n\t<dt class='gallery-icon portrait'><a href=\"https:\/\/cabezadelbueydeportes.com\/index.php\/player\/alejandro-sanchez-arevalo-trufa\/\"><img loading=\"lazy\" decoding=\"async\" width=\"300\" height=\"300\" src=\"https:\/\/cabezadelbueydeportes.com\/wp-content\/uploads\/2023\/06\/Trufa-300x300.png\" class=\"attachment-sportspress-crop-medium size-sportspress-crop-medium wp-post-image\" alt=\"\" \/><\/a><\/dt><a href=\"https:\/\/cabezadelbueydeportes.com\/index.php\/player\/alejandro-sanchez-arevalo-trufa\/\"><dd class=\"wp-caption-text gallery-caption small-3 columns has-number\"><strong>12<\/strong> Alejandro S\u00e1nchez-Ar\u00e9valo \u00abTrufa\u00bb<\/dd><\/a><\/dl><dl class='gallery-item'>\n\t<dt class='gallery-icon portrait'><a href=\"https:\/\/cabezadelbueydeportes.com\/index.php\/player\/javier-garcia\/\"><img loading=\"lazy\" decoding=\"async\" width=\"150\" height=\"150\" src=\"\/\/www.gravatar.com\/avatar\/?s=150&amp;d=mm&amp;f=y\" class=\"attachment-thumbnail wp-post-image\"><\/a><\/dt><a href=\"https:\/\/cabezadelbueydeportes.com\/index.php\/player\/javier-garcia\/\"><dd class=\"wp-caption-text gallery-caption small-3 columns has-number\"><strong>12<\/strong> Javier Garc\u00eda<\/dd><\/a><\/dl><dl class='gallery-item'>\n\t<dt class='gallery-icon portrait'><a href=\"https:\/\/cabezadelbueydeportes.com\/index.php\/player\/jose-villarreal\/\"><img loading=\"lazy\" decoding=\"async\" width=\"300\" height=\"300\" src=\"https:\/\/cabezadelbueydeportes.com\/wp-content\/uploads\/2023\/06\/Chelin-300x300.png\" class=\"attachment-sportspress-crop-medium size-sportspress-crop-medium wp-post-image\" alt=\"\" \/><\/a><\/dt><a href=\"https:\/\/cabezadelbueydeportes.com\/index.php\/player\/jose-villarreal\/\"><dd class=\"wp-caption-text gallery-caption small-3 columns has-number\"><strong>14<\/strong> Jos\u00e9 Villarreal \u00abChel\u00edn\u00bb<\/dd><\/a><\/dl><dl class='gallery-item'>\n\t<dt class='gallery-icon portrait'><a href=\"https:\/\/cabezadelbueydeportes.com\/index.php\/player\/luis-simancas\/\"><img loading=\"lazy\" decoding=\"async\" width=\"300\" height=\"300\" src=\"https:\/\/cabezadelbueydeportes.com\/wp-content\/uploads\/2023\/06\/Siman-300x300.png\" class=\"attachment-sportspress-crop-medium size-sportspress-crop-medium wp-post-image\" alt=\"\" \/><\/a><\/dt><a href=\"https:\/\/cabezadelbueydeportes.com\/index.php\/player\/luis-simancas\/\"><dd class=\"wp-caption-text gallery-caption small-3 columns has-number\"><strong>14<\/strong> Luis Simancas S\u00e1nchez-Ar\u00e9valo<\/dd><\/a><\/dl><dl class='gallery-item'>\n\t<dt class='gallery-icon portrait'><a href=\"https:\/\/cabezadelbueydeportes.com\/index.php\/player\/sergio-bravo-de-medina\/\"><img loading=\"lazy\" decoding=\"async\" width=\"300\" height=\"300\" src=\"https:\/\/cabezadelbueydeportes.com\/wp-content\/uploads\/2023\/06\/Nene-300x300.png\" class=\"attachment-sportspress-crop-medium size-sportspress-crop-medium wp-post-image\" alt=\"\" \/><\/a><\/dt><a href=\"https:\/\/cabezadelbueydeportes.com\/index.php\/player\/sergio-bravo-de-medina\/\"><dd class=\"wp-caption-text gallery-caption small-3 columns has-number\"><strong>18<\/strong> Sergio Bravo de Medina Matarredona<\/dd><\/a><\/dl><dl class='gallery-item'>\n\t<dt class='gallery-icon portrait'><a href=\"https:\/\/cabezadelbueydeportes.com\/index.php\/player\/manuel-quiros\/\"><img loading=\"lazy\" decoding=\"async\" width=\"150\" height=\"150\" src=\"\/\/www.gravatar.com\/avatar\/?s=150&amp;d=mm&amp;f=y\" class=\"attachment-thumbnail wp-post-image\"><\/a><\/dt><a href=\"https:\/\/cabezadelbueydeportes.com\/index.php\/player\/manuel-quiros\/\"><dd class=\"wp-caption-text gallery-caption small-3 columns has-number\"><strong>19<\/strong> Manuel Quir\u00f3s<\/dd><\/a><\/dl><dl class='gallery-item'>\n\t<dt class='gallery-icon portrait'><a href=\"https:\/\/cabezadelbueydeportes.com\/index.php\/player\/alberto-capilla\/\"><img loading=\"lazy\" decoding=\"async\" width=\"150\" height=\"150\" src=\"\/\/www.gravatar.com\/avatar\/?s=150&amp;d=mm&amp;f=y\" class=\"attachment-thumbnail wp-post-image\"><\/a><\/dt><a href=\"https:\/\/cabezadelbueydeportes.com\/index.php\/player\/alberto-capilla\/\"><dd class=\"wp-caption-text gallery-caption small-3 columns has-number\"><strong>20<\/strong> Alberto Corral Garc\u00eda<\/dd><\/a><\/dl><dl class='gallery-item'>\n\t<dt class='gallery-icon portrait'><a href=\"https:\/\/cabezadelbueydeportes.com\/index.php\/player\/luis-manuel-sereno\/\"><img loading=\"lazy\" decoding=\"async\" width=\"150\" height=\"150\" src=\"\/\/www.gravatar.com\/avatar\/?s=150&amp;d=mm&amp;f=y\" class=\"attachment-thumbnail wp-post-image\"><\/a><\/dt><a href=\"https:\/\/cabezadelbueydeportes.com\/index.php\/player\/luis-manuel-sereno\/\"><dd class=\"wp-caption-text gallery-caption small-3 columns has-number\"><strong>22<\/strong> Gonzalo Carmona Cort\u00e9s<\/dd><\/a><\/dl><dl class='gallery-item'>\n\t<dt class='gallery-icon portrait'><a href=\"https:\/\/cabezadelbueydeportes.com\/index.php\/player\/david-trivino\/\"><img loading=\"lazy\" decoding=\"async\" width=\"300\" height=\"300\" src=\"https:\/\/cabezadelbueydeportes.com\/wp-content\/uploads\/2023\/06\/David-300x300.png\" class=\"attachment-sportspress-crop-medium size-sportspress-crop-medium wp-post-image\" alt=\"\" \/><\/a><\/dt><a href=\"https:\/\/cabezadelbueydeportes.com\/index.php\/player\/david-trivino\/\"><dd class=\"wp-caption-text gallery-caption small-3 columns has-number\"><strong>25<\/strong> David Trivi\u00f1o<\/dd><\/a><\/dl><dl class='gallery-item'>\n\t<dt class='gallery-icon portrait'><a href=\"https:\/\/cabezadelbueydeportes.com\/index.php\/player\/andres-munoz\/\"><img loading=\"lazy\" decoding=\"async\" width=\"300\" height=\"300\" src=\"https:\/\/cabezadelbueydeportes.com\/wp-content\/uploads\/2023\/06\/Andres-300x300.png\" class=\"attachment-sportspress-crop-medium size-sportspress-crop-medium wp-post-image\" alt=\"\" \/><\/a><\/dt><a href=\"https:\/\/cabezadelbueydeportes.com\/index.php\/player\/andres-munoz\/\"><dd class=\"wp-caption-text gallery-caption small-3 columns has-number\"><strong>27<\/strong> Andr\u00e9s Mu\u00f1oz<\/dd><\/a><\/dl><dl class='gallery-item'>\n\t<dt class='gallery-icon portrait'><a href=\"https:\/\/cabezadelbueydeportes.com\/index.php\/player\/daniel-paco\/\"><img loading=\"lazy\" decoding=\"async\" width=\"150\" height=\"150\" src=\"\/\/www.gravatar.com\/avatar\/?s=150&amp;d=mm&amp;f=y\" class=\"attachment-thumbnail wp-post-image\"><\/a><\/dt><a href=\"https:\/\/cabezadelbueydeportes.com\/index.php\/player\/daniel-paco\/\"><dd class=\"wp-caption-text gallery-caption small-3 columns has-number\"><strong>74<\/strong> Daniel Paco<\/dd><\/a><\/dl><\/div><\/div><\/div>\n<\/div>\n","protected":false},"excerpt":{"rendered":"<p>Resultados Pr\u00f3ximos Partidos Clasificaci\u00f3n Goleadores<\/p>\n","protected":false},"author":1,"featured_media":0,"parent":0,"menu_order":0,"comment_status":"closed","ping_status":"closed","template":"","meta":{"footnotes":""},"_links":{"self":[{"href":"https:\/\/cabezadelbueydeportes.com\/index.php\/wp-json\/wp\/v2\/pages\/267"}],"collection":[{"href":"https:\/\/cabezadelbueydeportes.com\/index.php\/wp-json\/wp\/v2\/pages"}],"about":[{"href":"https:\/\/cabezadelbueydeportes.com\/index.php\/wp-json\/wp\/v2\/types\/page"}],"author":[{"embeddable":true,"href":"https:\/\/cabezadelbueydeportes.com\/index.php\/wp-json\/wp\/v2\/users\/1"}],"replies":[{"embeddable":true,"href":"https:\/\/cabezadelbueydeportes.com\/index.php\/wp-json\/wp\/v2\/comments?post=267"}],"version-history":[{"count":9,"href":"https:\/\/cabezadelbueydeportes.com\/index.php\/wp-json\/wp\/v2\/pages\/267\/revisions"}],"predecessor-version":[{"id":1086,"href":"https:\/\/cabezadelbueydeportes.com\/index.php\/wp-json\/wp\/v2\/pages\/267\/revisions\/1086"}],"wp:attachment":[{"href":"https:\/\/cabezadelbueydeportes.com\/index.php\/wp-json\/wp\/v2\/media?parent=267"}],"curies":[{"name":"wp","href":"https:\/\/api.w.org\/{rel}","templated":true}]}}