{"id":1380,"date":"2024-09-22T08:31:13","date_gmt":"2024-09-22T07:31:13","guid":{"rendered":"https:\/\/cabezadelbueydeportes.com\/?page_id=1380"},"modified":"2024-09-22T08:31:13","modified_gmt":"2024-09-22T07:31:13","slug":"plantilla-24-25","status":"publish","type":"page","link":"https:\/\/cabezadelbueydeportes.com\/index.php\/plantilla-24-25\/","title":{"rendered":"Plantilla 24\/25"},"content":{"rendered":"<div class=\"sportspress\">\n\t\t<div id='sp-player-gallery-1379' class='gallery galleryid-1379 gallery-columns-3 gallery-size-sportspress-crop-medium'>\t<div class=\"sp-template sp-template-player-gallery sp-template-gallery\"><div class=\"sp-player-gallery-wrapper sp-gallery-wrapper\"><dl class='gallery-item'>\n\t<dt class='gallery-icon portrait'><a href=\"https:\/\/cabezadelbueydeportes.com\/index.php\/player\/javier-montesinos\/\"><img loading=\"lazy\" decoding=\"async\" width=\"300\" height=\"300\" src=\"https:\/\/cabezadelbueydeportes.com\/wp-content\/uploads\/2023\/06\/Terre-300x300.png\" class=\"attachment-sportspress-crop-medium size-sportspress-crop-medium wp-post-image\" alt=\"\" \/><\/a><\/dt><a href=\"https:\/\/cabezadelbueydeportes.com\/index.php\/player\/javier-montesinos\/\"><dd class=\"wp-caption-text gallery-caption small-3 columns has-number\"><strong>2<\/strong> Javier Montesinos G\u00f3mez \u00abTerre\u00bb<\/dd><\/a><\/dl><dl class='gallery-item'>\n\t<dt class='gallery-icon portrait'><a href=\"https:\/\/cabezadelbueydeportes.com\/index.php\/player\/luis-manuel-sereno-cascos\/\"><img loading=\"lazy\" decoding=\"async\" width=\"300\" height=\"300\" src=\"https:\/\/cabezadelbueydeportes.com\/wp-content\/uploads\/2023\/11\/30-Luisma-300x300.png\" class=\"attachment-sportspress-crop-medium size-sportspress-crop-medium wp-post-image\" alt=\"\" \/><\/a><\/dt><a href=\"https:\/\/cabezadelbueydeportes.com\/index.php\/player\/luis-manuel-sereno-cascos\/\"><dd class=\"wp-caption-text gallery-caption small-3 columns has-number\"><strong>2<\/strong> Luis Manuel Sereno Cascos<\/dd><\/a><\/dl><dl class='gallery-item'>\n\t<dt class='gallery-icon portrait'><a href=\"https:\/\/cabezadelbueydeportes.com\/index.php\/player\/adrian-garcia-risco-luli\/\"><img loading=\"lazy\" decoding=\"async\" width=\"300\" height=\"300\" src=\"https:\/\/cabezadelbueydeportes.com\/wp-content\/uploads\/2023\/06\/Luli-300x300.png\" class=\"attachment-sportspress-crop-medium size-sportspress-crop-medium wp-post-image\" alt=\"\" \/><\/a><\/dt><a href=\"https:\/\/cabezadelbueydeportes.com\/index.php\/player\/adrian-garcia-risco-luli\/\"><dd class=\"wp-caption-text gallery-caption small-3 columns has-number\"><strong>3<\/strong> Adri\u00e1n Garc\u00eda-Risco Rivera \u00abLuli\u00bb<\/dd><\/a><\/dl><dl class='gallery-item'>\n\t<dt class='gallery-icon portrait'><a href=\"https:\/\/cabezadelbueydeportes.com\/index.php\/player\/cesar-mora\/\"><img loading=\"lazy\" decoding=\"async\" width=\"150\" height=\"150\" src=\"\/\/www.gravatar.com\/avatar\/?s=150&amp;d=mm&amp;f=y\" class=\"attachment-thumbnail wp-post-image\"><\/a><\/dt><a href=\"https:\/\/cabezadelbueydeportes.com\/index.php\/player\/cesar-mora\/\"><dd class=\"wp-caption-text gallery-caption small-3 columns has-number\"><strong>4<\/strong> C\u00e9sar Mora<\/dd><\/a><\/dl><dl class='gallery-item'>\n\t<dt class='gallery-icon portrait'><a href=\"https:\/\/cabezadelbueydeportes.com\/index.php\/player\/pablo-gallego\/\"><img loading=\"lazy\" decoding=\"async\" width=\"300\" height=\"300\" src=\"https:\/\/cabezadelbueydeportes.com\/wp-content\/uploads\/2023\/06\/Pablo-300x300.png\" class=\"attachment-sportspress-crop-medium size-sportspress-crop-medium wp-post-image\" alt=\"\" \/><\/a><\/dt><a href=\"https:\/\/cabezadelbueydeportes.com\/index.php\/player\/pablo-gallego\/\"><dd class=\"wp-caption-text gallery-caption small-3 columns has-number\"><strong>7<\/strong> Pablo Gallego<\/dd><\/a><\/dl><dl class='gallery-item'>\n\t<dt class='gallery-icon portrait'><a href=\"https:\/\/cabezadelbueydeportes.com\/index.php\/player\/jorge-mora\/\"><img loading=\"lazy\" decoding=\"async\" width=\"116\" height=\"145\" src=\"https:\/\/cabezadelbueydeportes.com\/wp-content\/uploads\/2023\/06\/Jorge.png\" class=\"attachment-sportspress-crop-medium size-sportspress-crop-medium wp-post-image\" alt=\"\" \/><\/a><\/dt><a href=\"https:\/\/cabezadelbueydeportes.com\/index.php\/player\/jorge-mora\/\"><dd class=\"wp-caption-text gallery-caption small-3 columns has-number\"><strong>8<\/strong> Jorge Mora Carrillo<\/dd><\/a><\/dl><dl class='gallery-item'>\n\t<dt class='gallery-icon portrait'><a href=\"https:\/\/cabezadelbueydeportes.com\/index.php\/player\/carlos\/\"><img loading=\"lazy\" decoding=\"async\" width=\"150\" height=\"150\" src=\"\/\/www.gravatar.com\/avatar\/?s=150&amp;d=mm&amp;f=y\" class=\"attachment-thumbnail wp-post-image\"><\/a><\/dt><a href=\"https:\/\/cabezadelbueydeportes.com\/index.php\/player\/carlos\/\"><dd class=\"wp-caption-text gallery-caption small-3 columns has-number\"><strong>9<\/strong> Carlos Calder\u00f3n Castro<\/dd><\/a><\/dl><dl class='gallery-item'>\n\t<dt class='gallery-icon portrait'><a href=\"https:\/\/cabezadelbueydeportes.com\/index.php\/player\/jordi-ruiz\/\"><img loading=\"lazy\" decoding=\"async\" width=\"300\" height=\"300\" src=\"https:\/\/cabezadelbueydeportes.com\/wp-content\/uploads\/2023\/06\/Jordi-300x300.png\" class=\"attachment-sportspress-crop-medium size-sportspress-crop-medium wp-post-image\" alt=\"\" \/><\/a><\/dt><a href=\"https:\/\/cabezadelbueydeportes.com\/index.php\/player\/jordi-ruiz\/\"><dd class=\"wp-caption-text gallery-caption small-3 columns has-number\"><strong>11<\/strong> Jordi Ru\u00edz<\/dd><\/a><\/dl><dl class='gallery-item'>\n\t<dt class='gallery-icon portrait'><a href=\"https:\/\/cabezadelbueydeportes.com\/index.php\/player\/salvin-jair-garcia\/\"><img loading=\"lazy\" decoding=\"async\" width=\"300\" height=\"300\" src=\"https:\/\/cabezadelbueydeportes.com\/wp-content\/uploads\/2023\/06\/Jair-300x300.png\" class=\"attachment-sportspress-crop-medium size-sportspress-crop-medium wp-post-image\" alt=\"\" \/><\/a><\/dt><a href=\"https:\/\/cabezadelbueydeportes.com\/index.php\/player\/salvin-jair-garcia\/\"><dd class=\"wp-caption-text gallery-caption small-3 columns has-number\"><strong>12<\/strong> Salvin Jair Garc\u00eda<\/dd><\/a><\/dl><dl class='gallery-item'>\n\t<dt class='gallery-icon portrait'><a href=\"https:\/\/cabezadelbueydeportes.com\/index.php\/player\/alvaro-munoz\/\"><img loading=\"lazy\" decoding=\"async\" width=\"300\" height=\"300\" src=\"https:\/\/cabezadelbueydeportes.com\/wp-content\/uploads\/2023\/06\/alvaro-300x300.png\" class=\"attachment-sportspress-crop-medium size-sportspress-crop-medium wp-post-image\" alt=\"\" \/><\/a><\/dt><a href=\"https:\/\/cabezadelbueydeportes.com\/index.php\/player\/alvaro-munoz\/\"><dd class=\"wp-caption-text gallery-caption small-3 columns has-number\"><strong>12<\/strong> \u00c1lvaro Mu\u00f1oz<\/dd><\/a><\/dl><dl class='gallery-item'>\n\t<dt class='gallery-icon portrait'><a href=\"https:\/\/cabezadelbueydeportes.com\/index.php\/player\/josema-capilla-luque\/\"><img loading=\"lazy\" decoding=\"async\" width=\"150\" height=\"150\" src=\"\/\/www.gravatar.com\/avatar\/?s=150&amp;d=mm&amp;f=y\" class=\"attachment-thumbnail wp-post-image\"><\/a><\/dt><a href=\"https:\/\/cabezadelbueydeportes.com\/index.php\/player\/josema-capilla-luque\/\"><dd class=\"wp-caption-text gallery-caption small-3 columns has-number\"><strong>15<\/strong> Josema Capilla Luque<\/dd><\/a><\/dl><dl class='gallery-item'>\n\t<dt class='gallery-icon portrait'><a href=\"https:\/\/cabezadelbueydeportes.com\/index.php\/player\/jose-luis-ramos\/\"><img loading=\"lazy\" decoding=\"async\" width=\"150\" height=\"150\" src=\"\/\/www.gravatar.com\/avatar\/?s=150&amp;d=mm&amp;f=y\" class=\"attachment-thumbnail wp-post-image\"><\/a><\/dt><a href=\"https:\/\/cabezadelbueydeportes.com\/index.php\/player\/jose-luis-ramos\/\"><dd class=\"wp-caption-text gallery-caption small-3 columns has-number\"><strong>17<\/strong> Jos\u00e9 Luis Ramos<\/dd><\/a><\/dl><dl class='gallery-item'>\n\t<dt class='gallery-icon portrait'><a href=\"https:\/\/cabezadelbueydeportes.com\/index.php\/player\/german-donoso\/\"><img loading=\"lazy\" decoding=\"async\" width=\"150\" height=\"150\" src=\"\/\/www.gravatar.com\/avatar\/?s=150&amp;d=mm&amp;f=y\" class=\"attachment-thumbnail wp-post-image\"><\/a><\/dt><a href=\"https:\/\/cabezadelbueydeportes.com\/index.php\/player\/german-donoso\/\"><dd class=\"wp-caption-text gallery-caption small-3 columns has-number\"><strong>18<\/strong> Germ\u00e1n Gonz\u00e1lez Silva<\/dd><\/a><\/dl><dl class='gallery-item'>\n\t<dt class='gallery-icon portrait'><a href=\"https:\/\/cabezadelbueydeportes.com\/index.php\/player\/manuel-quiros\/\"><img loading=\"lazy\" decoding=\"async\" width=\"150\" height=\"150\" src=\"\/\/www.gravatar.com\/avatar\/?s=150&amp;d=mm&amp;f=y\" class=\"attachment-thumbnail wp-post-image\"><\/a><\/dt><a href=\"https:\/\/cabezadelbueydeportes.com\/index.php\/player\/manuel-quiros\/\"><dd class=\"wp-caption-text gallery-caption small-3 columns has-number\"><strong>19<\/strong> Manuel Quir\u00f3s<\/dd><\/a><\/dl><dl class='gallery-item'>\n\t<dt class='gallery-icon portrait'><a href=\"https:\/\/cabezadelbueydeportes.com\/index.php\/player\/alberto-capilla\/\"><img loading=\"lazy\" decoding=\"async\" width=\"150\" height=\"150\" src=\"\/\/www.gravatar.com\/avatar\/?s=150&amp;d=mm&amp;f=y\" class=\"attachment-thumbnail wp-post-image\"><\/a><\/dt><a href=\"https:\/\/cabezadelbueydeportes.com\/index.php\/player\/alberto-capilla\/\"><dd class=\"wp-caption-text gallery-caption small-3 columns has-number\"><strong>20<\/strong> Alberto Corral Garc\u00eda<\/dd><\/a><\/dl><dl class='gallery-item'>\n\t<dt class='gallery-icon portrait'><a href=\"https:\/\/cabezadelbueydeportes.com\/index.php\/player\/luis-manuel-sereno\/\"><img loading=\"lazy\" decoding=\"async\" width=\"150\" height=\"150\" src=\"\/\/www.gravatar.com\/avatar\/?s=150&amp;d=mm&amp;f=y\" class=\"attachment-thumbnail wp-post-image\"><\/a><\/dt><a href=\"https:\/\/cabezadelbueydeportes.com\/index.php\/player\/luis-manuel-sereno\/\"><dd class=\"wp-caption-text gallery-caption small-3 columns has-number\"><strong>22<\/strong> Gonzalo Carmona Cort\u00e9s<\/dd><\/a><\/dl><dl class='gallery-item'>\n\t<dt class='gallery-icon portrait'><a href=\"https:\/\/cabezadelbueydeportes.com\/index.php\/player\/jose-adrian-diaz-carballo\/\"><img loading=\"lazy\" decoding=\"async\" width=\"150\" height=\"150\" src=\"\/\/www.gravatar.com\/avatar\/?s=150&amp;d=mm&amp;f=y\" class=\"attachment-thumbnail wp-post-image\"><\/a><\/dt><a href=\"https:\/\/cabezadelbueydeportes.com\/index.php\/player\/jose-adrian-diaz-carballo\/\"><dd class=\"wp-caption-text gallery-caption small-3 columns has-number\"><strong>23<\/strong> Jos\u00e9 Adri\u00e1n D\u00edaz Carballo \u00abPulguita\u00bb<\/dd><\/a><\/dl><dl class='gallery-item'>\n\t<dt class='gallery-icon portrait'><a href=\"https:\/\/cabezadelbueydeportes.com\/index.php\/player\/angel-manuel-calvo\/\"><img loading=\"lazy\" decoding=\"async\" width=\"300\" height=\"300\" src=\"https:\/\/cabezadelbueydeportes.com\/wp-content\/uploads\/2023\/06\/Angelillo-300x300.png\" class=\"attachment-sportspress-crop-medium size-sportspress-crop-medium wp-post-image\" alt=\"\" \/><\/a><\/dt><a href=\"https:\/\/cabezadelbueydeportes.com\/index.php\/player\/angel-manuel-calvo\/\"><dd class=\"wp-caption-text gallery-caption small-3 columns has-number\"><strong>25<\/strong> \u00c1ngel Manuel Calvo Luque<\/dd><\/a><\/dl><\/div><\/div><\/div>\n<\/div>\n","protected":false},"excerpt":{"rendered":"","protected":false},"author":1,"featured_media":0,"parent":0,"menu_order":0,"comment_status":"closed","ping_status":"closed","template":"","meta":{"footnotes":""},"_links":{"self":[{"href":"https:\/\/cabezadelbueydeportes.com\/index.php\/wp-json\/wp\/v2\/pages\/1380"}],"collection":[{"href":"https:\/\/cabezadelbueydeportes.com\/index.php\/wp-json\/wp\/v2\/pages"}],"about":[{"href":"https:\/\/cabezadelbueydeportes.com\/index.php\/wp-json\/wp\/v2\/types\/page"}],"author":[{"embeddable":true,"href":"https:\/\/cabezadelbueydeportes.com\/index.php\/wp-json\/wp\/v2\/users\/1"}],"replies":[{"embeddable":true,"href":"https:\/\/cabezadelbueydeportes.com\/index.php\/wp-json\/wp\/v2\/comments?post=1380"}],"version-history":[{"count":1,"href":"https:\/\/cabezadelbueydeportes.com\/index.php\/wp-json\/wp\/v2\/pages\/1380\/revisions"}],"predecessor-version":[{"id":1381,"href":"https:\/\/cabezadelbueydeportes.com\/index.php\/wp-json\/wp\/v2\/pages\/1380\/revisions\/1381"}],"wp:attachment":[{"href":"https:\/\/cabezadelbueydeportes.com\/index.php\/wp-json\/wp\/v2\/media?parent=1380"}],"curies":[{"name":"wp","href":"https:\/\/api.w.org\/{rel}","templated":true}]}}