{"id":1375,"date":"2024-09-21T08:02:56","date_gmt":"2024-09-21T07:02:56","guid":{"rendered":"https:\/\/cabezadelbueydeportes.com\/?page_id=1375"},"modified":"2024-09-21T08:02:56","modified_gmt":"2024-09-21T07:02:56","slug":"plantilla-24-25","status":"publish","type":"page","link":"https:\/\/cabezadelbueydeportes.com\/index.php\/a-d-caputbovense\/plantilla-24-25\/","title":{"rendered":"Plantilla 24\/25"},"content":{"rendered":"<div class=\"sportspress\">\n\t\t<div id='sp-player-gallery-1321' class='gallery galleryid-1321 gallery-columns-3 gallery-size-sportspress-crop-medium'>\t<div class=\"sp-template sp-template-player-gallery sp-template-gallery\"><div class=\"sp-player-gallery-wrapper sp-gallery-wrapper\"><dl class='gallery-item'>\n\t<dt class='gallery-icon portrait'><a href=\"https:\/\/cabezadelbueydeportes.com\/index.php\/player\/oscar-guerra\/\"><img loading=\"lazy\" decoding=\"async\" width=\"300\" height=\"300\" src=\"https:\/\/cabezadelbueydeportes.com\/wp-content\/uploads\/2023\/06\/oscar-300x300.png\" class=\"attachment-sportspress-crop-medium size-sportspress-crop-medium wp-post-image\" alt=\"\" \/><\/a><\/dt><a href=\"https:\/\/cabezadelbueydeportes.com\/index.php\/player\/oscar-guerra\/\"><dd class=\"wp-caption-text gallery-caption small-3 columns has-number\"><strong>5<\/strong> \u00d3scar Guerra<\/dd><\/a><\/dl><dl class='gallery-item'>\n\t<dt class='gallery-icon portrait'><a href=\"https:\/\/cabezadelbueydeportes.com\/index.php\/player\/diego\/\"><img loading=\"lazy\" decoding=\"async\" width=\"300\" height=\"300\" src=\"https:\/\/cabezadelbueydeportes.com\/wp-content\/uploads\/2023\/11\/06-Diego-300x300.png\" class=\"attachment-sportspress-crop-medium size-sportspress-crop-medium wp-post-image\" alt=\"\" \/><\/a><\/dt><a href=\"https:\/\/cabezadelbueydeportes.com\/index.php\/player\/diego\/\"><dd class=\"wp-caption-text gallery-caption small-3 columns has-number\"><strong>6<\/strong> Diego M\u00fajica<\/dd><\/a><\/dl><dl class='gallery-item'>\n\t<dt class='gallery-icon portrait'><a href=\"https:\/\/cabezadelbueydeportes.com\/index.php\/player\/nicolas-sanchez-arevalo\/\"><img loading=\"lazy\" decoding=\"async\" width=\"300\" height=\"300\" src=\"https:\/\/cabezadelbueydeportes.com\/wp-content\/uploads\/2023\/06\/niko-300x300.png\" class=\"attachment-sportspress-crop-medium size-sportspress-crop-medium wp-post-image\" alt=\"\" \/><\/a><\/dt><a href=\"https:\/\/cabezadelbueydeportes.com\/index.php\/player\/nicolas-sanchez-arevalo\/\"><dd class=\"wp-caption-text gallery-caption small-3 columns has-number\"><strong>4<\/strong> Nicol\u00e1s S\u00e1nchez-Ar\u00e9valo<\/dd><\/a><\/dl><dl class='gallery-item'>\n\t<dt class='gallery-icon portrait'><a href=\"https:\/\/cabezadelbueydeportes.com\/index.php\/player\/luis-simancas\/\"><img loading=\"lazy\" decoding=\"async\" width=\"300\" height=\"300\" src=\"https:\/\/cabezadelbueydeportes.com\/wp-content\/uploads\/2023\/06\/Siman-300x300.png\" class=\"attachment-sportspress-crop-medium size-sportspress-crop-medium wp-post-image\" alt=\"\" \/><\/a><\/dt><a href=\"https:\/\/cabezadelbueydeportes.com\/index.php\/player\/luis-simancas\/\"><dd class=\"wp-caption-text gallery-caption small-3 columns has-number\"><strong>14<\/strong> Luis Simancas S\u00e1nchez-Ar\u00e9valo<\/dd><\/a><\/dl><dl class='gallery-item'>\n\t<dt class='gallery-icon portrait'><a href=\"https:\/\/cabezadelbueydeportes.com\/index.php\/player\/joaquin-serena\/\"><img loading=\"lazy\" decoding=\"async\" width=\"300\" height=\"300\" src=\"https:\/\/cabezadelbueydeportes.com\/wp-content\/uploads\/2023\/11\/08-Joaquin-300x300.png\" class=\"attachment-sportspress-crop-medium size-sportspress-crop-medium wp-post-image\" alt=\"\" \/><\/a><\/dt><a href=\"https:\/\/cabezadelbueydeportes.com\/index.php\/player\/joaquin-serena\/\"><dd class=\"wp-caption-text gallery-caption small-3 columns has-number\"><strong>8<\/strong> Joaqu\u00edn Serena<\/dd><\/a><\/dl><dl class='gallery-item'>\n\t<dt class='gallery-icon portrait'><a href=\"https:\/\/cabezadelbueydeportes.com\/index.php\/player\/alejandro-sanchez-arevalo-trufa\/\"><img loading=\"lazy\" decoding=\"async\" width=\"300\" height=\"300\" src=\"https:\/\/cabezadelbueydeportes.com\/wp-content\/uploads\/2023\/06\/Trufa-300x300.png\" class=\"attachment-sportspress-crop-medium size-sportspress-crop-medium wp-post-image\" alt=\"\" \/><\/a><\/dt><a href=\"https:\/\/cabezadelbueydeportes.com\/index.php\/player\/alejandro-sanchez-arevalo-trufa\/\"><dd class=\"wp-caption-text gallery-caption small-3 columns has-number\"><strong>12<\/strong> Alejandro S\u00e1nchez-Ar\u00e9valo \u00abTrufa\u00bb<\/dd><\/a><\/dl><dl class='gallery-item'>\n\t<dt class='gallery-icon portrait'><a href=\"https:\/\/cabezadelbueydeportes.com\/index.php\/player\/david-trivino\/\"><img loading=\"lazy\" decoding=\"async\" width=\"300\" height=\"300\" src=\"https:\/\/cabezadelbueydeportes.com\/wp-content\/uploads\/2023\/06\/David-300x300.png\" class=\"attachment-sportspress-crop-medium size-sportspress-crop-medium wp-post-image\" alt=\"\" \/><\/a><\/dt><a href=\"https:\/\/cabezadelbueydeportes.com\/index.php\/player\/david-trivino\/\"><dd class=\"wp-caption-text gallery-caption small-3 columns has-number\"><strong>25<\/strong> David Trivi\u00f1o<\/dd><\/a><\/dl><dl class='gallery-item'>\n\t<dt class='gallery-icon portrait'><a href=\"https:\/\/cabezadelbueydeportes.com\/index.php\/player\/roberto-santos\/\"><img loading=\"lazy\" decoding=\"async\" width=\"150\" height=\"150\" src=\"\/\/www.gravatar.com\/avatar\/?s=150&amp;d=mm&amp;f=y\" class=\"attachment-thumbnail wp-post-image\"><\/a><\/dt><a href=\"https:\/\/cabezadelbueydeportes.com\/index.php\/player\/roberto-santos\/\"><dd class=\"wp-caption-text gallery-caption small-3 columns has-number\"><strong>22<\/strong> Roberto Pizarro<\/dd><\/a><\/dl><dl class='gallery-item'>\n\t<dt class='gallery-icon portrait'><a href=\"https:\/\/cabezadelbueydeportes.com\/index.php\/player\/francisco-javier-almena-nano\/\"><img loading=\"lazy\" decoding=\"async\" width=\"300\" height=\"300\" src=\"https:\/\/cabezadelbueydeportes.com\/wp-content\/uploads\/2023\/06\/Nano-300x300.png\" class=\"attachment-sportspress-crop-medium size-sportspress-crop-medium wp-post-image\" alt=\"\" \/><\/a><\/dt><a href=\"https:\/\/cabezadelbueydeportes.com\/index.php\/player\/francisco-javier-almena-nano\/\"><dd class=\"wp-caption-text gallery-caption small-3 columns has-number\"><strong>2<\/strong> Francisco Javier Almena \u00abNano\u00bb<\/dd><\/a><\/dl><dl class='gallery-item'>\n\t<dt class='gallery-icon portrait'><a href=\"https:\/\/cabezadelbueydeportes.com\/index.php\/player\/eloy-fernandez\/\"><img loading=\"lazy\" decoding=\"async\" width=\"300\" height=\"300\" src=\"https:\/\/cabezadelbueydeportes.com\/wp-content\/uploads\/2023\/06\/eloy-300x300.png\" class=\"attachment-sportspress-crop-medium size-sportspress-crop-medium wp-post-image\" alt=\"\" \/><\/a><\/dt><a href=\"https:\/\/cabezadelbueydeportes.com\/index.php\/player\/eloy-fernandez\/\"><dd class=\"wp-caption-text gallery-caption small-3 columns has-number\"><strong>32<\/strong> Eloy Fern\u00e1ndez<\/dd><\/a><\/dl><dl class='gallery-item'>\n\t<dt class='gallery-icon portrait'><a href=\"https:\/\/cabezadelbueydeportes.com\/index.php\/player\/mateo\/\"><img loading=\"lazy\" decoding=\"async\" width=\"150\" height=\"150\" src=\"\/\/www.gravatar.com\/avatar\/?s=150&amp;d=mm&amp;f=y\" class=\"attachment-thumbnail wp-post-image\"><\/a><\/dt><a href=\"https:\/\/cabezadelbueydeportes.com\/index.php\/player\/mateo\/\"><dd class=\"wp-caption-text gallery-caption small-3 columns has-number\"><strong>18<\/strong> Jose Manuel Crespo \u201cMateo\u201d<\/dd><\/a><\/dl><dl class='gallery-item'>\n\t<dt class='gallery-icon portrait'><a href=\"https:\/\/cabezadelbueydeportes.com\/index.php\/player\/angel-manuel-campi\/\"><img loading=\"lazy\" decoding=\"async\" width=\"150\" height=\"150\" src=\"\/\/www.gravatar.com\/avatar\/?s=150&amp;d=mm&amp;f=y\" class=\"attachment-thumbnail wp-post-image\"><\/a><\/dt><a href=\"https:\/\/cabezadelbueydeportes.com\/index.php\/player\/angel-manuel-campi\/\"><dd class=\"wp-caption-text gallery-caption small-3 columns has-number\"><strong>26<\/strong> Angel Manuel \u00abCampi\u00bb<\/dd><\/a><\/dl><dl class='gallery-item'>\n\t<dt class='gallery-icon portrait'><a href=\"https:\/\/cabezadelbueydeportes.com\/index.php\/player\/jose-pepino\/\"><img loading=\"lazy\" decoding=\"async\" width=\"150\" height=\"150\" src=\"\/\/www.gravatar.com\/avatar\/?s=150&amp;d=mm&amp;f=y\" class=\"attachment-thumbnail wp-post-image\"><\/a><\/dt><a href=\"https:\/\/cabezadelbueydeportes.com\/index.php\/player\/jose-pepino\/\"><dd class=\"wp-caption-text gallery-caption small-3 columns has-number\"><strong>23<\/strong> Jos\u00e9 Cerezo<\/dd><\/a><\/dl><dl class='gallery-item'>\n\t<dt class='gallery-icon portrait'><a href=\"https:\/\/cabezadelbueydeportes.com\/index.php\/player\/marcos-herraez\/\"><img loading=\"lazy\" decoding=\"async\" width=\"150\" height=\"150\" src=\"\/\/www.gravatar.com\/avatar\/?s=150&amp;d=mm&amp;f=y\" class=\"attachment-thumbnail wp-post-image\"><\/a><\/dt><a href=\"https:\/\/cabezadelbueydeportes.com\/index.php\/player\/marcos-herraez\/\"><dd class=\"wp-caption-text gallery-caption small-3 columns has-number\"><strong>28<\/strong> Marcos Herr\u00e1ez<\/dd><\/a><\/dl><dl class='gallery-item'>\n\t<dt class='gallery-icon portrait'><a href=\"https:\/\/cabezadelbueydeportes.com\/index.php\/player\/simon-benitez-arevalo\/\"><img loading=\"lazy\" decoding=\"async\" width=\"300\" height=\"300\" src=\"https:\/\/cabezadelbueydeportes.com\/wp-content\/uploads\/2023\/11\/20-Simon-300x300.png\" class=\"attachment-sportspress-crop-medium size-sportspress-crop-medium wp-post-image\" alt=\"\" \/><\/a><\/dt><a href=\"https:\/\/cabezadelbueydeportes.com\/index.php\/player\/simon-benitez-arevalo\/\"><dd class=\"wp-caption-text gallery-caption small-3 columns has-number\"><strong>20<\/strong> Sim\u00f3n Ben\u00edtez Ar\u00e9valo<\/dd><\/a><\/dl><dl class='gallery-item'>\n\t<dt class='gallery-icon portrait'><a href=\"https:\/\/cabezadelbueydeportes.com\/index.php\/player\/fali\/\"><img loading=\"lazy\" decoding=\"async\" width=\"150\" height=\"150\" src=\"\/\/www.gravatar.com\/avatar\/?s=150&amp;d=mm&amp;f=y\" class=\"attachment-thumbnail wp-post-image\"><\/a><\/dt><a href=\"https:\/\/cabezadelbueydeportes.com\/index.php\/player\/fali\/\"><dd class=\"wp-caption-text gallery-caption small-3 columns has-number\"><strong>30<\/strong> Rafael L\u00f3pez Arza \u201cFali\u201d<\/dd><\/a><\/dl><dl class='gallery-item'>\n\t<dt class='gallery-icon portrait'><a href=\"https:\/\/cabezadelbueydeportes.com\/index.php\/player\/angel-sereno\/\"><img loading=\"lazy\" decoding=\"async\" width=\"150\" height=\"150\" src=\"\/\/www.gravatar.com\/avatar\/?s=150&amp;d=mm&amp;f=y\" class=\"attachment-thumbnail wp-post-image\"><\/a><\/dt><a href=\"https:\/\/cabezadelbueydeportes.com\/index.php\/player\/angel-sereno\/\"><dd class=\"wp-caption-text gallery-caption small-3 columns\">\u00c1ngel Sereno<\/dd><\/a><\/dl><dl class='gallery-item'>\n\t<dt class='gallery-icon portrait'><a href=\"https:\/\/cabezadelbueydeportes.com\/index.php\/player\/javier-perea\/\"><img loading=\"lazy\" decoding=\"async\" width=\"150\" height=\"150\" src=\"\/\/www.gravatar.com\/avatar\/?s=150&amp;d=mm&amp;f=y\" class=\"attachment-thumbnail wp-post-image\"><\/a><\/dt><a href=\"https:\/\/cabezadelbueydeportes.com\/index.php\/player\/javier-perea\/\"><dd class=\"wp-caption-text gallery-caption small-3 columns has-number\"><strong>15<\/strong> Javier Perea<\/dd><\/a><\/dl><dl class='gallery-item'>\n\t<dt class='gallery-icon portrait'><a href=\"https:\/\/cabezadelbueydeportes.com\/index.php\/player\/raul-guerra\/\"><img loading=\"lazy\" decoding=\"async\" width=\"150\" height=\"150\" src=\"\/\/www.gravatar.com\/avatar\/?s=150&amp;d=mm&amp;f=y\" class=\"attachment-thumbnail wp-post-image\"><\/a><\/dt><a href=\"https:\/\/cabezadelbueydeportes.com\/index.php\/player\/raul-guerra\/\"><dd class=\"wp-caption-text gallery-caption small-3 columns has-number\"><strong>9<\/strong> Ra\u00fal Guerra<\/dd><\/a><\/dl><dl class='gallery-item'>\n\t<dt class='gallery-icon portrait'><a href=\"https:\/\/cabezadelbueydeportes.com\/index.php\/player\/jose-vicente-tejero-mansilla\/\"><img loading=\"lazy\" decoding=\"async\" width=\"300\" height=\"300\" src=\"https:\/\/cabezadelbueydeportes.com\/wp-content\/uploads\/2023\/07\/10-Josevi-300x300.png\" class=\"attachment-sportspress-crop-medium size-sportspress-crop-medium wp-post-image\" alt=\"\" \/><\/a><\/dt><a href=\"https:\/\/cabezadelbueydeportes.com\/index.php\/player\/jose-vicente-tejero-mansilla\/\"><dd class=\"wp-caption-text gallery-caption small-3 columns has-number\"><strong>10<\/strong> Jos\u00e9 Vicente Tejero Mansilla<\/dd><\/a><\/dl><dl class='gallery-item'>\n\t<dt class='gallery-icon portrait'><a href=\"https:\/\/cabezadelbueydeportes.com\/index.php\/player\/dani-gallardo-tachin\/\"><img loading=\"lazy\" decoding=\"async\" width=\"300\" height=\"300\" src=\"https:\/\/cabezadelbueydeportes.com\/wp-content\/uploads\/2023\/06\/Tachin-300x300.png\" class=\"attachment-sportspress-crop-medium size-sportspress-crop-medium wp-post-image\" alt=\"\" \/><\/a><\/dt><a href=\"https:\/\/cabezadelbueydeportes.com\/index.php\/player\/dani-gallardo-tachin\/\"><dd class=\"wp-caption-text gallery-caption small-3 columns has-number\"><strong>17<\/strong> Dani Gallardo Bravo<\/dd><\/a><\/dl><dl class='gallery-item'>\n\t<dt class='gallery-icon portrait'><a href=\"https:\/\/cabezadelbueydeportes.com\/index.php\/player\/rafi-roso\/\"><img loading=\"lazy\" decoding=\"async\" width=\"150\" height=\"150\" src=\"\/\/www.gravatar.com\/avatar\/?s=150&amp;d=mm&amp;f=y\" class=\"attachment-thumbnail wp-post-image\"><\/a><\/dt><a href=\"https:\/\/cabezadelbueydeportes.com\/index.php\/player\/rafi-roso\/\"><dd class=\"wp-caption-text gallery-caption small-3 columns\">Rafi Roso<\/dd><\/a><\/dl><dl class='gallery-item'>\n\t<dt class='gallery-icon portrait'><a href=\"https:\/\/cabezadelbueydeportes.com\/index.php\/player\/josito\/\"><img loading=\"lazy\" decoding=\"async\" width=\"150\" height=\"150\" src=\"\/\/www.gravatar.com\/avatar\/?s=150&amp;d=mm&amp;f=y\" class=\"attachment-thumbnail wp-post-image\"><\/a><\/dt><a href=\"https:\/\/cabezadelbueydeportes.com\/index.php\/player\/josito\/\"><dd class=\"wp-caption-text gallery-caption small-3 columns has-number\"><strong>24<\/strong> Josito<\/dd><\/a><\/dl><dl class='gallery-item'>\n\t<dt class='gallery-icon portrait'><a href=\"https:\/\/cabezadelbueydeportes.com\/index.php\/player\/emilio-sanchez-arevalo\/\"><img loading=\"lazy\" decoding=\"async\" width=\"150\" height=\"150\" src=\"\/\/www.gravatar.com\/avatar\/?s=150&amp;d=mm&amp;f=y\" class=\"attachment-thumbnail wp-post-image\"><\/a><\/dt><a href=\"https:\/\/cabezadelbueydeportes.com\/index.php\/player\/emilio-sanchez-arevalo\/\"><dd class=\"wp-caption-text gallery-caption small-3 columns has-number\"><strong>7<\/strong> Emilio S\u00e1nchez-Ar\u00e9valo<\/dd><\/a><\/dl><dl class='gallery-item'>\n\t<dt class='gallery-icon portrait'><a href=\"https:\/\/cabezadelbueydeportes.com\/index.php\/player\/jose-manuel-munoz\/\"><img loading=\"lazy\" decoding=\"async\" width=\"300\" height=\"300\" src=\"https:\/\/cabezadelbueydeportes.com\/wp-content\/uploads\/2023\/06\/Pau-300x300.png\" class=\"attachment-sportspress-crop-medium size-sportspress-crop-medium wp-post-image\" alt=\"\" \/><\/a><\/dt><a href=\"https:\/\/cabezadelbueydeportes.com\/index.php\/player\/jose-manuel-munoz\/\"><dd class=\"wp-caption-text gallery-caption small-3 columns has-number\"><strong>19<\/strong> Jos\u00e9 Manuel Mu\u00f1oz<\/dd><\/a><\/dl><dl class='gallery-item'>\n\t<dt class='gallery-icon portrait'><a href=\"https:\/\/cabezadelbueydeportes.com\/index.php\/player\/carlos-flore\/\"><img loading=\"lazy\" decoding=\"async\" width=\"150\" height=\"150\" src=\"\/\/www.gravatar.com\/avatar\/?s=150&amp;d=mm&amp;f=y\" class=\"attachment-thumbnail wp-post-image\"><\/a><\/dt><a href=\"https:\/\/cabezadelbueydeportes.com\/index.php\/player\/carlos-flore\/\"><dd class=\"wp-caption-text gallery-caption small-3 columns\">Carlos Naharro<\/dd><\/a><\/dl><\/div><\/div><\/div>\n<\/div>\n","protected":false},"excerpt":{"rendered":"","protected":false},"author":1,"featured_media":0,"parent":1032,"menu_order":3,"comment_status":"closed","ping_status":"closed","template":"","meta":{"footnotes":""},"_links":{"self":[{"href":"https:\/\/cabezadelbueydeportes.com\/index.php\/wp-json\/wp\/v2\/pages\/1375"}],"collection":[{"href":"https:\/\/cabezadelbueydeportes.com\/index.php\/wp-json\/wp\/v2\/pages"}],"about":[{"href":"https:\/\/cabezadelbueydeportes.com\/index.php\/wp-json\/wp\/v2\/types\/page"}],"author":[{"embeddable":true,"href":"https:\/\/cabezadelbueydeportes.com\/index.php\/wp-json\/wp\/v2\/users\/1"}],"replies":[{"embeddable":true,"href":"https:\/\/cabezadelbueydeportes.com\/index.php\/wp-json\/wp\/v2\/comments?post=1375"}],"version-history":[{"count":1,"href":"https:\/\/cabezadelbueydeportes.com\/index.php\/wp-json\/wp\/v2\/pages\/1375\/revisions"}],"predecessor-version":[{"id":1376,"href":"https:\/\/cabezadelbueydeportes.com\/index.php\/wp-json\/wp\/v2\/pages\/1375\/revisions\/1376"}],"up":[{"embeddable":true,"href":"https:\/\/cabezadelbueydeportes.com\/index.php\/wp-json\/wp\/v2\/pages\/1032"}],"wp:attachment":[{"href":"https:\/\/cabezadelbueydeportes.com\/index.php\/wp-json\/wp\/v2\/media?parent=1375"}],"curies":[{"name":"wp","href":"https:\/\/api.w.org\/{rel}","templated":true}]}}